{"id":15197,"date":"2026-02-08T16:44:15","date_gmt":"2026-02-08T15:44:15","guid":{"rendered":"https:\/\/peaksofthebalkans.at\/?page_id=15197"},"modified":"2026-02-14T23:38:07","modified_gmt":"2026-02-14T22:38:07","slug":"7-dagen","status":"publish","type":"page","link":"https:\/\/peaksofthebalkans.at\/nl\/7-tage\/","title":{"rendered":"Hoogtepunten van de Balkan 7 dagen"},"content":{"rendered":"\t\t<div data-elementor-type=\"wp-page\" data-elementor-id=\"15197\" class=\"elementor elementor-15197\" data-elementor-post-type=\"page\">\n\t\t\t\t\t\t<section class=\"elementor-section elementor-top-section elementor-element elementor-element-3d18610 elementor-section-boxed elementor-section-height-default elementor-section-height-default\" data-id=\"3d18610\" data-element_type=\"section\" data-e-type=\"section\">\n\t\t\t\t\t\t<div class=\"elementor-container elementor-column-gap-default\">\n\t\t\t\t\t<div class=\"elementor-column elementor-col-100 elementor-top-column elementor-element elementor-element-8fc8536\" data-id=\"8fc8536\" data-element_type=\"column\" data-e-type=\"column\">\n\t\t\t<div class=\"elementor-widget-wrap\">\n\t\t\t\t\t\t\t<\/div>\n\t\t<\/div>\n\t\t\t\t\t<\/div>\n\t\t<\/section>\n\t\t\t\t<section class=\"elementor-section elementor-top-section elementor-element elementor-element-d976d5b elementor-section-boxed elementor-section-height-default elementor-section-height-default\" data-id=\"d976d5b\" data-element_type=\"section\" data-e-type=\"section\">\n\t\t\t\t\t\t<div class=\"elementor-container elementor-column-gap-default\">\n\t\t\t\t\t<div class=\"elementor-column elementor-col-100 elementor-top-column elementor-element elementor-element-5f2b000\" data-id=\"5f2b000\" data-element_type=\"column\" data-e-type=\"column\">\n\t\t\t<div class=\"elementor-widget-wrap elementor-element-populated\">\n\t\t\t\t\t\t<section class=\"elementor-section elementor-inner-section elementor-element elementor-element-3e8f449 elementor-section-boxed elementor-section-height-default elementor-section-height-default\" data-id=\"3e8f449\" data-element_type=\"section\" data-e-type=\"section\">\n\t\t\t\t\t\t<div class=\"elementor-container elementor-column-gap-default\">\n\t\t\t\t\t<div class=\"elementor-column elementor-col-100 elementor-inner-column elementor-element elementor-element-cbabe62\" data-id=\"cbabe62\" data-element_type=\"column\" data-e-type=\"column\">\n\t\t\t<div class=\"elementor-widget-wrap elementor-element-populated\">\n\t\t\t\t\t\t<div class=\"elementor-element elementor-element-86efc9f elementor-widget elementor-widget-heading\" data-id=\"86efc9f\" data-element_type=\"widget\" data-e-type=\"widget\" data-widget_type=\"heading.default\">\n\t\t\t\t\t<h1 class=\"elementor-heading-title elementor-size-default\">7 Tage Selbstgef\u00fchrt Peaks of the Balkans Trek<\/h1>\t\t\t\t<\/div>\n\t\t\t\t<div class=\"elementor-element elementor-element-7158ae7 elementor-widget__width-initial elementor-widget elementor-widget-text-editor\" data-id=\"7158ae7\" data-element_type=\"widget\" data-e-type=\"widget\" data-widget_type=\"text-editor.default\">\n\t\t\t\t\t\t\t\t\t<p style=\"text-align: left;\"><strong>Den Peaks of the Balkans Trail 7 Tage auf eigene Faust erkunden. Wandere durch die unber\u00fchrte Natur der \u201eAccursed Mountains\u201c, die in drei Balkanl\u00e4ndern liegen \u2013 Albanien, Montenegro und Kosovo. Border Permits inklusive.<\/strong><\/p>\t\t\t\t\t\t\t\t<\/div>\n\t\t\t\t\t<\/div>\n\t\t<\/div>\n\t\t\t\t\t<\/div>\n\t\t<\/section>\n\t\t\t\t\t<\/div>\n\t\t<\/div>\n\t\t\t\t\t<\/div>\n\t\t<\/section>\n\t\t\t\t<section class=\"elementor-section elementor-top-section elementor-element elementor-element-6a3bf83 elementor-section-boxed elementor-section-height-default elementor-section-height-default\" data-id=\"6a3bf83\" data-element_type=\"section\" data-e-type=\"section\">\n\t\t\t\t\t\t<div class=\"elementor-container elementor-column-gap-default\">\n\t\t\t\t\t<div class=\"elementor-column elementor-col-50 elementor-top-column elementor-element elementor-element-10f988f\" data-id=\"10f988f\" data-element_type=\"column\" data-e-type=\"column\">\n\t\t\t<div class=\"elementor-widget-wrap elementor-element-populated\">\n\t\t\t\t\t\t<div class=\"elementor-element elementor-element-173960e elementor-pagination-position-inside elementor-arrows-position-inside elementor-widget elementor-widget-image-carousel\" data-id=\"173960e\" data-element_type=\"widget\" data-e-type=\"widget\" data-settings=\"{&quot;slides_to_show&quot;:&quot;1&quot;,&quot;navigation&quot;:&quot;both&quot;,&quot;autoplay&quot;:&quot;yes&quot;,&quot;pause_on_hover&quot;:&quot;yes&quot;,&quot;pause_on_interaction&quot;:&quot;yes&quot;,&quot;autoplay_speed&quot;:5000,&quot;infinite&quot;:&quot;yes&quot;,&quot;effect&quot;:&quot;slide&quot;,&quot;speed&quot;:500}\" data-widget_type=\"image-carousel.default\">\n\t\t\t\t\t\t\t<div class=\"elementor-image-carousel-wrapper swiper\" role=\"region\" aria-roledescription=\"carousel\" aria-label=\"Bild Karussell\" dir=\"ltr\">\n\t\t\t<div class=\"elementor-image-carousel swiper-wrapper\" aria-live=\"off\">\n\t\t\t\t\t\t\t\t<div class=\"swiper-slide\" role=\"group\" aria-roledescription=\"slide\" aria-label=\"1 of 8\"><figure class=\"swiper-slide-inner\"><img decoding=\"async\" class=\"swiper-slide-image\" src=\"https:\/\/peaksofthebalkans.at\/wp-content\/uploads\/2026\/02\/Peaks-of-the-Balkans-7-Days-Self-Guided-Hiking-Tour.jpg\" alt=\"Peaks of the Balkans 7 Days Self-Guided Hiking Tour Albania\" \/><\/figure><\/div><div class=\"swiper-slide\" role=\"group\" aria-roledescription=\"slide\" aria-label=\"2 of 8\"><figure class=\"swiper-slide-inner\"><img decoding=\"async\" class=\"swiper-slide-image\" src=\"https:\/\/peaksofthebalkans.at\/wp-content\/uploads\/2026\/02\/Theth-Dorf-Albanische-Alpen.webp\" alt=\"idyllisches Bergdorf Theth in den Albanischen Alpen\" \/><\/figure><\/div><div class=\"swiper-slide\" role=\"group\" aria-roledescription=\"slide\" aria-label=\"3 of 8\"><figure class=\"swiper-slide-inner\"><img decoding=\"async\" class=\"swiper-slide-image\" src=\"https:\/\/peaksofthebalkans.at\/wp-content\/uploads\/2026\/02\/Wandern-entlang-wilder-Fluesse-in-den-Albanischen-Bergen.webp\" alt=\"Wandern entlang wilder Fl\u00fcsse in den Albanischen Bergen\" \/><\/figure><\/div><div class=\"swiper-slide\" role=\"group\" aria-roledescription=\"slide\" aria-label=\"4 of 8\"><figure class=\"swiper-slide-inner\"><img decoding=\"async\" class=\"swiper-slide-image\" src=\"https:\/\/peaksofthebalkans.at\/wp-content\/uploads\/2026\/02\/Peaks-of-the-Balkans-schmaler-Wanderpfad.webp\" alt=\"Peaks of the Balkans schmaler Wanderpfad\" \/><\/figure><\/div><div class=\"swiper-slide\" role=\"group\" aria-roledescription=\"slide\" aria-label=\"5 of 8\"><figure class=\"swiper-slide-inner\"><img decoding=\"async\" class=\"swiper-slide-image\" src=\"https:\/\/peaksofthebalkans.at\/wp-content\/uploads\/2026\/02\/Bunker-Pfad-Theth-Vusanje.webp\" alt=\"Bunker auf dem Wanderpfad Theth nach Vusanje in den Peaks of the Balkans\" \/><\/figure><\/div><div class=\"swiper-slide\" role=\"group\" aria-roledescription=\"slide\" aria-label=\"6 of 8\"><figure class=\"swiper-slide-inner\"><img decoding=\"async\" class=\"swiper-slide-image\" src=\"https:\/\/peaksofthebalkans.at\/wp-content\/uploads\/2026\/02\/Blue-Eye-Theth-Pool-in-den-Albanischen-Alpen.webp\" alt=\"Blue Eye Theth Pool in den Albanischen Alpen\" \/><\/figure><\/div><div class=\"swiper-slide\" role=\"group\" aria-roledescription=\"slide\" aria-label=\"7 of 8\"><figure class=\"swiper-slide-inner\"><img decoding=\"async\" class=\"swiper-slide-image\" src=\"https:\/\/peaksofthebalkans.at\/wp-content\/uploads\/2026\/02\/Essen-Gaestehaeuser-Peaks-of-the-Balkans-Vegan.png\" alt=\"Essen G\u00e4steh\u00e4user Peaks of the Balkans Vegan\" \/><\/figure><\/div><div class=\"swiper-slide\" role=\"group\" aria-roledescription=\"slide\" aria-label=\"8 of 8\"><figure class=\"swiper-slide-inner\"><img decoding=\"async\" class=\"swiper-slide-image\" src=\"https:\/\/peaksofthebalkans.at\/wp-content\/uploads\/2026\/02\/Peaks-of-the-Balkans_auf-eigene-Faust-7-Tage-bis-10-Tage.webp\" alt=\"Peaks-of-the-Balkans_auf-eigene-Faust 7 Tage bis 10 Tage\" \/><\/figure><\/div>\t\t\t<\/div>\n\t\t\t\t\t\t\t\t\t\t\t\t<div class=\"elementor-swiper-button elementor-swiper-button-prev\" role=\"button\" tabindex=\"0\">\n\t\t\t\t\t\t<svg aria-hidden=\"true\" class=\"e-font-icon-svg e-fas-chevron-left\" viewBox=\"0 0 320 512\" xmlns=\"http:\/\/www.w3.org\/2000\/svg\"><path d=\"M34.52 239.03L228.87 44.69c9.37-9.37 24.57-9.37 33.94 0l22.67 22.67c9.36 9.36 9.37 24.52.04 33.9L131.49 256l154.02 154.75c9.34 9.38 9.32 24.54-.04 33.9l-22.67 22.67c-9.37 9.37-24.57 9.37-33.94 0L34.52 272.97c-9.37-9.37-9.37-24.57 0-33.94z\"><\/path><\/svg>\t\t\t\t\t<\/div>\n\t\t\t\t\t<div class=\"elementor-swiper-button elementor-swiper-button-next\" role=\"button\" tabindex=\"0\">\n\t\t\t\t\t\t<svg aria-hidden=\"true\" class=\"e-font-icon-svg e-fas-chevron-right\" viewBox=\"0 0 320 512\" xmlns=\"http:\/\/www.w3.org\/2000\/svg\"><path d=\"M285.476 272.971L91.132 467.314c-9.373 9.373-24.569 9.373-33.941 0l-22.667-22.667c-9.357-9.357-9.375-24.522-.04-33.901L188.505 256 34.484 101.255c-9.335-9.379-9.317-24.544.04-33.901l22.667-22.667c9.373-9.373 24.569-9.373 33.941 0L285.475 239.03c9.373 9.372 9.373 24.568.001 33.941z\"><\/path><\/svg>\t\t\t\t\t<\/div>\n\t\t\t\t\n\t\t\t\t\t\t\t\t\t<div class=\"swiper-pagination\"><\/div>\n\t\t\t\t\t\t\t\t\t<\/div>\n\t\t\t\t\t\t<\/div>\n\t\t\t\t\t<\/div>\n\t\t<\/div>\n\t\t\t\t<div class=\"elementor-column elementor-col-50 elementor-top-column elementor-element elementor-element-568cc0a\" data-id=\"568cc0a\" data-element_type=\"column\" data-e-type=\"column\">\n\t\t\t<div class=\"elementor-widget-wrap elementor-element-populated\">\n\t\t\t\t\t\t<div class=\"elementor-element elementor-element-506a5f2 elementor-widget elementor-widget-price-list\" data-id=\"506a5f2\" data-element_type=\"widget\" data-e-type=\"widget\" data-widget_type=\"price-list.default\">\n\t\t\t\t\t\n\t\t<ul class=\"elementor-price-list\">\n\n\t\t\t\t\t\t\t\t\t<li><a class=\"elementor-price-list-item\" href=\"#\">\t\t\t\t\n\t\t\t\t<div class=\"elementor-price-list-text\">\n\t\t\t\t\t\t\t\t\t<div class=\"elementor-price-list-header\">\n\t\t\t\t\t\t\t\t\t\t\t<span class=\"elementor-price-list-title\">\n\t\t\t\t\t\t\tAnreise\/Abreise\t\t\t\t\t\t<\/span>\n\t\t\t\t\t\t\t\t\t\t\t\t\t\t\t\t\t\t<span class=\"elementor-price-list-separator\"><\/span>\n\t\t\t\t\t\t\t\t\t\t\t\t\t\t\t\t\t\t\t<span class=\"elementor-price-list-price\">Shkoder<\/span>\n\t\t\t\t\t\t\t\t\t\t<\/div>\n\t\t\t\t\t\t\t\t\t\t\t\t<\/div>\n\t\t\t\t<\/a><\/li>\t\t\t\t\t\t\t\t\t\t\t\t<li><a class=\"elementor-price-list-item\" href=\"#\">\t\t\t\t\n\t\t\t\t<div class=\"elementor-price-list-text\">\n\t\t\t\t\t\t\t\t\t<div class=\"elementor-price-list-header\">\n\t\t\t\t\t\t\t\t\t\t\t<span class=\"elementor-price-list-title\">\n\t\t\t\t\t\t\tDauer\t\t\t\t\t\t<\/span>\n\t\t\t\t\t\t\t\t\t\t\t\t\t\t\t\t\t\t<span class=\"elementor-price-list-separator\"><\/span>\n\t\t\t\t\t\t\t\t\t\t\t\t\t\t\t\t\t\t\t<span class=\"elementor-price-list-price\">7 Tage<\/span>\n\t\t\t\t\t\t\t\t\t\t<\/div>\n\t\t\t\t\t\t\t\t\t\t\t\t<\/div>\n\t\t\t\t<\/a><\/li>\t\t\t\t\t\t\t\t\t\t\t\t<li><a class=\"elementor-price-list-item\" href=\"#\">\t\t\t\t\n\t\t\t\t<div class=\"elementor-price-list-text\">\n\t\t\t\t\t\t\t\t\t<div class=\"elementor-price-list-header\">\n\t\t\t\t\t\t\t\t\t\t\t<span class=\"elementor-price-list-title\">\n\t\t\t\t\t\t\tTeilnehmer\t\t\t\t\t\t<\/span>\n\t\t\t\t\t\t\t\t\t\t\t\t\t\t\t\t\t\t<span class=\"elementor-price-list-separator\"><\/span>\n\t\t\t\t\t\t\t\t\t\t\t\t\t\t\t\t\t\t\t<span class=\"elementor-price-list-price\">ab 2 Personen<\/span>\n\t\t\t\t\t\t\t\t\t\t<\/div>\n\t\t\t\t\t\t\t\t\t\t\t\t<\/div>\n\t\t\t\t<\/a><\/li>\t\t\t\t\t\t\t\t\t\t\t\t<li><a class=\"elementor-price-list-item\" href=\"#\">\t\t\t\t\n\t\t\t\t<div class=\"elementor-price-list-text\">\n\t\t\t\t\t\t\t\t\t<div class=\"elementor-price-list-header\">\n\t\t\t\t\t\t\t\t\t\t\t<span class=\"elementor-price-list-title\">\n\t\t\t\t\t\t\tReisezeit\t\t\t\t\t\t<\/span>\n\t\t\t\t\t\t\t\t\t\t\t\t\t\t\t\t\t\t<span class=\"elementor-price-list-separator\"><\/span>\n\t\t\t\t\t\t\t\t\t\t\t\t\t\t\t\t\t\t\t<span class=\"elementor-price-list-price\">Juni \u2013 Okt.<\/span>\n\t\t\t\t\t\t\t\t\t\t<\/div>\n\t\t\t\t\t\t\t\t\t\t\t\t<\/div>\n\t\t\t\t<\/a><\/li>\t\t\t\t\t\t\t\t\t\t\t\t<li><a class=\"elementor-price-list-item\" href=\"#\">\t\t\t\t\n\t\t\t\t<div class=\"elementor-price-list-text\">\n\t\t\t\t\t\t\t\t\t<div class=\"elementor-price-list-header\">\n\t\t\t\t\t\t\t\t\t\t\t<span class=\"elementor-price-list-title\">\n\t\t\t\t\t\t\tpro Person\t\t\t\t\t\t<\/span>\n\t\t\t\t\t\t\t\t\t\t\t\t\t\t\t\t\t\t<span class=\"elementor-price-list-separator\"><\/span>\n\t\t\t\t\t\t\t\t\t\t\t\t\t\t\t\t\t\t\t<span class=\"elementor-price-list-price\">ab \u20ac 615,00<\/span>\n\t\t\t\t\t\t\t\t\t\t<\/div>\n\t\t\t\t\t\t\t\t\t\t\t\t<\/div>\n\t\t\t\t<\/a><\/li>\t\t\t\t\t\n\t\t<\/ul>\n\n\t\t\t\t\t\t<\/div>\n\t\t\t\t<div class=\"elementor-element elementor-element-dc5b7bb elementor-align-justify elementor-widget elementor-widget-button\" data-id=\"dc5b7bb\" data-element_type=\"widget\" data-e-type=\"widget\" data-widget_type=\"button.default\">\n\t\t\t\t\t\t\t\t\t\t<a class=\"elementor-button elementor-button-link elementor-size-sm elementor-animation-float\" href=\"https:\/\/www.abenteueralbanien.de\/peaks-of-the-balkans-5-6-10-tage\/\" target=\"_blank\" rel=\"noopener\">\n\t\t\t\t\t\t<span class=\"elementor-button-content-wrapper\">\n\t\t\t\t\t\t\t\t\t<span class=\"elementor-button-text\">BUCHEN<\/span>\n\t\t\t\t\t<\/span>\n\t\t\t\t\t<\/a>\n\t\t\t\t\t\t\t\t<\/div>\n\t\t\t\t\t<\/div>\n\t\t<\/div>\n\t\t\t\t\t<\/div>\n\t\t<\/section>\n\t\t\t\t<section class=\"elementor-section elementor-top-section elementor-element elementor-element-651e943 elementor-section-boxed elementor-section-height-default elementor-section-height-default\" data-id=\"651e943\" data-element_type=\"section\" data-e-type=\"section\">\n\t\t\t\t\t\t<div class=\"elementor-container elementor-column-gap-default\">\n\t\t\t\t\t<div class=\"elementor-column elementor-col-100 elementor-top-column elementor-element elementor-element-85b1ebb\" data-id=\"85b1ebb\" data-element_type=\"column\" data-e-type=\"column\">\n\t\t\t<div class=\"elementor-widget-wrap elementor-element-populated\">\n\t\t\t\t\t\t<div class=\"elementor-element elementor-element-fce8559 elementor-widget-divider--view-line elementor-widget elementor-widget-divider\" data-id=\"fce8559\" data-element_type=\"widget\" data-e-type=\"widget\" data-widget_type=\"divider.default\">\n\t\t\t\t\t\t\t<div class=\"elementor-divider\">\n\t\t\t<span class=\"elementor-divider-separator\">\n\t\t\t\t\t\t<\/span>\n\t\t<\/div>\n\t\t\t\t\t\t<\/div>\n\t\t\t\t<div class=\"elementor-element elementor-element-e764a3d elementor-widget elementor-widget-heading\" data-id=\"e764a3d\" data-element_type=\"widget\" data-e-type=\"widget\" data-widget_type=\"heading.default\">\n\t\t\t\t\t<h2 class=\"elementor-heading-title elementor-size-default\">PEAKS OF THE BALKANS TOUR - HIGHLIGHTS<\/h2>\t\t\t\t<\/div>\n\t\t\t\t<div class=\"elementor-element elementor-element-9d92d4a elementor-widget elementor-widget-text-editor\" data-id=\"9d92d4a\" data-element_type=\"widget\" data-e-type=\"widget\" data-widget_type=\"text-editor.default\">\n\t\t\t\t\t\t\t\t\t<ul>\n<li style=\"text-align: left;\"><span class=\"\" data-index=\"6\"><strong>Dorf Theth<\/strong>\u00a0\u2013 Besuche eines der malerischsten D\u00f6rfer in den Albanischen Alpen<\/span><\/li>\n<li style=\"text-align: left;\"><span class=\"\" data-index=\"7\"><strong>Wandern in wilder Natur<\/strong>\u00a0\u2013 Die Wanderung f\u00fchrt dich durch unber\u00fchrte Natur, \u00fcber gr\u00fcne Bergwiesen und zu glasklaren Bergseen<\/span><\/li>\n<li style=\"text-align: left;\"><span class=\"\" data-index=\"8\"><strong>Wandern im Dreil\u00e4ndereck<\/strong>\u00a0\u2013 Besuche drei L\u00e4nder in einer Wanderung \u2013 Albanien, Montenegro &amp; Kosovo<\/span><\/li>\n<li style=\"text-align: left;\"><span class=\"\" data-index=\"9\"><strong>Gjeravica<\/strong>\u00a0\u2013 Der h\u00f6chste Gipfel im Kosovo, umgeben von Gletscherseen und Heimat der Triton-Salamander<\/span><\/li>\n<li style=\"text-align: left;\"><span class=\"\" data-index=\"10\"><strong>Bunker<\/strong>\u00a0\u2013 W\u00e4hrend der kommunistischen Zeit hat Albanien ein Verm\u00f6gen investiert, Betonbunker zu bauen, um eine gef\u00fcrchtete Invasion zu verhindern. Bestaune die \u00dcberreste dieser Zeit. Die Wanderung f\u00fchrt vorbei an einigen der h\u00f6chstgelegenen Bunker Albaniens<\/span><\/li>\n<li style=\"text-align: left;\"><span class=\"\" data-index=\"14\"><strong>Kulinarik<\/strong>\u00a0\u2013 Erleben Sie die einzigartige K\u00fcche und Gastfreundschaft der lokalen Dorfbewohner in den verfluchten Bergen<\/span><\/li>\n<\/ul>\t\t\t\t\t\t\t\t<\/div>\n\t\t\t\t\t<\/div>\n\t\t<\/div>\n\t\t\t\t\t<\/div>\n\t\t<\/section>\n\t\t\t\t<section class=\"elementor-section elementor-top-section elementor-element elementor-element-90de865 elementor-section-boxed elementor-section-height-default elementor-section-height-default\" data-id=\"90de865\" data-element_type=\"section\" data-e-type=\"section\">\n\t\t\t\t\t\t<div class=\"elementor-container elementor-column-gap-default\">\n\t\t\t\t\t<div class=\"elementor-column elementor-col-100 elementor-top-column elementor-element elementor-element-ac20a62\" data-id=\"ac20a62\" data-element_type=\"column\" data-e-type=\"column\">\n\t\t\t<div class=\"elementor-widget-wrap elementor-element-populated\">\n\t\t\t\t\t\t<div class=\"elementor-element elementor-element-eb751f1 elementor-widget-divider--view-line elementor-widget elementor-widget-divider\" data-id=\"eb751f1\" data-element_type=\"widget\" data-e-type=\"widget\" data-widget_type=\"divider.default\">\n\t\t\t\t\t\t\t<div class=\"elementor-divider\">\n\t\t\t<span class=\"elementor-divider-separator\">\n\t\t\t\t\t\t<\/span>\n\t\t<\/div>\n\t\t\t\t\t\t<\/div>\n\t\t\t\t<div class=\"elementor-element elementor-element-92f3432 elementor-widget elementor-widget-heading\" data-id=\"92f3432\" data-element_type=\"widget\" data-e-type=\"widget\" data-widget_type=\"heading.default\">\n\t\t\t\t\t<h2 class=\"elementor-heading-title elementor-size-default\"><a href=\"https:\/\/de.trustpilot.com\/review\/abenteueralbanien.de\" target=\"_blank\" rel=\"noopener\">\nErfahrungen:\n<\/a><\/h2>\t\t\t\t<\/div>\n\t\t\t\t\t<\/div>\n\t\t<\/div>\n\t\t\t\t\t<\/div>\n\t\t<\/section>\n\t\t\t\t<section class=\"elementor-section elementor-top-section elementor-element elementor-element-6e75334 elementor-section-boxed elementor-section-height-default elementor-section-height-default\" data-id=\"6e75334\" data-element_type=\"section\" data-e-type=\"section\">\n\t\t\t\t\t\t<div class=\"elementor-container elementor-column-gap-default\">\n\t\t\t\t\t<div class=\"elementor-column elementor-col-100 elementor-top-column elementor-element elementor-element-08c133f\" data-id=\"08c133f\" data-element_type=\"column\" data-e-type=\"column\">\n\t\t\t<div class=\"elementor-widget-wrap elementor-element-populated\">\n\t\t\t\t\t\t<div class=\"elementor-element elementor-element-c75d39a elementor-widget elementor-widget-shortcode\" data-id=\"c75d39a\" data-element_type=\"widget\" data-e-type=\"widget\" data-widget_type=\"shortcode.default\">\n\t\t\t\t\t\t\t<div class=\"elementor-shortcode\"><pre class=\"ti-widget\"><template id=\"trustindex-tripadvisor-widget-html\"><div class=\" ti-widget  ti-trip ti-review-text-mode-readmore ti-text-align-left\" data-no-translation=\"true\" data-time-locale=\"%d %s ago|today|day|days|week|weeks|month|months|year|years\" data-plugin-version=\"13.2.8\" data-layout-id=\"34\" data-layout-category=\"slider\" data-set-id=\"ligth-border\" data-pid=\"\" data-language=\"en\" data-close-locale=\"Close\" data-review-target-width=\"300\" data-css-version=\"2\" data-reply-by-locale=\"Owner's reply\" data-only-rating-locale=\"This user only left a rating.\" data-pager-autoplay-timeout=\"6\"> <div class=\"ti-widget-container ti-col-3\"> <div class=\"ti-header ti-header-grid source-Tripadvisor\"> <div class=\"ti-fade-container\"> <div class=\"ti-rating-text\"> <strong class=\"ti-rating ti-rating-large\"> EXCELLENT <\/strong> <\/div> <span class=\"ti-stars star-lg\"><trustindex-image class=\"ti-star\" data-imgurl=\"https:\/\/cdn.trustindex.io\/assets\/platform\/Tripadvisor\/star\/f.svg\" alt=\"Tripadvisor\" width=\"17\" height=\"17\" loading=\"lazy\"><\/trustindex-image><trustindex-image class=\"ti-star\" data-imgurl=\"https:\/\/cdn.trustindex.io\/assets\/platform\/Tripadvisor\/star\/f.svg\" alt=\"Tripadvisor\" width=\"17\" height=\"17\" loading=\"lazy\"><\/trustindex-image><trustindex-image class=\"ti-star\" data-imgurl=\"https:\/\/cdn.trustindex.io\/assets\/platform\/Tripadvisor\/star\/f.svg\" alt=\"Tripadvisor\" width=\"17\" height=\"17\" loading=\"lazy\"><\/trustindex-image><trustindex-image class=\"ti-star\" data-imgurl=\"https:\/\/cdn.trustindex.io\/assets\/platform\/Tripadvisor\/star\/f.svg\" alt=\"Tripadvisor\" width=\"17\" height=\"17\" loading=\"lazy\"><\/trustindex-image><trustindex-image class=\"ti-star\" data-imgurl=\"https:\/\/cdn.trustindex.io\/assets\/platform\/Tripadvisor\/star\/f.svg\" alt=\"Tripadvisor\" width=\"17\" height=\"17\" loading=\"lazy\"><\/trustindex-image><\/span> <div class=\"ti-rating-text\"> <span class=\"nowrap\">Based on <strong>275 reviews<\/strong><\/span> <\/div> <div class=\"ti-large-logo\"> <div class=\"ti-v-center\"> <trustindex-image class=\"ti-logo-fb\" data-imgurl=\"https:\/\/cdn.trustindex.io\/assets\/platform\/Tripadvisor\/logo.svg\" width=\"150\" height=\"25\" loading=\"lazy\" alt=\"Tripadvisor\"><\/trustindex-image> <\/div> <\/div> <\/div> <\/div> <div class=\"ti-reviews-container\"> <div class=\"ti-controls\"> <div class=\"ti-next\" aria-label=\"Next review\" role=\"button\" tabindex=\"0\"><\/div> <div class=\"ti-prev\" aria-label=\"Previous review\" role=\"button\" tabindex=\"0\"><\/div> <\/div> <div class=\"ti-reviews-container-wrapper\">  <div data-empty=\"0\" data-time=\"1704585600\" class=\"ti-review-item source-Tripadvisor ti-image-layout-thumbnail\" data-id=\"cfcd208495d565ef66e7dff9f98764da\"> <div class=\"ti-inner\"> <div class=\"ti-review-header\"> <div class=\"ti-platform-icon ti-with-tooltip\"> <span class=\"ti-tooltip\">Posted on <\/span> <trustindex-image data-imgurl=\"https:\/\/cdn.trustindex.io\/assets\/platform\/Tripadvisor\/icon.svg\" alt=\"\" width=\"20\" height=\"20\" loading=\"lazy\"><\/trustindex-image> <\/div> <div class=\"ti-profile-img\"> <trustindex-image data-imgurl=\"https:\/\/media-cdn.tripadvisor.com\/media\/photo-o\/1a\/f6\/ea\/2e\/default-avatar-2020-67.jpg\" alt=\"emcg25 profile picture\" loading=\"lazy\"><\/trustindex-image> <\/div> <div class=\"ti-profile-details\"> <div class=\"ti-name\"> emcg25 <\/div> <div class=\"ti-date\"><\/div> <\/div> <\/div> <span class=\"ti-stars\"><trustindex-image class=\"ti-star\" data-imgurl=\"https:\/\/cdn.trustindex.io\/assets\/platform\/Tripadvisor\/star\/f.svg\" alt=\"Tripadvisor\" width=\"17\" height=\"17\" loading=\"lazy\"><\/trustindex-image><trustindex-image class=\"ti-star\" data-imgurl=\"https:\/\/cdn.trustindex.io\/assets\/platform\/Tripadvisor\/star\/f.svg\" alt=\"Tripadvisor\" width=\"17\" height=\"17\" loading=\"lazy\"><\/trustindex-image><trustindex-image class=\"ti-star\" data-imgurl=\"https:\/\/cdn.trustindex.io\/assets\/platform\/Tripadvisor\/star\/f.svg\" alt=\"Tripadvisor\" width=\"17\" height=\"17\" loading=\"lazy\"><\/trustindex-image><trustindex-image class=\"ti-star\" data-imgurl=\"https:\/\/cdn.trustindex.io\/assets\/platform\/Tripadvisor\/star\/f.svg\" alt=\"Tripadvisor\" width=\"17\" height=\"17\" loading=\"lazy\"><\/trustindex-image><trustindex-image class=\"ti-star\" data-imgurl=\"https:\/\/cdn.trustindex.io\/assets\/platform\/Tripadvisor\/star\/f.svg\" alt=\"Tripadvisor\" width=\"17\" height=\"17\" loading=\"lazy\"><\/trustindex-image><span class=\"ti-verified-review\"><span class=\"ti-verified-tooltip\">Verified<\/span><\/span><\/span> <div class=\"ti-review-text-container ti-review-content\"><!-- R-CONTENT --><strong>Incredible Peaks of the Balkans Trek<\/strong>\nAn incredible place and experience- Donika and Alb led my group in the Peaks of the Balkans loop, and I could not be more grateful that I got to trek in a beautiful region with two guides whose love for the nature and their culture made the trip even more special.<!-- R-CONTENT --><\/div> <span class=\"ti-read-more\" data-container=\".ti-review-content\" data-collapse-text=\"Hide\" data-open-text=\"Read more\"><\/span> <\/div> <\/div>  <div data-empty=\"0\" data-time=\"1702512000\" class=\"ti-review-item source-Tripadvisor ti-image-layout-thumbnail\" data-id=\"cfcd208495d565ef66e7dff9f98764da\"> <div class=\"ti-inner\"> <div class=\"ti-review-header\"> <div class=\"ti-platform-icon ti-with-tooltip\"> <span class=\"ti-tooltip\">Posted on <\/span> <trustindex-image data-imgurl=\"https:\/\/cdn.trustindex.io\/assets\/platform\/Tripadvisor\/icon.svg\" alt=\"\" width=\"20\" height=\"20\" loading=\"lazy\"><\/trustindex-image> <\/div> <div class=\"ti-profile-img\"> <trustindex-image data-imgurl=\"https:\/\/media-cdn.tripadvisor.com\/media\/photo-o\/1a\/f6\/eb\/a3\/default-avatar-2020-38.jpg\" alt=\"Dardan L profile picture\" loading=\"lazy\"><\/trustindex-image> <\/div> <div class=\"ti-profile-details\"> <div class=\"ti-name\"> Dardan L <\/div> <div class=\"ti-date\"><\/div> <\/div> <\/div> <span class=\"ti-stars\"><trustindex-image class=\"ti-star\" data-imgurl=\"https:\/\/cdn.trustindex.io\/assets\/platform\/Tripadvisor\/star\/f.svg\" alt=\"Tripadvisor\" width=\"17\" height=\"17\" loading=\"lazy\"><\/trustindex-image><trustindex-image class=\"ti-star\" data-imgurl=\"https:\/\/cdn.trustindex.io\/assets\/platform\/Tripadvisor\/star\/f.svg\" alt=\"Tripadvisor\" width=\"17\" height=\"17\" loading=\"lazy\"><\/trustindex-image><trustindex-image class=\"ti-star\" data-imgurl=\"https:\/\/cdn.trustindex.io\/assets\/platform\/Tripadvisor\/star\/f.svg\" alt=\"Tripadvisor\" width=\"17\" height=\"17\" loading=\"lazy\"><\/trustindex-image><trustindex-image class=\"ti-star\" data-imgurl=\"https:\/\/cdn.trustindex.io\/assets\/platform\/Tripadvisor\/star\/f.svg\" alt=\"Tripadvisor\" width=\"17\" height=\"17\" loading=\"lazy\"><\/trustindex-image><trustindex-image class=\"ti-star\" data-imgurl=\"https:\/\/cdn.trustindex.io\/assets\/platform\/Tripadvisor\/star\/f.svg\" alt=\"Tripadvisor\" width=\"17\" height=\"17\" loading=\"lazy\"><\/trustindex-image><span class=\"ti-verified-review\"><span class=\"ti-verified-tooltip\">Verified<\/span><\/span><\/span> <div class=\"ti-review-text-container ti-review-content\"><!-- R-CONTENT --><strong>Amazing experience hiking peaks of balkans with friends coming from New York, London, Paris, Lebanon, Cyprus and Romania<\/strong>\nBooked a 5 day hike + via ferata with Balkan Natural Adventure for a group of 10 in July. The entire journey from organizing and thinking through it with Nol and Anila, to airport pick up, and to hikes, to transfers between hikes and all the way to customized drop off wherever each of us wanted was amazing. We were a diverse group of friends with people coming from New York, London, Paris, Lebanon, Cyprus, and Romania. Yet, the team was on top of everything, quick to respond, and extremely accommodating. Our tour guide, Vale, was also super great. She was super friendly and very accommodating to a lot of changes throughout the trip. The peaks of the balkans is of course breathtaking. The photos speak for itself. And changing countries all on foot is such a unique experience. Highly recommend Peaks of the Balkans and of course there is no tour agency like Balkan Natural Adventure.<!-- R-CONTENT --><\/div> <span class=\"ti-read-more\" data-container=\".ti-review-content\" data-collapse-text=\"Hide\" data-open-text=\"Read more\"><\/span> <\/div> <\/div>  <div data-empty=\"0\" data-time=\"1702512000\" class=\"ti-review-item source-Tripadvisor ti-image-layout-thumbnail\" data-id=\"cfcd208495d565ef66e7dff9f98764da\"> <div class=\"ti-inner\"> <div class=\"ti-review-header\"> <div class=\"ti-platform-icon ti-with-tooltip\"> <span class=\"ti-tooltip\">Posted on <\/span> <trustindex-image data-imgurl=\"https:\/\/cdn.trustindex.io\/assets\/platform\/Tripadvisor\/icon.svg\" alt=\"\" width=\"20\" height=\"20\" loading=\"lazy\"><\/trustindex-image> <\/div> <div class=\"ti-profile-img\"> <trustindex-image data-imgurl=\"https:\/\/media-cdn.tripadvisor.com\/media\/photo-o\/1a\/f6\/e3\/1f\/default-avatar-2020-46.jpg\" alt=\"lynnmbk profile picture\" loading=\"lazy\"><\/trustindex-image> <\/div> <div class=\"ti-profile-details\"> <div class=\"ti-name\"> lynnmbk <\/div> <div class=\"ti-date\"><\/div> <\/div> <\/div> <span class=\"ti-stars\"><trustindex-image class=\"ti-star\" data-imgurl=\"https:\/\/cdn.trustindex.io\/assets\/platform\/Tripadvisor\/star\/f.svg\" alt=\"Tripadvisor\" width=\"17\" height=\"17\" loading=\"lazy\"><\/trustindex-image><trustindex-image class=\"ti-star\" data-imgurl=\"https:\/\/cdn.trustindex.io\/assets\/platform\/Tripadvisor\/star\/f.svg\" alt=\"Tripadvisor\" width=\"17\" height=\"17\" loading=\"lazy\"><\/trustindex-image><trustindex-image class=\"ti-star\" data-imgurl=\"https:\/\/cdn.trustindex.io\/assets\/platform\/Tripadvisor\/star\/f.svg\" alt=\"Tripadvisor\" width=\"17\" height=\"17\" loading=\"lazy\"><\/trustindex-image><trustindex-image class=\"ti-star\" data-imgurl=\"https:\/\/cdn.trustindex.io\/assets\/platform\/Tripadvisor\/star\/f.svg\" alt=\"Tripadvisor\" width=\"17\" height=\"17\" loading=\"lazy\"><\/trustindex-image><trustindex-image class=\"ti-star\" data-imgurl=\"https:\/\/cdn.trustindex.io\/assets\/platform\/Tripadvisor\/star\/f.svg\" alt=\"Tripadvisor\" width=\"17\" height=\"17\" loading=\"lazy\"><\/trustindex-image><span class=\"ti-verified-review\"><span class=\"ti-verified-tooltip\">Verified<\/span><\/span><\/span> <div class=\"ti-review-text-container ti-review-content\"><!-- R-CONTENT --><strong>Spectacular hike, guide, views, and food<\/strong>\nThe hike was amazing, spectacular views, food in the B&amp;Bs, and genuine people around. The guide, Vale, was fantastic. It took us some time to get used to the challenging level but the landscape was worthwhile. Didn\u2019t expect to see Swiss-like views (and better as much more diverse) in the Balkans.<!-- R-CONTENT --><\/div> <span class=\"ti-read-more\" data-container=\".ti-review-content\" data-collapse-text=\"Hide\" data-open-text=\"Read more\"><\/span> <\/div> <\/div>  <div data-empty=\"0\" data-time=\"1697846400\" class=\"ti-review-item source-Tripadvisor ti-image-layout-thumbnail\" data-id=\"cfcd208495d565ef66e7dff9f98764da\"> <div class=\"ti-inner\"> <div class=\"ti-review-header\"> <div class=\"ti-platform-icon ti-with-tooltip\"> <span class=\"ti-tooltip\">Posted on <\/span> <trustindex-image data-imgurl=\"https:\/\/cdn.trustindex.io\/assets\/platform\/Tripadvisor\/icon.svg\" alt=\"\" width=\"20\" height=\"20\" loading=\"lazy\"><\/trustindex-image> <\/div> <div class=\"ti-profile-img\"> <trustindex-image data-imgurl=\"https:\/\/media-cdn.tripadvisor.com\/media\/photo-o\/0c\/df\/94\/fc\/kiki-k.jpg\" alt=\"Kirsten K profile picture\" loading=\"lazy\"><\/trustindex-image> <\/div> <div class=\"ti-profile-details\"> <div class=\"ti-name\"> Kirsten K <\/div> <div class=\"ti-date\"><\/div> <\/div> <\/div> <span class=\"ti-stars\"><trustindex-image class=\"ti-star\" data-imgurl=\"https:\/\/cdn.trustindex.io\/assets\/platform\/Tripadvisor\/star\/f.svg\" alt=\"Tripadvisor\" width=\"17\" height=\"17\" loading=\"lazy\"><\/trustindex-image><trustindex-image class=\"ti-star\" data-imgurl=\"https:\/\/cdn.trustindex.io\/assets\/platform\/Tripadvisor\/star\/f.svg\" alt=\"Tripadvisor\" width=\"17\" height=\"17\" loading=\"lazy\"><\/trustindex-image><trustindex-image class=\"ti-star\" data-imgurl=\"https:\/\/cdn.trustindex.io\/assets\/platform\/Tripadvisor\/star\/f.svg\" alt=\"Tripadvisor\" width=\"17\" height=\"17\" loading=\"lazy\"><\/trustindex-image><trustindex-image class=\"ti-star\" data-imgurl=\"https:\/\/cdn.trustindex.io\/assets\/platform\/Tripadvisor\/star\/f.svg\" alt=\"Tripadvisor\" width=\"17\" height=\"17\" loading=\"lazy\"><\/trustindex-image><trustindex-image class=\"ti-star\" data-imgurl=\"https:\/\/cdn.trustindex.io\/assets\/platform\/Tripadvisor\/star\/f.svg\" alt=\"Tripadvisor\" width=\"17\" height=\"17\" loading=\"lazy\"><\/trustindex-image><span class=\"ti-verified-review\"><span class=\"ti-verified-tooltip\">Verified<\/span><\/span><\/span> <div class=\"ti-review-text-container ti-review-content\"><!-- R-CONTENT --><strong>Peaks of the Balkans - Open Group Tour<\/strong>\nI recently joined the open group organised by the Kosovar tour operator \u201dBalkan Natural Adventure\u201c to hike the most beautiful sections of the Peaks of the Balkans Trek. I choose BNA for this tour as their ticked off my most important considerations: 1. Only 9 days of hiking - So far I had only hiked 4 days in a row. The original Trek is hiked within 12 days , but that felt too long for me and the available vacation days I wanted to take. 2. Route adaption - the PoB was established already more than 10 years ago. Parts of the route, especially in rural areas of Kosovo, have been under development since and are not the natural trails anymore they used to be. The local guides working with BNA therefore adapted the route to offer the hikers the nature experience they are looking for. 3. Price - Even though the first two points where the most important to me, I have to list this point as well, as BNA where partly only half as expensive as other tour operators. The hike itself was wonderful; The mountain landscape magnificent. The group was international and mixed amongst all ages. We were in total 11 hikers and we were accompanied by two mountain guides. Our head guide Mentor is a very experienced guide who knows these mountains by heart and who is part of the team maintaining the routes. He speaks excellent English (as well as Italian) and was able to answer all our questions regarding Landscape or History of this beautiful and historically interesting part of Europe. Being a solo hiker in familiar mountains, I was a bit worried prior to the hike, whether I like being part of such a big group. But the people in my group as well as the guides were awesome and I had a fantastic time. After all, we all had one shared love - the love for the mountains. Thank you BNA.<!-- R-CONTENT --><\/div> <span class=\"ti-read-more\" data-container=\".ti-review-content\" data-collapse-text=\"Hide\" data-open-text=\"Read more\"><\/span> <\/div> <\/div>  <div data-empty=\"0\" data-time=\"1696550400\" class=\"ti-review-item source-Tripadvisor ti-image-layout-thumbnail\" data-id=\"cfcd208495d565ef66e7dff9f98764da\"> <div class=\"ti-inner\"> <div class=\"ti-review-header\"> <div class=\"ti-platform-icon ti-with-tooltip\"> <span class=\"ti-tooltip\">Posted on <\/span> <trustindex-image data-imgurl=\"https:\/\/cdn.trustindex.io\/assets\/platform\/Tripadvisor\/icon.svg\" alt=\"\" width=\"20\" height=\"20\" loading=\"lazy\"><\/trustindex-image> <\/div> <div class=\"ti-profile-img\"> <trustindex-image data-imgurl=\"https:\/\/media-cdn.tripadvisor.com\/media\/photo-o\/1a\/f6\/e8\/91\/default-avatar-2020-62.jpg\" alt=\"Ilka B profile picture\" loading=\"lazy\"><\/trustindex-image> <\/div> <div class=\"ti-profile-details\"> <div class=\"ti-name\"> Ilka B <\/div> <div class=\"ti-date\"><\/div> <\/div> <\/div> <span class=\"ti-stars\"><trustindex-image class=\"ti-star\" data-imgurl=\"https:\/\/cdn.trustindex.io\/assets\/platform\/Tripadvisor\/star\/f.svg\" alt=\"Tripadvisor\" width=\"17\" height=\"17\" loading=\"lazy\"><\/trustindex-image><trustindex-image class=\"ti-star\" data-imgurl=\"https:\/\/cdn.trustindex.io\/assets\/platform\/Tripadvisor\/star\/f.svg\" alt=\"Tripadvisor\" width=\"17\" height=\"17\" loading=\"lazy\"><\/trustindex-image><trustindex-image class=\"ti-star\" data-imgurl=\"https:\/\/cdn.trustindex.io\/assets\/platform\/Tripadvisor\/star\/f.svg\" alt=\"Tripadvisor\" width=\"17\" height=\"17\" loading=\"lazy\"><\/trustindex-image><trustindex-image class=\"ti-star\" data-imgurl=\"https:\/\/cdn.trustindex.io\/assets\/platform\/Tripadvisor\/star\/f.svg\" alt=\"Tripadvisor\" width=\"17\" height=\"17\" loading=\"lazy\"><\/trustindex-image><trustindex-image class=\"ti-star\" data-imgurl=\"https:\/\/cdn.trustindex.io\/assets\/platform\/Tripadvisor\/star\/f.svg\" alt=\"Tripadvisor\" width=\"17\" height=\"17\" loading=\"lazy\"><\/trustindex-image><span class=\"ti-verified-review\"><span class=\"ti-verified-tooltip\">Verified<\/span><\/span><\/span> <div class=\"ti-review-text-container ti-review-content\"><!-- R-CONTENT --><strong>Peaks of the Balkans - unvergesslich und horizonterweiternd<\/strong>\nZusammen mit einer Freundin habe ich im September die gef\u00fchrte 9\/10-Tage Tour Peaks of the Balkan gemacht. Die Buchung hat super unkompliziert geklappt, und Anila hat im Vorfeld alle Fragen kompetent und schnell beantwortet. Wir waren in einer Gruppe mit insgesamt acht Personen von 25 bis 60 Jahren aus Neuseeland, Australien und Deutschland sowie einem Guide aus dem Kosovo unterwegs und haben uns alle bestens verstanden. Unser sehr netter und lustiger Guide Alb hat viel Interessantes \u00fcber Land, Leute und die Gastgeber erz\u00e4hlt und alle Bed\u00fcrfnisse und unvorhergesehenen Ereignisse souver\u00e4n gemanaged. Auch die anderen Guides von BNA, die mit anderen Gruppen unterwegs waren und die wir auf dem Weg getroffen haben, waren sehr freundlich. Als ein paar von uns ein bisschen krank waren, hat uns z. B. Albi zus\u00e4tzlich begleitet. Wir f\u00fchlten uns bei BNA rundum gut aufgehoben und k\u00f6nnen die Buchung \u00fcber BNA nur empfehlen. Wie Wanderung war einfach traumhaft. Die Wege wurden von Tag zu Tag noch sch\u00f6ner und einsamer. Die Unterk\u00fcnfte waren zum Teil recht einfach, aber alle total in Ordnung, und mit sehr herzlichen Gastgebern und sehr gutem lokalem Essen. Wir hatten Gl\u00fcck mit dem Wetter und nur Sonne. Ab und zu konnten wir uns in eiskalten Bergseen abk\u00fchlen. Die Wanderungen fand ich durchaus anstrengend (das t\u00e4gliche Abendbriefing lautete in etwa \"tomorrow: 1000 meters up and 1000 meters down...\"\ud83d\ude09), aber auch mit mittelm\u00e4\u00dfiger Kondition gut machbar. Die Route weicht an einigen Stellen vom Originalweg ab, z. B. am Tag 9 Grebaje\/Taljanka - f\u00fcr mich auf jeden Fall ein absolutes Highlight der Tour. Alles in allem war die Tour ein unvergessliches und horizonterweiterndes Erlebnis!<!-- R-CONTENT --><\/div> <span class=\"ti-read-more\" data-container=\".ti-review-content\" data-collapse-text=\"Hide\" data-open-text=\"Read more\"><\/span> <\/div> <\/div>  <div data-empty=\"0\" data-time=\"1695859200\" class=\"ti-review-item source-Tripadvisor ti-image-layout-thumbnail\" data-id=\"cfcd208495d565ef66e7dff9f98764da\"> <div class=\"ti-inner\"> <div class=\"ti-review-header\"> <div class=\"ti-platform-icon ti-with-tooltip\"> <span class=\"ti-tooltip\">Posted on <\/span> <trustindex-image data-imgurl=\"https:\/\/cdn.trustindex.io\/assets\/platform\/Tripadvisor\/icon.svg\" alt=\"\" width=\"20\" height=\"20\" loading=\"lazy\"><\/trustindex-image> <\/div> <div class=\"ti-profile-img\"> <trustindex-image data-imgurl=\"https:\/\/media-cdn.tripadvisor.com\/media\/photo-o\/1a\/f6\/ea\/2e\/default-avatar-2020-67.jpg\" alt=\"paul g profile picture\" loading=\"lazy\"><\/trustindex-image> <\/div> <div class=\"ti-profile-details\"> <div class=\"ti-name\"> paul g <\/div> <div class=\"ti-date\"><\/div> <\/div> <\/div> <span class=\"ti-stars\"><trustindex-image class=\"ti-star\" data-imgurl=\"https:\/\/cdn.trustindex.io\/assets\/platform\/Tripadvisor\/star\/f.svg\" alt=\"Tripadvisor\" width=\"17\" height=\"17\" loading=\"lazy\"><\/trustindex-image><trustindex-image class=\"ti-star\" data-imgurl=\"https:\/\/cdn.trustindex.io\/assets\/platform\/Tripadvisor\/star\/f.svg\" alt=\"Tripadvisor\" width=\"17\" height=\"17\" loading=\"lazy\"><\/trustindex-image><trustindex-image class=\"ti-star\" data-imgurl=\"https:\/\/cdn.trustindex.io\/assets\/platform\/Tripadvisor\/star\/f.svg\" alt=\"Tripadvisor\" width=\"17\" height=\"17\" loading=\"lazy\"><\/trustindex-image><trustindex-image class=\"ti-star\" data-imgurl=\"https:\/\/cdn.trustindex.io\/assets\/platform\/Tripadvisor\/star\/f.svg\" alt=\"Tripadvisor\" width=\"17\" height=\"17\" loading=\"lazy\"><\/trustindex-image><trustindex-image class=\"ti-star\" data-imgurl=\"https:\/\/cdn.trustindex.io\/assets\/platform\/Tripadvisor\/star\/f.svg\" alt=\"Tripadvisor\" width=\"17\" height=\"17\" loading=\"lazy\"><\/trustindex-image><span class=\"ti-verified-review\"><span class=\"ti-verified-tooltip\">Verified<\/span><\/span><\/span> <div class=\"ti-review-text-container ti-review-content\"><!-- R-CONTENT --><strong>Peaks of the Balkans Trail - self guided,<\/strong>\nWe booked our self guided Peaks of the Balkans holiday via BNA. To be clear this is not the full trail but selected pieces of it with some transfers so there are plusses and minuses when considered against the full trail. We couldn't fault the organisation of accommodation and transfers through the trip, everyone was expecting us and some even asked for our reference number. Our contact was super responsive to email questions and asked for information well in advance of it being needed so there were no last minute hiccups. She also gave good advice on getting back to Tirana at the end of the trip so we would not be in a rush for our plane home. There was a nervous moment at the end of the last day when a number of different people offered their 'taxi' to us but eventually someone showed us our name on their phone so we hopped in with him! As the title suggests, there are some peaks on this hike so don't go expecting lots of flat days. The trails are well marked and the GPX files provided when overlaid on our mapping app were very accurate. We lost count of the number of times we criss-crossed borders between Albania-Kosovo-Montenegro but BNA had provided us with all the necessary paperwork in case we were asked for it. (We did hear that a walker had been charged \u20ac10 by some men who were allegedly a border patrol to check their passports but have nothing to confirm if this was actually what happened). Weather was good but you are above 2000m on occasions so it can change quickly so pack a waterproof and windproof. Apparently the streams are drinkable but there are quite a lot of animals around so maybe filter it first. Food at guesthouses was good but not spectacular and build your own packed lunch was generally excellent local cheeses and tomatoes with bread - not many shops around so take whatever snacks you want with you for that post lunch energy boost! Overall a great trip and thoroughly recommended. Scenery is amazing and, yes, you will see the odd bunker or two :-)<!-- R-CONTENT --><\/div> <span class=\"ti-read-more\" data-container=\".ti-review-content\" data-collapse-text=\"Hide\" data-open-text=\"Read more\"><\/span> <\/div> <\/div>  <div data-empty=\"0\" data-time=\"1695600000\" class=\"ti-review-item source-Tripadvisor ti-image-layout-thumbnail\" data-id=\"cfcd208495d565ef66e7dff9f98764da\"> <div class=\"ti-inner\"> <div class=\"ti-review-header\"> <div class=\"ti-platform-icon ti-with-tooltip\"> <span class=\"ti-tooltip\">Posted on <\/span> <trustindex-image data-imgurl=\"https:\/\/cdn.trustindex.io\/assets\/platform\/Tripadvisor\/icon.svg\" alt=\"\" width=\"20\" height=\"20\" loading=\"lazy\"><\/trustindex-image> <\/div> <div class=\"ti-profile-img\"> <trustindex-image data-imgurl=\"https:\/\/media-cdn.tripadvisor.com\/media\/photo-o\/1a\/f6\/f2\/eb\/default-avatar-2020-27.jpg\" alt=\"Sarah P profile picture\" loading=\"lazy\"><\/trustindex-image> <\/div> <div class=\"ti-profile-details\"> <div class=\"ti-name\"> Sarah P <\/div> <div class=\"ti-date\"><\/div> <\/div> <\/div> <span class=\"ti-stars\"><trustindex-image class=\"ti-star\" data-imgurl=\"https:\/\/cdn.trustindex.io\/assets\/platform\/Tripadvisor\/star\/f.svg\" alt=\"Tripadvisor\" width=\"17\" height=\"17\" loading=\"lazy\"><\/trustindex-image><trustindex-image class=\"ti-star\" data-imgurl=\"https:\/\/cdn.trustindex.io\/assets\/platform\/Tripadvisor\/star\/f.svg\" alt=\"Tripadvisor\" width=\"17\" height=\"17\" loading=\"lazy\"><\/trustindex-image><trustindex-image class=\"ti-star\" data-imgurl=\"https:\/\/cdn.trustindex.io\/assets\/platform\/Tripadvisor\/star\/f.svg\" alt=\"Tripadvisor\" width=\"17\" height=\"17\" loading=\"lazy\"><\/trustindex-image><trustindex-image class=\"ti-star\" data-imgurl=\"https:\/\/cdn.trustindex.io\/assets\/platform\/Tripadvisor\/star\/f.svg\" alt=\"Tripadvisor\" width=\"17\" height=\"17\" loading=\"lazy\"><\/trustindex-image><trustindex-image class=\"ti-star\" data-imgurl=\"https:\/\/cdn.trustindex.io\/assets\/platform\/Tripadvisor\/star\/f.svg\" alt=\"Tripadvisor\" width=\"17\" height=\"17\" loading=\"lazy\"><\/trustindex-image><span class=\"ti-verified-review\"><span class=\"ti-verified-tooltip\">Verified<\/span><\/span><\/span> <div class=\"ti-review-text-container ti-review-content\"><!-- R-CONTENT --><strong>What an Adventure!<\/strong>\nI can't say enough about Balkan Natural Adventure and their guides! I just came back from the Peaks of the Balkans, Ten Days, Three Countries Tour. It was an incredible, intense trip with so many incredible views! A big call out to Balkan Natural Adventure for organizing such an incredible tour as well as our wonderful guides Mentor and Albi for making everything go smoothly. I was blown away by the hikes and views and would recommend this route to anyone seeking an adventure!<!-- R-CONTENT --><\/div> <span class=\"ti-read-more\" data-container=\".ti-review-content\" data-collapse-text=\"Hide\" data-open-text=\"Read more\"><\/span> <\/div> <\/div>  <div data-empty=\"0\" data-time=\"1695081600\" class=\"ti-review-item source-Tripadvisor ti-image-layout-thumbnail\" data-id=\"cfcd208495d565ef66e7dff9f98764da\"> <div class=\"ti-inner\"> <div class=\"ti-review-header\"> <div class=\"ti-platform-icon ti-with-tooltip\"> <span class=\"ti-tooltip\">Posted on <\/span> <trustindex-image data-imgurl=\"https:\/\/cdn.trustindex.io\/assets\/platform\/Tripadvisor\/icon.svg\" alt=\"\" width=\"20\" height=\"20\" loading=\"lazy\"><\/trustindex-image> <\/div> <div class=\"ti-profile-img\"> <trustindex-image data-imgurl=\"https:\/\/media-cdn.tripadvisor.com\/media\/photo-o\/29\/84\/44\/78\/india-w.jpg\" alt=\"India profile picture\" loading=\"lazy\"><\/trustindex-image> <\/div> <div class=\"ti-profile-details\"> <div class=\"ti-name\"> India <\/div> <div class=\"ti-date\"><\/div> <\/div> <\/div> <span class=\"ti-stars\"><trustindex-image class=\"ti-star\" data-imgurl=\"https:\/\/cdn.trustindex.io\/assets\/platform\/Tripadvisor\/star\/f.svg\" alt=\"Tripadvisor\" width=\"17\" height=\"17\" loading=\"lazy\"><\/trustindex-image><trustindex-image class=\"ti-star\" data-imgurl=\"https:\/\/cdn.trustindex.io\/assets\/platform\/Tripadvisor\/star\/f.svg\" alt=\"Tripadvisor\" width=\"17\" height=\"17\" loading=\"lazy\"><\/trustindex-image><trustindex-image class=\"ti-star\" data-imgurl=\"https:\/\/cdn.trustindex.io\/assets\/platform\/Tripadvisor\/star\/f.svg\" alt=\"Tripadvisor\" width=\"17\" height=\"17\" loading=\"lazy\"><\/trustindex-image><trustindex-image class=\"ti-star\" data-imgurl=\"https:\/\/cdn.trustindex.io\/assets\/platform\/Tripadvisor\/star\/f.svg\" alt=\"Tripadvisor\" width=\"17\" height=\"17\" loading=\"lazy\"><\/trustindex-image><trustindex-image class=\"ti-star\" data-imgurl=\"https:\/\/cdn.trustindex.io\/assets\/platform\/Tripadvisor\/star\/f.svg\" alt=\"Tripadvisor\" width=\"17\" height=\"17\" loading=\"lazy\"><\/trustindex-image><span class=\"ti-verified-review\"><span class=\"ti-verified-tooltip\">Verified<\/span><\/span><\/span> <div class=\"ti-review-text-container ti-review-content\"><!-- R-CONTENT --><strong>All round excellence!<\/strong>\nThe Peaks of the Balkans exceeded all expectations. In part for the scenery, and in part due to our phenomenal guide Vali and the wonderful group we had. I could not recommend highly enough.<!-- R-CONTENT --><\/div> <span class=\"ti-read-more\" data-container=\".ti-review-content\" data-collapse-text=\"Hide\" data-open-text=\"Read more\"><\/span> <\/div> <\/div>  <div data-empty=\"0\" data-time=\"1694908800\" class=\"ti-review-item source-Tripadvisor ti-image-layout-thumbnail\" data-id=\"cfcd208495d565ef66e7dff9f98764da\"> <div class=\"ti-inner\"> <div class=\"ti-review-header\"> <div class=\"ti-platform-icon ti-with-tooltip\"> <span class=\"ti-tooltip\">Posted on <\/span> <trustindex-image data-imgurl=\"https:\/\/cdn.trustindex.io\/assets\/platform\/Tripadvisor\/icon.svg\" alt=\"\" width=\"20\" height=\"20\" loading=\"lazy\"><\/trustindex-image> <\/div> <div class=\"ti-profile-img\"> <trustindex-image data-imgurl=\"https:\/\/media-cdn.tripadvisor.com\/media\/photo-s\/08\/80\/e1\/29\/william-l.jpg\" alt=\"William L profile picture\" loading=\"lazy\"><\/trustindex-image> <\/div> <div class=\"ti-profile-details\"> <div class=\"ti-name\"> William L <\/div> <div class=\"ti-date\"><\/div> <\/div> <\/div> <span class=\"ti-stars\"><trustindex-image class=\"ti-star\" data-imgurl=\"https:\/\/cdn.trustindex.io\/assets\/platform\/Tripadvisor\/star\/f.svg\" alt=\"Tripadvisor\" width=\"17\" height=\"17\" loading=\"lazy\"><\/trustindex-image><trustindex-image class=\"ti-star\" data-imgurl=\"https:\/\/cdn.trustindex.io\/assets\/platform\/Tripadvisor\/star\/f.svg\" alt=\"Tripadvisor\" width=\"17\" height=\"17\" loading=\"lazy\"><\/trustindex-image><trustindex-image class=\"ti-star\" data-imgurl=\"https:\/\/cdn.trustindex.io\/assets\/platform\/Tripadvisor\/star\/f.svg\" alt=\"Tripadvisor\" width=\"17\" height=\"17\" loading=\"lazy\"><\/trustindex-image><trustindex-image class=\"ti-star\" data-imgurl=\"https:\/\/cdn.trustindex.io\/assets\/platform\/Tripadvisor\/star\/f.svg\" alt=\"Tripadvisor\" width=\"17\" height=\"17\" loading=\"lazy\"><\/trustindex-image><trustindex-image class=\"ti-star\" data-imgurl=\"https:\/\/cdn.trustindex.io\/assets\/platform\/Tripadvisor\/star\/f.svg\" alt=\"Tripadvisor\" width=\"17\" height=\"17\" loading=\"lazy\"><\/trustindex-image><span class=\"ti-verified-review\"><span class=\"ti-verified-tooltip\">Verified<\/span><\/span><\/span> <div class=\"ti-review-text-container ti-review-content\"><!-- R-CONTENT --><strong>Peaks of the Balkans<\/strong>\nHad an incredible 10 days' hiking the Peaks of the Balkans, great walking, wonderful people and incredible views - memories to last a lifetime! Our guides G\u00ebzim, Albi and Buron looked after us all the way and expertly navigated all the bumps in the road, literally and metaphorically! They were friendly, approachable, and really to good to chat with! Food and board were good - some more basic than others, but comfortable and tasty. BNA were communicative, responsive, accommodating and helpful; what more could you ask for? The small group sizes were perfect - we left having made friends with our fellow hikers! Could not recommend this hike, or BNA more!<!-- R-CONTENT --><\/div> <span class=\"ti-read-more\" data-container=\".ti-review-content\" data-collapse-text=\"Hide\" data-open-text=\"Read more\"><\/span> <\/div> <\/div>  <div data-empty=\"0\" data-time=\"1694736000\" class=\"ti-review-item source-Tripadvisor ti-image-layout-thumbnail\" data-id=\"cfcd208495d565ef66e7dff9f98764da\"> <div class=\"ti-inner\"> <div class=\"ti-review-header\"> <div class=\"ti-platform-icon ti-with-tooltip\"> <span class=\"ti-tooltip\">Posted on <\/span> <trustindex-image data-imgurl=\"https:\/\/cdn.trustindex.io\/assets\/platform\/Tripadvisor\/icon.svg\" alt=\"\" width=\"20\" height=\"20\" loading=\"lazy\"><\/trustindex-image> <\/div> <div class=\"ti-profile-img\"> <trustindex-image data-imgurl=\"https:\/\/media-cdn.tripadvisor.com\/media\/photo-o\/1a\/f6\/e2\/4a\/default-avatar-2020-42.jpg\" alt=\"Ann R profile picture\" loading=\"lazy\"><\/trustindex-image> <\/div> <div class=\"ti-profile-details\"> <div class=\"ti-name\"> Ann R <\/div> <div class=\"ti-date\"><\/div> <\/div> <\/div> <span class=\"ti-stars\"><trustindex-image class=\"ti-star\" data-imgurl=\"https:\/\/cdn.trustindex.io\/assets\/platform\/Tripadvisor\/star\/f.svg\" alt=\"Tripadvisor\" width=\"17\" height=\"17\" loading=\"lazy\"><\/trustindex-image><trustindex-image class=\"ti-star\" data-imgurl=\"https:\/\/cdn.trustindex.io\/assets\/platform\/Tripadvisor\/star\/f.svg\" alt=\"Tripadvisor\" width=\"17\" height=\"17\" loading=\"lazy\"><\/trustindex-image><trustindex-image class=\"ti-star\" data-imgurl=\"https:\/\/cdn.trustindex.io\/assets\/platform\/Tripadvisor\/star\/f.svg\" alt=\"Tripadvisor\" width=\"17\" height=\"17\" loading=\"lazy\"><\/trustindex-image><trustindex-image class=\"ti-star\" data-imgurl=\"https:\/\/cdn.trustindex.io\/assets\/platform\/Tripadvisor\/star\/f.svg\" alt=\"Tripadvisor\" width=\"17\" height=\"17\" loading=\"lazy\"><\/trustindex-image><trustindex-image class=\"ti-star\" data-imgurl=\"https:\/\/cdn.trustindex.io\/assets\/platform\/Tripadvisor\/star\/f.svg\" alt=\"Tripadvisor\" width=\"17\" height=\"17\" loading=\"lazy\"><\/trustindex-image><span class=\"ti-verified-review\"><span class=\"ti-verified-tooltip\">Verified<\/span><\/span><\/span> <div class=\"ti-review-text-container ti-review-content\"><!-- R-CONTENT --><strong>Brilliant felt very confident in BNA through out trip.<\/strong>\nAs elderly lone female traveller I felt very well cared for doing Peak of the Balkans as a self guided walker. They were very efficient &amp; professional from booking right thru to completion of my trip. Eli who I dealt with in the office tailored the trip to my exact requirements. All transfers including luggage transfers completed seamlessly &amp; to time. Only one hiccup luggage rather wet on one occasion due to heavy rain. From my experience I would highly recommend this company. I<!-- R-CONTENT --><\/div> <span class=\"ti-read-more\" data-container=\".ti-review-content\" data-collapse-text=\"Hide\" data-open-text=\"Read more\"><\/span> <\/div> <\/div>  <\/div> <div class=\"ti-controls-line\"> <div class=\"dot\"><\/div> <\/div> <\/div>   <\/div> <\/div> <\/template><\/pre><div data-src=\"https:\/\/cdn.trustindex.io\/loader.js?wp-widget\" data-template-id=\"trustindex-tripadvisor-widget-html\" data-css-url=\"https:\/\/peaksofthebalkans.at\/wp-content\/uploads\/trustindex-tripadvisor-widget.css?1773950940\"><\/div><\/div>\n\t\t\t\t\t\t<\/div>\n\t\t\t\t\t<\/div>\n\t\t<\/div>\n\t\t\t\t\t<\/div>\n\t\t<\/section>\n\t\t\t\t<section class=\"elementor-section elementor-top-section elementor-element elementor-element-f4dcc73 elementor-section-boxed elementor-section-height-default elementor-section-height-default\" data-id=\"f4dcc73\" data-element_type=\"section\" data-e-type=\"section\">\n\t\t\t\t\t\t<div class=\"elementor-container elementor-column-gap-default\">\n\t\t\t\t\t<div class=\"elementor-column elementor-col-100 elementor-top-column elementor-element elementor-element-665eb99\" data-id=\"665eb99\" data-element_type=\"column\" data-e-type=\"column\">\n\t\t\t<div class=\"elementor-widget-wrap elementor-element-populated\">\n\t\t\t\t\t\t<section class=\"elementor-section elementor-inner-section elementor-element elementor-element-c72ba6e elementor-section-boxed elementor-section-height-default elementor-section-height-default\" data-id=\"c72ba6e\" data-element_type=\"section\" data-e-type=\"section\">\n\t\t\t\t\t\t<div class=\"elementor-container elementor-column-gap-default\">\n\t\t\t\t\t<div class=\"elementor-column elementor-col-100 elementor-inner-column elementor-element elementor-element-610a140\" data-id=\"610a140\" data-element_type=\"column\" data-e-type=\"column\">\n\t\t\t<div class=\"elementor-widget-wrap elementor-element-populated\">\n\t\t\t\t\t\t<div class=\"elementor-element elementor-element-3993234 elementor-widget elementor-widget-heading\" data-id=\"3993234\" data-element_type=\"widget\" data-e-type=\"widget\" data-widget_type=\"heading.default\">\n\t\t\t\t\t<h2 class=\"elementor-heading-title elementor-size-default\">Peaks of the Balkans 7 TAGE TOUR - SELBST GEF\u00dcHRT<\/h2>\t\t\t\t<\/div>\n\t\t\t\t<div class=\"elementor-element elementor-element-8321929 elementor-widget elementor-widget-text-editor\" data-id=\"8321929\" data-element_type=\"widget\" data-e-type=\"widget\" data-widget_type=\"text-editor.default\">\n\t\t\t\t\t\t\t\t\t<p>Begib dich auf eine <strong>7\u2011t\u00e4gige selbstgef\u00fchrte\u00a0Peaks of the Balkans-Tour<\/strong> durch Albanien, Kosovo &amp; Montenegro. Die Gehzeiten liegen in der Regel zwischen 5 und 8 Stunden pro Tag. Die t\u00e4glichen Aufstiege betragen meist etwa 900 bis 1.000 H\u00f6henmeter, gelegentlich auch 1.100 bis 1.300 H\u00f6henmeter.\u00a0<\/p>\t\t\t\t\t\t\t\t<\/div>\n\t\t\t\t<div class=\"elementor-element elementor-element-7b2d08d openedByDefault elementor-widget elementor-widget-toggle\" data-id=\"7b2d08d\" data-element_type=\"widget\" data-e-type=\"widget\" data-widget_type=\"toggle.default\">\n\t\t\t\t\t\t\t<div class=\"elementor-toggle\">\n\t\t\t\t\t\t\t<div class=\"elementor-toggle-item\">\n\t\t\t\t\t<h3 id=\"elementor-tab-title-1291\" class=\"elementor-tab-title\" data-tab=\"1\" role=\"button\" aria-controls=\"elementor-tab-content-1291\" aria-expanded=\"false\">\n\t\t\t\t\t\t\t\t\t\t\t\t<a class=\"elementor-toggle-title\" tabindex=\"0\">  \u25bc Tag 1: Ankunft in der Region<\/a>\n\t\t\t\t\t<\/h3>\n\n\t\t\t\t\t<div id=\"elementor-tab-content-1291\" class=\"elementor-tab-content elementor-clearfix\" data-tab=\"1\" role=\"region\" aria-labelledby=\"elementor-tab-title-1291\"><p>Ankunft in Shkoder und \u00dcbernachtung im Hotel. Flughafen Podgorica (1 Stunde 30 Minuten vom Startort), Flughafen Tirana (1 Stunde 30 Minuten vom Startort). Der Transfer vom Flughafen und zur\u00fcck kann auf Anfrage zur Verf\u00fcgung gestellt werden.<\/p><p><img fetchpriority=\"high\" decoding=\"async\" class=\"alignnone size-full wp-image-15304\" src=\"https:\/\/peaksofthebalkans.at\/wp-content\/uploads\/2026\/02\/Shkodra_Blick-von-der-Rozafa-Castle-Festung-auf-die-Stadt.jpg\" alt=\"Shkodra_Blick von der Rozafa Castle Festung auf die Stadt\" width=\"1024\" height=\"768\" srcset=\"https:\/\/peaksofthebalkans.at\/wp-content\/uploads\/2026\/02\/Shkodra_Blick-von-der-Rozafa-Castle-Festung-auf-die-Stadt.jpg 1024w, https:\/\/peaksofthebalkans.at\/wp-content\/uploads\/2026\/02\/Shkodra_Blick-von-der-Rozafa-Castle-Festung-auf-die-Stadt-300x225.jpg 300w, https:\/\/peaksofthebalkans.at\/wp-content\/uploads\/2026\/02\/Shkodra_Blick-von-der-Rozafa-Castle-Festung-auf-die-Stadt-768x576.jpg 768w, https:\/\/peaksofthebalkans.at\/wp-content\/uploads\/2026\/02\/Shkodra_Blick-von-der-Rozafa-Castle-Festung-auf-die-Stadt-16x12.jpg 16w\" sizes=\"(max-width: 1024px) 100vw, 1024px\" \/><\/p><\/div>\n\t\t\t\t<\/div>\n\t\t\t\t\t\t\t<div class=\"elementor-toggle-item\">\n\t\t\t\t\t<h3 id=\"elementor-tab-title-1292\" class=\"elementor-tab-title\" data-tab=\"2\" role=\"button\" aria-controls=\"elementor-tab-content-1292\" aria-expanded=\"false\">\n\t\t\t\t\t\t\t\t\t\t\t\t<a class=\"elementor-toggle-title\" tabindex=\"0\">  \u25bc Tag 2: Die ber\u00fchmte Wanderung \u00fcber den Valbona-Pass<\/a>\n\t\t\t\t\t<\/h3>\n\n\t\t\t\t\t<div id=\"elementor-tab-content-1292\" class=\"elementor-tab-content elementor-clearfix\" data-tab=\"2\" role=\"region\" aria-labelledby=\"elementor-tab-title-1292\"><p>L\u00e4nge der Wanderung: 19,5 km<br \/>H\u00f6henmeter Aufstieg \u2191: 1068 m<br \/>H\u00f6henmeter Abstieg \u2193: 850 m<\/p><p>Eure erster Tag auf den Gipfeln des Balkans beginnt mit einem Transfer von Shkodra zum Dorf Nderlyse, einem kleinen Weiler am Fu\u00dfe der Gipfel des Balkans. Das Dorf ist die Heimat des Flusses Shala, der Wasserf\u00e4lle und Felsformationen \u00e4hnlich wie B\u00e4der und Pools geschaffen hat.<\/p><p>Auf dieser ersten Wanderung werdet ihr einen echten Vorgeschmack auf die Verfluchten Berge und die Gipfel des Balkans Trail bekommen. Euch erwartet eine abwechslungsreiche Wanderung mit Bergd\u00f6rfern und malerischen Aussichten. Ihr wandert \u00fcber Hochwiesen, W\u00e4lder, felsiges Gel\u00e4nde und Gipfel und seht den s\u00fcdlichsten Gletscher der n\u00f6rdlichen Hemisph\u00e4re.<\/p><p><img decoding=\"async\" class=\"alignnone size-full wp-image-15305\" src=\"https:\/\/peaksofthebalkans.at\/wp-content\/uploads\/2026\/02\/Peaks-of-the-Balkans-7-Tage-Wanderung-Hochwiese-Theth-nach-Valbona.jpg\" alt=\"Wanderer entspannen sich auf einer Wiese vor hohen Gipfeln\" width=\"2000\" height=\"1500\" srcset=\"https:\/\/peaksofthebalkans.at\/wp-content\/uploads\/2026\/02\/Peaks-of-the-Balkans-7-Tage-Wanderung-Hochwiese-Theth-nach-Valbona.jpg 2000w, https:\/\/peaksofthebalkans.at\/wp-content\/uploads\/2026\/02\/Peaks-of-the-Balkans-7-Tage-Wanderung-Hochwiese-Theth-nach-Valbona-300x225.jpg 300w, https:\/\/peaksofthebalkans.at\/wp-content\/uploads\/2026\/02\/Peaks-of-the-Balkans-7-Tage-Wanderung-Hochwiese-Theth-nach-Valbona-1024x768.jpg 1024w, https:\/\/peaksofthebalkans.at\/wp-content\/uploads\/2026\/02\/Peaks-of-the-Balkans-7-Tage-Wanderung-Hochwiese-Theth-nach-Valbona-768x576.jpg 768w, https:\/\/peaksofthebalkans.at\/wp-content\/uploads\/2026\/02\/Peaks-of-the-Balkans-7-Tage-Wanderung-Hochwiese-Theth-nach-Valbona-1536x1152.jpg 1536w, https:\/\/peaksofthebalkans.at\/wp-content\/uploads\/2026\/02\/Peaks-of-the-Balkans-7-Tage-Wanderung-Hochwiese-Theth-nach-Valbona-16x12.jpg 16w\" sizes=\"(max-width: 2000px) 100vw, 2000px\" \/><\/p><p>Kulturelle Anmerkung: Valbona ist ein mehrheitlich muslimisches Tal mit einigen Katholiken, die aus Theth eingewandert sind. Es gibt eine Legende, dass das Dorf von einem Waisenkind gegr\u00fcndet wurde, das von Vuthaj\/ Vusanje, im heutigen Montenegro, dorthin gezogen war.<\/p><\/div>\n\t\t\t\t<\/div>\n\t\t\t\t\t\t\t<div class=\"elementor-toggle-item\">\n\t\t\t\t\t<h3 id=\"elementor-tab-title-1293\" class=\"elementor-tab-title\" data-tab=\"3\" role=\"button\" aria-controls=\"elementor-tab-content-1293\" aria-expanded=\"false\">\n\t\t\t\t\t\t\t\t\t\t\t\t<a class=\"elementor-toggle-title\" tabindex=\"0\"> \u25bc  Tag 3: Wanderung \u00fcber den Persllopit Pass zum Sommerdorf Cerem<\/a>\n\t\t\t\t\t<\/h3>\n\n\t\t\t\t\t<div id=\"elementor-tab-content-1293\" class=\"elementor-tab-content elementor-clearfix\" data-tab=\"3\" role=\"region\" aria-labelledby=\"elementor-tab-title-1293\"><p>L\u00e4nge der Wanderung: 14,9 km<br \/>H\u00f6henmeter Aufstieg \u2191: 1200 m<br \/>H\u00f6henmeter Abstieg \u2193: 950 m<\/p><p>Die heutige Wanderung f\u00fchrt euch zur montenegrinischen Grenze und dem h\u00f6chsten Gipfel des Landes, Kollata e Keqe. Bei gutem Wetter kann der Gipfel in die Reiseroute aufgenommen werden, andernfalls w\u00e4hlet ihr gerne eine leichtere Route. Wir haben diese Variante von den klassischen Gipfeln des Balkans adaptiert, um die kiesige, staubige Schotterstra\u00dfe nach Cerem zu vermeiden. Vom h\u00f6chsten Punkt der Wanderung seht ihr die Bergketten, die sich in alle drei L\u00e4nder erstrecken.\u00a0<\/p><p>Kulturhinweis: Cerem ist ein kleines Dorf, weitgehend verlassen, und im Moment wird nur w\u00e4hrend der Sommerzeit von Hirten bewohnt. Im Winter ist das Dorf aufgrund der schlechten Bedingungen leer und die Stra\u00dfe, die das Dorf mit Valbone verbindet, ist durch Schnee blockiert.<\/p><\/div>\n\t\t\t\t<\/div>\n\t\t\t\t\t\t\t<div class=\"elementor-toggle-item\">\n\t\t\t\t\t<h3 id=\"elementor-tab-title-1294\" class=\"elementor-tab-title\" data-tab=\"4\" role=\"button\" aria-controls=\"elementor-tab-content-1294\" aria-expanded=\"false\">\n\t\t\t\t\t\t\t\t\t\t\t\t<a class=\"elementor-toggle-title\" tabindex=\"0\">  \u25bc Tag 4: Das abgelegene Dorf Doberdol unterhalb des Dreil\u00e4nderecks<\/a>\n\t\t\t\t\t<\/h3>\n\n\t\t\t\t\t<div id=\"elementor-tab-content-1294\" class=\"elementor-tab-content elementor-clearfix\" data-tab=\"4\" role=\"region\" aria-labelledby=\"elementor-tab-title-1294\"><p>L\u00e4nge der Wanderung: 15,5 km<br \/>H\u00f6henmeter Aufstieg: 1030 m<br \/>H\u00f6henmeter Abstieg: 440 m<\/p><p>Nach zwei Tagen gemischter Wanderungen in verschiedenen Umgebungen wird diese Strecke von Gr\u00fcn dominiert. Die gesamte Wanderung nach Doberdol wird euch mit der reichhaltigen Flora der Region vertraut machen, welche die Bergwiesen f\u00fcllt. Die Dorfbewohner auf dem Weg werden euch hausgemachte Speisen, Getr\u00e4nke und Erfrischungen anbieten.<\/p><p>Zwei provisorische Caf\u00e9s unter einem Baldachin von B\u00e4umen verleihen diesem Teil des Weges einen einzigartigen Charme. Die Landschaft wird auch mit Schafen, Ziegen, K\u00fchen und Pferden gef\u00fcllt sein, die die lokale Wirtschaft unterst\u00fctzen. Auf diesem Weg kommen Sie an einigen der \u00e4ltesten W\u00e4lder der Welt vorbei.<\/p><p>Kulturhinweis: Das Gashi-Tal beginnt in dieser Region. Die W\u00e4lder stehen seit 2017 als Teil der Buchenurw\u00e4lder der Karpaten unter UNESCO-Schutz. Die W\u00e4lder sind auch Teil der urspr\u00fcnglichen Alten Buchenw\u00e4lder Deutschlands, die sich mittlerweile \u00fcber 12 L\u00e4nder erstrecken.<\/p><\/div>\n\t\t\t\t<\/div>\n\t\t\t\t\t\t\t<div class=\"elementor-toggle-item\">\n\t\t\t\t\t<h3 id=\"elementor-tab-title-1295\" class=\"elementor-tab-title\" data-tab=\"5\" role=\"button\" aria-controls=\"elementor-tab-content-1295\" aria-expanded=\"false\">\n\t\t\t\t\t\t\t\t\t\t\t\t<a class=\"elementor-toggle-title\" tabindex=\"0\"> \u25bc  Tag 5: Von Doberdol zum h\u00f6chsten Punkt des Kosovo<\/a>\n\t\t\t\t\t<\/h3>\n\n\t\t\t\t\t<div id=\"elementor-tab-content-1295\" class=\"elementor-tab-content elementor-clearfix\" data-tab=\"5\" role=\"region\" aria-labelledby=\"elementor-tab-title-1295\"><p>L\u00e4nge der Wanderung: 18 km<br \/>H\u00f6henmeter \u2191: 915 m<br \/>H\u00f6henmeter \u2193: 915 m<\/p><p>Heute k\u00f6nnt ihr den h\u00f6chsten Gipfel des Kosovo, Gjeravica, besteigen oder optional eine alternative Route w\u00e4hlen.<\/p><p>Die Wanderung f\u00fchrt entlang von Seen, kleinen B\u00e4che und K\u00e4mmen mit freiem Blick auf die Berge. Die Besonderheit dieses Teils der Wanderung sind die Gletscherseen, in denen der Triton-Salamander lebt, dessen Existenz die Reinheit des Wassers klar best\u00e4tigt.<\/p><p>Kultureller Hinweis: W\u00e4hrend der Zeit des kommunistischen Regimes in diesem Teil der Welt war die Grenze zwischen Albanien und Jugoslawien und eine der am st\u00e4rksten gesch\u00fctzten Grenzen der Welt.<\/p><\/div>\n\t\t\t\t<\/div>\n\t\t\t\t\t\t\t<div class=\"elementor-toggle-item\">\n\t\t\t\t\t<h3 id=\"elementor-tab-title-1296\" class=\"elementor-tab-title\" data-tab=\"6\" role=\"button\" aria-controls=\"elementor-tab-content-1296\" aria-expanded=\"false\">\n\t\t\t\t\t\t\t\t\t\t\t\t<a class=\"elementor-toggle-title\" tabindex=\"0\"> \u25bc  Tag 6: Die Schleife schlie\u00dft sich, Wanderung zur\u00fcck nach Theth<\/a>\n\t\t\t\t\t<\/h3>\n\n\t\t\t\t\t<div id=\"elementor-tab-content-1296\" class=\"elementor-tab-content elementor-clearfix\" data-tab=\"6\" role=\"region\" aria-labelledby=\"elementor-tab-title-1296\"><p>L\u00e4nge der Wanderung: 16 km<br \/>H\u00f6henmeter \u2191: 1110 m<br \/>H\u00f6henmeter \u2193: 1440 m<\/p><p>Nach einem Transfer nach Vusanje (MNE) oder Vuthaj (AL) aus beginnt die 16 km lange Wanderung zur\u00fcck zum historischen albanischen Dorf Theth. Der Weg f\u00fchrt entlang des steilsten Teils der Verfluchten Berge oder Prokletije\/ Albanischen Alpen, die w\u00e4hrend der kommunistischen \u00c4ra eine verbotene Zone waren. Neben den dramatischen Klippen und Felsen, die die Kulisse f\u00fcr die Tageswanderung bilden, sehet ihr auch einen alten Milit\u00e4rbunker und ausgediente Grenzschilder.<\/p><p><img decoding=\"async\" class=\"alignnone size-full wp-image-15306\" src=\"https:\/\/peaksofthebalkans.at\/wp-content\/uploads\/2026\/02\/Am-Ropojano-See-Wanderung-Vusanje-Theth.jpg\" alt=\"Am Ropojano See Wanderung Vusanje Theth\" width=\"1500\" height=\"1300\" srcset=\"https:\/\/peaksofthebalkans.at\/wp-content\/uploads\/2026\/02\/Am-Ropojano-See-Wanderung-Vusanje-Theth.jpg 1500w, https:\/\/peaksofthebalkans.at\/wp-content\/uploads\/2026\/02\/Am-Ropojano-See-Wanderung-Vusanje-Theth-300x260.jpg 300w, https:\/\/peaksofthebalkans.at\/wp-content\/uploads\/2026\/02\/Am-Ropojano-See-Wanderung-Vusanje-Theth-1024x887.jpg 1024w, https:\/\/peaksofthebalkans.at\/wp-content\/uploads\/2026\/02\/Am-Ropojano-See-Wanderung-Vusanje-Theth-768x666.jpg 768w, https:\/\/peaksofthebalkans.at\/wp-content\/uploads\/2026\/02\/Am-Ropojano-See-Wanderung-Vusanje-Theth-14x12.jpg 14w\" sizes=\"(max-width: 1500px) 100vw, 1500px\" \/><\/p><p>Die Wanderung f\u00fchrt vorbei am Ropojane See, welcher die Grenze zwischen den beiden L\u00e4ndern markiert. Diese Wanderung ist die felsigste der gesamten Reise. Sie bietet aber auch einige weite Bergwiesen und wundersch\u00f6ne Talblicke. Der Abstieg ins Tal wird uns schlie\u00dflich nach Theth f\u00fchren, wos ich unsere Schleife schglie\u00dft. Nach einer kurzen Pause f\u00fchrt euch ein Transfer zur\u00fcck zu eurem Hotel in Shkodra f\u00fcr ein Abschiedsabendessen mit vielen tollen Erinnerungen. (\u00dcbernachtung inbegriffen)<\/p><\/div>\n\t\t\t\t<\/div>\n\t\t\t\t\t\t\t<div class=\"elementor-toggle-item\">\n\t\t\t\t\t<h3 id=\"elementor-tab-title-1297\" class=\"elementor-tab-title\" data-tab=\"7\" role=\"button\" aria-controls=\"elementor-tab-content-1297\" aria-expanded=\"false\">\n\t\t\t\t\t\t\t\t\t\t\t\t<a class=\"elementor-toggle-title\" tabindex=\"0\"> \u25bc  Tag 7: Shkoder - Abreise<\/a>\n\t\t\t\t\t<\/h3>\n\n\t\t\t\t\t<div id=\"elementor-tab-content-1297\" class=\"elementor-tab-content elementor-clearfix\" data-tab=\"7\" role=\"region\" aria-labelledby=\"elementor-tab-title-1297\"><p>Soweit es die Zeit erlaubt k\u00f6nnt ihr den heutigen Tag nutzen um die Highlights von Shkder zu erkunden. Schlendert die Rruga Kole Idromeno in der italienisch anmutenden Innenstadt entlang oder begebt euch hinauf zur Burg Rozafa. Auch der nahegelegene Skutarisee l\u00e4dt zu einem Besuch ein.<\/p><\/div>\n\t\t\t\t<\/div>\n\t\t\t\t\t\t\t\t\t\t<script type=\"application\/ld+json\">{\"@context\":\"https:\\\/\\\/schema.org\",\"@type\":\"FAQPage\",\"mainEntity\":[{\"@type\":\"Question\",\"name\":\"\\u25bc Tag 1: Ankunft in der Region\",\"acceptedAnswer\":{\"@type\":\"Answer\",\"text\":\"<p>Ankunft in Shkoder und \\u00dcbernachtung im Hotel. Flughafen Podgorica (1 Stunde 30 Minuten vom Startort), Flughafen Tirana (1 Stunde 30 Minuten vom Startort). Der Transfer vom Flughafen und zur\\u00fcck kann auf Anfrage zur Verf\\u00fcgung gestellt werden.<\\\/p><p><img class=\\\"alignnone size-full wp-image-15304\\\" src=\\\"https:\\\/\\\/peaksofthebalkans.at\\\/wp-content\\\/uploads\\\/2026\\\/02\\\/Shkodra_Blick-von-der-Rozafa-Castle-Festung-auf-die-Stadt.jpg\\\" alt=\\\"Shkodra_Blick von der Rozafa Castle Festung auf die Stadt\\\" width=\\\"1024\\\" height=\\\"768\\\" \\\/><\\\/p>\"}},{\"@type\":\"Question\",\"name\":\"\\u25bc Tag 2: Die ber\\u00fchmte Wanderung \\u00fcber den Valbona-Pass\",\"acceptedAnswer\":{\"@type\":\"Answer\",\"text\":\"<p>L\\u00e4nge der Wanderung: 19,5 km<br \\\/>H\\u00f6henmeter Aufstieg \\u2191: 1068 m<br \\\/>H\\u00f6henmeter Abstieg \\u2193: 850 m<\\\/p><p>Eure erster Tag auf den Gipfeln des Balkans beginnt mit einem Transfer von Shkodra zum Dorf Nderlyse, einem kleinen Weiler am Fu\\u00dfe der Gipfel des Balkans. Das Dorf ist die Heimat des Flusses Shala, der Wasserf\\u00e4lle und Felsformationen \\u00e4hnlich wie B\\u00e4der und Pools geschaffen hat.<\\\/p><p>Auf dieser ersten Wanderung werdet ihr einen echten Vorgeschmack auf die Verfluchten Berge und die Gipfel des Balkans Trail bekommen. Euch erwartet eine abwechslungsreiche Wanderung mit Bergd\\u00f6rfern und malerischen Aussichten. Ihr wandert \\u00fcber Hochwiesen, W\\u00e4lder, felsiges Gel\\u00e4nde und Gipfel und seht den s\\u00fcdlichsten Gletscher der n\\u00f6rdlichen Hemisph\\u00e4re.<\\\/p><p><img class=\\\"alignnone size-full wp-image-15305\\\" src=\\\"https:\\\/\\\/peaksofthebalkans.at\\\/wp-content\\\/uploads\\\/2026\\\/02\\\/Peaks-of-the-Balkans-7-Tage-Wanderung-Hochwiese-Theth-nach-Valbona.jpg\\\" alt=\\\"Wanderer entspannen sich auf einer Wiese vor hohen Gipfeln\\\" width=\\\"2000\\\" height=\\\"1500\\\" \\\/><\\\/p><p>Kulturelle Anmerkung: Valbona ist ein mehrheitlich muslimisches Tal mit einigen Katholiken, die aus Theth eingewandert sind. Es gibt eine Legende, dass das Dorf von einem Waisenkind gegr\\u00fcndet wurde, das von Vuthaj\\\/ Vusanje, im heutigen Montenegro, dorthin gezogen war.<\\\/p>\"}},{\"@type\":\"Question\",\"name\":\"\\u25bc  Tag 3: Wanderung \\u00fcber den Persllopit Pass zum Sommerdorf Cerem\",\"acceptedAnswer\":{\"@type\":\"Answer\",\"text\":\"<p>L\\u00e4nge der Wanderung: 14,9 km<br \\\/>H\\u00f6henmeter Aufstieg \\u2191: 1200 m<br \\\/>H\\u00f6henmeter Abstieg \\u2193: 950 m<\\\/p><p>Die heutige Wanderung f\\u00fchrt euch zur montenegrinischen Grenze und dem h\\u00f6chsten Gipfel des Landes, Kollata e Keqe. Bei gutem Wetter kann der Gipfel in die Reiseroute aufgenommen werden, andernfalls w\\u00e4hlet ihr gerne eine leichtere Route. Wir haben diese Variante von den klassischen Gipfeln des Balkans adaptiert, um die kiesige, staubige Schotterstra\\u00dfe nach Cerem zu vermeiden. Vom h\\u00f6chsten Punkt der Wanderung seht ihr die Bergketten, die sich in alle drei L\\u00e4nder erstrecken.\\u00a0<\\\/p><p>Kulturhinweis: Cerem ist ein kleines Dorf, weitgehend verlassen, und im Moment wird nur w\\u00e4hrend der Sommerzeit von Hirten bewohnt. Im Winter ist das Dorf aufgrund der schlechten Bedingungen leer und die Stra\\u00dfe, die das Dorf mit Valbone verbindet, ist durch Schnee blockiert.<\\\/p>\"}},{\"@type\":\"Question\",\"name\":\"\\u25bc Tag 4: Das abgelegene Dorf Doberdol unterhalb des Dreil\\u00e4nderecks\",\"acceptedAnswer\":{\"@type\":\"Answer\",\"text\":\"<p>L\\u00e4nge der Wanderung: 15,5 km<br \\\/>H\\u00f6henmeter Aufstieg: 1030 m<br \\\/>H\\u00f6henmeter Abstieg: 440 m<\\\/p><p>Nach zwei Tagen gemischter Wanderungen in verschiedenen Umgebungen wird diese Strecke von Gr\\u00fcn dominiert. Die gesamte Wanderung nach Doberdol wird euch mit der reichhaltigen Flora der Region vertraut machen, welche die Bergwiesen f\\u00fcllt. Die Dorfbewohner auf dem Weg werden euch hausgemachte Speisen, Getr\\u00e4nke und Erfrischungen anbieten.<\\\/p><p>Zwei provisorische Caf\\u00e9s unter einem Baldachin von B\\u00e4umen verleihen diesem Teil des Weges einen einzigartigen Charme. Die Landschaft wird auch mit Schafen, Ziegen, K\\u00fchen und Pferden gef\\u00fcllt sein, die die lokale Wirtschaft unterst\\u00fctzen. Auf diesem Weg kommen Sie an einigen der \\u00e4ltesten W\\u00e4lder der Welt vorbei.<\\\/p><p>Kulturhinweis: Das Gashi-Tal beginnt in dieser Region. Die W\\u00e4lder stehen seit 2017 als Teil der Buchenurw\\u00e4lder der Karpaten unter UNESCO-Schutz. Die W\\u00e4lder sind auch Teil der urspr\\u00fcnglichen Alten Buchenw\\u00e4lder Deutschlands, die sich mittlerweile \\u00fcber 12 L\\u00e4nder erstrecken.<\\\/p>\"}},{\"@type\":\"Question\",\"name\":\"\\u25bc  Tag 5: Von Doberdol zum h\\u00f6chsten Punkt des Kosovo\",\"acceptedAnswer\":{\"@type\":\"Answer\",\"text\":\"<p>L\\u00e4nge der Wanderung: 18 km<br \\\/>H\\u00f6henmeter \\u2191: 915 m<br \\\/>H\\u00f6henmeter \\u2193: 915 m<\\\/p><p>Heute k\\u00f6nnt ihr den h\\u00f6chsten Gipfel des Kosovo, Gjeravica, besteigen oder optional eine alternative Route w\\u00e4hlen.<\\\/p><p>Die Wanderung f\\u00fchrt entlang von Seen, kleinen B\\u00e4che und K\\u00e4mmen mit freiem Blick auf die Berge. Die Besonderheit dieses Teils der Wanderung sind die Gletscherseen, in denen der Triton-Salamander lebt, dessen Existenz die Reinheit des Wassers klar best\\u00e4tigt.<\\\/p><p>Kultureller Hinweis: W\\u00e4hrend der Zeit des kommunistischen Regimes in diesem Teil der Welt war die Grenze zwischen Albanien und Jugoslawien und eine der am st\\u00e4rksten gesch\\u00fctzten Grenzen der Welt.<\\\/p>\"}},{\"@type\":\"Question\",\"name\":\"\\u25bc  Tag 6: Die Schleife schlie\\u00dft sich, Wanderung zur\\u00fcck nach Theth\",\"acceptedAnswer\":{\"@type\":\"Answer\",\"text\":\"<p>L\\u00e4nge der Wanderung: 16 km<br \\\/>H\\u00f6henmeter \\u2191: 1110 m<br \\\/>H\\u00f6henmeter \\u2193: 1440 m<\\\/p><p>Nach einem Transfer nach Vusanje (MNE) oder Vuthaj (AL) aus beginnt die 16 km lange Wanderung zur\\u00fcck zum historischen albanischen Dorf Theth. Der Weg f\\u00fchrt entlang des steilsten Teils der Verfluchten Berge oder Prokletije\\\/ Albanischen Alpen, die w\\u00e4hrend der kommunistischen \\u00c4ra eine verbotene Zone waren. Neben den dramatischen Klippen und Felsen, die die Kulisse f\\u00fcr die Tageswanderung bilden, sehet ihr auch einen alten Milit\\u00e4rbunker und ausgediente Grenzschilder.<\\\/p><p><img class=\\\"alignnone size-full wp-image-15306\\\" src=\\\"https:\\\/\\\/peaksofthebalkans.at\\\/wp-content\\\/uploads\\\/2026\\\/02\\\/Am-Ropojano-See-Wanderung-Vusanje-Theth.jpg\\\" alt=\\\"Am Ropojano See Wanderung Vusanje Theth\\\" width=\\\"1500\\\" height=\\\"1300\\\" \\\/><\\\/p><p>Die Wanderung f\\u00fchrt vorbei am Ropojane See, welcher die Grenze zwischen den beiden L\\u00e4ndern markiert. Diese Wanderung ist die felsigste der gesamten Reise. Sie bietet aber auch einige weite Bergwiesen und wundersch\\u00f6ne Talblicke. Der Abstieg ins Tal wird uns schlie\\u00dflich nach Theth f\\u00fchren, wos ich unsere Schleife schglie\\u00dft. Nach einer kurzen Pause f\\u00fchrt euch ein Transfer zur\\u00fcck zu eurem Hotel in Shkodra f\\u00fcr ein Abschiedsabendessen mit vielen tollen Erinnerungen. (\\u00dcbernachtung inbegriffen)<\\\/p>\"}},{\"@type\":\"Question\",\"name\":\"\\u25bc  Tag 7: Shkoder - Abreise\",\"acceptedAnswer\":{\"@type\":\"Answer\",\"text\":\"<p>Soweit es die Zeit erlaubt k\\u00f6nnt ihr den heutigen Tag nutzen um die Highlights von Shkder zu erkunden. Schlendert die Rruga Kole Idromeno in der italienisch anmutenden Innenstadt entlang oder begebt euch hinauf zur Burg Rozafa. Auch der nahegelegene Skutarisee l\\u00e4dt zu einem Besuch ein.<\\\/p>\"}}]}<\/script>\n\t\t\t\t\t<\/div>\n\t\t\t\t\t\t<\/div>\n\t\t\t\t<div class=\"elementor-element elementor-element-443d88b elementor-widget elementor-widget-html\" data-id=\"443d88b\" data-element_type=\"widget\" data-e-type=\"widget\" data-widget_type=\"html.default\">\n\t\t\t\t\t<script>\r\nwindow.addEventListener('load', function () {\r\n\r\nlet opened = [1];\r\n\r\nsetTimeout(function () {\r\nlet toggles = document.querySelectorAll('.openedByDefault .elementor-tab-title, .openedByDefault .e-n-accordion-item-title');\r\nopened.forEach((i) => {\r\nif (toggles[i - 1]) toggles[i - 1].click();\r\n});\r\n}, 300);\r\n});\r\n<\/script>\r\n\t\t\t\t<\/div>\n\t\t\t\t\t<\/div>\n\t\t<\/div>\n\t\t\t\t\t<\/div>\n\t\t<\/section>\n\t\t\t\t\t<\/div>\n\t\t<\/div>\n\t\t\t\t\t<\/div>\n\t\t<\/section>\n\t\t\t\t<section class=\"elementor-section elementor-top-section elementor-element elementor-element-6b5df2a elementor-section-boxed elementor-section-height-default elementor-section-height-default\" data-id=\"6b5df2a\" data-element_type=\"section\" data-e-type=\"section\">\n\t\t\t\t\t\t<div class=\"elementor-container elementor-column-gap-default\">\n\t\t\t\t\t<div class=\"elementor-column elementor-col-100 elementor-top-column elementor-element elementor-element-9d35054\" data-id=\"9d35054\" data-element_type=\"column\" data-e-type=\"column\">\n\t\t\t<div class=\"elementor-widget-wrap\">\n\t\t\t\t\t\t\t<\/div>\n\t\t<\/div>\n\t\t\t\t\t<\/div>\n\t\t<\/section>\n\t\t\t\t<section class=\"elementor-section elementor-top-section elementor-element elementor-element-43abbbe elementor-section-boxed elementor-section-height-default elementor-section-height-default\" data-id=\"43abbbe\" data-element_type=\"section\" data-e-type=\"section\">\n\t\t\t\t\t\t<div class=\"elementor-container elementor-column-gap-default\">\n\t\t\t\t\t<div class=\"elementor-column elementor-col-100 elementor-top-column elementor-element elementor-element-f0a738c\" data-id=\"f0a738c\" data-element_type=\"column\" data-e-type=\"column\">\n\t\t\t<div class=\"elementor-widget-wrap elementor-element-populated\">\n\t\t\t\t\t\t<div class=\"elementor-element elementor-element-ab24a32 elementor-align-justify elementor-widget elementor-widget-button\" data-id=\"ab24a32\" data-element_type=\"widget\" data-e-type=\"widget\" data-widget_type=\"button.default\">\n\t\t\t\t\t\t\t\t\t\t<a class=\"elementor-button elementor-button-link elementor-size-sm elementor-animation-float\" href=\"https:\/\/www.abenteueralbanien.de\/peaks-of-the-balkans-5-6-10-tage\/\" target=\"_blank\" rel=\"noopener\">\n\t\t\t\t\t\t<span class=\"elementor-button-content-wrapper\">\n\t\t\t\t\t\t\t\t\t<span class=\"elementor-button-text\">JETZT BUCHEN!<\/span>\n\t\t\t\t\t<\/span>\n\t\t\t\t\t<\/a>\n\t\t\t\t\t\t\t\t<\/div>\n\t\t\t\t\t<\/div>\n\t\t<\/div>\n\t\t\t\t\t<\/div>\n\t\t<\/section>\n\t\t\t\t<section class=\"elementor-section elementor-top-section elementor-element elementor-element-1fbce8d elementor-section-boxed elementor-section-height-default elementor-section-height-default\" data-id=\"1fbce8d\" data-element_type=\"section\" data-e-type=\"section\">\n\t\t\t\t\t\t<div class=\"elementor-container elementor-column-gap-default\">\n\t\t\t\t\t<div class=\"elementor-column elementor-col-100 elementor-top-column elementor-element elementor-element-ed04af2\" data-id=\"ed04af2\" data-element_type=\"column\" data-e-type=\"column\">\n\t\t\t<div class=\"elementor-widget-wrap elementor-element-populated\">\n\t\t\t\t\t\t<section class=\"elementor-section elementor-inner-section elementor-element elementor-element-02a3999 elementor-section-boxed elementor-section-height-default elementor-section-height-default\" data-id=\"02a3999\" data-element_type=\"section\" data-e-type=\"section\">\n\t\t\t\t\t\t<div class=\"elementor-container elementor-column-gap-default\">\n\t\t\t\t\t<div class=\"elementor-column elementor-col-100 elementor-inner-column elementor-element elementor-element-f02edbb\" data-id=\"f02edbb\" data-element_type=\"column\" data-e-type=\"column\">\n\t\t\t<div class=\"elementor-widget-wrap elementor-element-populated\">\n\t\t\t\t\t\t<div class=\"elementor-element elementor-element-cab3824 elementor-widget elementor-widget-heading\" data-id=\"cab3824\" data-element_type=\"widget\" data-e-type=\"widget\" data-widget_type=\"heading.default\">\n\t\t\t\t\t<h3 class=\"elementor-heading-title elementor-size-default\">Etappen - \u00dcbersichtskarte<\/h3>\t\t\t\t<\/div>\n\t\t\t\t<div class=\"elementor-element elementor-element-d3d1760 elementor-widget elementor-widget-html\" data-id=\"d3d1760\" data-element_type=\"widget\" data-e-type=\"widget\" data-widget_type=\"html.default\">\n\t\t\t\t\t<iframe src=\"https:\/\/www.google.com\/maps\/d\/embed?mid=11XNLqTCmLsRJoxpneStSNOmb2NxoS0o&ehbc=2E312F\" width=\"640\" height=\"480\"><\/iframe>\t\t\t\t<\/div>\n\t\t\t\t<div class=\"elementor-element elementor-element-2728054 elementor-widget-divider--view-line elementor-widget elementor-widget-divider\" data-id=\"2728054\" data-element_type=\"widget\" data-e-type=\"widget\" data-widget_type=\"divider.default\">\n\t\t\t\t\t\t\t<div class=\"elementor-divider\">\n\t\t\t<span class=\"elementor-divider-separator\">\n\t\t\t\t\t\t<\/span>\n\t\t<\/div>\n\t\t\t\t\t\t<\/div>\n\t\t\t\t<div class=\"elementor-element elementor-element-5b57c28 elementor-align-justify elementor-widget elementor-widget-button\" data-id=\"5b57c28\" data-element_type=\"widget\" data-e-type=\"widget\" data-widget_type=\"button.default\">\n\t\t\t\t\t\t\t\t\t\t<a class=\"elementor-button elementor-button-link elementor-size-sm elementor-animation-float\" href=\"https:\/\/www.abenteueralbanien.de\/peaks-of-the-balkans-5-6-10-tage\/\" target=\"_blank\" rel=\"noopener\">\n\t\t\t\t\t\t<span class=\"elementor-button-content-wrapper\">\n\t\t\t\t\t\t\t\t\t<span class=\"elementor-button-text\">JETZT BUCHEN!<\/span>\n\t\t\t\t\t<\/span>\n\t\t\t\t\t<\/a>\n\t\t\t\t\t\t\t\t<\/div>\n\t\t\t\t\t<\/div>\n\t\t<\/div>\n\t\t\t\t\t<\/div>\n\t\t<\/section>\n\t\t\t\t\t<\/div>\n\t\t<\/div>\n\t\t\t\t\t<\/div>\n\t\t<\/section>\n\t\t\t\t<section class=\"elementor-section elementor-top-section elementor-element elementor-element-a717229 elementor-section-boxed elementor-section-height-default elementor-section-height-default\" data-id=\"a717229\" data-element_type=\"section\" data-e-type=\"section\">\n\t\t\t\t\t\t<div class=\"elementor-container elementor-column-gap-default\">\n\t\t\t\t\t<div class=\"elementor-column elementor-col-100 elementor-top-column elementor-element elementor-element-255826c\" data-id=\"255826c\" data-element_type=\"column\" data-e-type=\"column\">\n\t\t\t<div class=\"elementor-widget-wrap elementor-element-populated\">\n\t\t\t\t\t\t<section class=\"elementor-section elementor-inner-section elementor-element elementor-element-8a616dd elementor-section-boxed elementor-section-height-default elementor-section-height-default\" data-id=\"8a616dd\" data-element_type=\"section\" data-e-type=\"section\">\n\t\t\t\t\t\t<div class=\"elementor-container elementor-column-gap-default\">\n\t\t\t\t\t<div class=\"elementor-column elementor-col-100 elementor-inner-column elementor-element elementor-element-50c1de0\" data-id=\"50c1de0\" data-element_type=\"column\" data-e-type=\"column\">\n\t\t\t<div class=\"elementor-widget-wrap elementor-element-populated\">\n\t\t\t\t\t\t<div class=\"elementor-element elementor-element-5ad5329 elementor-widget elementor-widget-heading\" data-id=\"5ad5329\" data-element_type=\"widget\" data-e-type=\"widget\" data-widget_type=\"heading.default\">\n\t\t\t\t\t<h2 class=\"elementor-heading-title elementor-size-default\">Reiseinformationen<\/h2>\t\t\t\t<\/div>\n\t\t\t\t<div class=\"elementor-element elementor-element-ffa2c2a elementor-widget elementor-widget-text-editor\" data-id=\"ffa2c2a\" data-element_type=\"widget\" data-e-type=\"widget\" data-widget_type=\"text-editor.default\">\n\t\t\t\t\t\t\t\t\t<div class=\"list-block--list__title svelte-1ee5i2j\"><h3 class=\"subtitle svelte-1ee5i2j\">Was ist die beste Reisezeit f\u00fcr den Peaks of the Balkans Trail?<\/h3><p>Die besten Monate f\u00fcr diese Wanderung sind <strong>von Mitte Juni bis Ende September<\/strong>. Die Sommermonate in dieser Region sind aufgrund der geografischen Lage relativ warm. Die Durchschnittstemperatur in den Sommermonaten (Juli, August und September) liegt bei 25 \u00b0C.\u00a0<\/p><\/div>\t\t\t\t\t\t\t\t<\/div>\n\t\t\t\t<div class=\"elementor-element elementor-element-e6b831b elementor-widget elementor-widget-text-editor\" data-id=\"e6b831b\" data-element_type=\"widget\" data-e-type=\"widget\" data-widget_type=\"text-editor.default\">\n\t\t\t\t\t\t\t\t\t<div class=\"fusion-title title fusion-title-7 fusion-title-text fusion-title-size-two\"><p class=\"fusion-title-heading title-heading-left fusion-responsive-typography-calculated\"><strong>Transfers<\/strong><\/p><\/div><div class=\"fusion-text fusion-text-10\"><p><span class=\"ng-star-inserted\" data-index=\"3\">Alle Transfer erfolgen in privaten Fahrzeugen,<\/span><span class=\"ng-star-inserted\" data-index=\"4\">\u00a0entweder mit Minibus, PKW oder mit einem Allradfahrzeug, je nach Stra\u00dfenbedingungen.\u00a0<\/span>Einen privaten Transfer vom Flughafen zum Startpunkt k\u00f6nnen wir euch gern organisieren, schreibt das einfach mit ins Buchungsformular.<\/p><p>Alternativ verkehren auch Busse von Tirana oder Podgorica :<\/p><p>Flughafen Tirana nach Shkoder: Anfahrtszeiten sind 11:15 Uhr, 12:45 Uhr, 17:30 Uhr und 20:10 Uhr direkt vom Flughafen Tirana. Ein Busticket kostet 1.000 albanische Lek (10 Euro) und du bezahlst bar im Bus. Die Busfahrt vom Flughafen Tirana nach Shkoder dauert ca. 2 Stunden.<\/p><p>Podgorica (<a href=\"https:\/\/www.flixbus.de\/busverbindung\/fernbus-podgorica-shkoder\" target=\"_blank\" rel=\"noopener\">Flixbus<\/a>): Anfahrtszeiten sind 09:00 Uhr (Juni bis Oktober) und 16:00 (ganzj\u00e4hrig) von der\u00a0<a href=\"https:\/\/maps.app.goo.gl\/dRxa3HRQ7w8CaLP79\" target=\"_blank\" rel=\"noopener\">Busstation in der Stadt<\/a>. Ein Busticket kostet 12 Euro. Die Busfahrt vom Podgorica nach Shkoder dauert ca. 1,5 Stunden.<\/p><p class=\"fusion-responsive-typography-calculated\" data-fontsize=\"18\" data-lineheight=\"21.6px\"><strong><span class=\"ng-star-inserted\" data-index=\"6\">Essen &amp; Wasser<\/span><\/strong><\/p><p><span class=\"ng-star-inserted\" data-index=\"7\">Das Essen in diesem Teil der Welt wird etwas sein, das ihr am Ende jedes Tages mit Spannung erwarten werdet.\u00a0<\/span><span class=\"ng-star-inserted\" data-index=\"8\">Die Gerichte werden auf traditionelle Weise frisch zubereitet und zeichnen sich durch eine Mischung aus Balkan, t\u00fcrkischen und europ\u00e4ischen Einfl\u00fcssen aus.\u00a0<\/span><span class=\"ng-star-inserted\" data-index=\"9\">In G\u00e4steh\u00e4usern wird euch hausgemachtes Brot mit lokal angebautem Gem\u00fcse, Milchprodukten und Eiern serviert.\u00a0<\/span><span class=\"ng-star-inserted\" data-index=\"10\">Das Abendessen umfasst traditionelle Suppen, Fleischgerichte, Gem\u00fcse und Kuchen.\u00a0<\/span><span class=\"ng-star-inserted\" data-index=\"11\">Die G\u00e4steh\u00e4user bereiten euch au\u00dferdem t\u00e4glich ein Lunchpaket zu \u2013 oft bestehend aus einem Sandwich mit K\u00e4se, Obst oder Gem\u00fcse.<\/span><\/p><p><strong>Viele Gerichte sind von Haus aus vegetarisch<\/strong>, und Fleisch wird meistens separat als Beilage serviert. F\u00fcr vegane, laktose- und glutenfreie Ern\u00e4hrung bitten wir euch uns dar\u00fcber zu informieren.\u00a0<\/p><p><span class=\"ng-star-inserted\" data-index=\"14\">Bringt zur Wanderung eure eigene Wasserflasche zum Auff\u00fcllen mit.\u00a0<\/span><span class=\"ng-star-inserted\" data-index=\"15\">Ihr k\u00f6nnt Wasser aus Gebirgsb\u00e4chen oder in G\u00e4steh\u00e4usern Leitungswasser erhalten, beides hat Trinkwasserqualit\u00e4t.\u00a0<\/span><span class=\"ng-star-inserted\" data-index=\"16\">Solltet ihr Bedenken haben, unbehandeltes Wasser zu trinken, empfehlen wir Wasseraufbereitungstabletten mitzunehmen.<\/span><\/p><p class=\"fusion-responsive-typography-calculated\" data-fontsize=\"18\" data-lineheight=\"21.6px\"><strong><span class=\"ng-star-inserted\" data-index=\"17\">Unterk\u00fcnfte<\/span><\/strong><\/p><p><span class=\"ng-star-inserted\" data-index=\"18\">Ihr werdet w\u00e4hrend der Wanderung in einfachen G\u00e4steh\u00e4usern im Lodge Stil mit zweckm\u00e4\u00dfiger Bad-Einrichtungen \u00fcbernachten.\u00a0<\/span>Alle unsere\u00a0<b>Pakete beinhalten Privatzimmer\u00a0<\/b>in allen Hotels und G\u00e4steh\u00e4usern. F\u00fcr 2 Personen hei\u00dft das Doppelzimmer, f\u00fcr gr\u00f6\u00dfere Gruppen k\u00f6nnen es auch mal Zimmer mit 3 oder 4 Betten oder Maisonette-Zimmer\/Bungalows an einzelnen Orten sein.\u00a0W\u00e4hrend der Wanderung \u00fcbernachtest du haupts\u00e4chlich in kleinen familiengef\u00fchrten G\u00e4steh\u00e4usern und Bergh\u00fctten.<\/p><p><span class=\"ng-star-inserted\" data-index=\"21\">Bettw\u00e4sche und Decken, Handt\u00fccher, Shampoo, und andere grundlegende Dinge stellen die G\u00e4steh\u00e4user zur Verf\u00fcgung. Wir empfehlen jedoch, ein Reisehandtuch und einen H\u00fcttenschlafsack f\u00fcr alle F\u00e4lle einzupacken. Im Bergdorf Doberdol kann es mitunter sehr k\u00fchl sein.<\/span><\/p><div class=\"panel-heading\"><p id=\"toggle_fc088c125e30c12f6\" class=\"panel-title toggle\" data-fontsize=\"18\" data-lineheight=\"21.96px\"><strong><span class=\"fusion-toggle-heading\">Terrain w\u00e4hrend der Wanderungen, Navigation<\/span><\/strong><\/p><\/div><div id=\"fc088c125e30c12f6\" class=\"panel-collapse collapse in\" aria-labelledby=\"toggle_fc088c125e30c12f6\"><div class=\"panel-body toggle-content fusion-clearfix\"><p>Dieser Wanderweg zeichnet sich durch viele Ab- und Aufstiege aus. Die Route f\u00fchrt \u00fcber ein Relief, das alpines Gel\u00e4nde mit steilen H\u00e4ngen, in den Berg gehauenen Flusst\u00e4lern, felsigen Gipfeln, Latschenkieferg\u00fcrteln usw. darstellt. Die gew\u00e4hlten Wege sind jedoch meist gut begehbar und sicher.<\/p><p>Zur Navigation erhaltet ihr wahlweise GPS Dateien, die sich auf ein eigenes Navigationsger\u00e4t laden lassen oder alternativ Links zu in unserer App hinterlegten Routen (diese lassen sich nach Download offline betrachten, ihr braucht in den Bergen keine Internetverbindung, nur das GPS eures Mobiltelefons muss aktiv sein).<\/p><\/div><\/div><p><strong>Zeitzone<\/strong><\/p><p>GMT +1<\/p><p><strong>Sprache<\/strong><\/p><p>Albanisch im Kosovo und Albanien, Serbisch\/Montenegrinisch in Montenegro. In gro\u00dfen St\u00e4dten sprechen viele Menschen Englisch, aber in abgelegenen Gebieten ist dies oft nicht der Fall. Einige Menschen sprechen aufgrund der gro\u00dfen Diaspora in deutschsprachigen L\u00e4ndern auch Deutsch.<\/p><p><strong>Stromversorgung und Stecker<\/strong><\/p><p>220V, 50 Hz, zweipolige Rundstecker (wie in Deutschland). In den meisten D\u00f6rfern besitzen die G\u00e4steh\u00e4user Solaranlagen, wodurch warmes Wasser zu Verf\u00fcgung steht und elektrische Ger\u00e4te aufgeladen werden k\u00f6nnen. In einigen D\u00f6rfern oder auf dem Berg gibt es auch mal Handyempfang. Besonders in Valbona und Theth k\u00f6nnt ihr mit sehr gutem Netz rechnen.<\/p><p><strong>W\u00e4hrung<\/strong><\/p><p>Euro (EUR) in Kosovo und Montenegro, Lek in Albanien, jedoch werden dort h\u00e4ufig auch Euro akzeptiert. Geldautomaten sind in Shkoder (Albanien), Peja (Kosovo), Plav (Montenegro) und Gjakova (Kosovo) verf\u00fcgbar.<\/p><div class=\"panel-heading\"><p id=\"toggle_e8c8ac8edb64080be\" class=\"panel-title toggle\" data-fontsize=\"18\" data-lineheight=\"21.96px\"><strong><span class=\"fusion-toggle-heading\">Visabestimmungen<\/span><\/strong><\/p><\/div><div id=\"e8c8ac8edb64080be\" class=\"panel-collapse collapse in\" aria-labelledby=\"toggle_e8c8ac8edb64080be\"><div class=\"panel-body toggle-content fusion-clearfix\"><p>Europ\u00e4ische Staatsb\u00fcrger k\u00f6nnen ohne ein Visum nach Albanien einreisen. Du brauchst lediglich einen Personalausweis oder einen Reisepass, der noch mindestens 3 Monate g\u00fcltig ist.<\/p><\/div><\/div><div class=\"panel-heading\"><p id=\"toggle_a7d2fa455e8761d8e\" class=\"panel-title toggle\" data-fontsize=\"18\" data-lineheight=\"21.96px\"><strong><span class=\"fusion-toggle-heading\">Packliste<\/span><\/strong><\/p><\/div><div id=\"a7d2fa455e8761d8e\" class=\"panel-collapse collapse in\" aria-labelledby=\"toggle_a7d2fa455e8761d8e\"><div class=\"panel-body toggle-content fusion-clearfix\"><ul><li>Feste (kn\u00f6chelhohe) Wanderschuhe<\/li><li>Ein bequemes zweites Paar Schuhe oder Sandalen<\/li><li>Hut oder andere Form des Sonnenschutzes, zus\u00e4tzlich zu Sonnencreme und Brille<\/li><li>Leichte Regenkleidung (95 % des Regens f\u00e4llt im Winter)<\/li><li>Warmer Fleecepullover &amp; Wanderhosen, da die N\u00e4chte auch im Sommer kalt sind<\/li><li>2l Wasserausr\u00fcstung<\/li><li>Tagesrucksack 25-40l<\/li><li>Badesachen\/Shorts (optional, aber empfohlen)<\/li><\/ul><div class=\"list-block--list__title svelte-1ee5i2j\">\u00a0<\/div><div class=\"list-block--list__inner svelte-1ee5i2j\"><p>\u00a0<\/p><\/div><\/div><\/div><\/div>\t\t\t\t\t\t\t\t<\/div>\n\t\t\t\t<div class=\"elementor-element elementor-element-526eb5c elementor-align-justify elementor-widget elementor-widget-button\" data-id=\"526eb5c\" data-element_type=\"widget\" data-e-type=\"widget\" data-widget_type=\"button.default\">\n\t\t\t\t\t\t\t\t\t\t<a class=\"elementor-button elementor-button-link elementor-size-sm elementor-animation-float\" href=\"https:\/\/www.abenteueralbanien.de\/peaks-of-the-balkans-5-6-10-tage\/\" target=\"_blank\" rel=\"noopener\">\n\t\t\t\t\t\t<span class=\"elementor-button-content-wrapper\">\n\t\t\t\t\t\t\t\t\t<span class=\"elementor-button-text\">JETZT BUCHEN!<\/span>\n\t\t\t\t\t<\/span>\n\t\t\t\t\t<\/a>\n\t\t\t\t\t\t\t\t<\/div>\n\t\t\t\t\t<\/div>\n\t\t<\/div>\n\t\t\t\t\t<\/div>\n\t\t<\/section>\n\t\t\t\t\t<\/div>\n\t\t<\/div>\n\t\t\t\t\t<\/div>\n\t\t<\/section>\n\t\t\t\t<\/div>\n\t\t","protected":false},"excerpt":{"rendered":"<p>Den Peaks of the Balkans Trail auf eigene Faust erkunden &#8211; 7 Tage. Wandere durch die unber\u00fchrte Natur der \u201eAccursed Mountains\u201c in Albanien, Montenegro und Kosovo. Border Permits inklusive.<\/p>","protected":false},"author":6,"featured_media":15200,"parent":0,"menu_order":0,"comment_status":"closed","ping_status":"closed","template":"","meta":{"footnotes":""},"class_list":["post-15197","page","type-page","status-publish","has-post-thumbnail","hentry"],"_links":{"self":[{"href":"https:\/\/peaksofthebalkans.at\/nl\/wp-json\/wp\/v2\/pages\/15197","targetHints":{"allow":["GET"]}}],"collection":[{"href":"https:\/\/peaksofthebalkans.at\/nl\/wp-json\/wp\/v2\/pages"}],"about":[{"href":"https:\/\/peaksofthebalkans.at\/nl\/wp-json\/wp\/v2\/types\/page"}],"author":[{"embeddable":true,"href":"https:\/\/peaksofthebalkans.at\/nl\/wp-json\/wp\/v2\/users\/6"}],"replies":[{"embeddable":true,"href":"https:\/\/peaksofthebalkans.at\/nl\/wp-json\/wp\/v2\/comments?post=15197"}],"version-history":[{"count":59,"href":"https:\/\/peaksofthebalkans.at\/nl\/wp-json\/wp\/v2\/pages\/15197\/revisions"}],"predecessor-version":[{"id":15461,"href":"https:\/\/peaksofthebalkans.at\/nl\/wp-json\/wp\/v2\/pages\/15197\/revisions\/15461"}],"wp:featuredmedia":[{"embeddable":true,"href":"https:\/\/peaksofthebalkans.at\/nl\/wp-json\/wp\/v2\/media\/15200"}],"wp:attachment":[{"href":"https:\/\/peaksofthebalkans.at\/nl\/wp-json\/wp\/v2\/media?parent=15197"}],"curies":[{"name":"wp","href":"https:\/\/api.w.org\/{rel}","templated":true}]}}