{"id":11541,"date":"2024-01-29T20:01:07","date_gmt":"2024-01-29T19:01:07","guid":{"rendered":"https:\/\/project.howdymeta.com\/?page_id=11541"},"modified":"2026-04-10T12:09:48","modified_gmt":"2026-04-10T10:09:48","slug":"self-guided","status":"publish","type":"page","link":"https:\/\/peaksofthebalkans.at\/nl\/selbst-gefuehrt\/","title":{"rendered":"Pieken van de Balkan Tour - Zelf Begeleid"},"content":{"rendered":"<div data-elementor-type=\"wp-page\" data-elementor-id=\"11541\" class=\"elementor elementor-11541\" data-elementor-post-type=\"page\">\n\t\t\t\t\t\t<section class=\"elementor-section elementor-top-section elementor-element elementor-element-d3e5706 elementor-section-height-min-height elementor-section-boxed elementor-section-height-default elementor-section-items-middle\" data-id=\"d3e5706\" data-element_type=\"section\" data-e-type=\"section\" data-settings=\"{&quot;background_background&quot;:&quot;classic&quot;}\">\n\t\t\t\t\t\t<div class=\"elementor-container elementor-column-gap-default\">\n\t\t\t\t\t<div class=\"elementor-column elementor-col-100 elementor-top-column elementor-element elementor-element-4d3439f\" data-id=\"4d3439f\" data-element_type=\"column\" data-e-type=\"column\">\n\t\t\t<div class=\"elementor-widget-wrap elementor-element-populated\">\n\t\t\t\t\t\t<div class=\"elementor-element elementor-element-6b0d7de elementor-widget elementor-widget-heading\" data-id=\"6b0d7de\" data-element_type=\"widget\" data-e-type=\"widget\" data-widget_type=\"heading.default\">\n\t\t\t\t\t<h1 class=\"elementor-heading-title elementor-size-default\">Toppentochten op de Balkan - Zelf begeleiden<\/h1>\t\t\t\t<\/div>\n\t\t\t\t\t<\/div>\n\t\t<\/div>\n\t\t\t\t\t<\/div>\n\t\t<\/section>\n\t\t\t\t<section class=\"elementor-section elementor-top-section elementor-element elementor-element-4f248fd elementor-section-boxed elementor-section-height-default elementor-section-height-default\" data-id=\"4f248fd\" data-element_type=\"section\" data-e-type=\"section\" data-settings=\"{&quot;background_background&quot;:&quot;classic&quot;}\">\n\t\t\t\t\t\t\t<div class=\"elementor-background-overlay\"><\/div>\n\t\t\t\t\t\t\t<div class=\"elementor-container elementor-column-gap-no\">\n\t\t\t\t\t<div class=\"elementor-column elementor-col-100 elementor-top-column elementor-element elementor-element-b8c2f01\" data-id=\"b8c2f01\" data-element_type=\"column\" data-e-type=\"column\">\n\t\t\t<div class=\"elementor-widget-wrap elementor-element-populated\">\n\t\t\t\t\t\t<section class=\"elementor-section elementor-inner-section elementor-element elementor-element-4d37ed7 elementor-section-boxed elementor-section-height-default elementor-section-height-default\" data-id=\"4d37ed7\" data-element_type=\"section\" data-e-type=\"section\">\n\t\t\t\t\t\t<div class=\"elementor-container elementor-column-gap-no\">\n\t\t\t\t\t<div class=\"elementor-column elementor-col-100 elementor-inner-column elementor-element elementor-element-22ba1ba\" data-id=\"22ba1ba\" data-element_type=\"column\" data-e-type=\"column\">\n\t\t\t<div class=\"elementor-widget-wrap elementor-element-populated\">\n\t\t\t\t\t\t<div class=\"elementor-element elementor-element-56a2127 elementor-widget elementor-widget-heading\" data-id=\"56a2127\" data-element_type=\"widget\" data-e-type=\"widget\" data-widget_type=\"heading.default\">\n\t\t\t\t\t<h2 class=\"elementor-heading-title elementor-size-default\">De pieken van de Balkan zonder gids - Rondleidingen<\/h2>\t\t\t\t<\/div>\n\t\t\t\t<div class=\"elementor-element elementor-element-b9bfef9 elementor-widget elementor-widget-text-editor\" data-id=\"b9bfef9\" data-element_type=\"widget\" data-e-type=\"widget\" data-widget_type=\"text-editor.default\">\n\t\t\t\t\t\t\t\t\t<p>Zelfbegeleide tochten in de Balkanpieken zijn voor ervaren wandelaars die zelfverzekerd genoeg zijn om de route zelf te lopen zonder lokale gids. De tochten kunnen flexibel worden georganiseerd op een startdatum naar keuze en geven je meer het gevoel van avontuur wanneer je de route op eigen houtje bewandelt.<\/p><p>Sommige pensions liggen in regio's waar geen telefoon of internet is, dus het kan soms moeilijk zijn om daar te reserveren. Een andere uitdaging is het verkrijgen van grensvergunningen. Deze moeten van tevoren worden geregeld en geregistreerd bij de lokale politieautoriteiten. In Montenegro moet bij aankomst ook een vergoeding worden betaald.<\/p><p><img fetchpriority=\"high\" decoding=\"async\" class=\"alignnone wp-image-15489 size-full\" src=\"https:\/\/peaksofthebalkans.at\/wp-content\/uploads\/2026\/02\/Peaks-of-the-Balkans-auf-eigene-Faust.jpg\" alt=\"De toppen van de Balkan op eigen houtje Wandelaar ontspant in een weide\" width=\"1200\" height=\"900\" srcset=\"https:\/\/peaksofthebalkans.at\/wp-content\/uploads\/2026\/02\/Peaks-of-the-Balkans-auf-eigene-Faust.jpg 1200w, https:\/\/peaksofthebalkans.at\/wp-content\/uploads\/2026\/02\/Peaks-of-the-Balkans-auf-eigene-Faust-300x225.jpg 300w, https:\/\/peaksofthebalkans.at\/wp-content\/uploads\/2026\/02\/Peaks-of-the-Balkans-auf-eigene-Faust-1024x768.jpg 1024w, https:\/\/peaksofthebalkans.at\/wp-content\/uploads\/2026\/02\/Peaks-of-the-Balkans-auf-eigene-Faust-768x576.jpg 768w, https:\/\/peaksofthebalkans.at\/wp-content\/uploads\/2026\/02\/Peaks-of-the-Balkans-auf-eigene-Faust-16x12.jpg 16w\" sizes=\"(max-width: 1200px) 100vw, 1200px\" \/><\/p><p>Het derde punt is de prijs. Hoewel je misschien denkt dat je geld bespaart door rechtstreeks te boeken, is dit niet altijd het geval. Lokale agentschappen sluiten contracten af met pensions en krijgen voorkeurtarieven die onafhankelijke reizigers niet kunnen krijgen. Platforms zoals booking.com nemen meestal zo'n 15 procent commissie, die meestal door de pensions bij de oorspronkelijke prijs wordt opgeteld.<\/p><p>Verschillende aanbieders bieden pakketten aan voor begeleide tochten. Als je een self-guided tour bij een bedrijf boekt, profiteer je van de expertise van het bureau in het vinden van de beste wandelroutes, een veilige boeking, minder hoofdpijn bij het organiseren, een contactpersoon in geval van een ongeluk of noodgeval en, last but not least, je steunt de lokale economie.<\/p>\t\t\t\t\t\t\t\t<\/div>\n\t\t\t\t\t<\/div>\n\t\t<\/div>\n\t\t\t\t\t<\/div>\n\t\t<\/section>\n\t\t\t\t\t<\/div>\n\t\t<\/div>\n\t\t\t\t\t<\/div>\n\t\t<\/section>\n\t\t\t\t<section class=\"elementor-section elementor-top-section elementor-element elementor-element-bc81834 elementor-section-boxed elementor-section-height-default elementor-section-height-default\" data-id=\"bc81834\" data-element_type=\"section\" data-e-type=\"section\">\n\t\t\t\t\t\t<div class=\"elementor-container elementor-column-gap-default\">\n\t\t\t\t\t<div class=\"elementor-column elementor-col-100 elementor-top-column elementor-element elementor-element-a8988c1\" data-id=\"a8988c1\" data-element_type=\"column\" data-e-type=\"column\" link=\"https:\/\/bnadventure.com\/products\/self-guided-tour-in-the-peaks-of-the-balkans\/\">\n\t\t\t<div class=\"elementor-widget-wrap elementor-element-populated\">\n\t\t\t\t\t\t<section class=\"elementor-section elementor-inner-section elementor-element elementor-element-7f4d069 elementor-section-boxed elementor-section-height-default elementor-section-height-default\" data-id=\"7f4d069\" data-element_type=\"section\" data-e-type=\"section\" data-settings=\"{&quot;background_background&quot;:&quot;classic&quot;}\">\n\t\t\t\t\t\t\t<div class=\"elementor-background-overlay\"><\/div>\n\t\t\t\t\t\t\t<div class=\"elementor-container elementor-column-gap-default\">\n\t\t\t\t\t<div class=\"elementor-column elementor-col-100 elementor-inner-column elementor-element elementor-element-6a1bb27\" data-id=\"6a1bb27\" data-element_type=\"column\" data-e-type=\"column\">\n\t\t\t<div class=\"elementor-widget-wrap elementor-element-populated\">\n\t\t\t\t\t\t<div class=\"elementor-element elementor-element-f32951d elementor-widget elementor-widget-heading\" data-id=\"f32951d\" data-element_type=\"widget\" data-e-type=\"widget\" data-widget_type=\"heading.default\">\n\t\t\t\t\t<div class=\"elementor-heading-title elementor-size-default\"><a href=\"https:\/\/www.abenteueralbanien.de\/peaks-of-the-balkans-5-10-days\/\" target=\"_blank\" rel=\"noopener\">Zelf rondleidingen vanaf \u20ac 615<\/a><\/div>\t\t\t\t<\/div>\n\t\t\t\t\t<\/div>\n\t\t<\/div>\n\t\t\t\t\t<\/div>\n\t\t<\/section>\n\t\t\t\t\t<\/div>\n\t\t<\/div>\n\t\t\t\t\t<\/div>\n\t\t<\/section>\n\t\t\t\t<section class=\"elementor-section elementor-top-section elementor-element elementor-element-932f232 elementor-section-boxed elementor-section-height-default elementor-section-height-default\" data-id=\"932f232\" data-element_type=\"section\" data-e-type=\"section\">\n\t\t\t\t\t\t<div class=\"elementor-container elementor-column-gap-default\">\n\t\t\t\t\t<div class=\"elementor-column elementor-col-100 elementor-top-column elementor-element elementor-element-5d08313\" data-id=\"5d08313\" data-element_type=\"column\" data-e-type=\"column\">\n\t\t\t<div class=\"elementor-widget-wrap elementor-element-populated\">\n\t\t\t\t\t\t<div class=\"elementor-element elementor-element-3514fea elementor-align-justify elementor-widget elementor-widget-button\" data-id=\"3514fea\" data-element_type=\"widget\" data-e-type=\"widget\" data-widget_type=\"button.default\">\n\t\t\t\t\t\t\t\t\t\t<a class=\"elementor-button elementor-button-link elementor-size-sm elementor-animation-float\" href=\"https:\/\/www.abenteueralbanien.de\/peaks-of-the-balkans-5-10-days\/\" target=\"_blank\" rel=\"noopener\">\n\t\t\t\t\t\t<span class=\"elementor-button-content-wrapper\">\n\t\t\t\t\t\t\t\t\t<span class=\"elementor-button-text\">Peaks of the Balkans Trail boeken<\/span>\n\t\t\t\t\t<\/span>\n\t\t\t\t\t<\/a>\n\t\t\t\t\t\t\t\t<\/div>\n\t\t\t\t\t<\/div>\n\t\t<\/div>\n\t\t\t\t\t<\/div>\n\t\t<\/section>\n\t\t\t\t<section class=\"elementor-section elementor-top-section elementor-element elementor-element-2e8c81f elementor-section-boxed elementor-section-height-default elementor-section-height-default\" data-id=\"2e8c81f\" data-element_type=\"section\" data-e-type=\"section\">\n\t\t\t\t\t\t<div class=\"elementor-container elementor-column-gap-default\">\n\t\t\t\t\t<div class=\"elementor-column elementor-col-100 elementor-top-column elementor-element elementor-element-a9518f2\" data-id=\"a9518f2\" data-element_type=\"column\" data-e-type=\"column\">\n\t\t\t<div class=\"elementor-widget-wrap elementor-element-populated\">\n\t\t\t\t\t\t<div class=\"elementor-element elementor-element-da5ebaa elementor-widget elementor-widget-heading\" data-id=\"da5ebaa\" data-element_type=\"widget\" data-e-type=\"widget\" data-widget_type=\"heading.default\">\n\t\t\t\t\t<h2 class=\"elementor-heading-title elementor-size-default\">Peaks of the Balkans - Route en hoogtemeters<\/h2>\t\t\t\t<\/div>\n\t\t\t\t<div class=\"elementor-element elementor-element-b4862e9 elementor-widget elementor-widget-toggle\" data-id=\"b4862e9\" data-element_type=\"widget\" data-e-type=\"widget\" data-widget_type=\"toggle.default\">\n\t\t\t\t\t\t\t<div class=\"elementor-toggle\">\n\t\t\t\t\t\t\t<div class=\"elementor-toggle-item\">\n\t\t\t\t\t<h3 id=\"elementor-tab-title-1891\" class=\"elementor-tab-title\" data-tab=\"1\" role=\"button\" aria-controls=\"elementor-tab-content-1891\" aria-expanded=\"false\">\n\t\t\t\t\t\t\t\t\t\t\t\t<a class=\"elementor-toggle-title\" tabindex=\"0\">11 dagen Pieken van de Balkan zonder gids (klik hier voor meer informatie)<\/a>\n\t\t\t\t\t<\/h3>\n\n\t\t\t\t\t<div id=\"elementor-tab-content-1891\" class=\"elementor-tab-content elementor-clearfix\" data-tab=\"1\" role=\"region\" aria-labelledby=\"elementor-tab-title-1891\"><p>Deze <b>11-daagse trektocht met eigen gids<\/b> neemt je mee op de klassieke route door drie landen: <b>Albani\u00eb, Kosovo en Montenegro<\/b>. We hebben de tour geoptimaliseerd om een aantal van de minder mooie secties te vermijden, en in plaats daarvan <b>Hoogtepunten zoals Mt Trekufiri, Mt Hajla, de Taljanka piek in de Grebaja vallei en de ferry overtocht op het Koman meer<\/b> die naar onze mening bijzonder de moeite waard zijn.<\/p><p><img decoding=\"async\" class=\"alignnone size-full wp-image-15472\" src=\"https:\/\/peaksofthebalkans.at\/wp-content\/uploads\/2026\/02\/Peaks-of-the-Balkans-11-Tage-Selbst-Gefuehrte-Wander-Tour.jpg\" alt=\"De toppen van de Balkan 11-daagse wandelreis met eigen gids\" width=\"1024\" height=\"768\" srcset=\"https:\/\/peaksofthebalkans.at\/wp-content\/uploads\/2026\/02\/Peaks-of-the-Balkans-11-Tage-Selbst-Gefuehrte-Wander-Tour.jpg 1024w, https:\/\/peaksofthebalkans.at\/wp-content\/uploads\/2026\/02\/Peaks-of-the-Balkans-11-Tage-Selbst-Gefuehrte-Wander-Tour-300x225.jpg 300w, https:\/\/peaksofthebalkans.at\/wp-content\/uploads\/2026\/02\/Peaks-of-the-Balkans-11-Tage-Selbst-Gefuehrte-Wander-Tour-768x576.jpg 768w, https:\/\/peaksofthebalkans.at\/wp-content\/uploads\/2026\/02\/Peaks-of-the-Balkans-11-Tage-Selbst-Gefuehrte-Wander-Tour-16x12.jpg 16w\" sizes=\"(max-width: 1024px) 100vw, 1024px\" \/><\/p><p><b>Hoogtepunten<\/b><\/p><ul><li>Overtocht per veerboot door het fjordachtige landschap van het Komani meer (ticket inbegrepen)<\/li><li>Beklim 4 unieke toppen: Trekufiri, Hajla, Taljanka en Popadija<\/li><li>Extra hoge bergetappe in Albani\u00eb achter de hoogste piek van Montenegro<\/li><li>Meer tijd voor nauw contact met de lokale bevolking in bergdorpen &amp; herdershutten<\/li><li>Adembenemend uitzicht op de Taljanka piek vanaf de hoge bergruggen rond de Grebaja vallei in Montenegro<\/li><\/ul><p><strong>\u00a0<\/strong><\/p><p><strong>Route en hoogtemeters:<\/strong><\/p><p>Dag 01: Luchthaventransfer en aankomst in Shkoder - Hotel\/priv\u00e9 (-\/-)<\/p><p>Dag 02: Transfer naar Koman, ferry overtocht naar Fierze, wandeling naar Valbona (7,5 km, 250 m stijgen, 50 m dalen) - hotel\/priv\u00e9 (ontbijt\/lunchpakket\/diner)<\/p><p>Dag 03: Wandeling Valbone - Persllopit Pas - Cerem (ca. 8 uur - 14 km, 1200 meter stijgen, 950 meter dalen) - pension\/priv\u00e9 (F\/LP\/A)<\/p><p>Dag 04: Wandeling Cerem - Balqin - Doberdol (ca. 6 uur - 16 km, 1100 meter stijgen, 450 meter dalen) - hut\/priv\u00e9 (F\/LP\/A)<\/p><p>Dag 05: Wandeling Doberdol - Roshkodol Pas - Milishevc (ca. 5 uur - 12,5 km, 550 meter stijgen, 525 meter dalen) - pension\/priv\u00e9 (F\/LP\/A)<\/p><p>Dag 06: Wandeling Milishevc - Reka Alleges - Mt. Hajla (optioneel) - Drelaj (ca. 7 uur - 13 km, 1250 meter stijgen, 1300 meter dalen) - pension\/priv\u00e9 (F\/LP\/A)<\/p><p>Dag 07: Wandeling Drelaj - Liqenat - Babino Polje (ca. 8 uur - 15 km, 11550 meter stijgen, 1050 meter dalen) - pension\/priv\u00e9 (F\/LP\/A)<\/p><p>Dag 08: Rit naar de Grebaja vallei, rondwandeling naar de Talkjanka top, Vusanje (ca. 6,5 uur - 12 km, 950 meter stijgen, 950 meter dalen) - pension\/priv\u00e9 (F\/LP\/A)<\/p><p>Dag 09: Wandeling Vusanje - Peja Pas - Theth (ca. 8 uur - 16,5 km, 1050 meter stijgen, 1000 meter dalen) - pension\/priv\u00e9 (F\/LP\/A)<\/p><p>Dag 10: Wandeling Theth - Nderlyse, transfer naar Shkoder en vervolgens naar Tirana (ca. 2 uur - 8 km, 150 meter stijgen, 400 meter dalen) - hotel\/priv\u00e9 (F\/LP\/-)<\/p><p>Dag 11: (Transfer naar luchthaven Tirana) - Vertrek - (F\/-\/-)<\/p><p><strong>Bij de prijs inbegrepen:<\/strong><\/p><ul><li>Accommodatie in priv\u00e9kamers: 3x hotel, 6x pension, 1x hut<\/li><li>Alle transfers zoals aangegeven in het reisschema in priv\u00e9voertuigen<\/li><li>Maaltijden (10x ontbijt, 9x lunchpakket, 9x avondeten)<\/li><li>Grensvergunningen (vergunningen voor grensoverschrijding)<\/li><li><strong>Bagagetransport tussen de wandeletappes<\/strong><\/li><li><strong>Luchthaventransfers bij aankomst &amp; vertrek, meet &amp; greet met briefing bij aankomst (TIA)<\/strong><\/li><li><strong>Garmin GPS &amp; lokale mobiele telefoon bij aankomst, gedetailleerde routebeschrijving<\/strong><\/li><\/ul><\/div>\n\t\t\t\t<\/div>\n\t\t\t\t\t\t\t<div class=\"elementor-toggle-item\">\n\t\t\t\t\t<h3 id=\"elementor-tab-title-1892\" class=\"elementor-tab-title\" data-tab=\"2\" role=\"button\" aria-controls=\"elementor-tab-content-1892\" aria-expanded=\"false\">\n\t\t\t\t\t\t\t\t\t\t\t\t<a class=\"elementor-toggle-title\" tabindex=\"0\">10 dagen toppen van de Balkan zonder gids <\/a>\n\t\t\t\t\t<\/h3>\n\n\t\t\t\t\t<div id=\"elementor-tab-content-1892\" class=\"elementor-tab-content elementor-clearfix\" data-tab=\"2\" role=\"region\" aria-labelledby=\"elementor-tab-title-1892\"><p>Deze zelfbeheerde <b>10 dagen wandelen<\/b> neemt je mee door drie landen: <b>Albani\u00eb, Kosovo en Montenegro<\/b>. We hebben de tour een beetje geoptimaliseerd om een aantal van de minder mooie secties te vermijden, en in plaats daarvan <b>Hoogtepunten zoals Mount Trekufiri en Lake Hrid<\/b> die naar onze mening bijzonder de moeite waard zijn.<\/p><p><img decoding=\"async\" class=\"alignnone size-full wp-image-15473\" src=\"https:\/\/peaksofthebalkans.at\/wp-content\/uploads\/2026\/02\/Peaks-of-the-Balkans-Selbst-Gefuehrt-10-Tage-Wanderung.webp\" alt=\"Toppen van de Balkan 10 daagse tocht Wandelaars voor de afdaling in de Theth vallei\" width=\"1024\" height=\"768\" srcset=\"https:\/\/peaksofthebalkans.at\/wp-content\/uploads\/2026\/02\/Peaks-of-the-Balkans-Selbst-Gefuehrt-10-Tage-Wanderung.webp 1024w, https:\/\/peaksofthebalkans.at\/wp-content\/uploads\/2026\/02\/Peaks-of-the-Balkans-Selbst-Gefuehrt-10-Tage-Wanderung-300x225.webp 300w, https:\/\/peaksofthebalkans.at\/wp-content\/uploads\/2026\/02\/Peaks-of-the-Balkans-Selbst-Gefuehrt-10-Tage-Wanderung-768x576.webp 768w, https:\/\/peaksofthebalkans.at\/wp-content\/uploads\/2026\/02\/Peaks-of-the-Balkans-Selbst-Gefuehrt-10-Tage-Wanderung-16x12.webp 16w\" sizes=\"(max-width: 1024px) 100vw, 1024px\" \/><\/p><p><strong>Hoogtepunten<\/strong><\/p><ul><li>Overnachting in het herdersdorp Doberdol, het meest afgelegen deel van de route<\/li><li>Beklimming van de hoogste piek in Kosovo - Gjeravica<\/li><li>Ervaar het Hrid-meer in het hart van Prokletije op bijna 2000 meter boven zeeniveau.<\/li><\/ul><p><strong>\u00a0<\/strong><\/p><p><strong>Route &amp; hoogtemeters<\/strong><\/p><p>Dag 01: Aankomst in Shkoder\u00a0<\/p><p>Dag 02: Transfer naar Theth, wandeling Theth - Valbone (ca. 6:30 uur - 10 km, 1125 m stijgen, 750 m dalen)\u00a0<\/p><p>Dag 03: Wandeling Valbone - Persllopit Pas - Cerem (ca. 8 uur - 14 km, 1200 meter stijgen, 950 meter dalen)\u00a0<\/p><p>Dag 04: Wandeling Cerem - Balqin - Doberdol (ca. 6 uur - 16 km, 1100 meter stijgen, 450 meter dalen)\u00a0<\/p><p>Dag 05: Wandeling Doberdol - (Mt. Gjeravica) - Bjeshka Tropojes (ca. 5 uur - 12,5 km, 550 meter stijgen, 525 meter dalen)\u00a0<\/p><p>Dag 06: Wandeling Bjeshka Tropojes - Roshkodol Pas - Milishevc (ca. 6,5 uur - 16 km, 775 meter stijgen, 950 meter dalen)\u00a0<\/p><p>Dag 07: Wandeling Milishevc - Ravno Brdo - Babino Polje (ca. 6 uur - 12 km, 750 meter stijgen, 850 meter dalen)\u00a0<\/p><p>Dag 08: Wandeling Babino Polje - Mt. Bor - Vusanje (ca. 6,5 uur - 18 km, 550 meter stijgen, 1050 meter dalen)\u00a0<\/p><p>Dag 09: Wandeling Vusanje - Theth, transfer naar Shkoder (ca. 8 uur - 16,5 km, 1050 meter stijgen, 1000 meter dalen)\u00a0<\/p><p>Dag 10: Shkoder - Vertrek<\/p><p><strong>Inbegrepen<\/strong><\/p><ul><li>Overnachting in tweepersoonskamer: 2x hotel, 5x pension, 2x hut<\/li><li>Transfers zoals aangegeven in de reisbeschrijving<\/li><li>Maaltijden (9x ontbijt, 8x lunchpakket, 8x avondeten)<\/li><li>Grensvergunningen (vergunningen voor grensoverschrijding)<\/li><li>GPS-bestanden &amp; routebeschrijving\u00a0<\/li><\/ul><\/div>\n\t\t\t\t<\/div>\n\t\t\t\t\t\t\t<div class=\"elementor-toggle-item\">\n\t\t\t\t\t<h3 id=\"elementor-tab-title-1893\" class=\"elementor-tab-title\" data-tab=\"3\" role=\"button\" aria-controls=\"elementor-tab-content-1893\" aria-expanded=\"false\">\n\t\t\t\t\t\t\t\t\t\t\t\t<a class=\"elementor-toggle-title\" tabindex=\"0\">8 dagen Pieken van de Balkan zonder gids <\/a>\n\t\t\t\t\t<\/h3>\n\n\t\t\t\t\t<div id=\"elementor-tab-content-1893\" class=\"elementor-tab-content elementor-clearfix\" data-tab=\"3\" role=\"region\" aria-labelledby=\"elementor-tab-title-1893\"><p>De begeleide <b>8 daagse rondreis<\/b> door de Vervloekte Bergen is voor diegenen die de voorkeur geven aan een kortere rondwandeling door de toppen van de Balkan, maar zonder de boottocht door het fjordachtige landschap van het Comameer te missen. De route neemt een <b>Kortere route van Albani\u00eb naar Montenegro, zonder Kosovo, met alle hoogtepunten van de route<\/b>.<\/p><p><img loading=\"lazy\" decoding=\"async\" class=\"alignnone size-full wp-image-15478\" src=\"https:\/\/peaksofthebalkans.at\/wp-content\/uploads\/2026\/02\/Peaks-of-the-Balkans-Selbst-Gefuehrt-8-Tage-Wander-Tour-Albanien.jpg\" alt=\"De toppen van de Balkan 8-daagse trektocht Albani\u00eb met gids\" width=\"1024\" height=\"768\" srcset=\"https:\/\/peaksofthebalkans.at\/wp-content\/uploads\/2026\/02\/Peaks-of-the-Balkans-Selbst-Gefuehrt-8-Tage-Wander-Tour-Albanien.jpg 1024w, https:\/\/peaksofthebalkans.at\/wp-content\/uploads\/2026\/02\/Peaks-of-the-Balkans-Selbst-Gefuehrt-8-Tage-Wander-Tour-Albanien-300x225.jpg 300w, https:\/\/peaksofthebalkans.at\/wp-content\/uploads\/2026\/02\/Peaks-of-the-Balkans-Selbst-Gefuehrt-8-Tage-Wander-Tour-Albanien-768x576.jpg 768w, https:\/\/peaksofthebalkans.at\/wp-content\/uploads\/2026\/02\/Peaks-of-the-Balkans-Selbst-Gefuehrt-8-Tage-Wander-Tour-Albanien-16x12.jpg 16w\" sizes=\"(max-width: 1024px) 100vw, 1024px\" \/><\/p><p><strong>Hoogtepunten:<\/strong><\/p><ul><li>Ferry overtocht op het Komani meer (ticket inbegrepen)<\/li><li>Beklim de Trekufiri en geniet van het unieke uitzicht op drie landen.<\/li><li>Wandel van Theth naar Valbone, het hoogtepunt van de Albanese Alpen met een spectaculair uitzicht op de Valbona-vallei.<\/li><li>Wandel van Vusanje naar Theth, waar je kunt zien hoe de grenzen tijdens de Koude Oorlog werden bewaakt met afgelegen bunkers.<\/li><\/ul><p><strong>\u00a0<\/strong><\/p><p><strong>Routebeschrijving:<\/strong><\/p><p>Dag 01: Luchthaventransfer &amp; aankomst in Shkoder - Hotel\/priv\u00e9 (-\/-)<\/p><p>Dag 02: Transfer naar Koman, ferry overtocht naar Fierze, wandeling naar Valbone (7,5 km, 250 m stijgen, 50 m dalen) - hotel\/priv\u00e9 (ontbijt\/lunchpakket\/diner)<\/p><p>Dag 03: Transfer naar Cerem, wandeling Cerem - Doberdol (ca. 6 uur - 16 km, 1100 meter stijgen, 450 meter dalen) - pension\/priv\u00e9 (F\/LP\/A)<\/p><p>Dag 04: Wandeling Doberdol - Mt. Trekufiri - Meer Hrid - Bajrovica Katun (ca. 5 uur - 13 km, 675 meter stijgen, 725 meter dalen) - hut\/priv\u00e9 (F\/LP\/A)<\/p><p>Dag 05: Transfer naar Grebaja vallei, rondwandeling naar Taljanka top, Vusanje (ca. 6,5 uur - 12 km, 950 meter stijgen, 950 meter dalen) - pension\/priv\u00e9 (F\/LP\/A)<\/p><p>Dag 06: Wandeling Vusanje - Peja Pas - Theth (ca. 8 uur - 16,5 km, 1050 meter stijgen, 1000 meter dalen) - pension\/priv\u00e9 (F\/LP\/A)<\/p><p>Dag 07: Wandeling Theth - Nderlyse, transfer naar Shkoder en vervolgens naar Tirana (ca. 2 uur - 8 km, 150 meter stijgen, 400 meter dalen) - hotel\/priv\u00e9 (F\/LP\/-)<\/p><p>Dag 08: (Transfer naar luchthaven Tirana) - Vertrek - (F\/-\/-)<\/p><p><strong>Bij de prijs inbegrepen:<\/strong><\/p><ul><li>Accommodatie in priv\u00e9kamers: 3x hotel, 6x pension, 1x hut<\/li><li>Alle transfers zoals aangegeven in het reisschema in priv\u00e9voertuigen<\/li><li>Maaltijden (10x ontbijt, 9x lunchpakket, 9x avondeten)<\/li><li>Grensvergunningen (vergunningen voor grensoverschrijding)<\/li><li><strong>Bagagetransport tussen de wandeletappes<\/strong><\/li><li><strong>Luchthaventransfers bij aankomst &amp; vertrek, meet &amp; greet met briefing bij aankomst (TIA)<\/strong><\/li><li><strong>Garmin GPS &amp; lokale mobiele telefoon bij aankomst, gedetailleerde routebeschrijving<\/strong><\/li><\/ul><\/div>\n\t\t\t\t<\/div>\n\t\t\t\t\t\t\t\t<\/div>\n\t\t\t\t\t\t<\/div>\n\t\t\t\t\t<\/div>\n\t\t<\/div>\n\t\t\t\t\t<\/div>\n\t\t<\/section>\n\t\t\t\t<section class=\"elementor-section elementor-top-section elementor-element elementor-element-af9cd01 elementor-section-boxed elementor-section-height-default elementor-section-height-default\" data-id=\"af9cd01\" data-element_type=\"section\" data-e-type=\"section\">\n\t\t\t\t\t\t<div class=\"elementor-container elementor-column-gap-default\">\n\t\t\t\t\t<div class=\"elementor-column elementor-col-100 elementor-top-column elementor-element elementor-element-6581208\" data-id=\"6581208\" data-element_type=\"column\" data-e-type=\"column\">\n\t\t\t<div class=\"elementor-widget-wrap elementor-element-populated\">\n\t\t\t\t\t\t<div class=\"elementor-element elementor-element-dca5d13 elementor-widget elementor-widget-text-editor\" data-id=\"dca5d13\" data-element_type=\"widget\" data-e-type=\"widget\" data-widget_type=\"text-editor.default\">\n\t\t\t\t\t\t\t\t\t<h2 style=\"text-align: center;\">Biedt rondleidingen op eigen gelegenheid<\/h2>\t\t\t\t\t\t\t\t<\/div>\n\t\t\t\t\t<\/div>\n\t\t<\/div>\n\t\t\t\t\t<\/div>\n\t\t<\/section>\n\t\t\t\t<section class=\"elementor-section elementor-top-section elementor-element elementor-element-fbca12a elementor-section-boxed elementor-section-height-default elementor-section-height-default\" data-id=\"fbca12a\" data-element_type=\"section\" data-e-type=\"section\">\n\t\t\t\t\t\t<div class=\"elementor-container elementor-column-gap-no\">\n\t\t\t\t\t<div class=\"elementor-column elementor-col-100 elementor-top-column elementor-element elementor-element-6d5aa18\" data-id=\"6d5aa18\" data-element_type=\"column\" data-e-type=\"column\">\n\t\t\t<div class=\"elementor-widget-wrap elementor-element-populated\">\n\t\t\t\t\t\t<section class=\"elementor-section elementor-inner-section elementor-element elementor-element-12616b3 elementor-section-full_width elementor-section-height-default elementor-section-height-default\" data-id=\"12616b3\" data-element_type=\"section\" data-e-type=\"section\">\n\t\t\t\t\t\t<div class=\"elementor-container elementor-column-gap-no\">\n\t\t\t\t\t<div class=\"elementor-column elementor-col-33 elementor-inner-column elementor-element elementor-element-640b9e7\" data-id=\"640b9e7\" data-element_type=\"column\" data-e-type=\"column\">\n\t\t\t<div class=\"elementor-widget-wrap elementor-element-populated\">\n\t\t\t\t\t\t<section class=\"elementor-section elementor-inner-section elementor-element elementor-element-05b89e8 elementor-section-boxed elementor-section-height-default elementor-section-height-default\" data-id=\"05b89e8\" data-element_type=\"section\" data-e-type=\"section\">\n\t\t\t\t\t\t<div class=\"elementor-container elementor-column-gap-no\">\n\t\t\t\t\t<div class=\"elementor-column elementor-col-100 elementor-inner-column elementor-element elementor-element-84df75b\" data-id=\"84df75b\" data-element_type=\"column\" data-e-type=\"column\" data-settings=\"{&quot;background_background&quot;:&quot;classic&quot;}\">\n\t\t\t<div class=\"elementor-widget-wrap elementor-element-populated\">\n\t\t\t\t\t\t<section class=\"elementor-section elementor-inner-section elementor-element elementor-element-29ba3b4 elementor-section-boxed elementor-section-height-default elementor-section-height-default\" data-id=\"29ba3b4\" data-element_type=\"section\" data-e-type=\"section\">\n\t\t\t\t\t\t<div class=\"elementor-container elementor-column-gap-default\">\n\t\t\t\t\t<div class=\"elementor-column elementor-col-50 elementor-inner-column elementor-element elementor-element-63cc398\" data-id=\"63cc398\" data-element_type=\"column\" data-e-type=\"column\">\n\t\t\t<div class=\"elementor-widget-wrap\">\n\t\t\t\t\t\t\t<\/div>\n\t\t<\/div>\n\t\t\t\t<div class=\"elementor-column elementor-col-50 elementor-inner-column elementor-element elementor-element-2965cc2\" data-id=\"2965cc2\" data-element_type=\"column\" data-e-type=\"column\">\n\t\t\t<div class=\"elementor-widget-wrap\">\n\t\t\t\t\t\t\t<\/div>\n\t\t<\/div>\n\t\t\t\t\t<\/div>\n\t\t<\/section>\n\t\t\t\t<div class=\"elementor-element elementor-element-63040d2 elementor-widget elementor-widget-spacer\" data-id=\"63040d2\" data-element_type=\"widget\" data-e-type=\"widget\" data-widget_type=\"spacer.default\">\n\t\t\t\t\t\t\t<div class=\"elementor-spacer\">\n\t\t\t<div class=\"elementor-spacer-inner\"><\/div>\n\t\t<\/div>\n\t\t\t\t\t\t<\/div>\n\t\t\t\t\t<\/div>\n\t\t<\/div>\n\t\t\t\t\t<\/div>\n\t\t<\/section>\n\t\t\t\t<div class=\"elementor-element elementor-element-0190617 elementor-align-center elementor-icon-list--layout-traditional elementor-list-item-link-full_width elementor-widget elementor-widget-icon-list\" data-id=\"0190617\" data-element_type=\"widget\" data-e-type=\"widget\" data-widget_type=\"icon-list.default\">\n\t\t\t\t\t\t\t<ul class=\"elementor-icon-list-items\">\n\t\t\t\t\t\t\t<li class=\"elementor-icon-list-item\">\n\t\t\t\t\t\t\t\t\t\t\t<a href=\"https:\/\/www.abenteueralbanien.de\/peaks-of-the-balkans-5-10-days\/\" target=\"_blank\" rel=\"noopener\">\n\n\t\t\t\t\t\t\t\t\t\t\t<span class=\"elementor-icon-list-text\"><h4>Hoogtepunten van de Balkan 11 dagen, prijs vanaf \u20ac 890<span style=\"background-color: transparent;, sans-serif;font-size: 30px;font-weight: 800\"><\/span><\/h4><\/span>\n\t\t\t\t\t\t\t\t\t\t\t<\/a>\n\t\t\t\t\t\t\t\t\t<\/li>\n\t\t\t\t\t\t<\/ul>\n\t\t\t\t\t\t<\/div>\n\t\t\t\t<section class=\"elementor-section elementor-inner-section elementor-element elementor-element-b53199d elementor-section-boxed elementor-section-height-default elementor-section-height-default\" data-id=\"b53199d\" data-element_type=\"section\" data-e-type=\"section\">\n\t\t\t\t\t\t<div class=\"elementor-container elementor-column-gap-no\">\n\t\t\t\t\t<div class=\"elementor-column elementor-col-100 elementor-inner-column elementor-element elementor-element-38708f0\" data-id=\"38708f0\" data-element_type=\"column\" data-e-type=\"column\">\n\t\t\t<div class=\"elementor-widget-wrap elementor-element-populated\">\n\t\t\t\t\t\t<div class=\"elementor-element elementor-element-097af31 elementor-widget elementor-widget-text-editor\" data-id=\"097af31\" data-element_type=\"widget\" data-e-type=\"widget\" data-widget_type=\"text-editor.default\">\n\t\t\t\t\t\t\t\t\t<p><strong>Landen:<\/strong> Albani\u00eb, Kosovo en Montenegro<\/p>\t\t\t\t\t\t\t\t<\/div>\n\t\t\t\t<div class=\"elementor-element elementor-element-fd64099 elementor-widget elementor-widget-text-editor\" data-id=\"fd64099\" data-element_type=\"widget\" data-e-type=\"widget\" data-widget_type=\"text-editor.default\">\n\t\t\t\t\t\t\t\t\t<p><strong style=\"color: var( --e-global-color-text ); font-family: var( --e-global-typography-text-font-family ), Sans-serif; font-size: var( --e-global-typography-text-font-size );\">Duur:<\/strong><span style=\"color: var( --e-global-color-text ); font-family: var( --e-global-typography-text-font-family ), Sans-serif; font-size: var( --e-global-typography-text-font-size );\"> 11 dagen <\/span><strong style=\"color: var( --e-global-color-text ); font-family: var( --e-global-typography-text-font-family ), Sans-serif; font-size: var( --e-global-typography-text-font-size );\">Moeilijkheidsgraad:<\/strong><span style=\"color: var( --e-global-color-text ); font-family: var( --e-global-typography-text-font-family ), Sans-serif; font-size: var( --e-global-typography-text-font-size );\"> Matig<\/span><\/p><p><strong>Beschikbaarheid:<\/strong> Juni - oktober<\/p><p>11 dagen wandelen in de Pieken van de Balkan, een reis die je door drie landen voert: Albani\u00eb, Kosovo en Montenegro.<\/p>\t\t\t\t\t\t\t\t<\/div>\n\t\t\t\t<div class=\"elementor-element elementor-element-aee3828 elementor-align-center elementor-widget elementor-widget-button\" data-id=\"aee3828\" data-element_type=\"widget\" data-e-type=\"widget\" data-widget_type=\"button.default\">\n\t\t\t\t\t\t\t\t\t\t<a class=\"elementor-button elementor-button-link elementor-size-sm elementor-animation-float\" href=\"https:\/\/www.abenteueralbanien.de\/peaks-of-the-balkans-5-10-days\/\" target=\"_blank\" rel=\"noopener\">\n\t\t\t\t\t\t<span class=\"elementor-button-content-wrapper\">\n\t\t\t\t\t\t\t\t\t<span class=\"elementor-button-text\">Details tonen<\/span>\n\t\t\t\t\t<\/span>\n\t\t\t\t\t<\/a>\n\t\t\t\t\t\t\t\t<\/div>\n\t\t\t\t\t<\/div>\n\t\t<\/div>\n\t\t\t\t\t<\/div>\n\t\t<\/section>\n\t\t\t\t\t<\/div>\n\t\t<\/div>\n\t\t\t\t<div class=\"elementor-column elementor-col-33 elementor-inner-column elementor-element elementor-element-bbf53fe\" data-id=\"bbf53fe\" data-element_type=\"column\" data-e-type=\"column\">\n\t\t\t<div class=\"elementor-widget-wrap elementor-element-populated\">\n\t\t\t\t\t\t<section class=\"elementor-section elementor-inner-section elementor-element elementor-element-644eb13 elementor-section-boxed elementor-section-height-default elementor-section-height-default\" data-id=\"644eb13\" data-element_type=\"section\" data-e-type=\"section\">\n\t\t\t\t\t\t<div class=\"elementor-container elementor-column-gap-no\">\n\t\t\t\t\t<div class=\"elementor-column elementor-col-100 elementor-inner-column elementor-element elementor-element-24f5f51\" data-id=\"24f5f51\" data-element_type=\"column\" data-e-type=\"column\" data-settings=\"{&quot;background_background&quot;:&quot;classic&quot;}\">\n\t\t\t<div class=\"elementor-widget-wrap elementor-element-populated\">\n\t\t\t\t\t\t<section class=\"elementor-section elementor-inner-section elementor-element elementor-element-645e1f4 elementor-section-boxed elementor-section-height-default elementor-section-height-default\" data-id=\"645e1f4\" data-element_type=\"section\" data-e-type=\"section\">\n\t\t\t\t\t\t<div class=\"elementor-container elementor-column-gap-default\">\n\t\t\t\t\t<div class=\"elementor-column elementor-col-50 elementor-inner-column elementor-element elementor-element-1208c06\" data-id=\"1208c06\" data-element_type=\"column\" data-e-type=\"column\">\n\t\t\t<div class=\"elementor-widget-wrap\">\n\t\t\t\t\t\t\t<\/div>\n\t\t<\/div>\n\t\t\t\t<div class=\"elementor-column elementor-col-50 elementor-inner-column elementor-element elementor-element-359c3b3\" data-id=\"359c3b3\" data-element_type=\"column\" data-e-type=\"column\">\n\t\t\t<div class=\"elementor-widget-wrap\">\n\t\t\t\t\t\t\t<\/div>\n\t\t<\/div>\n\t\t\t\t\t<\/div>\n\t\t<\/section>\n\t\t\t\t<div class=\"elementor-element elementor-element-5f1645f elementor-widget elementor-widget-spacer\" data-id=\"5f1645f\" data-element_type=\"widget\" data-e-type=\"widget\" data-widget_type=\"spacer.default\">\n\t\t\t\t\t\t\t<div class=\"elementor-spacer\">\n\t\t\t<div class=\"elementor-spacer-inner\"><\/div>\n\t\t<\/div>\n\t\t\t\t\t\t<\/div>\n\t\t\t\t\t<\/div>\n\t\t<\/div>\n\t\t\t\t\t<\/div>\n\t\t<\/section>\n\t\t\t\t<div class=\"elementor-element elementor-element-743c389 elementor-align-center elementor-icon-list--layout-traditional elementor-list-item-link-full_width elementor-widget elementor-widget-icon-list\" data-id=\"743c389\" data-element_type=\"widget\" data-e-type=\"widget\" data-widget_type=\"icon-list.default\">\n\t\t\t\t\t\t\t<ul class=\"elementor-icon-list-items\">\n\t\t\t\t\t\t\t<li class=\"elementor-icon-list-item\">\n\t\t\t\t\t\t\t\t\t\t\t<a href=\"https:\/\/www.abenteueralbanien.de\/peaks-of-the-balkans-5-10-days\/\" target=\"_blank\" rel=\"noopener\">\n\n\t\t\t\t\t\t\t\t\t\t\t<span class=\"elementor-icon-list-text\"><h4> Pieken van de Balkan 10 dagen zonder gids, prijs \u20ac 765 <span style=\"background-color: transparent;, sans-serif;font-size: 10px;font-weight: 500\"><\/span><\/h4><\/span>\n\t\t\t\t\t\t\t\t\t\t\t<\/a>\n\t\t\t\t\t\t\t\t\t<\/li>\n\t\t\t\t\t\t<\/ul>\n\t\t\t\t\t\t<\/div>\n\t\t\t\t<section class=\"elementor-section elementor-inner-section elementor-element elementor-element-e290c67 elementor-section-boxed elementor-section-height-default elementor-section-height-default\" data-id=\"e290c67\" data-element_type=\"section\" data-e-type=\"section\">\n\t\t\t\t\t\t<div class=\"elementor-container elementor-column-gap-no\">\n\t\t\t\t\t<div class=\"elementor-column elementor-col-100 elementor-inner-column elementor-element elementor-element-06b9cb5\" data-id=\"06b9cb5\" data-element_type=\"column\" data-e-type=\"column\">\n\t\t\t<div class=\"elementor-widget-wrap elementor-element-populated\">\n\t\t\t\t\t\t<div class=\"elementor-element elementor-element-2d2233c elementor-widget elementor-widget-text-editor\" data-id=\"2d2233c\" data-element_type=\"widget\" data-e-type=\"widget\" data-widget_type=\"text-editor.default\">\n\t\t\t\t\t\t\t\t\t<p><strong>Landen: <\/strong>Albani\u00eb, Kosovo en Montenegro<\/p>\t\t\t\t\t\t\t\t<\/div>\n\t\t\t\t<div class=\"elementor-element elementor-element-ac0d4af elementor-widget elementor-widget-text-editor\" data-id=\"ac0d4af\" data-element_type=\"widget\" data-e-type=\"widget\" data-widget_type=\"text-editor.default\">\n\t\t\t\t\t\t\t\t\t<p><strong style=\"color: var( --e-global-color-text ); font-family: var( --e-global-typography-text-font-family ), Sans-serif; font-size: var( --e-global-typography-text-font-size );\">Duur:<\/strong><span style=\"color: var( --e-global-color-text ); font-family: var( --e-global-typography-text-font-family ), Sans-serif; font-size: var( --e-global-typography-text-font-size );\"> 10 dagen <\/span><strong style=\"color: var( --e-global-color-text ); font-family: var( --e-global-typography-text-font-family ), Sans-serif; font-size: var( --e-global-typography-text-font-size );\">Moeilijkheidsgraad:<\/strong><span style=\"color: var( --e-global-color-text ); font-family: var( --e-global-typography-text-font-family ), Sans-serif; font-size: var( --e-global-typography-text-font-size );\"> Matig<\/span><\/p>\n<p><strong style=\"color: var( --e-global-color-text ); font-family: var( --e-global-typography-text-font-family ), Sans-serif; font-size: var( --e-global-typography-text-font-size );\">Beschikbaarheid:<\/strong><span style=\"color: var( --e-global-color-text ); font-family: var( --e-global-typography-text-font-family ), Sans-serif; font-size: var( --e-global-typography-text-font-size );\"> Juni - oktober<\/span><\/p>\n<p>Natuurlijke en culturele monumenten, mensen en tradities, landschappen met wilde natuur - dit alles vind je langs de routes die door deze bergen leiden.<\/p>\t\t\t\t\t\t\t\t<\/div>\n\t\t\t\t<div class=\"elementor-element elementor-element-5e2a6b4 elementor-align-center elementor-widget elementor-widget-button\" data-id=\"5e2a6b4\" data-element_type=\"widget\" data-e-type=\"widget\" data-widget_type=\"button.default\">\n\t\t\t\t\t\t\t\t\t\t<a class=\"elementor-button elementor-button-link elementor-size-sm elementor-animation-float\" href=\"https:\/\/www.abenteueralbanien.de\/peaks-of-the-balkans-5-10-days\/\" target=\"_blank\" rel=\"noopener\">\n\t\t\t\t\t\t<span class=\"elementor-button-content-wrapper\">\n\t\t\t\t\t\t\t\t\t<span class=\"elementor-button-text\">Details tonen<\/span>\n\t\t\t\t\t<\/span>\n\t\t\t\t\t<\/a>\n\t\t\t\t\t\t\t\t<\/div>\n\t\t\t\t\t<\/div>\n\t\t<\/div>\n\t\t\t\t\t<\/div>\n\t\t<\/section>\n\t\t\t\t\t<\/div>\n\t\t<\/div>\n\t\t\t\t<div class=\"elementor-column elementor-col-33 elementor-inner-column elementor-element elementor-element-1b90171\" data-id=\"1b90171\" data-element_type=\"column\" data-e-type=\"column\">\n\t\t\t<div class=\"elementor-widget-wrap elementor-element-populated\">\n\t\t\t\t\t\t<section class=\"elementor-section elementor-inner-section elementor-element elementor-element-cf64f85 elementor-section-boxed elementor-section-height-default elementor-section-height-default\" data-id=\"cf64f85\" data-element_type=\"section\" data-e-type=\"section\">\n\t\t\t\t\t\t<div class=\"elementor-container elementor-column-gap-no\">\n\t\t\t\t\t<div class=\"elementor-column elementor-col-100 elementor-inner-column elementor-element elementor-element-d9966a3\" data-id=\"d9966a3\" data-element_type=\"column\" data-e-type=\"column\" data-settings=\"{&quot;background_background&quot;:&quot;classic&quot;}\">\n\t\t\t<div class=\"elementor-widget-wrap elementor-element-populated\">\n\t\t\t\t\t\t<section class=\"elementor-section elementor-inner-section elementor-element elementor-element-e46c75a elementor-section-boxed elementor-section-height-default elementor-section-height-default\" data-id=\"e46c75a\" data-element_type=\"section\" data-e-type=\"section\">\n\t\t\t\t\t\t<div class=\"elementor-container elementor-column-gap-default\">\n\t\t\t\t\t<div class=\"elementor-column elementor-col-50 elementor-inner-column elementor-element elementor-element-17a79c5\" data-id=\"17a79c5\" data-element_type=\"column\" data-e-type=\"column\">\n\t\t\t<div class=\"elementor-widget-wrap\">\n\t\t\t\t\t\t\t<\/div>\n\t\t<\/div>\n\t\t\t\t<div class=\"elementor-column elementor-col-50 elementor-inner-column elementor-element elementor-element-21004ac\" data-id=\"21004ac\" data-element_type=\"column\" data-e-type=\"column\">\n\t\t\t<div class=\"elementor-widget-wrap\">\n\t\t\t\t\t\t\t<\/div>\n\t\t<\/div>\n\t\t\t\t\t<\/div>\n\t\t<\/section>\n\t\t\t\t<div class=\"elementor-element elementor-element-32f0ba2 elementor-widget elementor-widget-spacer\" data-id=\"32f0ba2\" data-element_type=\"widget\" data-e-type=\"widget\" data-widget_type=\"spacer.default\">\n\t\t\t\t\t\t\t<div class=\"elementor-spacer\">\n\t\t\t<div class=\"elementor-spacer-inner\"><\/div>\n\t\t<\/div>\n\t\t\t\t\t\t<\/div>\n\t\t\t\t\t<\/div>\n\t\t<\/div>\n\t\t\t\t\t<\/div>\n\t\t<\/section>\n\t\t\t\t<div class=\"elementor-element elementor-element-30d7d23 elementor-align-center elementor-icon-list--layout-traditional elementor-list-item-link-full_width elementor-widget elementor-widget-icon-list\" data-id=\"30d7d23\" data-element_type=\"widget\" data-e-type=\"widget\" data-widget_type=\"icon-list.default\">\n\t\t\t\t\t\t\t<ul class=\"elementor-icon-list-items\">\n\t\t\t\t\t\t\t<li class=\"elementor-icon-list-item\">\n\t\t\t\t\t\t\t\t\t\t\t<a href=\"https:\/\/www.abenteueralbanien.de\/peaks-of-the-balkans-5-10-days\/\" target=\"_blank\" rel=\"noopener\">\n\n\t\t\t\t\t\t\t\t\t\t\t<span class=\"elementor-icon-list-text\"><h4> Hoogtepunten van de Balkan 7 dagen zonder gids, prijs \u20ac 615 <h4><\/span>\n\t\t\t\t\t\t\t\t\t\t\t<\/a>\n\t\t\t\t\t\t\t\t\t<\/li>\n\t\t\t\t\t\t<\/ul>\n\t\t\t\t\t\t<\/div>\n\t\t\t\t<section class=\"elementor-section elementor-inner-section elementor-element elementor-element-004e9c0 elementor-section-boxed elementor-section-height-default elementor-section-height-default\" data-id=\"004e9c0\" data-element_type=\"section\" data-e-type=\"section\">\n\t\t\t\t\t\t<div class=\"elementor-container elementor-column-gap-no\">\n\t\t\t\t\t<div class=\"elementor-column elementor-col-100 elementor-inner-column elementor-element elementor-element-230a135\" data-id=\"230a135\" data-element_type=\"column\" data-e-type=\"column\">\n\t\t\t<div class=\"elementor-widget-wrap elementor-element-populated\">\n\t\t\t\t\t\t<div class=\"elementor-element elementor-element-f8d4714 elementor-widget elementor-widget-text-editor\" data-id=\"f8d4714\" data-element_type=\"widget\" data-e-type=\"widget\" data-widget_type=\"text-editor.default\">\n\t\t\t\t\t\t\t\t\t<p><strong>Landen:<\/strong> Albani\u00eb en Montenegro<\/p>\n<p>\u00a0<\/p>\t\t\t\t\t\t\t\t<\/div>\n\t\t\t\t<div class=\"elementor-element elementor-element-464b44d elementor-widget elementor-widget-text-editor\" data-id=\"464b44d\" data-element_type=\"widget\" data-e-type=\"widget\" data-widget_type=\"text-editor.default\">\n\t\t\t\t\t\t\t\t\t<p><strong style=\"color: var( --e-global-color-text ); font-family: var( --e-global-typography-text-font-family ), Sans-serif; font-size: var( --e-global-typography-text-font-size );\">Duur:<\/strong><span style=\"color: var( --e-global-color-text ); font-family: var( --e-global-typography-text-font-family ), Sans-serif; font-size: var( --e-global-typography-text-font-size );\"> 7 dagen | <\/span><strong style=\"color: var( --e-global-color-text ); font-family: var( --e-global-typography-text-font-family ), Sans-serif; font-size: var( --e-global-typography-text-font-size );\">Moeilijkheidsgraad:<\/strong><span style=\"color: var( --e-global-color-text ); font-family: var( --e-global-typography-text-font-family ), Sans-serif; font-size: var( --e-global-typography-text-font-size );\"> Matig<\/span><\/p><p><strong style=\"color: var( --e-global-color-text ); font-family: var( --e-global-typography-text-font-family ), Sans-serif; font-size: var( --e-global-typography-text-font-size );\">Beschikbaarheid:<\/strong><span style=\"color: var( --e-global-color-text ); font-family: var( --e-global-typography-text-font-family ), Sans-serif; font-size: var( --e-global-typography-text-font-size );\"> Juni - oktober<\/span><\/p><p>Geniet acht dagen van de toppen van de Balkan tijdens een self-guided tour langs de belangrijkste hoogtepunten van het noorden van Albani\u00eb en Montenegro.<\/p>\t\t\t\t\t\t\t\t<\/div>\n\t\t\t\t\t<\/div>\n\t\t<\/div>\n\t\t\t\t\t<\/div>\n\t\t<\/section>\n\t\t\t\t<div class=\"elementor-element elementor-element-4074e82 elementor-align-center elementor-widget elementor-widget-button\" data-id=\"4074e82\" data-element_type=\"widget\" data-e-type=\"widget\" data-widget_type=\"button.default\">\n\t\t\t\t\t\t\t\t\t\t<a class=\"elementor-button elementor-button-link elementor-size-sm elementor-animation-float\" href=\"https:\/\/www.abenteueralbanien.de\/peaks-of-the-balkans-5-10-days\/\" target=\"_blank\" rel=\"noopener\">\n\t\t\t\t\t\t<span class=\"elementor-button-content-wrapper\">\n\t\t\t\t\t\t\t\t\t<span class=\"elementor-button-text\">Details tonen<\/span>\n\t\t\t\t\t<\/span>\n\t\t\t\t\t<\/a>\n\t\t\t\t\t\t\t\t<\/div>\n\t\t\t\t\t<\/div>\n\t\t<\/div>\n\t\t\t\t\t<\/div>\n\t\t<\/section>\n\t\t\t\t\t<\/div>\n\t\t<\/div>\n\t\t\t\t\t<\/div>\n\t\t<\/section>\n\t\t\t\t<section class=\"elementor-section elementor-top-section elementor-element elementor-element-cc03c4a elementor-section-boxed elementor-section-height-default elementor-section-height-default\" data-id=\"cc03c4a\" data-element_type=\"section\" data-e-type=\"section\">\n\t\t\t\t\t\t<div class=\"elementor-container elementor-column-gap-default\">\n\t\t\t\t\t<div class=\"elementor-column elementor-col-100 elementor-top-column elementor-element elementor-element-4b5f499\" data-id=\"4b5f499\" data-element_type=\"column\" data-e-type=\"column\">\n\t\t\t<div class=\"elementor-widget-wrap elementor-element-populated\">\n\t\t\t\t\t\t<div class=\"elementor-element elementor-element-6ec767d elementor-align-center elementor-widget elementor-widget-button\" data-id=\"6ec767d\" data-element_type=\"widget\" data-e-type=\"widget\" data-widget_type=\"button.default\">\n\t\t\t\t\t\t\t\t\t\t<a class=\"elementor-button elementor-button-link elementor-size-md elementor-animation-float\" href=\"https:\/\/www.abenteueralbanien.de\/peaks-of-the-balkans-5-10-days\/\" target=\"_blank\" rel=\"noopener\">\n\t\t\t\t\t\t<span class=\"elementor-button-content-wrapper\">\n\t\t\t\t\t\t\t\t\t<span class=\"elementor-button-text\">BEKIJK ALLE AANBIEDINGEN<\/span>\n\t\t\t\t\t<\/span>\n\t\t\t\t\t<\/a>\n\t\t\t\t\t\t\t\t<\/div>\n\t\t\t\t\t<\/div>\n\t\t<\/div>\n\t\t\t\t\t<\/div>\n\t\t<\/section>\n\t\t\t\t<section class=\"elementor-section elementor-top-section elementor-element elementor-element-910f339 elementor-section-boxed elementor-section-height-default elementor-section-height-default\" data-id=\"910f339\" data-element_type=\"section\" data-e-type=\"section\">\n\t\t\t\t\t\t<div class=\"elementor-container elementor-column-gap-default\">\n\t\t\t\t\t<div class=\"elementor-column elementor-col-100 elementor-top-column elementor-element elementor-element-4ed2678\" data-id=\"4ed2678\" data-element_type=\"column\" data-e-type=\"column\">\n\t\t\t<div class=\"elementor-widget-wrap elementor-element-populated\">\n\t\t\t\t\t\t<div class=\"elementor-element elementor-element-85dc13d elementor-widget elementor-widget-text-editor\" data-id=\"85dc13d\" data-element_type=\"widget\" data-e-type=\"widget\" data-widget_type=\"text-editor.default\">\n\t\t\t\t\t\t\t\t\t<h4><b>Pieken van de Balkan Trail - Tour informatie<\/b><\/h4>\t\t\t\t\t\t\t\t<\/div>\n\t\t\t\t\t<\/div>\n\t\t<\/div>\n\t\t\t\t\t<\/div>\n\t\t<\/section>\n\t\t\t\t<section class=\"elementor-section elementor-top-section elementor-element elementor-element-bb11a9e elementor-section-boxed elementor-section-height-default elementor-section-height-default\" data-id=\"bb11a9e\" data-element_type=\"section\" data-e-type=\"section\">\n\t\t\t\t\t\t<div class=\"elementor-container elementor-column-gap-default\">\n\t\t\t\t\t<div class=\"elementor-column elementor-col-100 elementor-top-column elementor-element elementor-element-66c5b83\" data-id=\"66c5b83\" data-element_type=\"column\" data-e-type=\"column\">\n\t\t\t<div class=\"elementor-widget-wrap elementor-element-populated\">\n\t\t\t\t\t\t<div class=\"elementor-element elementor-element-298b5e1 elementor-widget elementor-widget-text-editor\" data-id=\"298b5e1\" data-element_type=\"widget\" data-e-type=\"widget\" data-widget_type=\"text-editor.default\">\n\t\t\t\t\t\t\t\t\t<p>De Piek van de Balkan is de beroemdste langeafstandswandelroute in de Balkan en voert door het nog weinig bekende drielandenpunt van Kosovo, Albani\u00eb en Montenegro langs een wilde en ongerepte bergwereld in de Dinarische Alpen. Ruige kliffen, heldere bergmeren, warme gastvrijheid, eenzaamheid, smalle paden, groene alpenweiden omringd door hoge bergtoppen!<\/p><p><img loading=\"lazy\" decoding=\"async\" class=\"alignnone size-full wp-image-15488\" src=\"https:\/\/peaksofthebalkans.at\/wp-content\/uploads\/2026\/02\/Peaks-of-the-Balkans-Self-Guided.jpg\" alt=\"Balkanpieken Wandeling met gids op de top\" width=\"2000\" height=\"1500\" srcset=\"https:\/\/peaksofthebalkans.at\/wp-content\/uploads\/2026\/02\/Peaks-of-the-Balkans-Self-Guided.jpg 2000w, https:\/\/peaksofthebalkans.at\/wp-content\/uploads\/2026\/02\/Peaks-of-the-Balkans-Self-Guided-300x225.jpg 300w, https:\/\/peaksofthebalkans.at\/wp-content\/uploads\/2026\/02\/Peaks-of-the-Balkans-Self-Guided-1024x768.jpg 1024w, https:\/\/peaksofthebalkans.at\/wp-content\/uploads\/2026\/02\/Peaks-of-the-Balkans-Self-Guided-768x576.jpg 768w, https:\/\/peaksofthebalkans.at\/wp-content\/uploads\/2026\/02\/Peaks-of-the-Balkans-Self-Guided-1536x1152.jpg 1536w, https:\/\/peaksofthebalkans.at\/wp-content\/uploads\/2026\/02\/Peaks-of-the-Balkans-Self-Guided-16x12.jpg 16w\" sizes=\"(max-width: 2000px) 100vw, 2000px\" \/><\/p><p>We bieden deze tour aan als ZELF-GUIDED, dat wil zeggen dat we de hele organisatie en boeking voor onze rekening nemen. Dit betekent transfers, eten en accommodatie, beschikbaar zijn tijdens de tour en het opsturen van alle GPX-wandelroutes, zodat je je nergens zorgen over hoeft te maken en meteen kunt beginnen met wandelen.<\/p>\t\t\t\t\t\t\t\t<\/div>\n\t\t\t\t\t<\/div>\n\t\t<\/div>\n\t\t\t\t\t<\/div>\n\t\t<\/section>\n\t\t\t\t<section class=\"elementor-section elementor-top-section elementor-element elementor-element-64570c3 elementor-section-boxed elementor-section-height-default elementor-section-height-default\" data-id=\"64570c3\" data-element_type=\"section\" data-e-type=\"section\">\n\t\t\t\t\t\t<div class=\"elementor-container elementor-column-gap-default\">\n\t\t\t\t\t<div class=\"elementor-column elementor-col-50 elementor-top-column elementor-element elementor-element-12d869b\" data-id=\"12d869b\" data-element_type=\"column\" data-e-type=\"column\">\n\t\t\t<div class=\"elementor-widget-wrap elementor-element-populated\">\n\t\t\t\t\t\t<div class=\"elementor-element elementor-element-8e49626 elementor-widget elementor-widget-text-editor\" data-id=\"8e49626\" data-element_type=\"widget\" data-e-type=\"widget\" data-widget_type=\"text-editor.default\">\n\t\t\t\t\t\t\t\t\t<p><b>Inbegrepen in de prijs<\/b><\/p><p>- Alle transfers zoals aangegeven in het reisschema<\/p><p>- Accommodatie en catering tijdens de wandeling<\/p><p>- Grensvergunningen<\/p><p>- GPX-bestanden voor navigatie en ondersteuning ter plaatse<\/p><p><b>Niet inbegrepen<\/b><\/p><p>- Alcoholische dranken of frisdrank<\/p><p>- Bagagetransport (kan op verzoek worden verzorgd)<\/p><p><strong>Startpunt:\u00a0<\/strong>De Pieken van de Balkan wandelroute heeft verschillende instappunten. <b>In Albani\u00eb kun je naar Theth of Valbona gaan.<\/b> start. Je vliegt naar de hoofdstad Tirana en reist met het openbaar vervoer naar het startpunt in Shkoder (duur ca. 2 uur) om de volgende dag aan de wandeling te beginnen.<\/p>\t\t\t\t\t\t\t\t<\/div>\n\t\t\t\t\t<\/div>\n\t\t<\/div>\n\t\t\t\t<div class=\"elementor-column elementor-col-50 elementor-top-column elementor-element elementor-element-9f30529\" data-id=\"9f30529\" data-element_type=\"column\" data-e-type=\"column\">\n\t\t\t<div class=\"elementor-widget-wrap elementor-element-populated\">\n\t\t\t\t\t\t<div class=\"elementor-element elementor-element-68992b8 elementor-widget elementor-widget-text-editor\" data-id=\"68992b8\" data-element_type=\"widget\" data-e-type=\"widget\" data-widget_type=\"text-editor.default\">\n\t\t\t\t\t\t\t\t\t<p><strong>Moeilijkheidsgraad:<\/strong> De pieken van de Balkan is een must voor elke fanatieke wandelaar en heeft een moeilijkheidsgraad van <em>gemakkelijk tot matig moeilijk<\/em> aan. De Balkan Trail vereist een goede fysieke conditie en de juiste wandeluitrusting (wandelschoenen, waterdichte kleding, lampen, GPS, EHBO-kit, mobiele telefoon). De zelfstandige tocht \"Pieken van de Balkan\" is een trekkingroute van ongeveer 200 kilometer door Kosovo, Montenegro en Albani\u00eb.<\/p>\n<p><strong>Vereiste reisdocumenten:<\/strong> Geldig paspoort of identiteitskaart (minstens 3 extra maanden)<\/p>\n<p><strong>Valuta:<\/strong> De munteenheid in Albani\u00eb is de lek (ALL). De euro wordt echter vaak geaccepteerd. De offici\u00eble munteenheid in Kosovo en Montenegro is de euro. Let op: Lek kun je alleen in Albani\u00eb kopen.<\/p>\n<p><strong>Stroomvoorziening en stopcontacten<\/strong>220 V, 50 Hz, tweepolige ronde stekker.<\/p>\n<p><b>Beschikbaarheid van geldautomaten<\/b> (tijdens de trekking)<\/p>\n<ul>\n<li>Tirana &amp; Shkoder<\/li>\n<li>Gusinje &amp; Plav<\/li>\n<\/ul>\t\t\t\t\t\t\t\t<\/div>\n\t\t\t\t\t<\/div>\n\t\t<\/div>\n\t\t\t\t\t<\/div>\n\t\t<\/section>\n\t\t\t\t<section class=\"elementor-section elementor-top-section elementor-element elementor-element-954d8b9 elementor-section-boxed elementor-section-height-default elementor-section-height-default\" data-id=\"954d8b9\" data-element_type=\"section\" data-e-type=\"section\">\n\t\t\t\t\t\t<div class=\"elementor-container elementor-column-gap-default\">\n\t\t\t\t\t<div class=\"elementor-column elementor-col-100 elementor-top-column elementor-element elementor-element-3d38d04\" data-id=\"3d38d04\" data-element_type=\"column\" data-e-type=\"column\">\n\t\t\t<div class=\"elementor-widget-wrap elementor-element-populated\">\n\t\t\t\t\t\t<div class=\"elementor-element elementor-element-c4152d1 elementor-align-justify elementor-widget elementor-widget-button\" data-id=\"c4152d1\" data-element_type=\"widget\" data-e-type=\"widget\" data-widget_type=\"button.default\">\n\t\t\t\t\t\t\t\t\t\t<a class=\"elementor-button elementor-button-link elementor-size-sm elementor-animation-float\" href=\"https:\/\/www.abenteueralbanien.de\/peaks-of-the-balkans-5-10-days\/\" target=\"_blank\" rel=\"noopener\">\n\t\t\t\t\t\t<span class=\"elementor-button-content-wrapper\">\n\t\t\t\t\t\t\t\t\t<span class=\"elementor-button-text\">Peaks of the Balkans Trail boeken<\/span>\n\t\t\t\t\t<\/span>\n\t\t\t\t\t<\/a>\n\t\t\t\t\t\t\t\t<\/div>\n\t\t\t\t\t<\/div>\n\t\t<\/div>\n\t\t\t\t\t<\/div>\n\t\t<\/section>\n\t\t\t\t<section class=\"elementor-section elementor-top-section elementor-element elementor-element-be71e13 elementor-section-boxed elementor-section-height-default elementor-section-height-default\" data-id=\"be71e13\" data-element_type=\"section\" data-e-type=\"section\">\n\t\t\t\t\t\t<div class=\"elementor-container elementor-column-gap-default\">\n\t\t\t\t\t<div class=\"elementor-column elementor-col-100 elementor-top-column elementor-element elementor-element-38e8ab8\" data-id=\"38e8ab8\" data-element_type=\"column\" data-e-type=\"column\">\n\t\t\t<div class=\"elementor-widget-wrap elementor-element-populated\">\n\t\t\t\t\t\t<section class=\"elementor-section elementor-inner-section elementor-element elementor-element-335b44f elementor-section-boxed elementor-section-height-default elementor-section-height-default\" data-id=\"335b44f\" data-element_type=\"section\" data-e-type=\"section\">\n\t\t\t\t\t\t<div class=\"elementor-container elementor-column-gap-default\">\n\t\t\t\t\t<div class=\"elementor-column elementor-col-100 elementor-inner-column elementor-element elementor-element-bfceb31\" data-id=\"bfceb31\" data-element_type=\"column\" data-e-type=\"column\">\n\t\t\t<div class=\"elementor-widget-wrap elementor-element-populated\">\n\t\t\t\t\t\t<div class=\"elementor-element elementor-element-5dee73f elementor-widget elementor-widget-heading\" data-id=\"5dee73f\" data-element_type=\"widget\" data-e-type=\"widget\" data-widget_type=\"heading.default\">\n\t\t\t\t\t<h4 class=\"elementor-heading-title elementor-size-default\">Hoogtepunten<\/h4>\t\t\t\t<\/div>\n\t\t\t\t\t<\/div>\n\t\t<\/div>\n\t\t\t\t\t<\/div>\n\t\t<\/section>\n\t\t\t\t<section class=\"elementor-section elementor-inner-section elementor-element elementor-element-e1a085e elementor-section-full_width elementor-section-height-default elementor-section-height-default\" data-id=\"e1a085e\" data-element_type=\"section\" data-e-type=\"section\">\n\t\t\t\t\t\t<div class=\"elementor-container elementor-column-gap-default\">\n\t\t\t\t\t<div class=\"elementor-column elementor-col-33 elementor-inner-column elementor-element elementor-element-fc7f0ec\" data-id=\"fc7f0ec\" data-element_type=\"column\" data-e-type=\"column\">\n\t\t\t<div class=\"elementor-widget-wrap elementor-element-populated\">\n\t\t\t\t\t\t<div class=\"elementor-element elementor-element-f232d8d elementor-widget elementor-widget-image\" data-id=\"f232d8d\" data-element_type=\"widget\" data-e-type=\"widget\" data-widget_type=\"image.default\">\n\t\t\t\t\t\t\t\t\t\t\t\t\t\t\t\t<a href=\"https:\/\/peaksofthebalkans.at\/wp-content\/uploads\/2026\/01\/Theth-Dorf-Albanien-Kirche.jpg\" data-elementor-open-lightbox=\"yes\" data-elementor-lightbox-title=\"Theth Dorf Albanien Kirche\" data-elementor-lightbox-description=\"Kirche in Theth vor hohen Gipfeln in den Albanischen Alpen\" data-e-action-hash=\"#elementor-action%3Aaction%3Dlightbox%26settings%3DeyJpZCI6MTQ3MzgsInVybCI6Imh0dHBzOlwvXC9wZWFrc29mdGhlYmFsa2Fucy5hdFwvd3AtY29udGVudFwvdXBsb2Fkc1wvMjAyNlwvMDFcL1RoZXRoLURvcmYtQWxiYW5pZW4tS2lyY2hlLmpwZyJ9\">\n\t\t\t\t\t\t\t<img loading=\"lazy\" decoding=\"async\" width=\"1024\" height=\"768\" src=\"https:\/\/peaksofthebalkans.at\/wp-content\/uploads\/2026\/01\/Theth-Dorf-Albanien-Kirche.jpg\" class=\"attachment-full size-full wp-image-14738\" alt=\"Kerk in Theth voor hoge bergtoppen in de Albanese Alpen\" srcset=\"https:\/\/peaksofthebalkans.at\/wp-content\/uploads\/2026\/01\/Theth-Dorf-Albanien-Kirche.jpg 1024w, https:\/\/peaksofthebalkans.at\/wp-content\/uploads\/2026\/01\/Theth-Dorf-Albanien-Kirche-300x225.jpg 300w, https:\/\/peaksofthebalkans.at\/wp-content\/uploads\/2026\/01\/Theth-Dorf-Albanien-Kirche-768x576.jpg 768w, https:\/\/peaksofthebalkans.at\/wp-content\/uploads\/2026\/01\/Theth-Dorf-Albanien-Kirche-16x12.jpg 16w\" sizes=\"(max-width: 1024px) 100vw, 1024px\" \/>\t\t\t\t\t\t\t\t<\/a>\n\t\t\t\t\t\t\t\t\t\t\t\t\t\t\t<\/div>\n\t\t\t\t<div class=\"elementor-element elementor-element-6255ce7 elementor-widget elementor-widget-heading\" data-id=\"6255ce7\" data-element_type=\"widget\" data-e-type=\"widget\" data-widget_type=\"heading.default\">\n\t\t\t\t\t<h5 class=\"elementor-heading-title elementor-size-default\"><a href=\"https:\/\/peaksofthebalkans.at\/nl\/theth-albanie\/\">THETH<\/a><\/h5>\t\t\t\t<\/div>\n\t\t\t\t\t<\/div>\n\t\t<\/div>\n\t\t\t\t<div class=\"elementor-column elementor-col-33 elementor-inner-column elementor-element elementor-element-1285f4a\" data-id=\"1285f4a\" data-element_type=\"column\" data-e-type=\"column\">\n\t\t\t<div class=\"elementor-widget-wrap elementor-element-populated\">\n\t\t\t\t\t\t<div class=\"elementor-element elementor-element-cd2ba55 elementor-widget elementor-widget-image\" data-id=\"cd2ba55\" data-element_type=\"widget\" data-e-type=\"widget\" data-widget_type=\"image.default\">\n\t\t\t\t\t\t\t\t\t\t\t\t\t\t\t\t<a href=\"https:\/\/peaksofthebalkans.at\/wp-content\/uploads\/2026\/01\/Hrid-See.jpg\" data-elementor-open-lightbox=\"yes\" data-elementor-lightbox-title=\"Hrid See\" data-elementor-lightbox-description=\"Hrid See vor gr\u00fcnen Tannen die sich im Wasser spiegeln\" data-e-action-hash=\"#elementor-action%3Aaction%3Dlightbox%26settings%3DeyJpZCI6MTQ3MzksInVybCI6Imh0dHBzOlwvXC9wZWFrc29mdGhlYmFsa2Fucy5hdFwvd3AtY29udGVudFwvdXBsb2Fkc1wvMjAyNlwvMDFcL0hyaWQtU2VlLmpwZyJ9\">\n\t\t\t\t\t\t\t<img loading=\"lazy\" decoding=\"async\" width=\"1024\" height=\"649\" src=\"https:\/\/peaksofthebalkans.at\/wp-content\/uploads\/2026\/01\/Hrid-See.jpg\" class=\"attachment-1536x1536 size-1536x1536 wp-image-14739\" alt=\"Hrid meer voor groene dennenbomen weerspiegeld in het water\" srcset=\"https:\/\/peaksofthebalkans.at\/wp-content\/uploads\/2026\/01\/Hrid-See.jpg 1024w, https:\/\/peaksofthebalkans.at\/wp-content\/uploads\/2026\/01\/Hrid-See-300x190.jpg 300w, https:\/\/peaksofthebalkans.at\/wp-content\/uploads\/2026\/01\/Hrid-See-768x487.jpg 768w, https:\/\/peaksofthebalkans.at\/wp-content\/uploads\/2026\/01\/Hrid-See-18x12.jpg 18w\" sizes=\"(max-width: 1024px) 100vw, 1024px\" \/>\t\t\t\t\t\t\t\t<\/a>\n\t\t\t\t\t\t\t\t\t\t\t\t\t\t\t<\/div>\n\t\t\t\t<div class=\"elementor-element elementor-element-e4a6907 elementor-widget elementor-widget-heading\" data-id=\"e4a6907\" data-element_type=\"widget\" data-e-type=\"widget\" data-widget_type=\"heading.default\">\n\t\t\t\t\t<h5 class=\"elementor-heading-title elementor-size-default\">HRID MEREN<\/h5>\t\t\t\t<\/div>\n\t\t\t\t\t<\/div>\n\t\t<\/div>\n\t\t\t\t<div class=\"elementor-column elementor-col-33 elementor-inner-column elementor-element elementor-element-5a04d63\" data-id=\"5a04d63\" data-element_type=\"column\" data-e-type=\"column\">\n\t\t\t<div class=\"elementor-widget-wrap elementor-element-populated\">\n\t\t\t\t\t\t<div class=\"elementor-element elementor-element-3104a11 elementor-widget elementor-widget-image\" data-id=\"3104a11\" data-element_type=\"widget\" data-e-type=\"widget\" data-widget_type=\"image.default\">\n\t\t\t\t\t\t\t\t\t\t\t\t\t\t\t\t<a href=\"https:\/\/peaksofthebalkans.at\/wp-content\/uploads\/2026\/01\/Theth-Valbona-Pass.jpg\" data-elementor-open-lightbox=\"yes\" data-elementor-lightbox-title=\"Theth Valbona Pass\" data-e-action-hash=\"#elementor-action%3Aaction%3Dlightbox%26settings%3DeyJpZCI6MTQ3NDAsInVybCI6Imh0dHBzOlwvXC9wZWFrc29mdGhlYmFsa2Fucy5hdFwvd3AtY29udGVudFwvdXBsb2Fkc1wvMjAyNlwvMDFcL1RoZXRoLVZhbGJvbmEtUGFzcy5qcGcifQ%3D%3D\">\n\t\t\t\t\t\t\t<img loading=\"lazy\" decoding=\"async\" width=\"1024\" height=\"768\" src=\"https:\/\/peaksofthebalkans.at\/wp-content\/uploads\/2026\/01\/Theth-Valbona-Pass.jpg\" class=\"attachment-full size-full wp-image-14740\" alt=\"\" srcset=\"https:\/\/peaksofthebalkans.at\/wp-content\/uploads\/2026\/01\/Theth-Valbona-Pass.jpg 1024w, https:\/\/peaksofthebalkans.at\/wp-content\/uploads\/2026\/01\/Theth-Valbona-Pass-300x225.jpg 300w, https:\/\/peaksofthebalkans.at\/wp-content\/uploads\/2026\/01\/Theth-Valbona-Pass-768x576.jpg 768w, https:\/\/peaksofthebalkans.at\/wp-content\/uploads\/2026\/01\/Theth-Valbona-Pass-16x12.jpg 16w\" sizes=\"(max-width: 1024px) 100vw, 1024px\" \/>\t\t\t\t\t\t\t\t<\/a>\n\t\t\t\t\t\t\t\t\t\t\t\t\t\t\t<\/div>\n\t\t\t\t<div class=\"elementor-element elementor-element-44cc08f elementor-widget elementor-widget-heading\" data-id=\"44cc08f\" data-element_type=\"widget\" data-e-type=\"widget\" data-widget_type=\"heading.default\">\n\t\t\t\t\t<h5 class=\"elementor-heading-title elementor-size-default\"><a href=\"https:\/\/peaksofthebalkans.at\/nl\/valbona-albanie\/\">VALBONA PASS<\/a><\/h5>\t\t\t\t<\/div>\n\t\t\t\t\t<\/div>\n\t\t<\/div>\n\t\t\t\t\t<\/div>\n\t\t<\/section>\n\t\t\t\t\t<\/div>\n\t\t<\/div>\n\t\t\t\t\t<\/div>\n\t\t<\/section>\n\t\t\t\t<section class=\"elementor-section elementor-top-section elementor-element elementor-element-846677e elementor-section-boxed elementor-section-height-default elementor-section-height-default\" data-id=\"846677e\" data-element_type=\"section\" data-e-type=\"section\">\n\t\t\t\t\t\t<div class=\"elementor-container elementor-column-gap-default\">\n\t\t\t\t\t<div class=\"elementor-column elementor-col-100 elementor-top-column elementor-element elementor-element-dbb8e5a\" data-id=\"dbb8e5a\" data-element_type=\"column\" data-e-type=\"column\">\n\t\t\t<div class=\"elementor-widget-wrap elementor-element-populated\">\n\t\t\t\t\t\t<div class=\"elementor-element elementor-element-e54e95d elementor-widget elementor-widget-text-editor\" data-id=\"e54e95d\" data-element_type=\"widget\" data-e-type=\"widget\" data-widget_type=\"text-editor.default\">\n\t\t\t\t\t\t\t\t\t<ul><li>Wandel langs de spannendste bergwandelroute van Europa tussen Albani\u00eb, Montenegro en Kosovo en ontdek de vervloekte bergen<\/li><li>Doorkruis de Drin Canyon (Komani meer) in Albani\u00eb<\/li><li>Ervaar de schoonheid van de Theth Valley met zijn traditionele huizen, de kerk, de Blue Eye en de waterval<\/li><li>Steek de Valbonapas (1.811 m) over in het gelijknamige nationale park met panoramisch uitzicht over Theth en de Valbonavallei.<\/li><li>Breng de nacht door in het herdersdorp Doberdol, een hoogtepunt van de reis naar de toppen van de Balkan, dat indruk maakt door de afgelegen ligging en het panoramische uitzicht op de omliggende valleien.<\/li><li>Ervaar hoe het met bosbessen bedekte pad je naar Montenegro leidt, naar het goed verborgen meer Hrid<\/li><li>Geniet van de warme gastvrijheid van de lokale bevolking en het traditionele eten in de bergen<\/li><\/ul>\t\t\t\t\t\t\t\t<\/div>\n\t\t\t\t<div class=\"elementor-element elementor-element-13ebf2e elementor-align-justify elementor-widget elementor-widget-button\" data-id=\"13ebf2e\" data-element_type=\"widget\" data-e-type=\"widget\" data-widget_type=\"button.default\">\n\t\t\t\t\t\t\t\t\t\t<a class=\"elementor-button elementor-button-link elementor-size-sm elementor-animation-float\" href=\"https:\/\/www.abenteueralbanien.de\/peaks-of-the-balkans-5-10-days\/\" target=\"_blank\" rel=\"noopener\">\n\t\t\t\t\t\t<span class=\"elementor-button-content-wrapper\">\n\t\t\t\t\t\t\t\t\t<span class=\"elementor-button-text\">Peaks of the Balkans Trail boeken<\/span>\n\t\t\t\t\t<\/span>\n\t\t\t\t\t<\/a>\n\t\t\t\t\t\t\t\t<\/div>\n\t\t\t\t\t<\/div>\n\t\t<\/div>\n\t\t\t\t\t<\/div>\n\t\t<\/section>\n\t\t\t\t<\/div>","protected":false},"excerpt":{"rendered":"<p>Erlebe den Peaks of the Balkans selbst gef\u00fchrt. Touren k\u00f6nnen flexibel organisiert werden f\u00fcr 8 &#8211; 11 Tage Wandern in den abgelegensten Gebieten.<\/p>","protected":false},"author":6,"featured_media":12145,"parent":0,"menu_order":0,"comment_status":"closed","ping_status":"closed","template":"","meta":{"footnotes":""},"class_list":["post-11541","page","type-page","status-publish","has-post-thumbnail","hentry"],"_links":{"self":[{"href":"https:\/\/peaksofthebalkans.at\/nl\/wp-json\/wp\/v2\/pages\/11541","targetHints":{"allow":["GET"]}}],"collection":[{"href":"https:\/\/peaksofthebalkans.at\/nl\/wp-json\/wp\/v2\/pages"}],"about":[{"href":"https:\/\/peaksofthebalkans.at\/nl\/wp-json\/wp\/v2\/types\/page"}],"author":[{"embeddable":true,"href":"https:\/\/peaksofthebalkans.at\/nl\/wp-json\/wp\/v2\/users\/6"}],"replies":[{"embeddable":true,"href":"https:\/\/peaksofthebalkans.at\/nl\/wp-json\/wp\/v2\/comments?post=11541"}],"version-history":[{"count":448,"href":"https:\/\/peaksofthebalkans.at\/nl\/wp-json\/wp\/v2\/pages\/11541\/revisions"}],"predecessor-version":[{"id":16136,"href":"https:\/\/peaksofthebalkans.at\/nl\/wp-json\/wp\/v2\/pages\/11541\/revisions\/16136"}],"wp:featuredmedia":[{"embeddable":true,"href":"https:\/\/peaksofthebalkans.at\/nl\/wp-json\/wp\/v2\/media\/12145"}],"wp:attachment":[{"href":"https:\/\/peaksofthebalkans.at\/nl\/wp-json\/wp\/v2\/media?parent=11541"}],"curies":[{"name":"wp","href":"https:\/\/api.w.org\/{rel}","templated":true}]}}