{"id":12164,"date":"2024-02-12T06:50:09","date_gmt":"2024-02-12T05:50:09","guid":{"rendered":"https:\/\/project.howdymeta.com\/?page_id=12164"},"modified":"2026-04-01T10:58:26","modified_gmt":"2026-04-01T08:58:26","slug":"visita-guidata","status":"publish","type":"page","link":"https:\/\/peaksofthebalkans.at\/it\/gefuhrte-tour\/","title":{"rendered":"Cime dei Balcani - Visita guidata"},"content":{"rendered":"\t\t<div data-elementor-type=\"wp-page\" data-elementor-id=\"12164\" class=\"elementor elementor-12164\" data-elementor-post-type=\"page\">\n\t\t\t\t\t\t<section class=\"elementor-section elementor-top-section elementor-element elementor-element-8812d81 elementor-section-boxed elementor-section-height-default elementor-section-height-default\" data-id=\"8812d81\" data-element_type=\"section\" data-e-type=\"section\">\n\t\t\t\t\t\t<div class=\"elementor-container elementor-column-gap-default\">\n\t\t\t\t\t<div class=\"elementor-column elementor-col-100 elementor-top-column elementor-element elementor-element-fc7990d\" data-id=\"fc7990d\" data-element_type=\"column\" data-e-type=\"column\">\n\t\t\t<div class=\"elementor-widget-wrap elementor-element-populated\">\n\t\t\t\t\t\t<section class=\"elementor-section elementor-inner-section elementor-element elementor-element-4e47d87 elementor-section-boxed elementor-section-height-default elementor-section-height-default\" data-id=\"4e47d87\" data-element_type=\"section\" data-e-type=\"section\">\n\t\t\t\t\t\t<div class=\"elementor-container elementor-column-gap-default\">\n\t\t\t\t\t<div class=\"elementor-column elementor-col-100 elementor-inner-column elementor-element elementor-element-c4f838e\" data-id=\"c4f838e\" data-element_type=\"column\" data-e-type=\"column\">\n\t\t\t<div class=\"elementor-widget-wrap elementor-element-populated\">\n\t\t\t\t\t\t<div class=\"elementor-element elementor-element-e1f59cd elementor-widget elementor-widget-heading\" data-id=\"e1f59cd\" data-element_type=\"widget\" data-e-type=\"widget\" data-widget_type=\"heading.default\">\n\t\t\t\t\t<h1 class=\"elementor-heading-title elementor-size-default\">PEAKS OF THE BALKANS - GEF\u00dcHRTE TOUR <\/h1>\t\t\t\t<\/div>\n\t\t\t\t<div class=\"elementor-element elementor-element-6650775 elementor-widget__width-initial elementor-widget elementor-widget-text-editor\" data-id=\"6650775\" data-element_type=\"widget\" data-e-type=\"widget\" data-widget_type=\"text-editor.default\">\n\t\t\t\t\t\t\t\t\t<p style=\"text-align: left;\"><strong>Erlebe den Peaks of the Balkans Trail auf einer gef\u00fchrten Tour mit pers\u00f6nlichem Wanderf\u00fchrer durch die unber\u00fchrte Natur der &#8222;Accursed Mountains&#8220;, die in drei Balkanl\u00e4ndern liegen &#8211; Albanien, Montenegro und Kosovo.<\/strong><\/p>\t\t\t\t\t\t\t\t<\/div>\n\t\t\t\t\t<\/div>\n\t\t<\/div>\n\t\t\t\t\t<\/div>\n\t\t<\/section>\n\t\t\t\t\t<\/div>\n\t\t<\/div>\n\t\t\t\t\t<\/div>\n\t\t<\/section>\n\t\t\t\t<section class=\"elementor-section elementor-top-section elementor-element elementor-element-432ed7c elementor-section-boxed elementor-section-height-default elementor-section-height-default\" data-id=\"432ed7c\" data-element_type=\"section\" data-e-type=\"section\">\n\t\t\t\t\t\t<div class=\"elementor-container elementor-column-gap-default\">\n\t\t\t\t\t<div class=\"elementor-column elementor-col-50 elementor-top-column elementor-element elementor-element-d80a22b\" data-id=\"d80a22b\" data-element_type=\"column\" data-e-type=\"column\">\n\t\t\t<div class=\"elementor-widget-wrap elementor-element-populated\">\n\t\t\t\t\t\t<div class=\"elementor-element elementor-element-7b2e8dc elementor-pagination-position-inside elementor-arrows-position-inside elementor-widget elementor-widget-image-carousel\" data-id=\"7b2e8dc\" data-element_type=\"widget\" data-e-type=\"widget\" data-settings=\"{&quot;slides_to_show&quot;:&quot;1&quot;,&quot;navigation&quot;:&quot;both&quot;,&quot;autoplay&quot;:&quot;yes&quot;,&quot;pause_on_hover&quot;:&quot;yes&quot;,&quot;pause_on_interaction&quot;:&quot;yes&quot;,&quot;autoplay_speed&quot;:5000,&quot;infinite&quot;:&quot;yes&quot;,&quot;effect&quot;:&quot;slide&quot;,&quot;speed&quot;:500}\" data-widget_type=\"image-carousel.default\">\n\t\t\t\t\t\t\t<div class=\"elementor-image-carousel-wrapper swiper\" role=\"region\" aria-roledescription=\"carousel\" aria-label=\"Bild Karussell\" dir=\"ltr\">\n\t\t\t<div class=\"elementor-image-carousel swiper-wrapper\" aria-live=\"off\">\n\t\t\t\t\t\t\t\t<div class=\"swiper-slide\" role=\"group\" aria-roledescription=\"slide\" aria-label=\"1 von 10\"><figure class=\"swiper-slide-inner\"><img decoding=\"async\" class=\"swiper-slide-image\" src=\"https:\/\/peaksofthebalkans.at\/wp-content\/uploads\/2026\/02\/Peaks-of-the-Balkans-Gefuehrte-Tour-Gruppe-am-Wandern.jpg\" alt=\"Peaks of the Balkans Gef\u00fchrte Tour 12 Tage Gruppe am Wandern\" \/><\/figure><\/div><div class=\"swiper-slide\" role=\"group\" aria-roledescription=\"slide\" aria-label=\"2 von 10\"><figure class=\"swiper-slide-inner\"><img decoding=\"async\" class=\"swiper-slide-image\" src=\"https:\/\/peaksofthebalkans.at\/wp-content\/uploads\/2026\/02\/Peaks-of-the-Balkans-Tour-Schafe-auf-gruener-Wiese.jpg\" alt=\"Peaks of the Balkans Tour Schafe auf gr\u00fcner Wiese\" \/><\/figure><\/div><div class=\"swiper-slide\" role=\"group\" aria-roledescription=\"slide\" aria-label=\"3 von 10\"><figure class=\"swiper-slide-inner\"><img decoding=\"async\" class=\"swiper-slide-image\" src=\"https:\/\/peaksofthebalkans.at\/wp-content\/uploads\/2026\/02\/Peaks-of-the-Balkans-Tour-Albanien-Pferde-vor-hohen-Gipfeln.jpg\" alt=\"Peaks of the Balkans Tour Albanien Pferde vor hohen Gipfeln\" \/><\/figure><\/div><div class=\"swiper-slide\" role=\"group\" aria-roledescription=\"slide\" aria-label=\"4 von 10\"><figure class=\"swiper-slide-inner\"><img decoding=\"async\" class=\"swiper-slide-image\" src=\"https:\/\/peaksofthebalkans.at\/wp-content\/uploads\/2026\/02\/Peaks-of-the-Balkans-unberuehrte-Natur-Albanien.jpg\" alt=\"Peaks of the Balkans unber\u00fchrte Natur Albanien\" \/><\/figure><\/div><div class=\"swiper-slide\" role=\"group\" aria-roledescription=\"slide\" aria-label=\"5 von 10\"><figure class=\"swiper-slide-inner\"><img decoding=\"async\" class=\"swiper-slide-image\" src=\"https:\/\/peaksofthebalkans.at\/wp-content\/uploads\/2026\/03\/Peaks-of-the-Balkans-Gefuehrt.jpg\" alt=\"Peaks of the Balkans Gef\u00fchrt\" \/><\/figure><\/div><div class=\"swiper-slide\" role=\"group\" aria-roledescription=\"slide\" aria-label=\"6 von 10\"><figure class=\"swiper-slide-inner\"><img decoding=\"async\" class=\"swiper-slide-image\" src=\"https:\/\/peaksofthebalkans.at\/wp-content\/uploads\/2026\/03\/Peaks-of-the-Balkans-Gefuehrte-Tour-.jpg\" alt=\"Peaks of the Balkans Gef\u00fchrte Tour\" \/><\/figure><\/div><div class=\"swiper-slide\" role=\"group\" aria-roledescription=\"slide\" aria-label=\"7 von 10\"><figure class=\"swiper-slide-inner\"><img decoding=\"async\" class=\"swiper-slide-image\" src=\"https:\/\/peaksofthebalkans.at\/wp-content\/uploads\/2026\/03\/Peaks-of-the-Balkans-Gefuehrte-Tour-8-Tage-Gruppe-am-Wandern.jpg\" alt=\"Peaks of the Balkans Gef\u00fchrte Tour 8 Tage Gruppe am Wandern\" \/><\/figure><\/div><div class=\"swiper-slide\" role=\"group\" aria-roledescription=\"slide\" aria-label=\"8 von 10\"><figure class=\"swiper-slide-inner\"><img decoding=\"async\" class=\"swiper-slide-image\" src=\"https:\/\/peaksofthebalkans.at\/wp-content\/uploads\/2026\/03\/Peaks-of-the-Balkans-Gefuehrte-Tour-12-Tage-Gruppe-.jpg\" alt=\"Peaks of the Balkans Gef\u00fchrte Tour 12 Tage Gruppe\" \/><\/figure><\/div><div class=\"swiper-slide\" role=\"group\" aria-roledescription=\"slide\" aria-label=\"9 von 10\"><figure class=\"swiper-slide-inner\"><img decoding=\"async\" class=\"swiper-slide-image\" src=\"https:\/\/peaksofthebalkans.at\/wp-content\/uploads\/2026\/03\/Peaks-of-the-Balkans-Gefuehrte-Tour-12-Tage-Gruppe-am-Wandern.jpg\" alt=\"Peaks of the Balkans Gef\u00fchrte Tour 12 Tage Gruppe am Wandern\" \/><\/figure><\/div><div class=\"swiper-slide\" role=\"group\" aria-roledescription=\"slide\" aria-label=\"10 von 10\"><figure class=\"swiper-slide-inner\"><img decoding=\"async\" class=\"swiper-slide-image\" src=\"https:\/\/peaksofthebalkans.at\/wp-content\/uploads\/2026\/03\/Peaks-of-the-Balkans-33.jpg\" alt=\"Peaks of the Balkans Essen\" \/><\/figure><\/div>\t\t\t<\/div>\n\t\t\t\t\t\t\t\t\t\t\t\t<div class=\"elementor-swiper-button elementor-swiper-button-prev\" role=\"button\" tabindex=\"0\">\n\t\t\t\t\t\t<svg aria-hidden=\"true\" class=\"e-font-icon-svg e-fas-chevron-left\" viewBox=\"0 0 320 512\" xmlns=\"http:\/\/www.w3.org\/2000\/svg\"><path d=\"M34.52 239.03L228.87 44.69c9.37-9.37 24.57-9.37 33.94 0l22.67 22.67c9.36 9.36 9.37 24.52.04 33.9L131.49 256l154.02 154.75c9.34 9.38 9.32 24.54-.04 33.9l-22.67 22.67c-9.37 9.37-24.57 9.37-33.94 0L34.52 272.97c-9.37-9.37-9.37-24.57 0-33.94z\"><\/path><\/svg>\t\t\t\t\t<\/div>\n\t\t\t\t\t<div class=\"elementor-swiper-button elementor-swiper-button-next\" role=\"button\" tabindex=\"0\">\n\t\t\t\t\t\t<svg aria-hidden=\"true\" class=\"e-font-icon-svg e-fas-chevron-right\" viewBox=\"0 0 320 512\" xmlns=\"http:\/\/www.w3.org\/2000\/svg\"><path d=\"M285.476 272.971L91.132 467.314c-9.373 9.373-24.569 9.373-33.941 0l-22.667-22.667c-9.357-9.357-9.375-24.522-.04-33.901L188.505 256 34.484 101.255c-9.335-9.379-9.317-24.544.04-33.901l22.667-22.667c9.373-9.373 24.569-9.373 33.941 0L285.475 239.03c9.373 9.372 9.373 24.568.001 33.941z\"><\/path><\/svg>\t\t\t\t\t<\/div>\n\t\t\t\t\n\t\t\t\t\t\t\t\t\t<div class=\"swiper-pagination\"><\/div>\n\t\t\t\t\t\t\t\t\t<\/div>\n\t\t\t\t\t\t<\/div>\n\t\t\t\t\t<\/div>\n\t\t<\/div>\n\t\t\t\t<div class=\"elementor-column elementor-col-50 elementor-top-column elementor-element elementor-element-2095970\" data-id=\"2095970\" data-element_type=\"column\" data-e-type=\"column\">\n\t\t\t<div class=\"elementor-widget-wrap elementor-element-populated\">\n\t\t\t\t\t\t<div class=\"elementor-element elementor-element-884d9da elementor-widget elementor-widget-price-list\" data-id=\"884d9da\" data-element_type=\"widget\" data-e-type=\"widget\" data-widget_type=\"price-list.default\">\n\t\t\t\t\t\n\t\t<ul class=\"elementor-price-list\">\n\n\t\t\t\t\t\t\t\t\t<li><a class=\"elementor-price-list-item\" href=\"#\">\t\t\t\t\n\t\t\t\t<div class=\"elementor-price-list-text\">\n\t\t\t\t\t\t\t\t\t<div class=\"elementor-price-list-header\">\n\t\t\t\t\t\t\t\t\t\t\t<span class=\"elementor-price-list-title\">\n\t\t\t\t\t\t\tAnreise\/Abreise\t\t\t\t\t\t<\/span>\n\t\t\t\t\t\t\t\t\t\t\t\t\t\t\t\t\t\t<span class=\"elementor-price-list-separator\"><\/span>\n\t\t\t\t\t\t\t\t\t\t\t\t\t\t\t\t\t\t\t<span class=\"elementor-price-list-price\">Shkoder<\/span>\n\t\t\t\t\t\t\t\t\t\t<\/div>\n\t\t\t\t\t\t\t\t\t\t\t\t<\/div>\n\t\t\t\t<\/a><\/li>\t\t\t\t\t\t\t\t\t\t\t\t<li><a class=\"elementor-price-list-item\" href=\"#\">\t\t\t\t\n\t\t\t\t<div class=\"elementor-price-list-text\">\n\t\t\t\t\t\t\t\t\t<div class=\"elementor-price-list-header\">\n\t\t\t\t\t\t\t\t\t\t\t<span class=\"elementor-price-list-title\">\n\t\t\t\t\t\t\tDauer\t\t\t\t\t\t<\/span>\n\t\t\t\t\t\t\t\t\t\t\t\t\t\t\t\t\t\t<span class=\"elementor-price-list-separator\"><\/span>\n\t\t\t\t\t\t\t\t\t\t\t\t\t\t\t\t\t\t\t<span class=\"elementor-price-list-price\">8 bis 12 Tage<\/span>\n\t\t\t\t\t\t\t\t\t\t<\/div>\n\t\t\t\t\t\t\t\t\t\t\t\t<\/div>\n\t\t\t\t<\/a><\/li>\t\t\t\t\t\t\t\t\t\t\t\t<li><a class=\"elementor-price-list-item\" href=\"#\">\t\t\t\t\n\t\t\t\t<div class=\"elementor-price-list-text\">\n\t\t\t\t\t\t\t\t\t<div class=\"elementor-price-list-header\">\n\t\t\t\t\t\t\t\t\t\t\t<span class=\"elementor-price-list-title\">\n\t\t\t\t\t\t\tTeilnehmer\t\t\t\t\t\t<\/span>\n\t\t\t\t\t\t\t\t\t\t\t\t\t\t\t\t\t\t<span class=\"elementor-price-list-separator\"><\/span>\n\t\t\t\t\t\t\t\t\t\t\t\t\t\t\t\t\t\t\t<span class=\"elementor-price-list-price\">4-12<\/span>\n\t\t\t\t\t\t\t\t\t\t<\/div>\n\t\t\t\t\t\t\t\t\t\t\t\t<\/div>\n\t\t\t\t<\/a><\/li>\t\t\t\t\t\t\t\t\t\t\t\t<li><a class=\"elementor-price-list-item\" href=\"#\">\t\t\t\t\n\t\t\t\t<div class=\"elementor-price-list-text\">\n\t\t\t\t\t\t\t\t\t<div class=\"elementor-price-list-header\">\n\t\t\t\t\t\t\t\t\t\t\t<span class=\"elementor-price-list-title\">\n\t\t\t\t\t\t\tReiseleitung\t\t\t\t\t\t<\/span>\n\t\t\t\t\t\t\t\t\t\t\t\t\t\t\t\t\t\t<span class=\"elementor-price-list-separator\"><\/span>\n\t\t\t\t\t\t\t\t\t\t\t\t\t\t\t\t\t\t\t<span class=\"elementor-price-list-price\">Englischsprachig<\/span>\n\t\t\t\t\t\t\t\t\t\t<\/div>\n\t\t\t\t\t\t\t\t\t\t\t\t<\/div>\n\t\t\t\t<\/a><\/li>\t\t\t\t\t\t\t\t\t\t\t\t<li><a class=\"elementor-price-list-item\" href=\"#\">\t\t\t\t\n\t\t\t\t<div class=\"elementor-price-list-text\">\n\t\t\t\t\t\t\t\t\t<div class=\"elementor-price-list-header\">\n\t\t\t\t\t\t\t\t\t\t\t<span class=\"elementor-price-list-title\">\n\t\t\t\t\t\t\tReisezeit\t\t\t\t\t\t<\/span>\n\t\t\t\t\t\t\t\t\t\t\t\t\t\t\t\t\t\t<span class=\"elementor-price-list-separator\"><\/span>\n\t\t\t\t\t\t\t\t\t\t\t\t\t\t\t\t\t\t\t<span class=\"elementor-price-list-price\">Mai \u2013 Okt.<\/span>\n\t\t\t\t\t\t\t\t\t\t<\/div>\n\t\t\t\t\t\t\t\t\t\t\t\t<\/div>\n\t\t\t\t<\/a><\/li>\t\t\t\t\t\t\t\t\t\t\t\t<li><a class=\"elementor-price-list-item\" href=\"#\">\t\t\t\t\n\t\t\t\t<div class=\"elementor-price-list-text\">\n\t\t\t\t\t\t\t\t\t<div class=\"elementor-price-list-header\">\n\t\t\t\t\t\t\t\t\t\t\t<span class=\"elementor-price-list-title\">\n\t\t\t\t\t\t\tpro Person\t\t\t\t\t\t<\/span>\n\t\t\t\t\t\t\t\t\t\t\t\t\t\t\t\t\t\t<span class=\"elementor-price-list-separator\"><\/span>\n\t\t\t\t\t\t\t\t\t\t\t\t\t\t\t\t\t\t\t<span class=\"elementor-price-list-price\">ab \u20ac 1045,00<\/span>\n\t\t\t\t\t\t\t\t\t\t<\/div>\n\t\t\t\t\t\t\t\t\t\t\t\t<\/div>\n\t\t\t\t<\/a><\/li>\t\t\t\t\t\n\t\t<\/ul>\n\n\t\t\t\t\t\t<\/div>\n\t\t\t\t<div class=\"elementor-element elementor-element-768e15b elementor-align-justify elementor-widget elementor-widget-button\" data-id=\"768e15b\" data-element_type=\"widget\" data-e-type=\"widget\" data-widget_type=\"button.default\">\n\t\t\t\t\t\t\t\t\t\t<a class=\"elementor-button elementor-button-link elementor-size-sm elementor-animation-float\" href=\"https:\/\/www.abenteueralbanien.de\/peaks-of-the-balkans-tour-gefuehrt\/\" target=\"_blank\" rel=\"noopener\">\n\t\t\t\t\t\t<span class=\"elementor-button-content-wrapper\">\n\t\t\t\t\t\t\t\t\t<span class=\"elementor-button-text\">BUCHEN<\/span>\n\t\t\t\t\t<\/span>\n\t\t\t\t\t<\/a>\n\t\t\t\t\t\t\t\t<\/div>\n\t\t\t\t\t<\/div>\n\t\t<\/div>\n\t\t\t\t\t<\/div>\n\t\t<\/section>\n\t\t\t\t<section class=\"elementor-section elementor-top-section elementor-element elementor-element-5a729e5 elementor-section-boxed elementor-section-height-default elementor-section-height-default\" data-id=\"5a729e5\" data-element_type=\"section\" data-e-type=\"section\">\n\t\t\t\t\t\t<div class=\"elementor-container elementor-column-gap-default\">\n\t\t\t\t\t<div class=\"elementor-column elementor-col-100 elementor-top-column elementor-element elementor-element-0b010ca\" data-id=\"0b010ca\" data-element_type=\"column\" data-e-type=\"column\">\n\t\t\t<div class=\"elementor-widget-wrap elementor-element-populated\">\n\t\t\t\t\t\t<div class=\"elementor-element elementor-element-065944a elementor-widget-divider--view-line elementor-widget elementor-widget-divider\" data-id=\"065944a\" data-element_type=\"widget\" data-e-type=\"widget\" data-widget_type=\"divider.default\">\n\t\t\t\t\t\t\t<div class=\"elementor-divider\">\n\t\t\t<span class=\"elementor-divider-separator\">\n\t\t\t\t\t\t<\/span>\n\t\t<\/div>\n\t\t\t\t\t\t<\/div>\n\t\t\t\t<div class=\"elementor-element elementor-element-54412a4 elementor-widget elementor-widget-text-editor\" data-id=\"54412a4\" data-element_type=\"widget\" data-e-type=\"widget\" data-widget_type=\"text-editor.default\">\n\t\t\t\t\t\t\t\t\t<p style=\"text-align: center;\">&gt;&gt; <a href=\"https:\/\/peaksofthebalkans.at\/selbst-gefuehrt\/\">Selbst gef\u00fcrte Touren (ohne Guide) findest du: hier<\/a> &lt;&lt;<\/p>\t\t\t\t\t\t\t\t<\/div>\n\t\t\t\t<div class=\"elementor-element elementor-element-2b73a97 elementor-widget-divider--view-line elementor-widget elementor-widget-divider\" data-id=\"2b73a97\" data-element_type=\"widget\" data-e-type=\"widget\" data-widget_type=\"divider.default\">\n\t\t\t\t\t\t\t<div class=\"elementor-divider\">\n\t\t\t<span class=\"elementor-divider-separator\">\n\t\t\t\t\t\t<\/span>\n\t\t<\/div>\n\t\t\t\t\t\t<\/div>\n\t\t\t\t<div class=\"elementor-element elementor-element-54c942b elementor-widget elementor-widget-heading\" data-id=\"54c942b\" data-element_type=\"widget\" data-e-type=\"widget\" data-widget_type=\"heading.default\">\n\t\t\t\t\t<h2 class=\"elementor-heading-title elementor-size-default\">PEAKS OF THE BALKANS GEF\u00dcHRT - TOUR HIGHLIGHTS<\/h2>\t\t\t\t<\/div>\n\t\t\t\t<div class=\"elementor-element elementor-element-762f462 elementor-widget elementor-widget-text-editor\" data-id=\"762f462\" data-element_type=\"widget\" data-e-type=\"widget\" data-widget_type=\"text-editor.default\">\n\t\t\t\t\t\t\t\t\t<ul>\n<li><strong>Koman See<\/strong> &#8211; Erlebe die F\u00e4hr\u00fcberfahrt durch die fjord\u00e4hnliche Landschaft von Koman nach Fierze<\/li>\n<li style=\"text-align: left;\"><span class=\"\" data-index=\"6\"><strong>Dorf Theth<\/strong>\u00a0\u2013 Besuche eines der malerischsten D\u00f6rfer in den Albanischen Alpen<\/span><\/li>\n<li style=\"text-align: left;\"><span class=\"\" data-index=\"7\"><strong>Wandern in der Wildnis<\/strong>\u00a0\u2013 Die Wanderung f\u00fchrt dich durch unber\u00fchrte Natur, \u00fcber gr\u00fcne Bergwiesen und zu glasklaren Bergseen<\/span><\/li>\n<li style=\"text-align: left;\"><span class=\"\" data-index=\"8\"><strong>Wandern im Dreil\u00e4ndereck<\/strong>\u00a0\u2013 Besuche drei L\u00e4nder in einer Wanderung \u2013 Albanien, Montenegro &amp; Kosovo<\/span><\/li>\n<li style=\"text-align: left;\"><span class=\"\" data-index=\"9\"><strong>Gjeravica<\/strong>\u00a0\u2013 Der h\u00f6chste Gipfel im Kosovo, umgeben von Gletscherseen und Heimat der Triton-Salamander<\/span><\/li>\n<li style=\"text-align: left;\"><span class=\"\" data-index=\"10\"><strong>Bunker<\/strong>\u00a0\u2013 W\u00e4hrend der kommunistischen Zeit hat Albanien ein Verm\u00f6gen investiert, Betonbunker zu bauen, um eine gef\u00fcrchtete Invasion zu verhindern. Bestaune die \u00dcberreste dieser Zeit. Die Wanderung f\u00fchrt vorbei an einigen der h\u00f6chstgelegenen Bunker Albaniens<\/span><\/li>\n<li style=\"text-align: left;\"><span class=\"\" data-index=\"12\"><strong>Taljanka und Gerbaja-Tal<\/strong>\u00a0\u2013 Gilt als das sch\u00f6nste Tal im ehemaligen Jugoslawien und verw\u00f6hnt mit atemberaubenden Ausblicken<\/span><\/li>\n<li style=\"text-align: left;\"><span class=\"\" data-index=\"14\"><strong>Kulinarik<\/strong>\u00a0\u2013 Erleben Sie die einzigartige K\u00fcche und Gastfreundschaft der lokalen Dorfbewohner in den verfluchten Bergen<\/span><\/li>\n<\/ul>\t\t\t\t\t\t\t\t<\/div>\n\t\t\t\t\t<\/div>\n\t\t<\/div>\n\t\t\t\t\t<\/div>\n\t\t<\/section>\n\t\t\t\t<section class=\"elementor-section elementor-top-section elementor-element elementor-element-e9bfd6c elementor-section-boxed elementor-section-height-default elementor-section-height-default\" data-id=\"e9bfd6c\" data-element_type=\"section\" data-e-type=\"section\">\n\t\t\t\t\t\t<div class=\"elementor-container elementor-column-gap-default\">\n\t\t\t\t\t<div class=\"elementor-column elementor-col-100 elementor-top-column elementor-element elementor-element-126bae9\" data-id=\"126bae9\" data-element_type=\"column\" data-e-type=\"column\">\n\t\t\t<div class=\"elementor-widget-wrap elementor-element-populated\">\n\t\t\t\t\t\t<div class=\"elementor-element elementor-element-26f80bb elementor-widget-divider--view-line elementor-widget elementor-widget-divider\" data-id=\"26f80bb\" data-element_type=\"widget\" data-e-type=\"widget\" data-widget_type=\"divider.default\">\n\t\t\t\t\t\t\t<div class=\"elementor-divider\">\n\t\t\t<span class=\"elementor-divider-separator\">\n\t\t\t\t\t\t<\/span>\n\t\t<\/div>\n\t\t\t\t\t\t<\/div>\n\t\t\t\t<section class=\"elementor-section elementor-inner-section elementor-element elementor-element-c3e8653 elementor-section-boxed elementor-section-height-default elementor-section-height-default\" data-id=\"c3e8653\" data-element_type=\"section\" data-e-type=\"section\">\n\t\t\t\t\t\t<div class=\"elementor-container elementor-column-gap-default\">\n\t\t\t\t\t<div class=\"elementor-column elementor-col-50 elementor-inner-column elementor-element elementor-element-80d7646\" data-id=\"80d7646\" data-element_type=\"column\" data-e-type=\"column\">\n\t\t\t<div class=\"elementor-widget-wrap elementor-element-populated\">\n\t\t\t\t\t\t<div class=\"elementor-element elementor-element-d8557d4 elementor-widget elementor-widget-heading\" data-id=\"d8557d4\" data-element_type=\"widget\" data-e-type=\"widget\" data-widget_type=\"heading.default\">\n\t\t\t\t\t<h3 class=\"elementor-heading-title elementor-size-default\">GEF\u00dcHRTE TOUR PACKET<\/h3>\t\t\t\t<\/div>\n\t\t\t\t<div class=\"elementor-element elementor-element-92210a4 elementor-widget elementor-widget-text-editor\" data-id=\"92210a4\" data-element_type=\"widget\" data-e-type=\"widget\" data-widget_type=\"text-editor.default\">\n\t\t\t\t\t\t\t\t\t<p style=\"text-align: left;\"><strong>INKLUSIVE:<\/strong><\/p>\n<p style=\"text-align: left;\"><span class=\"\" data-index=\"0\">\u2713 Unterk\u00fcnfte: 2 Hotels, 8 Pensionen, 1 H\u00fctte (2x privat, 9x geteilt)<\/span><\/p>\n<p style=\"text-align: left;\"><span class=\"\" data-index=\"0\"><strong>\u2713<\/strong> Alle Transfers w\u00e4hrend der Reise inklusive Flughafentransfer (Gruppe) bei Ankunft\/Abreise<\/span><\/p>\n<p style=\"text-align: left;\"><span class=\"\" data-index=\"1\"><strong>\u2713 <\/strong>Mahlzeiten: Alle Fr\u00fchst\u00fccke, 10 Mittagessen und 11 Abendessen\u00a0<\/span><\/p>\n<p style=\"text-align: left;\"><strong>\u2713\u00a0<\/strong>Englischsprachige Reiseleitung durch einen erfahrenen, lokalen Bergf\u00fchrer<\/p>\n<p style=\"text-align: left;\"><span data-index=\"5\"><strong>\u2713\u00a0<\/strong>Grenz\u00fcbertrittsgenehmigungen<\/span><\/p>\n<p><span data-index=\"5\"><strong>\u2713\u00a0<\/strong><\/span>Gep\u00e4cktransfer<\/p>\n<p style=\"text-align: left;\"><strong>Nicht inklusive:<\/strong><\/p>\n<p style=\"text-align: left;\">Fl\u00fcge, zus\u00e4tzliche Getr\u00e4nke<\/p>\t\t\t\t\t\t\t\t<\/div>\n\t\t\t\t\t<\/div>\n\t\t<\/div>\n\t\t\t\t<div class=\"elementor-column elementor-col-50 elementor-inner-column elementor-element elementor-element-6cbec4f\" data-id=\"6cbec4f\" data-element_type=\"column\" data-e-type=\"column\">\n\t\t\t<div class=\"elementor-widget-wrap elementor-element-populated\">\n\t\t\t\t\t\t<div class=\"elementor-element elementor-element-044b132 elementor-widget elementor-widget-heading\" data-id=\"044b132\" data-element_type=\"widget\" data-e-type=\"widget\" data-widget_type=\"heading.default\">\n\t\t\t\t\t<h3 class=\"elementor-heading-title elementor-size-default\">TOUR TERMINE 2026 <\/h3>\t\t\t\t<\/div>\n\t\t\t\t<div class=\"elementor-element elementor-element-becc6e1 elementor-widget elementor-widget-text-editor\" data-id=\"becc6e1\" data-element_type=\"widget\" data-e-type=\"widget\" data-widget_type=\"text-editor.default\">\n\t\t\t\t\t\t\t\t\t<p style=\"text-align: left;\"><strong>8 Tage Tour <\/strong>(Start immer Sonntags):<\/p><p style=\"text-align: left;\">ab 24. Mai 2026 &#8211;\u00a0jede Woche eine Gruppenreise\u00a0bis 11. Oktober 2026<\/p><p style=\"text-align: left;\"><strong>12 Tage Tour <\/strong>(Start immer Sonntags):<\/p><p style=\"text-align: left;\">ab ab 07. Juni 2026 jede Woche bis 27. September 2026<\/p><p style=\"text-align: left;\"><strong>Wo finde ich die aktuelle Verf\u00fcgbarkeit von Pl\u00e4tzen?<\/strong><\/p><p style=\"text-align: left;\">Geht dazu weiter auf die Seite zur Buchung. Im Formular k\u00f6nnt ihr \u00fcber &#8222;Select Date&#8220; die tagesaktuelle Verf\u00fcgbarkeit von Pl\u00e4tzen einsehen. Daf\u00fcr werden keine pers\u00f6nlichen Daten ben\u00f6tigt. Erst wenn ihr die Buchung mit allen Daten absendet, wird eine Reservierung ausgel\u00f6st. Die Rechnung erfolgt im Nachgang.<\/p>\t\t\t\t\t\t\t\t<\/div>\n\t\t\t\t\t<\/div>\n\t\t<\/div>\n\t\t\t\t\t<\/div>\n\t\t<\/section>\n\t\t\t\t\t<\/div>\n\t\t<\/div>\n\t\t\t\t\t<\/div>\n\t\t<\/section>\n\t\t\t\t<section class=\"elementor-section elementor-top-section elementor-element elementor-element-e5f48fe elementor-section-boxed elementor-section-height-default elementor-section-height-default\" data-id=\"e5f48fe\" data-element_type=\"section\" data-e-type=\"section\">\n\t\t\t\t\t\t<div class=\"elementor-container elementor-column-gap-default\">\n\t\t\t\t\t<div class=\"elementor-column elementor-col-100 elementor-top-column elementor-element elementor-element-9f83bfe\" data-id=\"9f83bfe\" data-element_type=\"column\" data-e-type=\"column\">\n\t\t\t<div class=\"elementor-widget-wrap elementor-element-populated\">\n\t\t\t\t\t\t<div class=\"elementor-element elementor-element-5fd36e8 elementor-align-justify elementor-widget elementor-widget-button\" data-id=\"5fd36e8\" data-element_type=\"widget\" data-e-type=\"widget\" data-widget_type=\"button.default\">\n\t\t\t\t\t\t\t\t\t\t<a class=\"elementor-button elementor-button-link elementor-size-sm elementor-animation-float\" href=\"https:\/\/www.abenteueralbanien.de\/peaks-of-the-balkans-tour-gefuehrt\/\" target=\"_blank\" rel=\"noopener\">\n\t\t\t\t\t\t<span class=\"elementor-button-content-wrapper\">\n\t\t\t\t\t\t\t\t\t<span class=\"elementor-button-text\">PEAKS OF THE BALKANS GEF\u00dcHRTE TOUR BUCHEN<\/span>\n\t\t\t\t\t<\/span>\n\t\t\t\t\t<\/a>\n\t\t\t\t\t\t\t\t<\/div>\n\t\t\t\t\t<\/div>\n\t\t<\/div>\n\t\t\t\t\t<\/div>\n\t\t<\/section>\n\t\t\t\t<section class=\"elementor-section elementor-top-section elementor-element elementor-element-a14ed05 elementor-section-boxed elementor-section-height-default elementor-section-height-default\" data-id=\"a14ed05\" data-element_type=\"section\" data-e-type=\"section\">\n\t\t\t\t\t\t<div class=\"elementor-container elementor-column-gap-default\">\n\t\t\t\t\t<div class=\"elementor-column elementor-col-100 elementor-top-column elementor-element elementor-element-b14db68\" data-id=\"b14db68\" data-element_type=\"column\" data-e-type=\"column\">\n\t\t\t<div class=\"elementor-widget-wrap elementor-element-populated\">\n\t\t\t\t\t\t<section class=\"elementor-section elementor-inner-section elementor-element elementor-element-b5182d4 elementor-section-boxed elementor-section-height-default elementor-section-height-default\" data-id=\"b5182d4\" data-element_type=\"section\" data-e-type=\"section\">\n\t\t\t\t\t\t<div class=\"elementor-container elementor-column-gap-default\">\n\t\t\t\t\t<div class=\"elementor-column elementor-col-100 elementor-inner-column elementor-element elementor-element-8e34431\" data-id=\"8e34431\" data-element_type=\"column\" data-e-type=\"column\">\n\t\t\t<div class=\"elementor-widget-wrap elementor-element-populated\">\n\t\t\t\t\t\t<div class=\"elementor-element elementor-element-2059983 elementor-widget elementor-widget-heading\" data-id=\"2059983\" data-element_type=\"widget\" data-e-type=\"widget\" data-widget_type=\"heading.default\">\n\t\t\t\t\t<h3 class=\"elementor-heading-title elementor-size-default\">Peaks of the Balkans Gef\u00fchrt - Reiseverlauf<\/h3>\t\t\t\t<\/div>\n\t\t\t\t<div class=\"elementor-element elementor-element-3c90092 openedByDefault elementor-widget elementor-widget-toggle\" data-id=\"3c90092\" data-element_type=\"widget\" data-e-type=\"widget\" data-widget_type=\"toggle.default\">\n\t\t\t\t\t\t\t<div class=\"elementor-toggle\">\n\t\t\t\t\t\t\t<div class=\"elementor-toggle-item\">\n\t\t\t\t\t<h3 id=\"elementor-tab-title-6351\" class=\"elementor-tab-title\" data-tab=\"1\" role=\"button\" aria-controls=\"elementor-tab-content-6351\" aria-expanded=\"false\">\n\t\t\t\t\t\t\t\t\t\t\t\t<a class=\"elementor-toggle-title\" tabindex=\"0\">12 Tage Peaks of the Balkans Tour Gef\u00fchrt <\/a>\n\t\t\t\t\t<\/h3>\n\n\t\t\t\t\t<div id=\"elementor-tab-content-6351\" class=\"elementor-tab-content elementor-clearfix\" data-tab=\"1\" role=\"region\" aria-labelledby=\"elementor-tab-title-6351\"><p>Diese Gef\u00fchrte Tour als <b>12 Tage Wanderung<\/b> f\u00fchrt dich durch drei L\u00e4nder: <b>Albanien, Kosovo und Montenegro<\/b>. Wir haben die Tour optimiert, um einige weniger sch\u00f6ne Abschnitte zu vermeiden, und daf\u00fcr <b>Highlights wie Mt. Trekufiri, Mt. Hajla, den Taljanka-Gipfel im Grebaja-Tal und die F\u00e4hr\u00fcberfahrt auf dem Koman-See<\/b> mit aufgenommen, die unserer Meinung nach besonders sehenswert sind.<\/p><p><b>H\u00f6hepunkte<\/b><\/p><ul><li>F\u00e4hr\u00fcberfahrt durch die fjord\u00e4hnliche Landschaft des Komani-Sees (Ticket inkl.)<\/li><li>Erklimme 4 einzigartige Gipfel: Trekufiri, Hajla, Taljanka und Popadija<\/li><li>Extra Hochgebirgsetappe in Albanien hinter Montenegros h\u00f6chstem Gipfel<\/li><li>Mehr Zeit f\u00fcr enge Kontakte mit den Einheimischen in Bergd\u00f6rfern &amp; Sch\u00e4ferh\u00fctten<\/li><li>Atemberaubende Aussicht auf den Taljanka-Gipfel von den hohen Bergr\u00fccken rund um das Grebaja-Tal in Montenegro<\/li><\/ul><p><strong>\u00a0<\/strong><\/p><p><strong>Route &amp; H\u00f6henmeter:<\/strong><\/p><p><strong>Tag 01:<\/strong> <strong>Gruppentransfer von Tirana nach Shkoder (14:00) \u2013 kurzes Briefing und Abendessen &#8211; Hotel\/privat (-\/-\/A)<\/strong><\/p><p>Willkommen auf dem Balkan! Du kannst dich dem Gruppentransfer f\u00fcr die Gef\u00fchrte Tour in Tirana (Stadtzentrum, 14:00 Uhr) oder sp\u00e4ter am Flughafen TIA, sp\u00e4testens um 15:00 Uhr, anschlie\u00dfen. Am Nachmittag erreichst du Shkodra und das zentral gelegene Hotel. Wenn es die Zeit erlaubt, steige hinauf zur Burg Rozafa und genie\u00dfe die fantastische Aussicht, ein Vorgeschmack auf die kommenden Reisetage durch die albanischen Alpen.<\/p><p><img fetchpriority=\"high\" decoding=\"async\" class=\"alignnone size-full wp-image-15274\" src=\"https:\/\/peaksofthebalkans.at\/wp-content\/uploads\/2026\/02\/Peaks-of-the-Balkans-Gefuehrte-Tour-12-Tage-ab-Shkodra-Festung.webp\" alt=\"Sonnenuntergang \u00fcber den albanischen Bergen, ein Reisender genie\u00dft die atemberaubende Natur in Albanien.\" width=\"1024\" height=\"768\" srcset=\"https:\/\/peaksofthebalkans.at\/wp-content\/uploads\/2026\/02\/Peaks-of-the-Balkans-Gefuehrte-Tour-12-Tage-ab-Shkodra-Festung.webp 1024w, https:\/\/peaksofthebalkans.at\/wp-content\/uploads\/2026\/02\/Peaks-of-the-Balkans-Gefuehrte-Tour-12-Tage-ab-Shkodra-Festung-300x225.webp 300w, https:\/\/peaksofthebalkans.at\/wp-content\/uploads\/2026\/02\/Peaks-of-the-Balkans-Gefuehrte-Tour-12-Tage-ab-Shkodra-Festung-768x576.webp 768w, https:\/\/peaksofthebalkans.at\/wp-content\/uploads\/2026\/02\/Peaks-of-the-Balkans-Gefuehrte-Tour-12-Tage-ab-Shkodra-Festung-16x12.webp 16w\" sizes=\"(max-width: 1024px) 100vw, 1024px\" \/><\/p><p>Danach l\u00e4dt die Stadt zu einem Spaziergang durch die Fu\u00dfg\u00e4ngerzone ein, die von b\u00fcrgerlichen Stadth\u00e4usern ges\u00e4umt ist, die an die glorreiche Vergangenheit der Stadt erinnern. Tauche ein in das italienische Flair der Stadt und misch dich unter die Menschen auf dem Basar, um getrocknete Fr\u00fcchte und andere Snacks zu kaufen. Nach einem leckeren Abendessen bleibt Zeit, um ausf\u00fchrlich zu besprechen, was in den n\u00e4chsten Tagen ansteht. Bleibe jedoch nicht zu lange auf, denn morgen geht es schon vor Sonnenaufgang in die Berge!<\/p><p><strong>Tag 02:<\/strong> <strong>Transfer nach Koman, F\u00e4hr\u00fcberfahrt nach Fierze, Wanderung nach Valbona (7,5 km, 250 m Aufstieg, 50 m Abstieg) \u2013 G\u00e4stehaus\/Mehrbettzimmer (Fr\u00fchst\u00fcck\/Lunchpaket\/Abendessen)<\/strong><\/p><p>Ein fr\u00fcher Start garantiert eine sch\u00f6ne Fahrt durch die Drin-Schluchten zum Komani-See. Der malerische Stausee schl\u00e4ngelt sich wie ein norwegischer Fjord durch steile Felsw\u00e4nde und ist die sch\u00f6nste Route in die albanischen Alpen. Mit dem Auto geht&#8217;s weiter ins Hochland des Valbona-Nationalparks, wo du in der kleinen Stadt Bajram Curri eine Pause f\u00fcr ein leichtes Mittagessen einlegst. Am fr\u00fchen Nachmittag erreichst du das Dorf Valbona mit seinen Turmh\u00e4usern aus Stein.<\/p><p><img decoding=\"async\" class=\"alignnone size-full wp-image-15276\" src=\"https:\/\/peaksofthebalkans.at\/wp-content\/uploads\/2026\/02\/Faehre-auf-dem-Koman-See-Albanien.jpg\" alt=\"Koman F\u00e4hre Albanien mit majest\u00e4tischen Bergen im Hintergrund, ideal f\u00fcr Abenteuer und Wandern\" width=\"1024\" height=\"768\" srcset=\"https:\/\/peaksofthebalkans.at\/wp-content\/uploads\/2026\/02\/Faehre-auf-dem-Koman-See-Albanien.jpg 1024w, https:\/\/peaksofthebalkans.at\/wp-content\/uploads\/2026\/02\/Faehre-auf-dem-Koman-See-Albanien-300x225.jpg 300w, https:\/\/peaksofthebalkans.at\/wp-content\/uploads\/2026\/02\/Faehre-auf-dem-Koman-See-Albanien-768x576.jpg 768w, https:\/\/peaksofthebalkans.at\/wp-content\/uploads\/2026\/02\/Faehre-auf-dem-Koman-See-Albanien-16x12.jpg 16w\" sizes=\"(max-width: 1024px) 100vw, 1024px\" \/><\/p><p>Eine Aufw\u00e4rmwanderung f\u00fchrt dich entlang eines kristallklaren Baches durch alte Buchenw\u00e4lder, die mit s\u00fc\u00dfen Erdbeeren \u00fcbers\u00e4t sind. Unterwegs kannst du eine Badepause am eiskalten Fluss oder einem abgelegenen Teich einlegen. Die Wanderung endet in der gem\u00fctlichen Pension im oberen Valbona. Heute Abend genie\u00dft du ein herzhaftes, hausgemachtes Essen und eine wohlverdiente Ruhepause nach dieser eindrucksvollen Einf\u00fchrung in die Verfluchten Berge.<\/p><p><strong>Tag 03<\/strong>: <b>Wanderung Valbone \u2013 Persllopit-Pass \u2013 Cerem (ca. 8 Stunden \u2013 14 km, 1200 m Aufstieg, 950 m Abstieg) \u2013 G\u00e4stehaus\/Mehrbettzimmer (F\/LP\/A)<\/b><\/p><p>Nach einer kleinen Pause, einem leckeren Mittagessen und einem Lunchpaket geht&#8217;s mit voller Energie den ersten und l\u00e4ngsten Aufstieg der Wanderung an. W\u00e4hrend du dich den Berghang hochschl\u00e4ngelst, wirst du mit einem tollen Blick auf die h\u00f6chsten Gipfel der Albanischen Alpen belohnt. Der Persllopi-Pass (2.039 m) markiert den h\u00f6chsten Punkt des Tages, und die Grenze zu Montenegro liegt am h\u00f6chsten Gipfel des Landes, dem Mt. Kollata (2.534 m).<\/p><p><img decoding=\"async\" class=\"alignnone size-full wp-image-14779\" src=\"https:\/\/peaksofthebalkans.at\/wp-content\/uploads\/2026\/01\/Peaks-of-the-Balkans-Valbona-Cerem-Wanderung-Route.jpg\" alt=\"Peaks of the Balkans Valbona Cerem Wanderung Route\" width=\"2000\" height=\"1500\" srcset=\"https:\/\/peaksofthebalkans.at\/wp-content\/uploads\/2026\/01\/Peaks-of-the-Balkans-Valbona-Cerem-Wanderung-Route.jpg 2000w, https:\/\/peaksofthebalkans.at\/wp-content\/uploads\/2026\/01\/Peaks-of-the-Balkans-Valbona-Cerem-Wanderung-Route-300x225.jpg 300w, https:\/\/peaksofthebalkans.at\/wp-content\/uploads\/2026\/01\/Peaks-of-the-Balkans-Valbona-Cerem-Wanderung-Route-1024x768.jpg 1024w, https:\/\/peaksofthebalkans.at\/wp-content\/uploads\/2026\/01\/Peaks-of-the-Balkans-Valbona-Cerem-Wanderung-Route-768x576.jpg 768w, https:\/\/peaksofthebalkans.at\/wp-content\/uploads\/2026\/01\/Peaks-of-the-Balkans-Valbona-Cerem-Wanderung-Route-1536x1152.jpg 1536w, https:\/\/peaksofthebalkans.at\/wp-content\/uploads\/2026\/01\/Peaks-of-the-Balkans-Valbona-Cerem-Wanderung-Route-16x12.jpg 16w\" sizes=\"(max-width: 2000px) 100vw, 2000px\" \/><\/p><p>Vorbei an einer einzigartigen, sogenannten Windh\u00f6hle und durch ein Karstlabyrinth, das Trittsicherheit erfordert, kehrst du nach Albanien zur\u00fcck, erlebst einige der spektakul\u00e4rsten Panoramen und triffst auf dem Weg zum ziemlich abgelegenen Dorf Cerem auf Hirten. Ohne Mobilfunkempfang und Strom ist es der letzte Au\u00dfenposten, bevor die echte Wildnis beginnt. Wenn das Wetter die \u00dcberquerung des Passes nicht zul\u00e4sst, kannst du eine k\u00fcrzere Route durch die Kollata-Schlucht nehmen, um die einfache Pension zu erreichen.<\/p><p><strong>Tag 04:<\/strong> <b>Wanderung Cerem \u2013 Balqin \u2013 Doberdol (ca. 6 Stunden \u2013 16 km, 1100 m Aufstieg, 450 m Abstieg) \u2013 H\u00fctte\/Mehrbettzimmer (F\/LP\/A)<\/b><\/p><p>Die Wanderung zum hoch gelegenen Dreil\u00e4ndereck f\u00fchrt dich \u00fcber Blumenteppiche und zeitweise auf ehemaliges jugoslawisches Gebiet. Unterwegs kannst du Waldfr\u00fcchte naschen, die Pflanzenwelt bewundern und die atemberaubende Aussicht auf den Kolata (2.534 m) genie\u00dfen.<\/p><p>Die H\u00e4nge sind mit Almen \u00fcbers\u00e4t, auf denen du dich ausruhen und bei Kaffee und Raki die Hirten treffen kannst. Im gletschergeformten Tal von Doberdol (1.750 m) bewegen sich die Tiere frei auf den Weiden und die Zeit scheint still zu stehen. Die Einheimischen leben noch immer im Einklang mit der Natur, wie es die Menschen vor vielen Jahren taten.<\/p><p><img loading=\"lazy\" decoding=\"async\" class=\"alignnone size-full wp-image-15603\" src=\"https:\/\/peaksofthebalkans.at\/wp-content\/uploads\/2026\/02\/peaks-of-the-balkans-trail-gefuehrte-tour-Wanderer.jpg\" alt=\"peaks of the balkans trail gef\u00fchrte tour Wanderer\" width=\"2000\" height=\"1500\" srcset=\"https:\/\/peaksofthebalkans.at\/wp-content\/uploads\/2026\/02\/peaks-of-the-balkans-trail-gefuehrte-tour-Wanderer.jpg 2000w, https:\/\/peaksofthebalkans.at\/wp-content\/uploads\/2026\/02\/peaks-of-the-balkans-trail-gefuehrte-tour-Wanderer-300x225.jpg 300w, https:\/\/peaksofthebalkans.at\/wp-content\/uploads\/2026\/02\/peaks-of-the-balkans-trail-gefuehrte-tour-Wanderer-1024x768.jpg 1024w, https:\/\/peaksofthebalkans.at\/wp-content\/uploads\/2026\/02\/peaks-of-the-balkans-trail-gefuehrte-tour-Wanderer-768x576.jpg 768w, https:\/\/peaksofthebalkans.at\/wp-content\/uploads\/2026\/02\/peaks-of-the-balkans-trail-gefuehrte-tour-Wanderer-1536x1152.jpg 1536w, https:\/\/peaksofthebalkans.at\/wp-content\/uploads\/2026\/02\/peaks-of-the-balkans-trail-gefuehrte-tour-Wanderer-16x12.jpg 16w\" sizes=\"(max-width: 2000px) 100vw, 2000px\" \/><\/p><p>In den einfachen Hirtenh\u00fctten verzichtest du f\u00fcr eine Nacht auf Komfort und erh\u00e4ltst daf\u00fcr herzliche Gastfreundschaft. Die Familie bereitet die Mahlzeiten zu und am Lagerfeuer erf\u00e4hrst du mehr \u00fcber den saisonalen Lebensstil der Hirten.<\/p><p><strong>Tag 05:<\/strong> <b>Wanderung Doberdol \u2013 Roshkodol-Pass \u2013 Milishevc (ca. 5 Stunden \u2013 12,5 km, 550 m Aufstieg, 525 m Abstieg) \u2013 G\u00e4stehaus\/Mehrbettzimmer (F\/LP\/A)<\/b><\/p><p>Nachdem du dich von den Gastgebern verabschiedet hast, steigst du aus dem Tal hinauf zum Berg Tromedja\/Trekufiri (2.366 m), w\u00e4hrend die H\u00fctten und Herden von Doberdol unter dir mit jedem Schritt kleiner werden. Auf dem Gipfel verschmelzen die Grenzen dreier L\u00e4nder zu einem weitl\u00e4ufigen Panorama der einsamen Grenzgebiete.<\/p><p>Links liegt das immergr\u00fcne Babino Polje in Montenegro, rechts taucht der h\u00f6chste Gipfel des Kosovo, der Gjeravica (2.656 m), abrupt aus den H\u00f6hen der Dinarischen Alpen in die Dukagjin-Ebene ab. Du \u00fcberquerst den Roshkodoli-Pass und beginnst deinen Abstieg nach Milishevc, einem abgelegenen Sommerdorf inmitten eines friedlichen Kiefernwaldes.<\/p><p>Die einfachen Bergh\u00fctten aus Holz, die typisch f\u00fcr die Bergd\u00f6rfer des Landes sind, bieten Erfrischungen, warme Mahlzeiten, Komfort und eine wohlverdiente Pause nach einem langen Tag.<\/p><p><strong>Tag 06:<\/strong> <b>Wanderung Milishevc \u2013 Rugova &#8211; Reka Allages (ca. 5 Stunden \u2013 9 km, 500 m Aufstieg, 1250 m Abstieg) \u2013 G\u00e4stehaus\/Mehrbettzimmer (F\/LP\/A)<\/b><\/p><p>Der Lumbardhi-Kamm (2.130 m) ist das letzte Hindernis, das Milishevc von der Rugova-Schlucht trennt. Der kaum sichtbare Weg aus den Alpen hinauf zum Kamm wird mit einer tollen Aussicht auf die umliegenden Berge belohnt. Hinter dem Kamm versteckt, umgeben weitl\u00e4ufige Weidefl\u00e4chen den artesischen Teich am Fu\u00dfe des Berges Red Rock (Guri i Kuq, 2.522 m).<\/p><p>Hinter diesem Grasmeer st\u00fcrzt der Berg tief in die Rugova-Schlucht hinab. Auf der anderen Seite verspricht uns der Kamm des Hajla morgen eine Panorama-Wanderung. Ein teilweise sehr steiler Pfad f\u00fchrt durch eine Schlucht und alte W\u00e4lder zum Grund der Schlucht. Hier machen wir eine Pause, um etwas zu trinken und, wenn das Wetter es zul\u00e4sst, zu schwimmen.<\/p><p>Am Ende des Tages bringt dich ein kurzer Transfer auf einer holprigen Stra\u00dfe zu den freundlichen Gastgebern in Reka e Allages.<\/p><p><strong>Tag 07:<\/strong>\u00a0<b>Reka Alleges \u2013 Mt. Hajla (optional) \u2013 Drelaj (ca. 4-8 Stunden \u2013 10-13 km, 525-1250 m Aufstieg, 525-1300 m Abstieg) \u2013 G\u00e4stehaus\/Mehrbettzimmer (F\/LP\/A)<\/b><\/p><p>\u00dcber Wiesen und entlang des Blaubeerpfades geht&#8217;s z\u00fcgig durch einen dichten Kiefernwald zum Fu\u00df des Berges Hajla (2.403 m). Von der Spitze der 300 m hohen Klippe hat man einen tollen Blick bis weit ins Nachbarland und in die Stadt Rozaje. Der Aufstieg ist optional, dein Guide hilft dir bei der Entscheidung, ob du mitmachen solltest. Du kannst dich auch daf\u00fcr entscheiden, den Tag kurz zu halten (&lt;5 Stunden). Tr\u00e4um vor dich hin, lies ein Buch oder bewundere stattdessen die umliegende Flora. Die Chancen, seltene Pflanzen wie Edelwei\u00df oder die Albanische Lilie zu entdecken, sind nirgendwo so hoch wie hier!<\/p><p>Vom Fu\u00df des Berges geht es weiter auf gro\u00dfer H\u00f6he entlang einer inzwischen ungenutzten Stra\u00dfe zum h\u00f6chsten der dreizehn Rugova-D\u00f6rfer, Pepaj. W\u00e4hrend du durch eine felsige Schlucht wanderst, die von hohen Kiefern umgeben ist, hast du einige Male die M\u00f6glichkeit, einen Blick auf das malerische D\u00f6rfchen Drelaj zu werfen. In der Unterkunft wirst du mit einem weiteren leckeren Abendessen verw\u00f6hnt, w\u00e4hrend die Familie im Garten das Lagerfeuer vorbereitet.<\/p><p><strong>Tag 08:<\/strong> <b>Wanderung Drelaj \u2013 Liqenat \u2013 Babino Polje (ca. 8 Stunden \u2013 15 km, 11550 m Aufstieg, 1050 m Abstieg) \u2013 G\u00e4stehaus\/Mehrbettzimmer (F\/LP\/A)<\/b><\/p><p>Nach einer 30-min\u00fctigen Fahrt zum Ausgangspunkt geht&#8217;s durch einen idyllischen Kiefernwald zum gro\u00dfen smaragdgr\u00fcnen See Liqenat (1.850 m). An seinen Ufern gibt&#8217;s eine reiche alpine Flora und dar\u00fcber wartet der h\u00f6chste Punkt der offiziellen Route \u201ePeaks of the Balkans\u201c, der Jelenka-Pass (2.272 m). Vorbei an einem zweiten See geht&#8217;s dann den langen Aufstieg zum Pass in Angriff.<\/p><p>Der Gipfel l\u00e4dt zu einer Pause ein, mit atemberaubenden Ausblicken auf die Berge \u00fcber Plav, Theth und Valbona. Dahinter sammeln Hirten aus Roshkodol Beeren, und du bist von Gipfeln \u00fcber 2.500 m umgeben. Der Weg zum Ravno Brdo Pass (2.178 m) ist fast eben, bietet traumhaftes therapeutisches Wandern und gute Aussichten. Der letzte Pass erweist sich als gro\u00dfartiger Aussichtspunkt auf die zerkl\u00fcfteten Gipfel vor dir und das \u00fcppig gr\u00fcne Tal von Babino Polje unter dir. Hier \u00fcbernachtest du am Rande der Wildnis in einfachen, aber sehr einladenden Bergh\u00fctten, wo dir die freundlichen Gastgeber die Highlights der traditionellen montenegrinischen Hausmannskost n\u00e4herbringen.<\/p><p><strong>Tag 09:<\/strong> <b>Fahrt ins Grebaja-Tal, Rundwanderung Talkjanka-Gipfel, Vusanje (ca. 6,5 Stunden \u2013 12 km, 950 m Aufstieg, 950 m Abstieg) \u2013 G\u00e4stehaus\/Mehrbettzimmer (F\/LP\/A)<\/b><\/p><p>Das Grbaja-Tal ist eines der beeindruckendsten auf dem Balkan. Am Morgen f\u00e4hrst du in das schmale Tal, das zwischen den Karstt\u00fcrmen von Karanfili (2.461 m) liegt. Dieser Berg ist wohl einer der schroffsten und dramatischsten Gipfel im Prokletije-Gebirge und ein Traum vieler Bergsteiger. Wenn du durch einen schattigen, m\u00e4rchenhaften Buchenwald aufsteigst, kommst du zu einer Almwiese, die von mehreren Gipfeln umgeben ist. Auf dem verbundenen Gratweg kannst du eine Reihe von Aussichtspunkten genie\u00dfen, die in den beiden h\u00f6chsten Gipfeln Popadija und Taljanka (2.056 m) gipfeln.<\/p><p><img loading=\"lazy\" decoding=\"async\" class=\"alignnone size-full wp-image-15277\" src=\"https:\/\/peaksofthebalkans.at\/wp-content\/uploads\/2026\/02\/Peaks-of-the-Balkans-Gefuehrte-Tour-Taljanka-Montengro.jpg\" alt=\"Peaks of the Balkans Gef\u00fchrte Tour Wanderer vor dem Taljanka Gipfel\" width=\"1024\" height=\"768\" srcset=\"https:\/\/peaksofthebalkans.at\/wp-content\/uploads\/2026\/02\/Peaks-of-the-Balkans-Gefuehrte-Tour-Taljanka-Montengro.jpg 1024w, https:\/\/peaksofthebalkans.at\/wp-content\/uploads\/2026\/02\/Peaks-of-the-Balkans-Gefuehrte-Tour-Taljanka-Montengro-300x225.jpg 300w, https:\/\/peaksofthebalkans.at\/wp-content\/uploads\/2026\/02\/Peaks-of-the-Balkans-Gefuehrte-Tour-Taljanka-Montengro-768x576.jpg 768w, https:\/\/peaksofthebalkans.at\/wp-content\/uploads\/2026\/02\/Peaks-of-the-Balkans-Gefuehrte-Tour-Taljanka-Montengro-16x12.jpg 16w\" sizes=\"(max-width: 1024px) 100vw, 1024px\" \/><\/p><p>Vom Gipfel des Bergr\u00fcckens f\u00fchrt ein steiler Abstieg zur\u00fcck auf den schattigen Waldweg, wo die Wanderung endet. Mit einem Transfer geht es weiter zur familiengef\u00fchrten Pension in Vusanje. Hier l\u00e4dt der nahe gelegene Grla-Wasserfall zu einem Abendspaziergang ein, w\u00e4hrend die Aussicht von der Veranda auf die Verfluchten Berge genauso sch\u00f6n ist.<\/p><p><strong>Tag 10:<\/strong> <b>Wanderung Vusanje \u2013 Peja-Pass \u2013 Theth (ca. 8 Stunden \u2013 16,5 km, 1050 m Aufstieg, 1000 m Abstieg) \u2013 G\u00e4stehaus\/Mehrbettzimmer (F\/LP\/A)<\/b><\/p><p>Wir fahren das Ropojana-Tal hoch, das von einem 26 km langen Gletscher geformt wurde, und halten an einer pupillenf\u00f6rmigen Karstquelle, wo ein eiskalter Fluss aus der Schneeschmelze hoch in den Bergen entspringt. Der Pfad f\u00fchrt uns weiter an einem ausgetrockneten See, Hirtenh\u00fctten und einem verlassenen Milit\u00e4rposten vorbei ins Herz der albanischen Alpen. Hier ragt der Hundszahn des Berges Arapi (2.217 m) hoch \u00fcber den Thethi-Nationalpark und bildet die h\u00f6chste Wand des Balkans.<\/p><p>Am Peja-Pass (1.711 m) angekommen, entscheidet dein Guide, ob der Gipfel angegangen werden kann. Diejenigen, die auf den anspruchsvollen Gipfel verzichten, der nur f\u00fcr erfahrene und trittsichere Wanderer geeignet ist, ruhen sich am Pass aus oder beginnen auf eigene Faust mit dem Abstieg. Ein steiler, gut ausgetretener Karawanenweg f\u00fchrt zu einer lokalen Wasserstelle, gefolgt von einer kurzen Fahrt zu einer Pension im Zentrum des lebhaften Dorfes.<\/p><p><strong>Tag 11:<\/strong> <b>Wanderung Theth \u2013 Nderlyse, Transfer nach Shkoder (ca. 2 Stunden \u2013 8 km, 150 m Aufstieg, 400 m Abstieg) \u2013 Hotel\/privat (F\/LP\/A)<\/b><\/p><p>In Theth kannst du die ber\u00fchmte Kirche und den Turm (Kulla) besuchen, der M\u00e4nnern Schutz bot, die von Blutfehden bedroht waren. Es ist der perfekte Ort, um in die Geschichte des \u201eKanun\u201c einzutauchen und mehr \u00fcber das ehemalige Rechtssystem des Hochlands zu erfahren. Hier beginnt auch der Wanderweg nach Nderlysaj. Entlang von Wasserkan\u00e4len steigst du zum ber\u00fchmten Grunas-Wasserfall hinauf und wanderst dann hinunter zum ruhigeren Weiler Nderlysa, wo du ein herzhaftes Mittagessen genie\u00dfen kannst.<\/p><p>Du kannst die Wanderung zur Karstquelle \u201eBlue Eye\u201c Theth fortsetzen oder alternativ vor Ort bleiben und einen entspannten Nachmittag mit Schwimmen an den gletschergeformten Felsformationen verbringen. Am sp\u00e4ten Nachmittag f\u00e4hrst du \u00fcber den malerischen Thore-Pass (1.630 m) zur\u00fcck nach Shkodra (75 km\/2 Std.).<\/p><p><strong>Tag 12:<\/strong> <b>Transfer nach Tirana (Flughafen) \u2013 Abreise \u2013 (F\/-\/-)<\/b><\/p><p>Nach dem Fr\u00fchst\u00fcck kannst du in der Fu\u00dfg\u00e4ngerzone spazieren gehen und vielleicht noch schnell ein paar Souvenirs kaufen. Du kannst dich dem Gruppentransfer nach Tirana (Flughafen oder Stadt) anschlie\u00dfen. Wer seine Reise verl\u00e4ngern m\u00f6chte, kann die Stadt erkunden, die nahe gelegenen Str\u00e4nde in Velipoja und Ulcinj (Montenegro) besuchen, die moderne Seite Albaniens in der Hauptstadt Tirana erleben oder Strandurlaub an der albanischen Riviera genie\u00dfen.<\/p><p><strong>Im Preis inbegriffen:<\/strong><\/p><ul><li>Alle Unterk\u00fcnfte im Doppel- bzw. Mehrbettzimmer: 2x Hotel, 8x G\u00e4stehaus, 1x H\u00fctte<\/li><li>Alle Transfers wie im Reiseverlauf angegeben in privaten Fahrzeugen<\/li><li>Mahlzeiten (11x Fr\u00fchst\u00fcck, 10x Lunchpaket, 10x Abendessen)<\/li><li>Border Permits (Grenz\u00fcbertrittsgenehmigungen)<\/li><li><strong>Gep\u00e4cktransport zwischen den Wander Etappen<\/strong><\/li><li><strong>Gruppentransfer von\/nach Tirana bei Anreise &amp; Abreise<\/strong><\/li><li><b>Englischsprachiger lokaler Wanderf\u00fchrer<\/b><\/li><\/ul><\/div>\n\t\t\t\t<\/div>\n\t\t\t\t\t\t\t<div class=\"elementor-toggle-item\">\n\t\t\t\t\t<h3 id=\"elementor-tab-title-6352\" class=\"elementor-tab-title\" data-tab=\"2\" role=\"button\" aria-controls=\"elementor-tab-content-6352\" aria-expanded=\"false\">\n\t\t\t\t\t\t\t\t\t\t\t\t<a class=\"elementor-toggle-title\" tabindex=\"0\"> 8 Tage Peaks of the Balkans Tour Gef\u00fchrt<\/a>\n\t\t\t\t\t<\/h3>\n\n\t\t\t\t\t<div id=\"elementor-tab-content-6352\" class=\"elementor-tab-content elementor-clearfix\" data-tab=\"2\" role=\"region\" aria-labelledby=\"elementor-tab-title-6352\"><p>Die <b>8 Tage Tour<\/b> durch die Verfluchten Berge ist f\u00fcr alle, die eine k\u00fcrzere Rundwanderung durch die Gipfel des Balkans bevorzugen, jedoch ohne die Fahrt mit der F\u00e4hre durch die fjord\u00e4hnliche Landschaft des Komasees zu verpassen. Die Route nimmt eine <b>Abk\u00fcrzung von Albanien nach Montenegro, ohne Kosovo, und beinhaltet alle Highlights des Trails<\/b>.<\/p><p><strong>Highlights<\/strong><\/p><ul><li>F\u00e4hr\u00fcberfahrt auf dem Komani See (Ticket inkl.)<\/li><li>Besteige den Trekufiri und genie\u00dfe die einzigartige Aussicht auf drei L\u00e4nder.<\/li><li>Wanderung von Theth nach Valbone, dem Highlight der albanischen Alpen mit spektakul\u00e4ren Ausblicken auf das Valbona-Tal.<\/li><li>Wanderung von Vusanje nach Theth, wo du sehen kannst, wie die Grenzen w\u00e4hrend des Kalten Krieges mit abgelegenen Bunkern bewacht wurden.<\/li><\/ul><p><strong>Reiseverlauf<\/strong><\/p><p>Tag 01: Flughafentransfer &amp; Ankunft in Shkoder \u2013 Hotel\/privat (-\/-\/A)<\/p><p>Tag 02: Transfer nach Koman, F\u00e4hr\u00fcberfahrt nach Fierze, Wanderung nach Valbone (7,5 km, 250 m Aufstieg, 50 m Abstieg) \u2013 G\u00e4stehaus\/Mehrbettzimmer (Fr\u00fchst\u00fcck\/Lunchpaket\/Abendessen)<\/p><p>Tag 03: Transfer nach Cerem, Wanderung Cerem \u2013 Doberdol (ca. 6 Stunden \u2013 16 km, 1100 H\u00f6henmeter Aufstieg, 450 H\u00f6henmeter Abstieg) \u2013 G\u00e4stehaus\/Mehrbettzimmer (F\/LP\/A)<\/p><p>Tag 04: Wanderung Doberdol \u2013 Mt. Trekufiri \u2013 Hrid-See \u2013 Bajrovica Katun (ca. 5 Stunden \u2013 13 km, 675 H\u00f6henmeter Aufstieg, 725 H\u00f6henmeter Abstieg) \u2013 H\u00fctte\/Mehrbettzimmer (F\/LP\/A)<\/p><p>Tag 05: Transfer ins Grebaja-Tal, Rundwanderung Taljanka-Gipfel, Vusanje (ca. 6,5 Stunden \u2013 12 km, 950 H\u00f6henmeter Aufstieg, 950 H\u00f6henmeter Abstieg) \u2013 G\u00e4stehaus\/Mehrbettzimmer (F\/LP\/A)<\/p><p>Tag 06: Wanderung Vusanje \u2013 Peja-Pass \u2013 Theth (ca. 8 Stunden \u2013 16,5 km, 1050 H\u00f6henmeter Aufstieg, 1000 H\u00f6henmeter Abstieg) \u2013 G\u00e4stehaus\/Mehrbettzimmer (F\/LP\/A)<\/p><p>Tag 07: Wanderung Theth \u2013 Nderlyse (Blue Eye Theth), Transfer nach Shkoder (ca. 2 Stunden \u2013 8 km, 150 H\u00f6henmeter Aufstieg, 400 H\u00f6henmeter Abstieg) \u2013 Hotel\/privat (F\/LP\/A)<\/p><p>Tag 08: Transfer nach Tirana (Flughafen) \u2013 Abreise \u2013 (F\/-\/-)<\/p><p><strong>Im Preis inbegriffen:<\/strong><\/p><ul><li>Unterkunft im Privat- und Doppelzimmer: 2x Hotel, 4x G\u00e4stehaus, 1x H\u00fctte<\/li><li>Alle Transfers wie im Reiseverlauf angegeben in privaten Fahrzeugen<\/li><li>Mahlzeiten (8x Fr\u00fchst\u00fcck, 7x Lunchpaket, 7x Abendessen)<\/li><li>Border Permits (Grenz\u00fcbertrittsgenehmigungen)<\/li><li style=\"font-size: 15px;\"><span style=\"font-weight: bolder;\">Gep\u00e4cktransport zwischen den Wander Etappen<\/span><\/li><li style=\"font-size: 15px;\"><span style=\"font-weight: bolder;\">Gruppentransfer von\/nach Tirana bei Anreise &amp; Abreise<\/span><\/li><li style=\"font-size: 15px;\"><span style=\"font-weight: bold;\">Englischsprachiger lokaler Wanderf\u00fchrer<\/span><\/li><\/ul><\/div>\n\t\t\t\t<\/div>\n\t\t\t\t\t\t\t\t<\/div>\n\t\t\t\t\t\t<\/div>\n\t\t\t\t<div class=\"elementor-element elementor-element-ef47575 elementor-widget elementor-widget-html\" data-id=\"ef47575\" data-element_type=\"widget\" data-e-type=\"widget\" data-widget_type=\"html.default\">\n\t\t\t\t\t<script>\r\nwindow.addEventListener('load', function () {\r\n\r\nlet opened = [1];\r\n\r\nsetTimeout(function () {\r\nlet toggles = document.querySelectorAll('.openedByDefault .elementor-tab-title, .openedByDefault .e-n-accordion-item-title');\r\nopened.forEach((i) => {\r\nif (toggles[i - 1]) toggles[i - 1].click();\r\n});\r\n}, 300);\r\n});\r\n<\/script>\r\n\t\t\t\t<\/div>\n\t\t\t\t\t<\/div>\n\t\t<\/div>\n\t\t\t\t\t<\/div>\n\t\t<\/section>\n\t\t\t\t\t<\/div>\n\t\t<\/div>\n\t\t\t\t\t<\/div>\n\t\t<\/section>\n\t\t\t\t<section class=\"elementor-section elementor-top-section elementor-element elementor-element-d0e13f1 elementor-section-boxed elementor-section-height-default elementor-section-height-default\" data-id=\"d0e13f1\" data-element_type=\"section\" data-e-type=\"section\">\n\t\t\t\t\t\t<div class=\"elementor-container elementor-column-gap-default\">\n\t\t\t\t\t<div class=\"elementor-column elementor-col-100 elementor-top-column elementor-element elementor-element-3c07481\" data-id=\"3c07481\" data-element_type=\"column\" data-e-type=\"column\">\n\t\t\t<div class=\"elementor-widget-wrap elementor-element-populated\">\n\t\t\t\t\t\t<div class=\"elementor-element elementor-element-8a8bba5 elementor-align-justify elementor-widget elementor-widget-button\" data-id=\"8a8bba5\" data-element_type=\"widget\" data-e-type=\"widget\" data-widget_type=\"button.default\">\n\t\t\t\t\t\t\t\t\t\t<a class=\"elementor-button elementor-button-link elementor-size-sm elementor-animation-float\" href=\"https:\/\/www.abenteueralbanien.de\/peaks-of-the-balkans-tour-gefuehrt\/\" target=\"_blank\" rel=\"noopener\">\n\t\t\t\t\t\t<span class=\"elementor-button-content-wrapper\">\n\t\t\t\t\t\t\t\t\t<span class=\"elementor-button-text\">TOUR BUCHEN<\/span>\n\t\t\t\t\t<\/span>\n\t\t\t\t\t<\/a>\n\t\t\t\t\t\t\t\t<\/div>\n\t\t\t\t\t<\/div>\n\t\t<\/div>\n\t\t\t\t\t<\/div>\n\t\t<\/section>\n\t\t\t\t<section class=\"elementor-section elementor-top-section elementor-element elementor-element-8a5fca2 elementor-section-boxed elementor-section-height-default elementor-section-height-default\" data-id=\"8a5fca2\" data-element_type=\"section\" data-e-type=\"section\">\n\t\t\t\t\t\t<div class=\"elementor-container elementor-column-gap-default\">\n\t\t\t\t\t<div class=\"elementor-column elementor-col-100 elementor-top-column elementor-element elementor-element-3c86cf6\" data-id=\"3c86cf6\" data-element_type=\"column\" data-e-type=\"column\">\n\t\t\t<div class=\"elementor-widget-wrap\">\n\t\t\t\t\t\t\t<\/div>\n\t\t<\/div>\n\t\t\t\t\t<\/div>\n\t\t<\/section>\n\t\t\t\t<section class=\"elementor-section elementor-top-section elementor-element elementor-element-09dc368 elementor-section-boxed elementor-section-height-default elementor-section-height-default\" data-id=\"09dc368\" data-element_type=\"section\" data-e-type=\"section\">\n\t\t\t\t\t\t<div class=\"elementor-container elementor-column-gap-default\">\n\t\t\t\t\t<div class=\"elementor-column elementor-col-100 elementor-top-column elementor-element elementor-element-bf3f633\" data-id=\"bf3f633\" data-element_type=\"column\" data-e-type=\"column\">\n\t\t\t<div class=\"elementor-widget-wrap elementor-element-populated\">\n\t\t\t\t\t\t<section class=\"elementor-section elementor-inner-section elementor-element elementor-element-babeba1 elementor-section-boxed elementor-section-height-default elementor-section-height-default\" data-id=\"babeba1\" data-element_type=\"section\" data-e-type=\"section\">\n\t\t\t\t\t\t<div class=\"elementor-container elementor-column-gap-default\">\n\t\t\t\t\t<div class=\"elementor-column elementor-col-100 elementor-inner-column elementor-element elementor-element-bc19317\" data-id=\"bc19317\" data-element_type=\"column\" data-e-type=\"column\">\n\t\t\t<div class=\"elementor-widget-wrap elementor-element-populated\">\n\t\t\t\t\t\t<div class=\"elementor-element elementor-element-d771f5a elementor-widget elementor-widget-heading\" data-id=\"d771f5a\" data-element_type=\"widget\" data-e-type=\"widget\" data-widget_type=\"heading.default\">\n\t\t\t\t\t<h5 class=\"elementor-heading-title elementor-size-default\">Reiseinformationen\n<\/h5>\t\t\t\t<\/div>\n\t\t\t\t<div class=\"elementor-element elementor-element-398e8ca elementor-widget elementor-widget-text-editor\" data-id=\"398e8ca\" data-element_type=\"widget\" data-e-type=\"widget\" data-widget_type=\"text-editor.default\">\n\t\t\t\t\t\t\t\t\t<p style=\"text-align: left;\"><strong>Schierigkeit<\/strong><\/p><p style=\"text-align: left;\">F\u00fcr Wanderungen in bergigem und alpinem Gel\u00e4nde ist es wichtig, fit zu sein, und vorherige Trekking-Erfahrung ist empfehlenswert. Das ist aber nicht unbedingt n\u00f6tig, solange du dir deiner k\u00f6rperlichen Verfassung sicher bist und trittsicher bist. Die <strong>Wandertage dauern normalerweise zwischen 5 und 8 Stunden<\/strong>, k\u00f6nnen aber auch l\u00e4nger sein, wenn P\u00e4sse oder Gipfel \u00fcberquert werden m\u00fcssen (meist optional). Die t\u00e4glichen <strong>Aufstiege betragen im Durchschnitt etwa 900 m bis 1.000 m<\/strong>, an manchen Tagen vielleicht auch 1.100 m bis 1.300 m.<\/p><p style=\"text-align: left;\"><strong>Anreise\/Abreise<\/strong><\/p><p style=\"text-align: left;\">Gruppentransfer von Tirana nach Shkodra finden am Anreistag:<\/p><ul style=\"text-align: left;\"><li>14:00 Uhr vom Stadtzentrum Tirana<\/li><li>15:00 Uhr vom Flughafen Tirana<\/li><\/ul><p style=\"text-align: left;\">Gruppentransfer von Shkodra zum Flughafen\/Stadt Tirana am Abreistag:<\/p><ul style=\"text-align: left;\"><li>Abreise nach dem Fr\u00fchst\u00fcck zwischen 9 und 10 Uhr.<\/li><li>Ankunft am Flughafen Tirana sp\u00e4testens um 12:00 Uhr mittags.<\/li><\/ul><p style=\"text-align: left;\"><span class=\"ng-star-inserted\" data-index=\"2\"><strong>Transfers<\/strong><br \/><\/span><\/p><p style=\"text-align: left;\"><span class=\"ng-star-inserted\" data-index=\"3\">Alle Transfer erfolgen in privaten Fahrzeugen,<\/span><span class=\"ng-star-inserted\" data-index=\"4\"> entweder mit regul\u00e4rem PKW oder mit einem Allradfahrzeug, je nach Stra\u00dfenbedingungen. <\/span><\/p><p style=\"text-align: left;\"><strong><span class=\"ng-star-inserted\" data-index=\"6\">Essen &amp; Wasser<\/span><\/strong><\/p><p style=\"text-align: left;\"><span class=\"ng-star-inserted\" data-index=\"7\">Das Essen in diesem Teil der Welt wird etwas sein, das ihr am Ende jedes Tages mit Spannung erwarten werdet. <\/span><span class=\"ng-star-inserted\" data-index=\"8\">Die Gerichte werden auf traditionelle Weise frisch zubereitet und zeichnen sich durch eine Mischung aus Balkan, t\u00fcrkischen und europ\u00e4ischen Einfl\u00fcssen aus. <\/span><span class=\"ng-star-inserted\" data-index=\"9\">In G\u00e4steh\u00e4usern wird euch hausgemachtes Brot mit lokal angebautem Gem\u00fcse, Milchprodukten und Eiern serviert. <\/span><\/p><p style=\"text-align: left;\"><strong>Viele Gerichte sind von Haus aus vegetarisch<\/strong>, und Fleisch wird meistens separat als Beilage serviert. F\u00fcr vegane, laktose- und glutenfreie Ern\u00e4hrung bitten wir euch uns dar\u00fcber zu informieren. Generell ist das kein Problem.<\/p><p style=\"text-align: left;\"><span class=\"ng-star-inserted\" data-index=\"14\">Bringt zur Wanderung eure eigene Wasserflasche zum Auff\u00fcllen mit. <\/span><span class=\"ng-star-inserted\" data-index=\"15\">Ihr k\u00f6nnt Wasser aus Gebirgsb\u00e4chen oder in G\u00e4steh\u00e4usern Leitungswasser erhalten, beides hat Trinkwasserqualit\u00e4t. <\/span><span class=\"ng-star-inserted\" data-index=\"16\">Solltet ihr Bedenken haben, unbehandeltes Wasser zu trinken, empfehlen wir Wasseraufbereitungstabletten mitzunehmen.<\/span><\/p><p style=\"text-align: left;\"><strong><span class=\"ng-star-inserted\" data-index=\"17\">Unterk\u00fcnfte<\/span><\/strong><\/p><p style=\"text-align: left;\">Die erste und letzte Nacht der Reise verbringst du in <strong>Shkod\u00ebr in einem 3-Sterne-Hotel<\/strong> in Zweibett-\/Doppelzimmern mit eigenem Bad. Wenn du f\u00fcr diese beiden N\u00e4chte ein Einzelzimmer bevorzugst, kannst du das im Buchungsformular als &#8222;Addon&#8220; hinzuf\u00fcgen (ca. \u20ac70).<\/p><p style=\"text-align: left;\"><strong>W\u00e4hrend der Wanderung in den Bergen<\/strong> \u00fcbernachten wir in <strong>G\u00e4steh\u00e4usern und H\u00fctten<\/strong>, wo die Zimmer mit anderen Gruppenmitgliedern geteilt werden, aber nicht mit anderen Reisenden.<\/p><p style=\"text-align: left;\"><span class=\"ng-star-inserted\" data-index=\"21\">Bettw\u00e4sche und Decken, Handt\u00fccher, Shampoo, und andere grundlegende Dinge stellen die G\u00e4steh\u00e4user zur Verf\u00fcgung. Wir empfehlen jedoch, ein Reisehandtuch und einen H\u00fcttenschlafsack f\u00fcr alle F\u00e4lle einzupacken. Im Bergdorf Doberdol kann es mitunter sehr k\u00fchl sein.<\/span><\/p><p style=\"text-align: left;\"><strong>Zeitzone<\/strong><\/p><p style=\"text-align: left;\">GMT +1<\/p><p style=\"text-align: left;\"><strong>Sprache<\/strong><\/p><p style=\"text-align: left;\">Albanisch im Kosovo und Albanien, Serbisch\/Montenegrinisch in Montenegro. In gro\u00dfen St\u00e4dten sprechen viele Menschen Englisch, aber in abgelegenen Gebieten ist dies oft nicht der Fall. Einige Menschen sprechen aufgrund der gro\u00dfen Diaspora in deutschsprachigen L\u00e4ndern auch Deutsch.<\/p><p style=\"text-align: left;\"><strong>Stromversorgung und Stecker<\/strong><\/p><p style=\"text-align: left;\">220V, 50 Hz, zweipolige Rundstecker<\/p><p style=\"text-align: left;\"><strong>W\u00e4hrung<\/strong><\/p><p style=\"text-align: left;\">Euro (EUR) in Kosovo und Montenegro, Lek in Albanien, jedoch werden dort h\u00e4ufig auch Euro akzeptiert. Geldautomaten sind in Shkoder (Albanien), Peja (Kosovo), Plav (Montenegro) und Gjakova (Kosovo) verf\u00fcgbar.<\/p><p style=\"text-align: left;\">\/\/ weitere Informationen und Kontaktdaten findet ihr auf <a href=\"https:\/\/www.abenteueralbanien.de\/peaks-of-the-balkans-tour-10-tage\/\" target=\"_blank\" rel=\"noopener\">AbenteuerAlbanien.de<\/a>\u00a0<\/p>\t\t\t\t\t\t\t\t<\/div>\n\t\t\t\t\t<\/div>\n\t\t<\/div>\n\t\t\t\t\t<\/div>\n\t\t<\/section>\n\t\t\t\t\t<\/div>\n\t\t<\/div>\n\t\t\t\t\t<\/div>\n\t\t<\/section>\n\t\t\t\t<\/div>\n\t\t","protected":false},"excerpt":{"rendered":"<p>Erlebe den Peaks of the Balkans Trail Gef\u00fchrt auf einer wundersch\u00f6nen Wanderung durch die unber\u00fchrte Natur der \u201eAccursed Mountains\u201c, in Albanien, Montenegro &#038; Kosovo.<\/p>","protected":false},"author":6,"featured_media":1287,"parent":0,"menu_order":0,"comment_status":"closed","ping_status":"closed","template":"","meta":{"footnotes":""},"class_list":["post-12164","page","type-page","status-publish","has-post-thumbnail","hentry"],"_links":{"self":[{"href":"https:\/\/peaksofthebalkans.at\/it\/wp-json\/wp\/v2\/pages\/12164","targetHints":{"allow":["GET"]}}],"collection":[{"href":"https:\/\/peaksofthebalkans.at\/it\/wp-json\/wp\/v2\/pages"}],"about":[{"href":"https:\/\/peaksofthebalkans.at\/it\/wp-json\/wp\/v2\/types\/page"}],"author":[{"embeddable":true,"href":"https:\/\/peaksofthebalkans.at\/it\/wp-json\/wp\/v2\/users\/6"}],"replies":[{"embeddable":true,"href":"https:\/\/peaksofthebalkans.at\/it\/wp-json\/wp\/v2\/comments?post=12164"}],"version-history":[{"count":265,"href":"https:\/\/peaksofthebalkans.at\/it\/wp-json\/wp\/v2\/pages\/12164\/revisions"}],"predecessor-version":[{"id":16086,"href":"https:\/\/peaksofthebalkans.at\/it\/wp-json\/wp\/v2\/pages\/12164\/revisions\/16086"}],"wp:featuredmedia":[{"embeddable":true,"href":"https:\/\/peaksofthebalkans.at\/it\/wp-json\/wp\/v2\/media\/1287"}],"wp:attachment":[{"href":"https:\/\/peaksofthebalkans.at\/it\/wp-json\/wp\/v2\/media?parent=12164"}],"curies":[{"name":"wp","href":"https:\/\/api.w.org\/{rel}","templated":true}]}}