{"id":12114,"date":"2024-02-09T14:23:26","date_gmt":"2024-02-09T13:23:26","guid":{"rendered":"https:\/\/project.howdymeta.com\/?page_id=12114"},"modified":"2026-03-11T15:34:17","modified_gmt":"2026-03-11T14:34:17","slug":"5-10-giorni","status":"publish","type":"page","link":"https:\/\/peaksofthebalkans.at\/it\/5-10-tage\/","title":{"rendered":"Cime dei Balcani 5 - 10 giorni"},"content":{"rendered":"\t\t<div data-elementor-type=\"wp-page\" data-elementor-id=\"12114\" class=\"elementor elementor-12114\" data-elementor-post-type=\"page\">\n\t\t\t\t\t\t<section class=\"elementor-section elementor-top-section elementor-element elementor-element-3558f2d elementor-section-boxed elementor-section-height-default elementor-section-height-default\" data-id=\"3558f2d\" data-element_type=\"section\" data-e-type=\"section\">\n\t\t\t\t\t\t<div class=\"elementor-container elementor-column-gap-default\">\n\t\t\t\t\t<div class=\"elementor-column elementor-col-100 elementor-top-column elementor-element elementor-element-3ea8aaa\" data-id=\"3ea8aaa\" data-element_type=\"column\" data-e-type=\"column\">\n\t\t\t<div class=\"elementor-widget-wrap elementor-element-populated\">\n\t\t\t\t\t\t<section class=\"elementor-section elementor-inner-section elementor-element elementor-element-4928446 elementor-section-boxed elementor-section-height-default elementor-section-height-default\" data-id=\"4928446\" data-element_type=\"section\" data-e-type=\"section\">\n\t\t\t\t\t\t<div class=\"elementor-container elementor-column-gap-default\">\n\t\t\t\t\t<div class=\"elementor-column elementor-col-100 elementor-inner-column elementor-element elementor-element-72911fd\" data-id=\"72911fd\" data-element_type=\"column\" data-e-type=\"column\">\n\t\t\t<div class=\"elementor-widget-wrap elementor-element-populated\">\n\t\t\t\t\t\t<div class=\"elementor-element elementor-element-44f5583 elementor-widget elementor-widget-heading\" data-id=\"44f5583\" data-element_type=\"widget\" data-e-type=\"widget\" data-widget_type=\"heading.default\">\n\t\t\t\t\t<h1 class=\"elementor-heading-title elementor-size-default\">Peaks of the Balkans 5 - 10 Tage<\/h1>\t\t\t\t<\/div>\n\t\t\t\t<div class=\"elementor-element elementor-element-00bb68c elementor-widget__width-initial elementor-widget elementor-widget-text-editor\" data-id=\"00bb68c\" data-element_type=\"widget\" data-e-type=\"widget\" data-widget_type=\"text-editor.default\">\n\t\t\t\t\t\t\t\t\t<p style=\"text-align: left;\"><strong>Den Peaks of the Balkans Trail auf eigene Faust erkunden &#8211; 5 Tage bis 10 Tage. Wandere durch die unber\u00fchrte Natur der \u201eAccursed Mountains\u201c, die in drei Balkanl\u00e4ndern liegen \u2013 Albanien, Montenegro und Kosovo. Border Permits inklusive.<\/strong><\/p>\t\t\t\t\t\t\t\t<\/div>\n\t\t\t\t\t<\/div>\n\t\t<\/div>\n\t\t\t\t\t<\/div>\n\t\t<\/section>\n\t\t\t\t\t<\/div>\n\t\t<\/div>\n\t\t\t\t\t<\/div>\n\t\t<\/section>\n\t\t\t\t<section class=\"elementor-section elementor-top-section elementor-element elementor-element-289ee3a elementor-section-boxed elementor-section-height-default elementor-section-height-default\" data-id=\"289ee3a\" data-element_type=\"section\" data-e-type=\"section\">\n\t\t\t\t\t\t<div class=\"elementor-container elementor-column-gap-default\">\n\t\t\t\t\t<div class=\"elementor-column elementor-col-50 elementor-top-column elementor-element elementor-element-4da51ec\" data-id=\"4da51ec\" data-element_type=\"column\" data-e-type=\"column\">\n\t\t\t<div class=\"elementor-widget-wrap elementor-element-populated\">\n\t\t\t\t\t\t<div class=\"elementor-element elementor-element-16b2f6a elementor-pagination-position-inside elementor-arrows-position-inside elementor-widget elementor-widget-image-carousel\" data-id=\"16b2f6a\" data-element_type=\"widget\" data-e-type=\"widget\" data-settings=\"{&quot;slides_to_show&quot;:&quot;1&quot;,&quot;navigation&quot;:&quot;both&quot;,&quot;autoplay&quot;:&quot;yes&quot;,&quot;pause_on_hover&quot;:&quot;yes&quot;,&quot;pause_on_interaction&quot;:&quot;yes&quot;,&quot;autoplay_speed&quot;:5000,&quot;infinite&quot;:&quot;yes&quot;,&quot;effect&quot;:&quot;slide&quot;,&quot;speed&quot;:500}\" data-widget_type=\"image-carousel.default\">\n\t\t\t\t\t\t\t<div class=\"elementor-image-carousel-wrapper swiper\" role=\"region\" aria-roledescription=\"carousel\" aria-label=\"Bild Karussell\" dir=\"ltr\">\n\t\t\t<div class=\"elementor-image-carousel swiper-wrapper\" aria-live=\"off\">\n\t\t\t\t\t\t\t\t<div class=\"swiper-slide\" role=\"group\" aria-roledescription=\"slide\" aria-label=\"1 von 10\"><figure class=\"swiper-slide-inner\"><img decoding=\"async\" class=\"swiper-slide-image\" src=\"https:\/\/peaksofthebalkans.at\/wp-content\/uploads\/2024\/02\/Peaks-of-the-Balkans_auf-eigene-Faust_1-1024x719-1.webp\" alt=\"Peaks-of-the-Balkans_auf-eigene-Faust 5 Tage bis 10 Tage\" \/><\/figure><\/div><div class=\"swiper-slide\" role=\"group\" aria-roledescription=\"slide\" aria-label=\"2 von 10\"><figure class=\"swiper-slide-inner\"><img decoding=\"async\" class=\"swiper-slide-image\" src=\"https:\/\/peaksofthebalkans.at\/wp-content\/uploads\/2024\/02\/Peaks-of-the-Balkans-Self-Guided_BNA-1200x857-1.png\" alt=\"Peaks-of-the-Balkans-Self-Guided Wanderer auf dem Gipfel\" \/><\/figure><\/div><div class=\"swiper-slide\" role=\"group\" aria-roledescription=\"slide\" aria-label=\"3 von 10\"><figure class=\"swiper-slide-inner\"><img decoding=\"async\" class=\"swiper-slide-image\" src=\"https:\/\/peaksofthebalkans.at\/wp-content\/uploads\/2024\/02\/Peaks-of-the-Balkans-Self-Guided_BNA_Qafa-e-Pejes-1200x857-1.png\" alt=\"Peaks of the Balkans Wanderung Selbst Gef\u00fchrt\" \/><\/figure><\/div><div class=\"swiper-slide\" role=\"group\" aria-roledescription=\"slide\" aria-label=\"4 von 10\"><figure class=\"swiper-slide-inner\"><img decoding=\"async\" class=\"swiper-slide-image\" src=\"https:\/\/peaksofthebalkans.at\/wp-content\/uploads\/2024\/02\/Peaks-of-the-Balkans-Self-Guided_BNA_Hochwiese-1024x684-1.webp\" alt=\"Hochwiese auf dem Peaks of the Balkans Trail\" \/><\/figure><\/div><div class=\"swiper-slide\" role=\"group\" aria-roledescription=\"slide\" aria-label=\"5 von 10\"><figure class=\"swiper-slide-inner\"><img decoding=\"async\" class=\"swiper-slide-image\" src=\"https:\/\/peaksofthebalkans.at\/wp-content\/uploads\/2024\/02\/Peaks-of-the-Balkans-BNA_Theth-village-1024x665-1.webp\" alt=\"Wandern im Peak of the Balkans, beeindruckende Berge, Natur und Kultur in den Albanischen Alpen.\" \/><\/figure><\/div><div class=\"swiper-slide\" role=\"group\" aria-roledescription=\"slide\" aria-label=\"6 von 10\"><figure class=\"swiper-slide-inner\"><img decoding=\"async\" class=\"swiper-slide-image\" src=\"https:\/\/peaksofthebalkans.at\/wp-content\/uploads\/2024\/02\/6-Days-Self-guided-Peaks-of-the-Balkans-with-Doberdol_BNA-1024x683-1.webp\" alt=\"6 Tage, Etappe Doberdol\" \/><\/figure><\/div><div class=\"swiper-slide\" role=\"group\" aria-roledescription=\"slide\" aria-label=\"7 von 10\"><figure class=\"swiper-slide-inner\"><img decoding=\"async\" class=\"swiper-slide-image\" src=\"https:\/\/peaksofthebalkans.at\/wp-content\/uploads\/2024\/02\/Peaks-of-the-Balkans_Blue-Eye-Theth.webp\" alt=\"Das Blue Eye Theth, ein nat\u00fcrlicher Pool in den Albanischen Alpen\" \/><\/figure><\/div><div class=\"swiper-slide\" role=\"group\" aria-roledescription=\"slide\" aria-label=\"8 von 10\"><figure class=\"swiper-slide-inner\"><img decoding=\"async\" class=\"swiper-slide-image\" src=\"https:\/\/peaksofthebalkans.at\/wp-content\/uploads\/2024\/02\/Peaks-of-the-Balkans_auf-eigene-Faust-3.webp\" alt=\"Peaks-of-the-Balkans_auf-eigene-Faust G\u00e4stehaus\" \/><\/figure><\/div><div class=\"swiper-slide\" role=\"group\" aria-roledescription=\"slide\" aria-label=\"9 von 10\"><figure class=\"swiper-slide-inner\"><img decoding=\"async\" class=\"swiper-slide-image\" src=\"https:\/\/peaksofthebalkans.at\/wp-content\/uploads\/2024\/02\/Peaks-of-the-Balkans_auf-eigene-Faust-2.webp\" alt=\"Wanderer auf einem schmalen Pfad in den albanischen Bergen\" \/><\/figure><\/div><div class=\"swiper-slide\" role=\"group\" aria-roledescription=\"slide\" aria-label=\"10 von 10\"><figure class=\"swiper-slide-inner\"><img decoding=\"async\" class=\"swiper-slide-image\" src=\"https:\/\/peaksofthebalkans.at\/wp-content\/uploads\/2024\/02\/Peaks-of-the-Balkans_auf-eigene-Faust.webp\" alt=\"Wanderer mit Einheimischer Oma auf einer Bergwiese mit Schafen\" \/><\/figure><\/div>\t\t\t<\/div>\n\t\t\t\t\t\t\t\t\t\t\t\t<div class=\"elementor-swiper-button elementor-swiper-button-prev\" role=\"button\" tabindex=\"0\">\n\t\t\t\t\t\t<svg aria-hidden=\"true\" class=\"e-font-icon-svg e-fas-chevron-left\" viewBox=\"0 0 320 512\" xmlns=\"http:\/\/www.w3.org\/2000\/svg\"><path d=\"M34.52 239.03L228.87 44.69c9.37-9.37 24.57-9.37 33.94 0l22.67 22.67c9.36 9.36 9.37 24.52.04 33.9L131.49 256l154.02 154.75c9.34 9.38 9.32 24.54-.04 33.9l-22.67 22.67c-9.37 9.37-24.57 9.37-33.94 0L34.52 272.97c-9.37-9.37-9.37-24.57 0-33.94z\"><\/path><\/svg>\t\t\t\t\t<\/div>\n\t\t\t\t\t<div class=\"elementor-swiper-button elementor-swiper-button-next\" role=\"button\" tabindex=\"0\">\n\t\t\t\t\t\t<svg aria-hidden=\"true\" class=\"e-font-icon-svg e-fas-chevron-right\" viewBox=\"0 0 320 512\" xmlns=\"http:\/\/www.w3.org\/2000\/svg\"><path d=\"M285.476 272.971L91.132 467.314c-9.373 9.373-24.569 9.373-33.941 0l-22.667-22.667c-9.357-9.357-9.375-24.522-.04-33.901L188.505 256 34.484 101.255c-9.335-9.379-9.317-24.544.04-33.901l22.667-22.667c9.373-9.373 24.569-9.373 33.941 0L285.475 239.03c9.373 9.372 9.373 24.568.001 33.941z\"><\/path><\/svg>\t\t\t\t\t<\/div>\n\t\t\t\t\n\t\t\t\t\t\t\t\t\t<div class=\"swiper-pagination\"><\/div>\n\t\t\t\t\t\t\t\t\t<\/div>\n\t\t\t\t\t\t<\/div>\n\t\t\t\t\t<\/div>\n\t\t<\/div>\n\t\t\t\t<div class=\"elementor-column elementor-col-50 elementor-top-column elementor-element elementor-element-f3f3275\" data-id=\"f3f3275\" data-element_type=\"column\" data-e-type=\"column\">\n\t\t\t<div class=\"elementor-widget-wrap elementor-element-populated\">\n\t\t\t\t\t\t<div class=\"elementor-element elementor-element-f6b6b57 elementor-widget elementor-widget-price-list\" data-id=\"f6b6b57\" data-element_type=\"widget\" data-e-type=\"widget\" data-widget_type=\"price-list.default\">\n\t\t\t\t\t\n\t\t<ul class=\"elementor-price-list\">\n\n\t\t\t\t\t\t\t\t\t<li><a class=\"elementor-price-list-item\" href=\"#\">\t\t\t\t\n\t\t\t\t<div class=\"elementor-price-list-text\">\n\t\t\t\t\t\t\t\t\t<div class=\"elementor-price-list-header\">\n\t\t\t\t\t\t\t\t\t\t\t<span class=\"elementor-price-list-title\">\n\t\t\t\t\t\t\tAnreise\/Abreise\t\t\t\t\t\t<\/span>\n\t\t\t\t\t\t\t\t\t\t\t\t\t\t\t\t\t\t<span class=\"elementor-price-list-separator\"><\/span>\n\t\t\t\t\t\t\t\t\t\t\t\t\t\t\t\t\t\t\t<span class=\"elementor-price-list-price\">Shkoder<\/span>\n\t\t\t\t\t\t\t\t\t\t<\/div>\n\t\t\t\t\t\t\t\t\t\t\t\t<\/div>\n\t\t\t\t<\/a><\/li>\t\t\t\t\t\t\t\t\t\t\t\t<li><a class=\"elementor-price-list-item\" href=\"#\">\t\t\t\t\n\t\t\t\t<div class=\"elementor-price-list-text\">\n\t\t\t\t\t\t\t\t\t<div class=\"elementor-price-list-header\">\n\t\t\t\t\t\t\t\t\t\t\t<span class=\"elementor-price-list-title\">\n\t\t\t\t\t\t\tDauer\t\t\t\t\t\t<\/span>\n\t\t\t\t\t\t\t\t\t\t\t\t\t\t\t\t\t\t<span class=\"elementor-price-list-separator\"><\/span>\n\t\t\t\t\t\t\t\t\t\t\t\t\t\t\t\t\t\t\t<span class=\"elementor-price-list-price\">5-10 Tage<\/span>\n\t\t\t\t\t\t\t\t\t\t<\/div>\n\t\t\t\t\t\t\t\t\t\t\t\t<\/div>\n\t\t\t\t<\/a><\/li>\t\t\t\t\t\t\t\t\t\t\t\t<li><a class=\"elementor-price-list-item\" href=\"#\">\t\t\t\t\n\t\t\t\t<div class=\"elementor-price-list-text\">\n\t\t\t\t\t\t\t\t\t<div class=\"elementor-price-list-header\">\n\t\t\t\t\t\t\t\t\t\t\t<span class=\"elementor-price-list-title\">\n\t\t\t\t\t\t\tTeilnehmer\t\t\t\t\t\t<\/span>\n\t\t\t\t\t\t\t\t\t\t\t\t\t\t\t\t\t\t<span class=\"elementor-price-list-separator\"><\/span>\n\t\t\t\t\t\t\t\t\t\t\t\t\t\t\t\t\t\t\t<span class=\"elementor-price-list-price\">ab 2 Personen<\/span>\n\t\t\t\t\t\t\t\t\t\t<\/div>\n\t\t\t\t\t\t\t\t\t\t\t\t<\/div>\n\t\t\t\t<\/a><\/li>\t\t\t\t\t\t\t\t\t\t\t\t<li><a class=\"elementor-price-list-item\" href=\"#\">\t\t\t\t\n\t\t\t\t<div class=\"elementor-price-list-text\">\n\t\t\t\t\t\t\t\t\t<div class=\"elementor-price-list-header\">\n\t\t\t\t\t\t\t\t\t\t\t<span class=\"elementor-price-list-title\">\n\t\t\t\t\t\t\tReisezeit\t\t\t\t\t\t<\/span>\n\t\t\t\t\t\t\t\t\t\t\t\t\t\t\t\t\t\t<span class=\"elementor-price-list-separator\"><\/span>\n\t\t\t\t\t\t\t\t\t\t\t\t\t\t\t\t\t\t\t<span class=\"elementor-price-list-price\">Mai \u2013 Okt.<\/span>\n\t\t\t\t\t\t\t\t\t\t<\/div>\n\t\t\t\t\t\t\t\t\t\t\t\t<\/div>\n\t\t\t\t<\/a><\/li>\t\t\t\t\t\t\t\t\t\t\t\t<li><a class=\"elementor-price-list-item\" href=\"#\">\t\t\t\t\n\t\t\t\t<div class=\"elementor-price-list-text\">\n\t\t\t\t\t\t\t\t\t<div class=\"elementor-price-list-header\">\n\t\t\t\t\t\t\t\t\t\t\t<span class=\"elementor-price-list-title\">\n\t\t\t\t\t\t\tpro Person\t\t\t\t\t\t<\/span>\n\t\t\t\t\t\t\t\t\t\t\t\t\t\t\t\t\t\t<span class=\"elementor-price-list-separator\"><\/span>\n\t\t\t\t\t\t\t\t\t\t\t\t\t\t\t\t\t\t\t<span class=\"elementor-price-list-price\">ab \u20ac 615,00<\/span>\n\t\t\t\t\t\t\t\t\t\t<\/div>\n\t\t\t\t\t\t\t\t\t\t\t\t<\/div>\n\t\t\t\t<\/a><\/li>\t\t\t\t\t\n\t\t<\/ul>\n\n\t\t\t\t\t\t<\/div>\n\t\t\t\t<div class=\"elementor-element elementor-element-ad9136d elementor-align-justify elementor-widget elementor-widget-button\" data-id=\"ad9136d\" data-element_type=\"widget\" data-e-type=\"widget\" data-widget_type=\"button.default\">\n\t\t\t\t\t\t\t\t\t\t<a class=\"elementor-button elementor-button-link elementor-size-sm elementor-animation-float\" href=\"https:\/\/www.abenteueralbanien.de\/peaks-of-the-balkans-5-6-10-tage\/\" target=\"_blank\" rel=\"noopener\">\n\t\t\t\t\t\t<span class=\"elementor-button-content-wrapper\">\n\t\t\t\t\t\t\t\t\t<span class=\"elementor-button-text\">BUCHEN<\/span>\n\t\t\t\t\t<\/span>\n\t\t\t\t\t<\/a>\n\t\t\t\t\t\t\t\t<\/div>\n\t\t\t\t\t<\/div>\n\t\t<\/div>\n\t\t\t\t\t<\/div>\n\t\t<\/section>\n\t\t\t\t<section class=\"elementor-section elementor-top-section elementor-element elementor-element-1a54b64 elementor-section-boxed elementor-section-height-default elementor-section-height-default\" data-id=\"1a54b64\" data-element_type=\"section\" data-e-type=\"section\">\n\t\t\t\t\t\t<div class=\"elementor-container elementor-column-gap-default\">\n\t\t\t\t\t<div class=\"elementor-column elementor-col-100 elementor-top-column elementor-element elementor-element-8661136\" data-id=\"8661136\" data-element_type=\"column\" data-e-type=\"column\">\n\t\t\t<div class=\"elementor-widget-wrap elementor-element-populated\">\n\t\t\t\t\t\t<div class=\"elementor-element elementor-element-9b7c658 elementor-widget-divider--view-line elementor-widget elementor-widget-divider\" data-id=\"9b7c658\" data-element_type=\"widget\" data-e-type=\"widget\" data-widget_type=\"divider.default\">\n\t\t\t\t\t\t\t<div class=\"elementor-divider\">\n\t\t\t<span class=\"elementor-divider-separator\">\n\t\t\t\t\t\t<\/span>\n\t\t<\/div>\n\t\t\t\t\t\t<\/div>\n\t\t\t\t<div class=\"elementor-element elementor-element-b24a276 elementor-widget elementor-widget-heading\" data-id=\"b24a276\" data-element_type=\"widget\" data-e-type=\"widget\" data-widget_type=\"heading.default\">\n\t\t\t\t\t<h2 class=\"elementor-heading-title elementor-size-default\"><a href=\"https:\/\/de.trustpilot.com\/review\/abenteueralbanien.de\" target=\"_blank\" rel=\"noopener\">\nErfahrungen:\n<\/a><\/h2>\t\t\t\t<\/div>\n\t\t\t\t\t<\/div>\n\t\t<\/div>\n\t\t\t\t\t<\/div>\n\t\t<\/section>\n\t\t\t\t<section class=\"elementor-section elementor-top-section elementor-element elementor-element-0228c04 elementor-section-boxed elementor-section-height-default elementor-section-height-default\" data-id=\"0228c04\" data-element_type=\"section\" data-e-type=\"section\">\n\t\t\t\t\t\t<div class=\"elementor-container elementor-column-gap-no\">\n\t\t\t\t\t<div class=\"elementor-column elementor-col-100 elementor-top-column elementor-element elementor-element-4641062\" data-id=\"4641062\" data-element_type=\"column\" data-e-type=\"column\">\n\t\t\t<div class=\"elementor-widget-wrap elementor-element-populated\">\n\t\t\t\t\t\t<div class=\"elementor-element elementor-element-f7c1c5c elementor-widget elementor-widget-image\" data-id=\"f7c1c5c\" data-element_type=\"widget\" data-e-type=\"widget\" data-widget_type=\"image.default\">\n\t\t\t\t\t\t\t\t\t\t\t\t\t\t\t\t<a href=\"https:\/\/www.tripadvisor.com\/Attraction_Review-g294446-d10209646-Reviews-Zbulo_Discover_Albania-Tirana_Tirana_County.html\" target=\"_blank\" rel=\"noopener\">\n\t\t\t\t\t\t\t<img fetchpriority=\"high\" decoding=\"async\" width=\"800\" height=\"241\" src=\"https:\/\/peaksofthebalkans.at\/wp-content\/uploads\/2026\/02\/Zbulo-Reviews-Tripadvisor-1024x309.png\" class=\"attachment-large size-large wp-image-15358\" alt=\"Zbulo Reviews Tripadvisor\" srcset=\"https:\/\/peaksofthebalkans.at\/wp-content\/uploads\/2026\/02\/Zbulo-Reviews-Tripadvisor-1024x309.png 1024w, https:\/\/peaksofthebalkans.at\/wp-content\/uploads\/2026\/02\/Zbulo-Reviews-Tripadvisor-300x90.png 300w, https:\/\/peaksofthebalkans.at\/wp-content\/uploads\/2026\/02\/Zbulo-Reviews-Tripadvisor-768x232.png 768w, https:\/\/peaksofthebalkans.at\/wp-content\/uploads\/2026\/02\/Zbulo-Reviews-Tripadvisor-18x5.png 18w, https:\/\/peaksofthebalkans.at\/wp-content\/uploads\/2026\/02\/Zbulo-Reviews-Tripadvisor.png 1084w\" sizes=\"(max-width: 800px) 100vw, 800px\" \/>\t\t\t\t\t\t\t\t<\/a>\n\t\t\t\t\t\t\t\t\t\t\t\t\t\t\t<\/div>\n\t\t\t\t\t<\/div>\n\t\t<\/div>\n\t\t\t\t\t<\/div>\n\t\t<\/section>\n\t\t\t\t<section class=\"elementor-section elementor-top-section elementor-element elementor-element-5b1648e elementor-section-boxed elementor-section-height-default elementor-section-height-default\" data-id=\"5b1648e\" data-element_type=\"section\" data-e-type=\"section\">\n\t\t\t\t\t\t<div class=\"elementor-container elementor-column-gap-default\">\n\t\t\t\t\t<div class=\"elementor-column elementor-col-100 elementor-top-column elementor-element elementor-element-c4633c7\" data-id=\"c4633c7\" data-element_type=\"column\" data-e-type=\"column\">\n\t\t\t<div class=\"elementor-widget-wrap\">\n\t\t\t\t\t\t\t<\/div>\n\t\t<\/div>\n\t\t\t\t\t<\/div>\n\t\t<\/section>\n\t\t\t\t<section class=\"elementor-section elementor-top-section elementor-element elementor-element-45ea462 elementor-section-boxed elementor-section-height-default elementor-section-height-default\" data-id=\"45ea462\" data-element_type=\"section\" data-e-type=\"section\">\n\t\t\t\t\t\t<div class=\"elementor-container elementor-column-gap-default\">\n\t\t\t\t\t<div class=\"elementor-column elementor-col-100 elementor-top-column elementor-element elementor-element-336b95f\" data-id=\"336b95f\" data-element_type=\"column\" data-e-type=\"column\">\n\t\t\t<div class=\"elementor-widget-wrap elementor-element-populated\">\n\t\t\t\t\t\t<div class=\"elementor-element elementor-element-55f5fb3 elementor-align-center elementor-widget elementor-widget-button\" data-id=\"55f5fb3\" data-element_type=\"widget\" data-e-type=\"widget\" data-widget_type=\"button.default\">\n\t\t\t\t\t\t\t\t\t\t<a class=\"elementor-button elementor-button-link elementor-size-sm elementor-animation-float\" href=\"https:\/\/de.trustpilot.com\/review\/abenteueralbanien.de\" target=\"_blank\" rel=\"noopener\">\n\t\t\t\t\t\t<span class=\"elementor-button-content-wrapper\">\n\t\t\t\t\t\t\t\t\t<span class=\"elementor-button-text\">Alle ansehen<\/span>\n\t\t\t\t\t<\/span>\n\t\t\t\t\t<\/a>\n\t\t\t\t\t\t\t\t<\/div>\n\t\t\t\t\t<\/div>\n\t\t<\/div>\n\t\t\t\t\t<\/div>\n\t\t<\/section>\n\t\t\t\t<section class=\"elementor-section elementor-top-section elementor-element elementor-element-fdf795b elementor-section-boxed elementor-section-height-default elementor-section-height-default\" data-id=\"fdf795b\" data-element_type=\"section\" data-e-type=\"section\">\n\t\t\t\t\t\t<div class=\"elementor-container elementor-column-gap-default\">\n\t\t\t\t\t<div class=\"elementor-column elementor-col-100 elementor-top-column elementor-element elementor-element-9b575f0\" data-id=\"9b575f0\" data-element_type=\"column\" data-e-type=\"column\">\n\t\t\t<div class=\"elementor-widget-wrap elementor-element-populated\">\n\t\t\t\t\t\t<section class=\"elementor-section elementor-inner-section elementor-element elementor-element-dc202d0 elementor-section-boxed elementor-section-height-default elementor-section-height-default\" data-id=\"dc202d0\" data-element_type=\"section\" data-e-type=\"section\">\n\t\t\t\t\t\t<div class=\"elementor-container elementor-column-gap-default\">\n\t\t\t\t\t<div class=\"elementor-column elementor-col-100 elementor-inner-column elementor-element elementor-element-94c2735\" data-id=\"94c2735\" data-element_type=\"column\" data-e-type=\"column\">\n\t\t\t<div class=\"elementor-widget-wrap elementor-element-populated\">\n\t\t\t\t\t\t<div class=\"elementor-element elementor-element-cfbfc2b elementor-widget elementor-widget-heading\" data-id=\"cfbfc2b\" data-element_type=\"widget\" data-e-type=\"widget\" data-widget_type=\"heading.default\">\n\t\t\t\t\t<h2 class=\"elementor-heading-title elementor-size-default\">5 - 10 TAGE SELBST GEF\u00dcHRTE TOUR<\/h2>\t\t\t\t<\/div>\n\t\t\t\t<div class=\"elementor-element elementor-element-9aae6ee openedByDefault elementor-widget elementor-widget-toggle\" data-id=\"9aae6ee\" data-element_type=\"widget\" data-e-type=\"widget\" data-widget_type=\"toggle.default\">\n\t\t\t\t\t\t\t<div class=\"elementor-toggle\">\n\t\t\t\t\t\t\t<div class=\"elementor-toggle-item\">\n\t\t\t\t\t<h3 id=\"elementor-tab-title-1621\" class=\"elementor-tab-title\" data-tab=\"1\" role=\"button\" aria-controls=\"elementor-tab-content-1621\" aria-expanded=\"false\">\n\t\t\t\t\t\t\t\t\t\t\t\t<a class=\"elementor-toggle-title\" tabindex=\"0\"> \u25bc  10 Tage Peaks of the Balkans selbst gef\u00fchrt, Preis: \u20ac 765 pro Person<\/a>\n\t\t\t\t\t<\/h3>\n\n\t\t\t\t\t<div id=\"elementor-tab-content-1621\" class=\"elementor-tab-content elementor-clearfix\" data-tab=\"1\" role=\"region\" aria-labelledby=\"elementor-tab-title-1621\"><p>Diese\u00a0<strong>10-t\u00e4gige Tour<\/strong>\u00a0f\u00fchrt dich in der\u00a0<strong>vollen Schleife durch drei L\u00e4nder<\/strong>, Albanien, Kosovo und Montenegro. Wir haben die Tour etwas variiert, um einige Teile, die nicht die beste Erfahrung bieten, zu vermeiden, und gleichzeitig\u00a0<strong>Highlights wie Gjeravica, Gerbaja Valley und Taljanka Peak<\/strong>\u00a0hinzuf\u00fcgt, die wir f\u00fcr besonders sehenswert halten.<\/p><h4 class=\"fusion-responsive-typography-calculated\" data-fontsize=\"18\" data-lineheight=\"21.6px\">Highlights:<\/h4><ul><li>Zwei N\u00e4chte in Doberdol, dem abgelegensten Teil des Trails<\/li><li>Besteigung des h\u00f6chsten Gipfels im Kosovo \u2013 Gjeravica<\/li><li>Option zum Wandern des h\u00f6chsten Gipfels von Montenegro \u2013 Zla Kolata<\/li><li>Taljanka Peak mit dem vielleicht besten Blick auf die Gipfel des Balkans<\/li><\/ul><h4 class=\"fusion-responsive-typography-calculated\" data-fontsize=\"18\" data-lineheight=\"21.6px\">Reiseroute:<\/h4><p>Tag 01: Ankunft in Shkodra<\/p><p>Tag 02: Transfer nach Theth, Wanderung Theth \u2013 Nderlyse \u2013 Theth (ca. 6:00h &#8211; 19,2 km, 520 hm auf, 630 hm ab)<\/p><p>Tag 03: Wanderung Theth \u2013 Valbona (ca. 6:30h &#8211; 17,6 km, 1220 hm auf, 1040 hm ab)<\/p><p>Tag 04: Wanderung Valbona \u2013 Cerem (ca. 4h &#8211; 10,6 km, 670 hm auf, 410 hm ab)<\/p><p>Tag 05: Wanderung Cerem \u2013 Doberdol (ca. 6h &#8211; 16,5 km, 1290 hm auf, 680 hm ab)<\/p><p>Tag 06: Wanderung Doberdol \u2013 Gjeravica Gipfel \u2013 Doberdol (ca. 5h -9,5 km, 990 hm auf, 990 hm ab)<\/p><p>Tag 07: Wanderung Doberdol \u2013 Milisevc (ca. 7h &#8211; 18,5 km, 1060 hm auf, 1180 hm ab)<\/p><p>Tag 08: Wanderung Milisevc \u2013 Babino Polje (ca. 6h &#8211; 15,2 km, 545 hm auf, 750 hm ab)<\/p><p>Tag 09: Transfer Babino Polje \u2013 Grbaja Tal, Wanderung zum Taljanka Gipfel, Transfer nach Vusanje (ca. 6h &#8211; 9,2 km, 1100 hm auf, 995 hm ab)<\/p><p>Tag 10: Wanderung Vusanje \u2013 Theth, Transfer nach Shkodra (ca. 8h &#8211; 23,2 km, 1140 hm auf, 1400 hm ab)<\/p><p class=\"fusion-responsive-typography-calculated\" data-fontsize=\"18\" data-lineheight=\"21.6px\"><strong>Inklusive:<\/strong><\/p><ul><li>Unterkunft: 2x Hotel, 8x G\u00e4stehaus<\/li><li>Transfers wie in der Reiseroute angegeben<\/li><li>Mahlzeiten (10x Fr\u00fchst\u00fcck, 8x Lunchpaket, 8x Abendessen)<\/li><li>Grenz\u00fcbertrittsgenehmigungen (Border Crossing Permits)<\/li><li>GPS Dateien &amp; Routenbeschreibung auf Englisch<\/li><\/ul><p><strong>Nicht enthalten:<\/strong><\/p><p>Getr\u00e4nke, Fl\u00fcge, Reiseversicherung, Gep\u00e4cktransfer<\/p><p><a class=\"my-button\" href=\"https:\/\/www.abenteueralbanien.de\/peaks-of-the-balkans-5-6-10-tage\/\" target=\"_blank\" rel=\"noopener\">JETZT BUCHEN!<\/a><\/p><\/div>\n\t\t\t\t<\/div>\n\t\t\t\t\t\t\t<div class=\"elementor-toggle-item\">\n\t\t\t\t\t<h3 id=\"elementor-tab-title-1622\" class=\"elementor-tab-title\" data-tab=\"2\" role=\"button\" aria-controls=\"elementor-tab-content-1622\" aria-expanded=\"false\">\n\t\t\t\t\t\t\t\t\t\t\t\t<a class=\"elementor-toggle-title\" tabindex=\"0\">\u25bc  6 Tage Peaks of the Balkans selbst gef\u00fchrt ohne Kosovo, Preis: \u20ac 540 pro Person<\/a>\n\t\t\t\t\t<\/h3>\n\n\t\t\t\t\t<div id=\"elementor-tab-content-1622\" class=\"elementor-tab-content elementor-clearfix\" data-tab=\"2\" role=\"region\" aria-labelledby=\"elementor-tab-title-1622\"><p>Die\u00a0<strong>6 Tage selbst gef\u00fchrte Tour<\/strong>\u00a0in den Verfluchten Bergen ist f\u00fcr diejenigen bestimmt, die eine\u00a0<strong>k\u00fcrzere Schleife in den Gipfeln des Balkans<\/strong>\u00a0wandern m\u00f6chten. Die Route nimmt eine\u00a0<strong>Abk\u00fcrzung von Albanien nach Montenegro, ohne Kosovo<\/strong>\u00a0und enth\u00e4lt alle\u00a0Top-Highlights des Trails.<\/p><p class=\"fusion-responsive-typography-calculated\" data-fontsize=\"18\" data-lineheight=\"21.6px\"><strong>Highlights:<\/strong><\/p><ul><li>Option zum Besteigen des h\u00f6chsten Gipfels von Montenegro \u2013 Zla Kolata<\/li><li>Aufenthalt in Doberdol, dem abgelegensten Teil des Trails<\/li><li>Wanderung Vusanje \u2013 Theth, wo du sehen kannst, wie Grenzen w\u00e4hrend des kalten Krieges bewacht wurden<\/li><\/ul><p class=\"fusion-responsive-typography-calculated\" data-fontsize=\"18\" data-lineheight=\"21.6px\"><strong>Route:<\/strong><\/p><p>Tag 01: Ankunft in Shkodra \u2013 bereits Transfer nach Theth (wenn es die Ankunftszeit erlaubt, sonst am n\u00e4chsten Tag morgens) Tag 02: Wanderung Theth \u2013 Valbona Tag 03: Wanderung Valbona \u2013 Cerem Tag 04: Wanderung Cerem \u2013 Doberdol Tag 05: Wanderung Doberdol \u2013 Babino Polje \u00fcber den Hridsee Tag 06: Transfer Babino Polje \u2013 Vusanje, Wanderung Vusanje \u2013 Theth, Transfer nach Shkoder<\/p><p class=\"fusion-responsive-typography-calculated\" data-fontsize=\"18\" data-lineheight=\"21.6px\"><strong>Inklusive:<\/strong><\/p><ul><li>Unterkunft: 2x Hotel, 4x G\u00e4stehaus<\/li><li>Transfers wie in der Reiseroute angegeben<\/li><li>Mahlzeiten (5x Fr\u00fchst\u00fcck, 4x Lunchpaket, 4x Abendessen)<\/li><li>Grenz\u00fcbertrittsgenehmigungen (Border Crossing Permits)<\/li><li>GPS Dateien &amp; Routenbeschreibung auf Englisch<\/li><\/ul><p><strong>Nicht enthalten:<\/strong> Getr\u00e4nke, Fl\u00fcge, Reiseversicherung, Gep\u00e4cktransfer<\/p><\/div>\n\t\t\t\t<\/div>\n\t\t\t\t\t\t\t<div class=\"elementor-toggle-item\">\n\t\t\t\t\t<h3 id=\"elementor-tab-title-1623\" class=\"elementor-tab-title\" data-tab=\"3\" role=\"button\" aria-controls=\"elementor-tab-content-1623\" aria-expanded=\"false\">\n\t\t\t\t\t\t\t\t\t\t\t\t<a class=\"elementor-toggle-title\" tabindex=\"0\"> \u25bc 5 Tage Peaks of the Balkans selbst gef\u00fchrt inkl. Koman See, Preis: \u20ac 490 pro Person<\/a>\n\t\t\t\t\t<\/h3>\n\n\t\t\t\t\t<div id=\"elementor-tab-content-1623\" class=\"elementor-tab-content elementor-clearfix\" data-tab=\"3\" role=\"region\" aria-labelledby=\"elementor-tab-title-1623\"><p>Dies ist die k\u00fcrzeste und g\u00fcnstigste selbst gef\u00fchrte Tour in den Peaks of the Balkans. Die Tour beinhaltet einen Transfer von Shkodra nach Valbona, inklusive F\u00e4hr\u00fcberfahrt auf dem Komani See.<\/p><p class=\"fusion-responsive-typography-calculated\" data-fontsize=\"18\" data-lineheight=\"21.6px\"><strong>Highlights:<\/strong><\/p><ul><li>F\u00e4hr\u00fcberfahrt auf dem Koman-See, ein Stausee, der durch 3 gro\u00dfe D\u00e4mme geschaffen wurde<\/li><li>Erklimmen des Gipfel Rosi, mit einzigartiger Aussicht<\/li><li>Wanderung Valbona \u2013 Theth, eine der malerischsten Wanderetappen in den Gipfeln des Balkans<\/li><\/ul><p class=\"fusion-responsive-typography-calculated\" data-fontsize=\"18\" data-lineheight=\"21.6px\"><strong>Route:<\/strong><\/p><p>Tag 01: Ankunft in Shkoder Tag 02: Transfer Shkoder \u2013 Komansee \u2013 Valbona Tag 03: Wanderung Valbona \u2013 Rosigipfel Tag 04: Wanderung Valbona \u2013 Theth Tag 05: Wanderung Theth \u2013 Nderlyse \u2013 Theth, Transfer nach Shkoder<\/p><p><strong>Inklusive:<\/strong><\/p><ul><li>Unterkunft: 2x Hotel, 3x G\u00e4stehaus<\/li><li>Transfers wie in der Reiseroute angegeben<\/li><li>Mahlzeiten (4x Fr\u00fchst\u00fcck, 3x Lunchpaket, 3x Abendessen)<\/li><li>Grenzgenehmigungen<\/li><li>GPS Dateien &amp; Routenbeschreibung auf Englisch<\/li><\/ul><p><strong>Nicht enthalten:<\/strong> Getr\u00e4nke, Fl\u00fcge, Reiseversicherung, Gep\u00e4cktransfer<\/p><\/div>\n\t\t\t\t<\/div>\n\t\t\t\t\t\t\t\t\t\t<script type=\"application\/ld+json\">{\"@context\":\"https:\\\/\\\/schema.org\",\"@type\":\"FAQPage\",\"mainEntity\":[{\"@type\":\"Question\",\"name\":\"\\u25bc  10 Tage Peaks of the Balkans selbst gef\\u00fchrt, Preis: \\u20ac 765 pro Person\",\"acceptedAnswer\":{\"@type\":\"Answer\",\"text\":\"<p>Diese\\u00a0<strong>10-t\\u00e4gige Tour<\\\/strong>\\u00a0f\\u00fchrt dich in der\\u00a0<strong>vollen Schleife durch drei L\\u00e4nder<\\\/strong>, Albanien, Kosovo und Montenegro. Wir haben die Tour etwas variiert, um einige Teile, die nicht die beste Erfahrung bieten, zu vermeiden, und gleichzeitig\\u00a0<strong>Highlights wie Gjeravica, Gerbaja Valley und Taljanka Peak<\\\/strong>\\u00a0hinzuf\\u00fcgt, die wir f\\u00fcr besonders sehenswert halten.<\\\/p><h4 class=\\\"fusion-responsive-typography-calculated\\\" data-fontsize=\\\"18\\\" data-lineheight=\\\"21.6px\\\">Highlights:<\\\/h4><ul><li>Zwei N\\u00e4chte in Doberdol, dem abgelegensten Teil des Trails<\\\/li><li>Besteigung des h\\u00f6chsten Gipfels im Kosovo \\u2013 Gjeravica<\\\/li><li>Option zum Wandern des h\\u00f6chsten Gipfels von Montenegro \\u2013 Zla Kolata<\\\/li><li>Taljanka Peak mit dem vielleicht besten Blick auf die Gipfel des Balkans<\\\/li><\\\/ul><h4 class=\\\"fusion-responsive-typography-calculated\\\" data-fontsize=\\\"18\\\" data-lineheight=\\\"21.6px\\\">Reiseroute:<\\\/h4><p>Tag 01: Ankunft in Shkodra<\\\/p><p>Tag 02: Transfer nach Theth, Wanderung Theth \\u2013 Nderlyse \\u2013 Theth (ca. 6:00h &#8211; 19,2 km, 520 hm auf, 630 hm ab)<\\\/p><p>Tag 03: Wanderung Theth \\u2013 Valbona (ca. 6:30h &#8211; 17,6 km, 1220 hm auf, 1040 hm ab)<\\\/p><p>Tag 04: Wanderung Valbona \\u2013 Cerem (ca. 4h &#8211; 10,6 km, 670 hm auf, 410 hm ab)<\\\/p><p>Tag 05: Wanderung Cerem \\u2013 Doberdol (ca. 6h &#8211; 16,5 km, 1290 hm auf, 680 hm ab)<\\\/p><p>Tag 06: Wanderung Doberdol \\u2013 Gjeravica Gipfel \\u2013 Doberdol (ca. 5h -9,5 km, 990 hm auf, 990 hm ab)<\\\/p><p>Tag 07: Wanderung Doberdol \\u2013 Milisevc (ca. 7h &#8211; 18,5 km, 1060 hm auf, 1180 hm ab)<\\\/p><p>Tag 08: Wanderung Milisevc \\u2013 Babino Polje (ca. 6h &#8211; 15,2 km, 545 hm auf, 750 hm ab)<\\\/p><p>Tag 09: Transfer Babino Polje \\u2013 Grbaja Tal, Wanderung zum Taljanka Gipfel, Transfer nach Vusanje (ca. 6h &#8211; 9,2 km, 1100 hm auf, 995 hm ab)<\\\/p><p>Tag 10: Wanderung Vusanje \\u2013 Theth, Transfer nach Shkodra (ca. 8h &#8211; 23,2 km, 1140 hm auf, 1400 hm ab)<\\\/p><p class=\\\"fusion-responsive-typography-calculated\\\" data-fontsize=\\\"18\\\" data-lineheight=\\\"21.6px\\\"><strong>Inklusive:<\\\/strong><\\\/p><ul><li>Unterkunft: 2x Hotel, 8x G\\u00e4stehaus<\\\/li><li>Transfers wie in der Reiseroute angegeben<\\\/li><li>Mahlzeiten (10x Fr\\u00fchst\\u00fcck, 8x Lunchpaket, 8x Abendessen)<\\\/li><li>Grenz\\u00fcbertrittsgenehmigungen (Border Crossing Permits)<\\\/li><li>GPS Dateien &amp; Routenbeschreibung auf Englisch<\\\/li><\\\/ul><p><strong>Nicht enthalten:<\\\/strong><\\\/p><p>Getr\\u00e4nke, Fl\\u00fcge, Reiseversicherung, Gep\\u00e4cktransfer<\\\/p><p><a class=\\\"my-button\\\" href=\\\"https:\\\/\\\/www.abenteueralbanien.de\\\/peaks-of-the-balkans-5-6-10-tage\\\/\\\" target=\\\"_blank\\\" rel=\\\"noopener\\\">JETZT BUCHEN!<\\\/a><\\\/p>\"}},{\"@type\":\"Question\",\"name\":\"\\u25bc  6 Tage Peaks of the Balkans selbst gef\\u00fchrt ohne Kosovo, Preis: \\u20ac 540 pro Person\",\"acceptedAnswer\":{\"@type\":\"Answer\",\"text\":\"<p>Die\\u00a0<strong>6 Tage selbst gef\\u00fchrte Tour<\\\/strong>\\u00a0in den Verfluchten Bergen ist f\\u00fcr diejenigen bestimmt, die eine\\u00a0<strong>k\\u00fcrzere Schleife in den Gipfeln des Balkans<\\\/strong>\\u00a0wandern m\\u00f6chten. Die Route nimmt eine\\u00a0<strong>Abk\\u00fcrzung von Albanien nach Montenegro, ohne Kosovo<\\\/strong>\\u00a0und enth\\u00e4lt alle\\u00a0Top-Highlights des Trails.<\\\/p><p class=\\\"fusion-responsive-typography-calculated\\\" data-fontsize=\\\"18\\\" data-lineheight=\\\"21.6px\\\"><strong>Highlights:<\\\/strong><\\\/p><ul><li>Option zum Besteigen des h\\u00f6chsten Gipfels von Montenegro \\u2013 Zla Kolata<\\\/li><li>Aufenthalt in Doberdol, dem abgelegensten Teil des Trails<\\\/li><li>Wanderung Vusanje \\u2013 Theth, wo du sehen kannst, wie Grenzen w\\u00e4hrend des kalten Krieges bewacht wurden<\\\/li><\\\/ul><p class=\\\"fusion-responsive-typography-calculated\\\" data-fontsize=\\\"18\\\" data-lineheight=\\\"21.6px\\\"><strong>Route:<\\\/strong><\\\/p><p>Tag 01: Ankunft in Shkodra \\u2013 bereits Transfer nach Theth (wenn es die Ankunftszeit erlaubt, sonst am n\\u00e4chsten Tag morgens) Tag 02: Wanderung Theth \\u2013 Valbona Tag 03: Wanderung Valbona \\u2013 Cerem Tag 04: Wanderung Cerem \\u2013 Doberdol Tag 05: Wanderung Doberdol \\u2013 Babino Polje \\u00fcber den Hridsee Tag 06: Transfer Babino Polje \\u2013 Vusanje, Wanderung Vusanje \\u2013 Theth, Transfer nach Shkoder<\\\/p><p class=\\\"fusion-responsive-typography-calculated\\\" data-fontsize=\\\"18\\\" data-lineheight=\\\"21.6px\\\"><strong>Inklusive:<\\\/strong><\\\/p><ul><li>Unterkunft: 2x Hotel, 4x G\\u00e4stehaus<\\\/li><li>Transfers wie in der Reiseroute angegeben<\\\/li><li>Mahlzeiten (5x Fr\\u00fchst\\u00fcck, 4x Lunchpaket, 4x Abendessen)<\\\/li><li>Grenz\\u00fcbertrittsgenehmigungen (Border Crossing Permits)<\\\/li><li>GPS Dateien &amp; Routenbeschreibung auf Englisch<\\\/li><\\\/ul><p><strong>Nicht enthalten:<\\\/strong> Getr\\u00e4nke, Fl\\u00fcge, Reiseversicherung, Gep\\u00e4cktransfer<\\\/p>\"}},{\"@type\":\"Question\",\"name\":\"\\u25bc 5 Tage Peaks of the Balkans selbst gef\\u00fchrt inkl. Koman See, Preis: \\u20ac 490 pro Person\",\"acceptedAnswer\":{\"@type\":\"Answer\",\"text\":\"<p>Dies ist die k\\u00fcrzeste und g\\u00fcnstigste selbst gef\\u00fchrte Tour in den Peaks of the Balkans. Die Tour beinhaltet einen Transfer von Shkodra nach Valbona, inklusive F\\u00e4hr\\u00fcberfahrt auf dem Komani See.<\\\/p><p class=\\\"fusion-responsive-typography-calculated\\\" data-fontsize=\\\"18\\\" data-lineheight=\\\"21.6px\\\"><strong>Highlights:<\\\/strong><\\\/p><ul><li>F\\u00e4hr\\u00fcberfahrt auf dem Koman-See, ein Stausee, der durch 3 gro\\u00dfe D\\u00e4mme geschaffen wurde<\\\/li><li>Erklimmen des Gipfel Rosi, mit einzigartiger Aussicht<\\\/li><li>Wanderung Valbona \\u2013 Theth, eine der malerischsten Wanderetappen in den Gipfeln des Balkans<\\\/li><\\\/ul><p class=\\\"fusion-responsive-typography-calculated\\\" data-fontsize=\\\"18\\\" data-lineheight=\\\"21.6px\\\"><strong>Route:<\\\/strong><\\\/p><p>Tag 01: Ankunft in Shkoder Tag 02: Transfer Shkoder \\u2013 Komansee \\u2013 Valbona Tag 03: Wanderung Valbona \\u2013 Rosigipfel Tag 04: Wanderung Valbona \\u2013 Theth Tag 05: Wanderung Theth \\u2013 Nderlyse \\u2013 Theth, Transfer nach Shkoder<\\\/p><p><strong>Inklusive:<\\\/strong><\\\/p><ul><li>Unterkunft: 2x Hotel, 3x G\\u00e4stehaus<\\\/li><li>Transfers wie in der Reiseroute angegeben<\\\/li><li>Mahlzeiten (4x Fr\\u00fchst\\u00fcck, 3x Lunchpaket, 3x Abendessen)<\\\/li><li>Grenzgenehmigungen<\\\/li><li>GPS Dateien &amp; Routenbeschreibung auf Englisch<\\\/li><\\\/ul><p><strong>Nicht enthalten:<\\\/strong> Getr\\u00e4nke, Fl\\u00fcge, Reiseversicherung, Gep\\u00e4cktransfer<\\\/p>\"}}]}<\/script>\n\t\t\t\t\t<\/div>\n\t\t\t\t\t\t<\/div>\n\t\t\t\t<div class=\"elementor-element elementor-element-fbf4079 elementor-widget elementor-widget-html\" data-id=\"fbf4079\" data-element_type=\"widget\" data-e-type=\"widget\" data-widget_type=\"html.default\">\n\t\t\t\t\t<script>\r\nwindow.addEventListener('load', function () {\r\n\r\nlet opened = [1];\r\n\r\nsetTimeout(function () {\r\nlet toggles = document.querySelectorAll('.openedByDefault .elementor-tab-title, .openedByDefault .e-n-accordion-item-title');\r\nopened.forEach((i) => {\r\nif (toggles[i - 1]) toggles[i - 1].click();\r\n});\r\n}, 300);\r\n});\r\n<\/script>\r\n\t\t\t\t<\/div>\n\t\t\t\t<div class=\"elementor-element elementor-element-80af619 elementor-align-justify elementor-widget elementor-widget-button\" data-id=\"80af619\" data-element_type=\"widget\" data-e-type=\"widget\" data-widget_type=\"button.default\">\n\t\t\t\t\t\t\t\t\t\t<a class=\"elementor-button elementor-button-link elementor-size-sm elementor-animation-float\" href=\"https:\/\/www.abenteueralbanien.de\/peaks-of-the-balkans-5-6-10-tage\/\" target=\"_blank\" rel=\"noopener\">\n\t\t\t\t\t\t<span class=\"elementor-button-content-wrapper\">\n\t\t\t\t\t\t\t\t\t<span class=\"elementor-button-text\">JETZT BUCHEN!<\/span>\n\t\t\t\t\t<\/span>\n\t\t\t\t\t<\/a>\n\t\t\t\t\t\t\t\t<\/div>\n\t\t\t\t\t<\/div>\n\t\t<\/div>\n\t\t\t\t\t<\/div>\n\t\t<\/section>\n\t\t\t\t\t<\/div>\n\t\t<\/div>\n\t\t\t\t\t<\/div>\n\t\t<\/section>\n\t\t\t\t<section class=\"elementor-section elementor-top-section elementor-element elementor-element-13654ac elementor-section-boxed elementor-section-height-default elementor-section-height-default\" data-id=\"13654ac\" data-element_type=\"section\" data-e-type=\"section\">\n\t\t\t\t\t\t<div class=\"elementor-container elementor-column-gap-default\">\n\t\t\t\t\t<div class=\"elementor-column elementor-col-100 elementor-top-column elementor-element elementor-element-aec6ba4\" data-id=\"aec6ba4\" data-element_type=\"column\" data-e-type=\"column\">\n\t\t\t<div class=\"elementor-widget-wrap elementor-element-populated\">\n\t\t\t\t\t\t<section class=\"elementor-section elementor-inner-section elementor-element elementor-element-2f4caf7 elementor-section-boxed elementor-section-height-default elementor-section-height-default\" data-id=\"2f4caf7\" data-element_type=\"section\" data-e-type=\"section\">\n\t\t\t\t\t\t<div class=\"elementor-container elementor-column-gap-default\">\n\t\t\t\t\t<div class=\"elementor-column elementor-col-100 elementor-inner-column elementor-element elementor-element-afa2711\" data-id=\"afa2711\" data-element_type=\"column\" data-e-type=\"column\">\n\t\t\t<div class=\"elementor-widget-wrap elementor-element-populated\">\n\t\t\t\t\t\t<div class=\"elementor-element elementor-element-a59835b elementor-widget elementor-widget-heading\" data-id=\"a59835b\" data-element_type=\"widget\" data-e-type=\"widget\" data-widget_type=\"heading.default\">\n\t\t\t\t\t<h3 class=\"elementor-heading-title elementor-size-default\">Etappen - \u00dcbersichtskarte<\/h3>\t\t\t\t<\/div>\n\t\t\t\t<div class=\"elementor-element elementor-element-9f75a35 elementor-widget elementor-widget-html\" data-id=\"9f75a35\" data-element_type=\"widget\" data-e-type=\"widget\" data-widget_type=\"html.default\">\n\t\t\t\t\t<iframe src=\"https:\/\/www.google.com\/maps\/d\/embed?mid=11XNLqTCmLsRJoxpneStSNOmb2NxoS0o&ehbc=2E312F\" width=\"640\" height=\"480\"><\/iframe>\t\t\t\t<\/div>\n\t\t\t\t<div class=\"elementor-element elementor-element-d39070a elementor-hidden-mobile elementor-widget-divider--view-line elementor-widget elementor-widget-divider\" data-id=\"d39070a\" data-element_type=\"widget\" data-e-type=\"widget\" data-widget_type=\"divider.default\">\n\t\t\t\t\t\t\t<div class=\"elementor-divider\">\n\t\t\t<span class=\"elementor-divider-separator\">\n\t\t\t\t\t\t<\/span>\n\t\t<\/div>\n\t\t\t\t\t\t<\/div>\n\t\t\t\t<div class=\"elementor-element elementor-element-8cd3442 elementor-align-justify elementor-widget elementor-widget-button\" data-id=\"8cd3442\" data-element_type=\"widget\" data-e-type=\"widget\" data-widget_type=\"button.default\">\n\t\t\t\t\t\t\t\t\t\t<a class=\"elementor-button elementor-button-link elementor-size-sm elementor-animation-float\" href=\"https:\/\/www.abenteueralbanien.de\/peaks-of-the-balkans-5-6-10-tage\/\" target=\"_blank\" rel=\"noopener\">\n\t\t\t\t\t\t<span class=\"elementor-button-content-wrapper\">\n\t\t\t\t\t\t\t\t\t<span class=\"elementor-button-text\">JETZT BUCHEN!<\/span>\n\t\t\t\t\t<\/span>\n\t\t\t\t\t<\/a>\n\t\t\t\t\t\t\t\t<\/div>\n\t\t\t\t<div class=\"elementor-element elementor-element-50c8f27 elementor-widget-divider--view-line elementor-widget elementor-widget-divider\" data-id=\"50c8f27\" data-element_type=\"widget\" data-e-type=\"widget\" data-widget_type=\"divider.default\">\n\t\t\t\t\t\t\t<div class=\"elementor-divider\">\n\t\t\t<span class=\"elementor-divider-separator\">\n\t\t\t\t\t\t<\/span>\n\t\t<\/div>\n\t\t\t\t\t\t<\/div>\n\t\t\t\t\t<\/div>\n\t\t<\/div>\n\t\t\t\t\t<\/div>\n\t\t<\/section>\n\t\t\t\t\t<\/div>\n\t\t<\/div>\n\t\t\t\t\t<\/div>\n\t\t<\/section>\n\t\t\t\t<section class=\"elementor-section elementor-top-section elementor-element elementor-element-bb5de1f elementor-section-boxed elementor-section-height-default elementor-section-height-default\" data-id=\"bb5de1f\" data-element_type=\"section\" data-e-type=\"section\">\n\t\t\t\t\t\t<div class=\"elementor-container elementor-column-gap-default\">\n\t\t\t\t\t<div class=\"elementor-column elementor-col-100 elementor-top-column elementor-element elementor-element-adb579a\" data-id=\"adb579a\" data-element_type=\"column\" data-e-type=\"column\">\n\t\t\t<div class=\"elementor-widget-wrap elementor-element-populated\">\n\t\t\t\t\t\t<section class=\"elementor-section elementor-inner-section elementor-element elementor-element-73b7bf3 elementor-section-boxed elementor-section-height-default elementor-section-height-default\" data-id=\"73b7bf3\" data-element_type=\"section\" data-e-type=\"section\">\n\t\t\t\t\t\t<div class=\"elementor-container elementor-column-gap-default\">\n\t\t\t\t\t<div class=\"elementor-column elementor-col-100 elementor-inner-column elementor-element elementor-element-ed8d9b4\" data-id=\"ed8d9b4\" data-element_type=\"column\" data-e-type=\"column\">\n\t\t\t<div class=\"elementor-widget-wrap elementor-element-populated\">\n\t\t\t\t\t\t<div class=\"elementor-element elementor-element-fcd590d elementor-widget elementor-widget-heading\" data-id=\"fcd590d\" data-element_type=\"widget\" data-e-type=\"widget\" data-widget_type=\"heading.default\">\n\t\t\t\t\t<h2 class=\"elementor-heading-title elementor-size-default\">Reiseinformationen<\/h2>\t\t\t\t<\/div>\n\t\t\t\t<div class=\"elementor-element elementor-element-933e9a9 elementor-widget elementor-widget-text-editor\" data-id=\"933e9a9\" data-element_type=\"widget\" data-e-type=\"widget\" data-widget_type=\"text-editor.default\">\n\t\t\t\t\t\t\t\t\t<div class=\"fusion-title title fusion-title-7 fusion-title-text fusion-title-size-two\"><p class=\"fusion-title-heading title-heading-left fusion-responsive-typography-calculated\"><strong>Transfers<\/strong><\/p><\/div><div class=\"fusion-text fusion-text-10\"><p><span class=\"ng-star-inserted\" data-index=\"3\">Alle Transfer erfolgen in privaten Fahrzeugen,<\/span><span class=\"ng-star-inserted\" data-index=\"4\">\u00a0entweder mit Minibus, PKW oder mit einem Allradfahrzeug, je nach Stra\u00dfenbedingungen.\u00a0<\/span><\/p><p>Einen privaten Transfer vom Flughafen zum Startpunkt k\u00f6nnen wir euch gern organisieren, schreibt das einfach mit ins Buchungsformular und wir informieren euch per E-Mail zu den Optionen und Kosten.<\/p><p>Alternativ verkehren auch Busse von Tirana oder Podgorica :<\/p><p>Flughafen Tirana nach Shkoder: Anfahrtszeiten sind 11:15 Uhr, 12:45 Uhr, 17:30 Uhr und 20:10 Uhr direkt vom Flughafen Tirana. Ein Busticket kostet 1.000 albanische Lek (10 Euro) und du bezahlst bar im Bus. Die Busfahrt vom Flughafen Tirana nach Shkoder dauert ca. 2 Stunden.<\/p><p>Podgorica (<a href=\"https:\/\/www.flixbus.de\/busverbindung\/fernbus-podgorica-shkoder\" target=\"_blank\" rel=\"noopener\">Flixbus<\/a>): Anfahrtszeiten sind 09:00 Uhr (Juni bis Oktober) und 16:00 (ganzj\u00e4hrig) von der\u00a0<a href=\"https:\/\/maps.app.goo.gl\/dRxa3HRQ7w8CaLP79\" target=\"_blank\" rel=\"noopener\">Busstation in der Stadt<\/a>. Ein Busticket kostet 12 Euro. Die Busfahrt vom Podgorica nach Shkoder dauert ca. 1,5 Stunden.<\/p><p class=\"fusion-responsive-typography-calculated\" data-fontsize=\"18\" data-lineheight=\"21.6px\"><strong><span class=\"ng-star-inserted\" data-index=\"6\">Essen &amp; Wasser<\/span><\/strong><\/p><p><span class=\"ng-star-inserted\" data-index=\"7\">Das Essen in diesem Teil der Welt wird etwas sein, das ihr am Ende jedes Tages mit Spannung erwarten werdet.\u00a0<\/span><span class=\"ng-star-inserted\" data-index=\"8\">Die Gerichte werden auf traditionelle Weise frisch zubereitet und zeichnen sich durch eine Mischung aus Balkan, t\u00fcrkischen und europ\u00e4ischen Einfl\u00fcssen aus.\u00a0<\/span><span class=\"ng-star-inserted\" data-index=\"9\">In G\u00e4steh\u00e4usern wird euch hausgemachtes Brot mit lokal angebautem Gem\u00fcse, Milchprodukten und Eiern serviert.\u00a0<\/span><span class=\"ng-star-inserted\" data-index=\"10\">Das Abendessen umfasst traditionelle Suppen, Fleischgerichte, Gem\u00fcse und Kuchen.\u00a0<\/span><span class=\"ng-star-inserted\" data-index=\"11\">Die G\u00e4steh\u00e4user bereiten euch au\u00dferdem t\u00e4glich ein Lunchpaket zu \u2013 oft bestehend aus einem Sandwich mit K\u00e4se, Obst oder Gem\u00fcse.<\/span><\/p><p><span class=\"ng-star-inserted\" data-index=\"12\">Vegetarier und Di\u00e4ten sind kein Problem sein, da die Gastfamilien Alternativen anbieten k\u00f6nnen.\u00a0<\/span><span class=\"ng-star-inserted\" data-index=\"13\">Die Auswahl ist jedoch mitunter einfach und begrenzt.<\/span><\/p><p><span class=\"ng-star-inserted\" data-index=\"14\">Bringt zur Wanderung eure eigene Wasserflasche zum Auff\u00fcllen mit.\u00a0<\/span><span class=\"ng-star-inserted\" data-index=\"15\">Ihr k\u00f6nnt Wasser aus Gebirgsb\u00e4chen oder in G\u00e4steh\u00e4usern Leitungswasser erhalten, beides hat Trinkwasserqualit\u00e4t.\u00a0<\/span><span class=\"ng-star-inserted\" data-index=\"16\">Solltet ihr Bedenken haben, unbehandeltes Wasser zu trinken, empfehlen wir Wasseraufbereitungstabletten mitzunehmen.<\/span><\/p><p class=\"fusion-responsive-typography-calculated\" data-fontsize=\"18\" data-lineheight=\"21.6px\"><strong><span class=\"ng-star-inserted\" data-index=\"17\">Unterk\u00fcnfte<\/span><\/strong><\/p><p><span class=\"ng-star-inserted\" data-index=\"18\">Ihr werdet w\u00e4hrend der Wanderung in einfachen G\u00e4steh\u00e4usern im Lodge Stil mit zweckm\u00e4\u00dfiger Bad-Einrichtungen \u00fcbernachten.\u00a0<\/span><span class=\"ng-star-inserted\" data-index=\"19\">Die Zimmer bieten in der Regel Platz f\u00fcr zwei bis f\u00fcnf Personen pro Zimmer und es kann notwendig sein, dass m\u00e4nnliche und weibliche Teilnehmer das Zimmer teilen, sofern nicht anders auf Anfrage angegeben, allerdings auch nicht in jedem G\u00e4stehaus m\u00f6glich und abh\u00e4ngig von der tagesaktuellen Verf\u00fcgbarkeit der Zimmer.<\/span><\/p><p><span class=\"ng-star-inserted\" data-index=\"21\">Bettw\u00e4sche und Decken, Handt\u00fccher, Shampoo, und andere grundlegende Dinge stellen die G\u00e4steh\u00e4user zur Verf\u00fcgung. Wir empfehlen jedoch, ein Reisehandtuch und einen H\u00fcttenschlafsack f\u00fcr alle F\u00e4lle einzupacken. Im Bergdorf Doberdol kann es mitunter sehr k\u00fchl sein.<\/span><\/p><p class=\"fusion-responsive-typography-calculated\" data-fontsize=\"18\" data-lineheight=\"21.6px\"><strong><span class=\"ng-star-inserted\" data-index=\"22\">Privatzimmer<\/span><\/strong><\/p><p><span class=\"ng-star-inserted\" data-index=\"22\">Gegen Aufpreis m\u00f6glich; jedoch sehr\u00a0<\/span><span class=\"ng-star-inserted\" data-index=\"23\">begrenzte Verf\u00fcgbarkeit.<\/span><\/p><div class=\"panel-heading\"><p id=\"toggle_fc088c125e30c12f6\" class=\"panel-title toggle\" data-fontsize=\"18\" data-lineheight=\"21.96px\"><strong><span class=\"fusion-toggle-heading\">Terrain w\u00e4hrend der Wanderungen, Navigation<\/span><\/strong><\/p><\/div><div id=\"fc088c125e30c12f6\" class=\"panel-collapse collapse in\" aria-labelledby=\"toggle_fc088c125e30c12f6\"><div class=\"panel-body toggle-content fusion-clearfix\"><p>Dieser Wanderweg zeichnet sich durch viele Ab- und Aufstiege aus. Die Route f\u00fchrt \u00fcber ein Relief, das alpines Gel\u00e4nde mit steilen H\u00e4ngen, in den Berg gehauenen Flusst\u00e4lern, felsigen Gipfeln, Latschenkieferg\u00fcrteln usw. darstellt. Die gew\u00e4hlten Wege sind jedoch meist gut begehbar und sicher.<\/p><p>Zur Navigation erhaltet ihr wahlweise GPS Dateien, die sich auf ein eigenes Navigationsger\u00e4t laden lassen oder alternativ Links zu in unserer App hinterlegten Routen (diese lassen sich nach Download offline betrachten, ihr braucht in den Bergen keine Internetverbindung, nur das GPS eures Mobiltelefons muss aktiv sein).<\/p><\/div><\/div><p><strong>Zeitzone<\/strong><\/p><p>GMT +1<\/p><p><strong>Sprache<\/strong><\/p><p>Albanisch im Kosovo und Albanien, Serbisch\/Montenegrinisch in Montenegro. In gro\u00dfen St\u00e4dten sprechen viele Menschen Englisch, aber in abgelegenen Gebieten ist dies oft nicht der Fall. Einige Menschen sprechen aufgrund der gro\u00dfen Diaspora in deutschsprachigen L\u00e4ndern auch Deutsch.<\/p><p><strong>Stromversorgung und Stecker<\/strong><\/p><p>220V, 50 Hz, zweipolige Rundstecker (wie in Deutschland). In den meisten D\u00f6rfern besitzen die G\u00e4steh\u00e4user Solaranlagen, wodurch warmes Wasser zu Verf\u00fcgung steht und elektrische Ger\u00e4te aufgeladen werden k\u00f6nnen. In einigen D\u00f6rfern oder auf dem Berg gibt es auch mal Handyempfang. Besonders in Valbona und Theth k\u00f6nnt ihr mit sehr gutem Netz rechnen.<\/p><p><strong>W\u00e4hrung<\/strong><\/p><p>Euro (EUR) in Kosovo und Montenegro, Lek in Albanien, jedoch werden dort h\u00e4ufig auch Euro akzeptiert. Geldautomaten sind in Shkoder (Albanien), Peja (Kosovo), Plav (Montenegro) und Gjakova (Kosovo) verf\u00fcgbar.<\/p><div class=\"panel-heading\"><p id=\"toggle_e8c8ac8edb64080be\" class=\"panel-title toggle\" data-fontsize=\"18\" data-lineheight=\"21.96px\"><strong><span class=\"fusion-toggle-heading\">Visabestimmungen<\/span><\/strong><\/p><\/div><div id=\"e8c8ac8edb64080be\" class=\"panel-collapse collapse in\" aria-labelledby=\"toggle_e8c8ac8edb64080be\"><div class=\"panel-body toggle-content fusion-clearfix\"><p>Deutsche, sowie auch Schweizer und \u00f6sterreichische Staatsb\u00fcrger k\u00f6nnen ohne ein Visum nach Albanien einreisen. Du brauchst lediglich einen Personalausweis oder einen Reisepass, der noch mindestens 3 Monate g\u00fcltig ist.<\/p><\/div><\/div><div class=\"panel-heading\"><p id=\"toggle_a7d2fa455e8761d8e\" class=\"panel-title toggle\" data-fontsize=\"18\" data-lineheight=\"21.96px\"><strong><span class=\"fusion-toggle-heading\">Packliste<\/span><\/strong><\/p><\/div><div id=\"a7d2fa455e8761d8e\" class=\"panel-collapse collapse in\" aria-labelledby=\"toggle_a7d2fa455e8761d8e\"><div class=\"panel-body toggle-content fusion-clearfix\"><ul><li>Feste (kn\u00f6chelhohe) Wanderschuhe<\/li><li>Ein bequemes zweites Paar Schuhe oder Sandalen<\/li><li>Hut oder andere Form des Sonnenschutzes, zus\u00e4tzlich zu Sonnencreme und Brille<\/li><li>Leichte Regenkleidung (95 % des Regens f\u00e4llt im Winter)<\/li><li>Warmer Fleecepullover &amp; Wanderhosen, da die N\u00e4chte auch im Sommer kalt sind<\/li><li>2l Wasserausr\u00fcstung<\/li><li>Tagesrucksack 25-40l<\/li><li>Badesachen\/Shorts (optional, aber empfohlen)<\/li><\/ul><\/div><\/div><\/div>\t\t\t\t\t\t\t\t<\/div>\n\t\t\t\t<div class=\"elementor-element elementor-element-57fa684 elementor-align-justify elementor-widget elementor-widget-button\" data-id=\"57fa684\" data-element_type=\"widget\" data-e-type=\"widget\" data-widget_type=\"button.default\">\n\t\t\t\t\t\t\t\t\t\t<a class=\"elementor-button elementor-button-link elementor-size-sm elementor-animation-float\" href=\"https:\/\/www.abenteueralbanien.de\/peaks-of-the-balkans-5-6-10-tage\/\" target=\"_blank\" rel=\"noopener\">\n\t\t\t\t\t\t<span class=\"elementor-button-content-wrapper\">\n\t\t\t\t\t\t\t\t\t<span class=\"elementor-button-text\">PEAKS OF THE BALKANS BUCHUNG<\/span>\n\t\t\t\t\t<\/span>\n\t\t\t\t\t<\/a>\n\t\t\t\t\t\t\t\t<\/div>\n\t\t\t\t\t<\/div>\n\t\t<\/div>\n\t\t\t\t\t<\/div>\n\t\t<\/section>\n\t\t\t\t\t<\/div>\n\t\t<\/div>\n\t\t\t\t\t<\/div>\n\t\t<\/section>\n\t\t\t\t<section class=\"elementor-section elementor-top-section elementor-element elementor-element-54fad7f elementor-section-boxed elementor-section-height-default elementor-section-height-default\" data-id=\"54fad7f\" data-element_type=\"section\" data-e-type=\"section\">\n\t\t\t\t\t\t<div class=\"elementor-container elementor-column-gap-default\">\n\t\t\t\t\t<div class=\"elementor-column elementor-col-100 elementor-top-column elementor-element elementor-element-6603961\" data-id=\"6603961\" data-element_type=\"column\" data-e-type=\"column\">\n\t\t\t<div class=\"elementor-widget-wrap\">\n\t\t\t\t\t\t\t<\/div>\n\t\t<\/div>\n\t\t\t\t\t<\/div>\n\t\t<\/section>\n\t\t\t\t<\/div>\n\t\t","protected":false},"excerpt":{"rendered":"<p>Den Peaks of the Balkans Trail auf eigene Faust erkunden &#8211; Fernwandern im Dreil\u00e4ndereck Albanien, Kosovo und Montenegro.<\/p>","protected":false},"author":6,"featured_media":12148,"parent":0,"menu_order":0,"comment_status":"closed","ping_status":"closed","template":"elementor_header_footer","meta":{"footnotes":""},"class_list":["post-12114","page","type-page","status-publish","has-post-thumbnail","hentry"],"_links":{"self":[{"href":"https:\/\/peaksofthebalkans.at\/it\/wp-json\/wp\/v2\/pages\/12114","targetHints":{"allow":["GET"]}}],"collection":[{"href":"https:\/\/peaksofthebalkans.at\/it\/wp-json\/wp\/v2\/pages"}],"about":[{"href":"https:\/\/peaksofthebalkans.at\/it\/wp-json\/wp\/v2\/types\/page"}],"author":[{"embeddable":true,"href":"https:\/\/peaksofthebalkans.at\/it\/wp-json\/wp\/v2\/users\/6"}],"replies":[{"embeddable":true,"href":"https:\/\/peaksofthebalkans.at\/it\/wp-json\/wp\/v2\/comments?post=12114"}],"version-history":[{"count":257,"href":"https:\/\/peaksofthebalkans.at\/it\/wp-json\/wp\/v2\/pages\/12114\/revisions"}],"predecessor-version":[{"id":16024,"href":"https:\/\/peaksofthebalkans.at\/it\/wp-json\/wp\/v2\/pages\/12114\/revisions\/16024"}],"wp:featuredmedia":[{"embeddable":true,"href":"https:\/\/peaksofthebalkans.at\/it\/wp-json\/wp\/v2\/media\/12148"}],"wp:attachment":[{"href":"https:\/\/peaksofthebalkans.at\/it\/wp-json\/wp\/v2\/media?parent=12114"}],"curies":[{"name":"wp","href":"https:\/\/api.w.org\/{rel}","templated":true}]}}