{"id":11812,"date":"2024-02-04T22:33:01","date_gmt":"2024-02-04T21:33:01","guid":{"rendered":"https:\/\/project.howdymeta.com\/?page_id=11812"},"modified":"2026-03-10T14:14:28","modified_gmt":"2026-03-10T13:14:28","slug":"fase-3","status":"publish","type":"page","link":"https:\/\/peaksofthebalkans.at\/it\/etappe-3\/","title":{"rendered":"Tappa 3: Escursione \u00c7erem - Dob\u00ebrdol"},"content":{"rendered":"<div data-elementor-type=\"wp-page\" data-elementor-id=\"11812\" class=\"elementor elementor-11812\" data-elementor-post-type=\"page\">\n\t\t\t\t\t\t<section class=\"elementor-section elementor-top-section elementor-element elementor-element-3aca42a elementor-section-height-min-height elementor-section-boxed elementor-section-height-default elementor-section-items-middle\" data-id=\"3aca42a\" data-element_type=\"section\" data-e-type=\"section\" data-settings=\"{&quot;background_background&quot;:&quot;classic&quot;}\">\n\t\t\t\t\t\t<div class=\"elementor-container elementor-column-gap-no\">\n\t\t\t\t\t<div class=\"elementor-column elementor-col-100 elementor-top-column elementor-element elementor-element-fac9d27\" data-id=\"fac9d27\" data-element_type=\"column\" data-e-type=\"column\">\n\t\t\t<div class=\"elementor-widget-wrap elementor-element-populated\">\n\t\t\t\t\t\t<div class=\"elementor-element elementor-element-91f8c8a elementor-widget elementor-widget-heading\" data-id=\"91f8c8a\" data-element_type=\"widget\" data-e-type=\"widget\" data-widget_type=\"heading.default\">\n\t\t\t\t\t<h1 class=\"elementor-heading-title elementor-size-default\">Cime dei Balcani tappa 3: da \u00c7erem a Dob\u00ebrdol <\/h1>\t\t\t\t<\/div>\n\t\t\t\t\t<\/div>\n\t\t<\/div>\n\t\t\t\t\t<\/div>\n\t\t<\/section>\n\t\t\t\t<section class=\"elementor-section elementor-top-section elementor-element elementor-element-0fef356 elementor-section-boxed elementor-section-height-default elementor-section-height-default\" data-id=\"0fef356\" data-element_type=\"section\" data-e-type=\"section\">\n\t\t\t\t\t\t<div class=\"elementor-container elementor-column-gap-default\">\n\t\t\t\t\t<div class=\"elementor-column elementor-col-100 elementor-top-column elementor-element elementor-element-b63f569\" data-id=\"b63f569\" data-element_type=\"column\" data-e-type=\"column\">\n\t\t\t<div class=\"elementor-widget-wrap elementor-element-populated\">\n\t\t\t\t\t\t<div class=\"elementor-element elementor-element-06fbe44 elementor-widget elementor-widget-text-editor\" data-id=\"06fbe44\" data-element_type=\"widget\" data-e-type=\"widget\" data-widget_type=\"text-editor.default\">\n\t\t\t\t\t\t\t\t\t<div>La terza tappa del Sentiero delle cime dei Balcani porta gli escursionisti da \u00c7erem (Albania) al remoto villaggio pastorale di Dob\u00ebrdol ed \u00e8 lunga circa 16 chilometri. Questa escursione di 6 ore, da moderata a difficile, comporta una ripida salita di circa 1000 metri attraverso la valle di Gashi, passando per il confine montenegrino (un \u201epassaggio di confine verde\u201d) per raggiungere l'alto pascolo di Dob\u00ebrdol.\u00a0<\/div><div>\u00a0<\/div><div>L'itinerario escursionistico da \u00c7erem a Dob\u00ebrdol ci porta attraverso un bellissimo paesaggio con valli imponenti, boschi e panorami meravigliosi. L'alta valle di Dob\u00ebrdol \u00e8 una zona aspra e onesta a quasi 1.800 metri di altitudine.<\/div>\t\t\t\t\t\t\t\t<\/div>\n\t\t\t\t\t<\/div>\n\t\t<\/div>\n\t\t\t\t\t<\/div>\n\t\t<\/section>\n\t\t\t\t<section class=\"elementor-section elementor-top-section elementor-element elementor-element-ecd522b elementor-section-boxed elementor-section-height-default elementor-section-height-default\" data-id=\"ecd522b\" data-element_type=\"section\" data-e-type=\"section\">\n\t\t\t\t\t\t<div class=\"elementor-container elementor-column-gap-default\">\n\t\t\t\t\t<div class=\"elementor-column elementor-col-66 elementor-top-column elementor-element elementor-element-d2bb43c\" data-id=\"d2bb43c\" data-element_type=\"column\" data-e-type=\"column\">\n\t\t\t<div class=\"elementor-widget-wrap elementor-element-populated\">\n\t\t\t\t\t\t<div class=\"elementor-element elementor-element-829bf2c elementor-pagination-position-inside elementor-arrows-position-inside elementor-widget elementor-widget-image-carousel\" data-id=\"829bf2c\" data-element_type=\"widget\" data-e-type=\"widget\" data-settings=\"{&quot;slides_to_show&quot;:&quot;1&quot;,&quot;navigation&quot;:&quot;both&quot;,&quot;autoplay&quot;:&quot;yes&quot;,&quot;pause_on_hover&quot;:&quot;yes&quot;,&quot;pause_on_interaction&quot;:&quot;yes&quot;,&quot;autoplay_speed&quot;:5000,&quot;infinite&quot;:&quot;yes&quot;,&quot;effect&quot;:&quot;slide&quot;,&quot;speed&quot;:500}\" data-widget_type=\"image-carousel.default\">\n\t\t\t\t\t\t\t<div class=\"elementor-image-carousel-wrapper swiper\" role=\"region\" aria-roledescription=\"carousel\" aria-label=\"Carosello di immagini\" dir=\"ltr\">\n\t\t\t<div class=\"elementor-image-carousel swiper-wrapper\" aria-live=\"off\">\n\t\t\t\t\t\t\t\t<div class=\"swiper-slide\" role=\"group\" aria-roledescription=\"slide\" aria-label=\"1 of 10\" data-no-translation-aria-label=\"\"><figure class=\"swiper-slide-inner\"><img decoding=\"async\" class=\"swiper-slide-image\" src=\"https:\/\/peaksofthebalkans.be\/wp-content\/uploads\/2026\/03\/Wanderung-Cerem-Doberdol-2-1024x768.jpg\" alt=\"Cime dei Balcani\" \/><\/figure><\/div><div class=\"swiper-slide\" role=\"group\" aria-roledescription=\"slide\" aria-label=\"2 of 10\" data-no-translation-aria-label=\"\"><figure class=\"swiper-slide-inner\"><img decoding=\"async\" class=\"swiper-slide-image\" src=\"https:\/\/peaksofthebalkans.be\/wp-content\/uploads\/2026\/03\/Wanderung-Cerem-Doberdol-3-1024x768.jpg\" alt=\"Escursione Cerem Doberdol\" \/><\/figure><\/div><div class=\"swiper-slide\" role=\"group\" aria-roledescription=\"slide\" aria-label=\"3 of 10\" data-no-translation-aria-label=\"\"><figure class=\"swiper-slide-inner\"><img decoding=\"async\" class=\"swiper-slide-image\" src=\"https:\/\/peaksofthebalkans.be\/wp-content\/uploads\/2026\/03\/Wanderung-Cerem-Doberdol-4-1024x768.jpg\" alt=\"Escursione Cerem Doberdol\" \/><\/figure><\/div><div class=\"swiper-slide\" role=\"group\" aria-roledescription=\"slide\" aria-label=\"4 of 10\" data-no-translation-aria-label=\"\"><figure class=\"swiper-slide-inner\"><img decoding=\"async\" class=\"swiper-slide-image\" src=\"https:\/\/peaksofthebalkans.be\/wp-content\/uploads\/2026\/03\/Wanderung-Cerem-Doberdol-7-1024x591.jpg\" alt=\"Escursione Cerem Doberdol\" \/><\/figure><\/div><div class=\"swiper-slide\" role=\"group\" aria-roledescription=\"slide\" aria-label=\"5 of 10\" data-no-translation-aria-label=\"\"><figure class=\"swiper-slide-inner\"><img decoding=\"async\" class=\"swiper-slide-image\" src=\"https:\/\/peaksofthebalkans.be\/wp-content\/uploads\/2026\/03\/Wanderung-Cerem-Doberdol-8-1024x576.jpg\" alt=\"Cime dei Balcani Tappa 3 Cerem Doberdol\" \/><\/figure><\/div><div class=\"swiper-slide\" role=\"group\" aria-roledescription=\"slide\" aria-label=\"6 of 10\" data-no-translation-aria-label=\"\"><figure class=\"swiper-slide-inner\"><img decoding=\"async\" class=\"swiper-slide-image\" src=\"https:\/\/peaksofthebalkans.be\/wp-content\/uploads\/2026\/03\/Wanderung-Cerem-Doberdol-2-1-1024x768.jpg\" alt=\"Escursione Cerem Doberdol\" \/><\/figure><\/div><div class=\"swiper-slide\" role=\"group\" aria-roledescription=\"slide\" aria-label=\"7 of 10\" data-no-translation-aria-label=\"\"><figure class=\"swiper-slide-inner\"><img decoding=\"async\" class=\"swiper-slide-image\" src=\"https:\/\/peaksofthebalkans.be\/wp-content\/uploads\/2026\/03\/Wanderung-Cerem-Doberdol-9-1024x576.jpg\" alt=\"Cime dei Balcani tappa 3\" \/><\/figure><\/div><div class=\"swiper-slide\" role=\"group\" aria-roledescription=\"slide\" aria-label=\"8 of 10\" data-no-translation-aria-label=\"\"><figure class=\"swiper-slide-inner\"><img decoding=\"async\" class=\"swiper-slide-image\" src=\"https:\/\/peaksofthebalkans.be\/wp-content\/uploads\/2026\/03\/Wanderung-Cerem-Doberdol-10-1024x768.jpg\" alt=\"Cime dei Balcani tappa 3\" \/><\/figure><\/div><div class=\"swiper-slide\" role=\"group\" aria-roledescription=\"slide\" aria-label=\"9 of 10\" data-no-translation-aria-label=\"\"><figure class=\"swiper-slide-inner\"><img decoding=\"async\" class=\"swiper-slide-image\" src=\"https:\/\/peaksofthebalkans.be\/wp-content\/uploads\/2026\/03\/Wanderung-Cerem-Doberdol-5-1024x768.jpg\" alt=\"Escursione Cerem Doberdol\" \/><\/figure><\/div><div class=\"swiper-slide\" role=\"group\" aria-roledescription=\"slide\" aria-label=\"10 of 10\" data-no-translation-aria-label=\"\"><figure class=\"swiper-slide-inner\"><img decoding=\"async\" class=\"swiper-slide-image\" src=\"https:\/\/peaksofthebalkans.be\/wp-content\/uploads\/2026\/03\/Wanderung-Cerem-Doberdol-11-1024x576.jpg\" alt=\"Cime dei Balcani tappa 3\" \/><\/figure><\/div>\t\t\t<\/div>\n\t\t\t\t\t\t\t\t\t\t\t\t<div class=\"elementor-swiper-button elementor-swiper-button-prev\" role=\"button\" tabindex=\"0\">\n\t\t\t\t\t\t<svg aria-hidden=\"true\" class=\"e-font-icon-svg e-eicon-chevron-left\" viewbox=\"0 0 1000 1000\" xmlns=\"http:\/\/www.w3.org\/2000\/svg\"><path d=\"M646 125C629 125 613 133 604 142L308 442C296 454 292 471 292 487 292 504 296 521 308 533L604 854C617 867 629 875 646 875 663 875 679 871 692 858 704 846 713 829 713 812 713 796 708 779 692 767L438 487 692 225C700 217 708 204 708 187 708 171 704 154 692 142 675 129 663 125 646 125Z\"><\/path><\/svg>\t\t\t\t\t<\/div>\n\t\t\t\t\t<div class=\"elementor-swiper-button elementor-swiper-button-next\" role=\"button\" tabindex=\"0\">\n\t\t\t\t\t\t<svg aria-hidden=\"true\" class=\"e-font-icon-svg e-eicon-chevron-right\" viewbox=\"0 0 1000 1000\" xmlns=\"http:\/\/www.w3.org\/2000\/svg\"><path d=\"M696 533C708 521 713 504 713 487 713 471 708 454 696 446L400 146C388 133 375 125 354 125 338 125 325 129 313 142 300 154 292 171 292 187 292 204 296 221 308 233L563 492 304 771C292 783 288 800 288 817 288 833 296 850 308 863 321 871 338 875 354 875 371 875 388 867 400 854L696 533Z\"><\/path><\/svg>\t\t\t\t\t<\/div>\n\t\t\t\t\n\t\t\t\t\t\t\t\t\t<div class=\"swiper-pagination\"><\/div>\n\t\t\t\t\t\t\t\t\t<\/div>\n\t\t\t\t\t\t<\/div>\n\t\t\t\t\t<\/div>\n\t\t<\/div>\n\t\t\t\t<div class=\"elementor-column elementor-col-33 elementor-top-column elementor-element elementor-element-6193aea\" data-id=\"6193aea\" data-element_type=\"column\" data-e-type=\"column\">\n\t\t\t<div class=\"elementor-widget-wrap elementor-element-populated\">\n\t\t\t\t\t\t<div class=\"elementor-element elementor-element-89ad733 elementor-widget elementor-widget-price-list\" data-id=\"89ad733\" data-element_type=\"widget\" data-e-type=\"widget\" data-widget_type=\"price-list.default\">\n\t\t\t\t\t\n\t\t<ul class=\"elementor-price-list\">\n\n\t\t\t\t\t\t\t\t\t<li><a class=\"elementor-price-list-item\" href=\"#\">\t\t\t\t\n\t\t\t\t<div class=\"elementor-price-list-text\">\n\t\t\t\t\t\t\t\t\t<div class=\"elementor-price-list-header\">\n\t\t\t\t\t\t\t\t\t\t\t<span class=\"elementor-price-list-title\">\n\t\t\t\t\t\t\tDifficolt\u00e0\t\t\t\t\t\t<\/span>\n\t\t\t\t\t\t\t\t\t\t\t\t\t\t\t\t\t\t<span class=\"elementor-price-list-separator\"><\/span>\n\t\t\t\t\t\t\t\t\t\t\t\t\t\t\t\t\t\t\t<span class=\"elementor-price-list-price\">Difficolt\u00e0 media<\/span>\n\t\t\t\t\t\t\t\t\t\t<\/div>\n\t\t\t\t\t\t\t\t\t\t\t\t<\/div>\n\t\t\t\t<\/a><\/li>\t\t\t\t\t\t\t\t\t\t\t\t<li><a class=\"elementor-price-list-item\" href=\"#\">\t\t\t\t\n\t\t\t\t<div class=\"elementor-price-list-text\">\n\t\t\t\t\t\t\t\t\t<div class=\"elementor-price-list-header\">\n\t\t\t\t\t\t\t\t\t\t\t<span class=\"elementor-price-list-title\">\n\t\t\t\t\t\t\tPercorso\t\t\t\t\t\t<\/span>\n\t\t\t\t\t\t\t\t\t\t\t\t\t\t\t\t\t\t<span class=\"elementor-price-list-separator\"><\/span>\n\t\t\t\t\t\t\t\t\t\t\t\t\t\t\t\t\t\t\t<span class=\"elementor-price-list-price\">16 km<\/span>\n\t\t\t\t\t\t\t\t\t\t<\/div>\n\t\t\t\t\t\t\t\t\t\t\t\t<\/div>\n\t\t\t\t<\/a><\/li>\t\t\t\t\t\t\t\t\t\t\t\t<li><a class=\"elementor-price-list-item\" href=\"#\">\t\t\t\t\n\t\t\t\t<div class=\"elementor-price-list-text\">\n\t\t\t\t\t\t\t\t\t<div class=\"elementor-price-list-header\">\n\t\t\t\t\t\t\t\t\t\t\t<span class=\"elementor-price-list-title\">\n\t\t\t\t\t\t\tDurata\t\t\t\t\t\t<\/span>\n\t\t\t\t\t\t\t\t\t\t\t\t\t\t\t\t\t\t<span class=\"elementor-price-list-separator\"><\/span>\n\t\t\t\t\t\t\t\t\t\t\t\t\t\t\t\t\t\t\t<span class=\"elementor-price-list-price\">6:00 h<\/span>\n\t\t\t\t\t\t\t\t\t\t<\/div>\n\t\t\t\t\t\t\t\t\t\t\t\t<\/div>\n\t\t\t\t<\/a><\/li>\t\t\t\t\t\t\t\t\t\t\t\t<li><a class=\"elementor-price-list-item\" href=\"#\">\t\t\t\t\n\t\t\t\t<div class=\"elementor-price-list-text\">\n\t\t\t\t\t\t\t\t\t<div class=\"elementor-price-list-header\">\n\t\t\t\t\t\t\t\t\t\t\t<span class=\"elementor-price-list-title\">\n\t\t\t\t\t\t\tSalita\t\t\t\t\t\t<\/span>\n\t\t\t\t\t\t\t\t\t\t\t\t\t\t\t\t\t\t<span class=\"elementor-price-list-separator\"><\/span>\n\t\t\t\t\t\t\t\t\t\t\t\t\t\t\t\t\t\t\t<span class=\"elementor-price-list-price\">1100 m<\/span>\n\t\t\t\t\t\t\t\t\t\t<\/div>\n\t\t\t\t\t\t\t\t\t\t\t\t<\/div>\n\t\t\t\t<\/a><\/li>\t\t\t\t\t\t\t\t\t\t\t\t<li><a class=\"elementor-price-list-item\" href=\"#\">\t\t\t\t\n\t\t\t\t<div class=\"elementor-price-list-text\">\n\t\t\t\t\t\t\t\t\t<div class=\"elementor-price-list-header\">\n\t\t\t\t\t\t\t\t\t\t\t<span class=\"elementor-price-list-title\">\n\t\t\t\t\t\t\tDiscesa\t\t\t\t\t\t<\/span>\n\t\t\t\t\t\t\t\t\t\t\t\t\t\t\t\t\t\t<span class=\"elementor-price-list-separator\"><\/span>\n\t\t\t\t\t\t\t\t\t\t\t\t\t\t\t\t\t\t\t<span class=\"elementor-price-list-price\">450 m<\/span>\n\t\t\t\t\t\t\t\t\t\t<\/div>\n\t\t\t\t\t\t\t\t\t\t\t\t<\/div>\n\t\t\t\t<\/a><\/li>\t\t\t\t\t\t\t\t\t\t\t\t<li><a class=\"elementor-price-list-item\" href=\"#\">\t\t\t\t\n\t\t\t\t<div class=\"elementor-price-list-text\">\n\t\t\t\t\t\t\t\t\t<div class=\"elementor-price-list-header\">\n\t\t\t\t\t\t\t\t\t\t\t<span class=\"elementor-price-list-title\">\n\t\t\t\t\t\t\tPunto pi\u00f9 alto\t\t\t\t\t\t<\/span>\n\t\t\t\t\t\t\t\t\t\t\t\t\t\t\t\t\t\t<span class=\"elementor-price-list-separator\"><\/span>\n\t\t\t\t\t\t\t\t\t\t\t\t\t\t\t\t\t\t\t<span class=\"elementor-price-list-price\">1807 hm<\/span>\n\t\t\t\t\t\t\t\t\t\t<\/div>\n\t\t\t\t\t\t\t\t\t\t\t\t<\/div>\n\t\t\t\t<\/a><\/li>\t\t\t\t\t\t\t\t\t\t\t\t<li><a class=\"elementor-price-list-item\" href=\"#\">\t\t\t\t\n\t\t\t\t<div class=\"elementor-price-list-text\">\n\t\t\t\t\t\t\t\t\t<div class=\"elementor-price-list-header\">\n\t\t\t\t\t\t\t\t\t\t\t<span class=\"elementor-price-list-title\">\n\t\t\t\t\t\t\tPunto pi\u00f9 basso\t\t\t\t\t\t<\/span>\n\t\t\t\t\t\t\t\t\t\t\t\t\t\t\t\t\t\t<span class=\"elementor-price-list-separator\"><\/span>\n\t\t\t\t\t\t\t\t\t\t\t\t\t\t\t\t\t\t\t<span class=\"elementor-price-list-price\">744 hm<\/span>\n\t\t\t\t\t\t\t\t\t\t<\/div>\n\t\t\t\t\t\t\t\t\t\t\t\t<\/div>\n\t\t\t\t<\/a><\/li>\t\t\t\t\t\t\t\t\t\t\t\t<li><a class=\"elementor-price-list-item\" href=\"#\">\t\t\t\t\n\t\t\t\t<div class=\"elementor-price-list-text\">\n\t\t\t\t\t\t\t\t\t<div class=\"elementor-price-list-header\">\n\t\t\t\t\t\t\t\t\t\t\t<span class=\"elementor-price-list-title\">\n\t\t\t\t\t\t\tMarcature\t\t\t\t\t\t<\/span>\n\t\t\t\t\t\t\t\t\t\t\t\t\t\t\t\t\t\t<span class=\"elementor-price-list-separator\"><\/span>\n\t\t\t\t\t\t\t\t\t\t\t\t\t\t\t\t\t\t\t<span class=\"elementor-price-list-price\">bianco\/rosso\/bianco<\/span>\n\t\t\t\t\t\t\t\t\t\t<\/div>\n\t\t\t\t\t\t\t\t\t\t\t\t<\/div>\n\t\t\t\t<\/a><\/li>\t\t\t\t\t\n\t\t<\/ul>\n\n\t\t\t\t\t\t<\/div>\n\t\t\t\t\t<\/div>\n\t\t<\/div>\n\t\t\t\t\t<\/div>\n\t\t<\/section>\n\t\t\t\t<section class=\"elementor-section elementor-top-section elementor-element elementor-element-6fb9f9f elementor-section-boxed elementor-section-height-default elementor-section-height-default\" data-id=\"6fb9f9f\" data-element_type=\"section\" data-e-type=\"section\">\n\t\t\t\t\t\t<div class=\"elementor-container elementor-column-gap-default\">\n\t\t\t\t\t<div class=\"elementor-column elementor-col-100 elementor-top-column elementor-element elementor-element-63f6261\" data-id=\"63f6261\" data-element_type=\"column\" data-e-type=\"column\">\n\t\t\t<div class=\"elementor-widget-wrap elementor-element-populated\">\n\t\t\t\t\t\t<section class=\"elementor-section elementor-inner-section elementor-element elementor-element-243b3a5 elementor-section-boxed elementor-section-height-default elementor-section-height-default\" data-id=\"243b3a5\" data-element_type=\"section\" data-e-type=\"section\">\n\t\t\t\t\t\t<div class=\"elementor-container elementor-column-gap-default\">\n\t\t\t\t\t<div class=\"elementor-column elementor-col-100 elementor-inner-column elementor-element elementor-element-72983c6\" data-id=\"72983c6\" data-element_type=\"column\" data-e-type=\"column\">\n\t\t\t<div class=\"elementor-widget-wrap elementor-element-populated\">\n\t\t\t\t\t\t<div class=\"elementor-element elementor-element-e369576 elementor-widget elementor-widget-heading\" data-id=\"e369576\" data-element_type=\"widget\" data-e-type=\"widget\" data-widget_type=\"heading.default\">\n\t\t\t\t\t<h2 class=\"elementor-heading-title elementor-size-default\">Tappa 3: Escursione da \u00c7erem a Dob\u00ebrdol - Mappa e profilo altimetrico<\/h2>\t\t\t\t<\/div>\n\t\t\t\t<div class=\"elementor-element elementor-element-c19ed9c elementor-widget elementor-widget-image\" data-id=\"c19ed9c\" data-element_type=\"widget\" data-e-type=\"widget\" data-widget_type=\"image.default\">\n\t\t\t\t\t\t\t\t\t\t\t\t\t\t\t<img fetchpriority=\"high\" decoding=\"async\" width=\"1080\" height=\"585\" src=\"https:\/\/peaksofthebalkans.be\/wp-content\/uploads\/2026\/03\/Cerem-Doberdol-Hoehenprofil-Chart.png\" class=\"attachment-full size-full wp-image-15686\" alt=\"Cime dei Balcani Cerem - Doberdol, profilo altimetrico\" srcset=\"https:\/\/peaksofthebalkans.be\/wp-content\/uploads\/2026\/03\/Cerem-Doberdol-Hoehenprofil-Chart.png 1080w, https:\/\/peaksofthebalkans.be\/wp-content\/uploads\/2026\/03\/Cerem-Doberdol-Hoehenprofil-Chart-300x163.png 300w, https:\/\/peaksofthebalkans.be\/wp-content\/uploads\/2026\/03\/Cerem-Doberdol-Hoehenprofil-Chart-1024x555.png 1024w, https:\/\/peaksofthebalkans.be\/wp-content\/uploads\/2026\/03\/Cerem-Doberdol-Hoehenprofil-Chart-768x416.png 768w, https:\/\/peaksofthebalkans.be\/wp-content\/uploads\/2026\/03\/Cerem-Doberdol-Hoehenprofil-Chart-18x10.png 18w\" sizes=\"(max-width: 1080px) 100vw, 1080px\" \/>\t\t\t\t\t\t\t\t\t\t\t\t\t\t\t<\/div>\n\t\t\t\t<div class=\"elementor-element elementor-element-9e6eb9e elementor-align-center elementor-widget elementor-widget-button\" data-id=\"9e6eb9e\" data-element_type=\"widget\" data-e-type=\"widget\" data-widget_type=\"button.default\">\n\t\t\t\t\t\t\t\t\t\t<a class=\"elementor-button elementor-button-link elementor-size-sm elementor-animation-float\" href=\"https:\/\/www.abenteueralbanien.de\/peaks-of-the-balkans-5-10-days\/\" target=\"_blank\" rel=\"noopener\">\n\t\t\t\t\t\t<span class=\"elementor-button-content-wrapper\">\n\t\t\t\t\t\t\t\t\t<span class=\"elementor-button-text\">Prenotazione del sentiero delle cime dei Balcani<\/span>\n\t\t\t\t\t<\/span>\n\t\t\t\t\t<\/a>\n\t\t\t\t\t\t\t\t<\/div>\n\t\t\t\t<div class=\"elementor-element elementor-element-c876559 elementor-widget elementor-widget-text-editor\" data-id=\"c876559\" data-element_type=\"widget\" data-e-type=\"widget\" data-widget_type=\"text-editor.default\">\n\t\t\t\t\t\t\t\t\t<h3>Cime dei Balcani - Escursione da \u00c7erem a Dob\u00ebrdol<\/h3><p>Questa 3a tappa escursionistica ci porta da \u00c7erem a Dob\u00ebrdol, un remoto villaggio di pastori raggiungibile solo tramite mulattiere e abitato da pastori solo in estate. Da \u00c7erem, il sentiero sale verso il confine montenegrino, passando per un altro villaggio di pastori estivi, Balqin, e attraversando la valle di Gashi (riserva naturale). Le principali attrazioni di Dob\u00ebrdol sono i laghi glaciali e l'altopiano di Dob\u00ebrdol-Sulbic\u00ebs.\u00a0<\/p><p>Questo tratto pu\u00f2 anche essere perfettamente diviso in due escursioni giornaliere se si vuole passare la notte nel pittoresco villaggio di pastori di Balqin (WP 8b), che si trova quasi al centro del sentiero. L'escursione del primo giorno \u00e8 lunga 9,1 km e quella del secondo giorno 6,5 km. \u00c8 possibile accamparsi l\u00ec o chiedere ai pastori un riparo. Lungo il percorso si trovano diverse sorgenti e ruscelli, con acqua di qualit\u00e0 potabile.<\/p><p><img decoding=\"async\" class=\"alignnone size-full wp-image-15910\" src=\"https:\/\/peaksofthebalkans.at\/wp-content\/uploads\/2026\/03\/Wanderung-Cerem-Doberdol-14.jpg\" alt=\"Cime dei Balcani da Cerem a Doberdol\" width=\"1200\" height=\"900\" srcset=\"https:\/\/peaksofthebalkans.at\/wp-content\/uploads\/2026\/03\/Wanderung-Cerem-Doberdol-14.jpg 1200w, https:\/\/peaksofthebalkans.at\/wp-content\/uploads\/2026\/03\/Wanderung-Cerem-Doberdol-14-300x225.jpg 300w, https:\/\/peaksofthebalkans.at\/wp-content\/uploads\/2026\/03\/Wanderung-Cerem-Doberdol-14-1024x768.jpg 1024w, https:\/\/peaksofthebalkans.at\/wp-content\/uploads\/2026\/03\/Wanderung-Cerem-Doberdol-14-768x576.jpg 768w, https:\/\/peaksofthebalkans.at\/wp-content\/uploads\/2026\/03\/Wanderung-Cerem-Doberdol-14-16x12.jpg 16w\" sizes=\"(max-width: 1200px) 100vw, 1200px\" \/><\/p><p>L'escursione da \u00c7erem a Dob\u00ebrdol inizia nel centro di \u00c7erem (SS 7a) e conduce in direzione nord-est su una strada sterrata lungo il torrente Markafsha. Alla SS 1b si attraversa il torrente e si segue la mulattiera che si inoltra nel bosco e sale a zig zag.<\/p><p>Il sentiero lascia il bosco all'altezza della SS 2b e si dirige verso nord-est attraversando un bellissimo prato con una vista mozzafiato su \u00c7erem alle spalle. Il sentiero \u00e8 facilmente riconoscibile grazie a un leggero avvallamento quando l'erba \u00e8 lunga, ed \u00e8 molto facile da seguire perch\u00e9 il prato \u00e8 delimitato dal bosco.<\/p><p>Ora la salita si fa pi\u00f9 dolce, mentre seguiamo la strada sterrata attraverso il bosco per circa 2,5 chilometri. All'incrocio (SS 4b), il nostro percorso gira a sinistra e lasciamo la strada sterrata alla piramide di confine (SS 5b).<\/p><p>Dalla piramide di confine, il nostro percorso prosegue per circa 2,5 chilometri in territorio montenegrino, lungo una mulattiera facilmente riconoscibile e in leggera salita, in direzione nord-est, attraverso il bosco.<\/p><p>Con il bel tempo, possiamo vedere la nostra destinazione da lontano, ma ci vogliono ancora tre o quattro ore per arrivarci. Alla fine, dobbiamo camminare di nuovo in leggera salita, ma siamo ricompensati da un ambiente rustico e da un'ospitalit\u00e0 genuina.<\/p><p>Alla SS 6b si raggiunge un bel prato e si vede sulla sinistra un piccolo edificio, costruito dalla <a href=\"https:\/\/peaksofthebalkans.at\/it\/permessi-di-frontiera\/\">Polizia di frontiera<\/a> che fungeva da punto di rilevamento. All'incrocio giriamo a destra e il nostro sentiero entra nel bosco. Al bivio per la SS 7b teniamo la destra e dopo circa 100 metri arriviamo a un sentiero sterrato.<\/p><p>Pochi metri pi\u00f9 avanti, sulla nostra destra, si trova un'altra piramide di confine. Attraversiamo la strada sterrata e seguiamo la mulattiera in direzione nord-est, che ci porta attraverso la foresta fino a raggiungere Balqin (WP 8b), un bellissimo villaggio di pastori, anch'esso utilizzato solo durante la stagione estiva. Balqin invita a riposare e a conoscere meglio la cultura locale.<\/p><p>Il sentiero per Dob\u00ebrdol si snoda quindi in direzione nord-est con una leggera salita attraverso il bosco. All'incrocio (SS 9b) si pu\u00f2 svoltare a destra o a sinistra. Entrambi i percorsi sono segnalati e alla fine conducono allo stesso sentiero. Si consiglia di svoltare a sinistra perch\u00e9 il sentiero \u00e8 pi\u00f9 breve. Da qui il sentiero \u00e8 in leggera discesa, poi attraversa un ruscello (WP 10b) e segue il sentiero verso est lungo il ruscello. Dopo circa 800 metri si raggiunge una fonte d'acqua (WP 11b). Qualche metro pi\u00f9 avanti, sulla destra, si possono vedere le rovine della polizia di frontiera.<\/p><p><img decoding=\"async\" class=\"alignnone size-full wp-image-15911\" src=\"https:\/\/peaksofthebalkans.at\/wp-content\/uploads\/2026\/03\/Police.jpg\" alt=\"Polizia di frontiera Picchi dei Balcani\" width=\"720\" height=\"526\" srcset=\"https:\/\/peaksofthebalkans.at\/wp-content\/uploads\/2026\/03\/Police.jpg 720w, https:\/\/peaksofthebalkans.at\/wp-content\/uploads\/2026\/03\/Police-300x219.jpg 300w, https:\/\/peaksofthebalkans.at\/wp-content\/uploads\/2026\/03\/Police-16x12.jpg 16w\" sizes=\"(max-width: 720px) 100vw, 720px\" \/><\/p><p>Da qui, un sentiero scende nella Valle di Gashi, mentre un altro sale verso il confine. Seguiamo il sentiero in discesa verso nord fino alla valle e pochi metri dopo giriamo a sinistra a un incrocio. Alla SS 12b il sentiero inizia a salire (da 1660 a 1760), dopodich\u00e9 l'escursione attraverso i bei prati di Dob\u00ebrdol si appiana lungo il fiume.<\/p><p><img loading=\"lazy\" decoding=\"async\" class=\"alignnone size-full wp-image-15909\" src=\"https:\/\/peaksofthebalkans.at\/wp-content\/uploads\/2026\/03\/Wanderung-Cerem-Doberdol-13.jpg\" alt=\"Villaggio di pastori Doberdol\" width=\"1200\" height=\"900\" srcset=\"https:\/\/peaksofthebalkans.at\/wp-content\/uploads\/2026\/03\/Wanderung-Cerem-Doberdol-13.jpg 1200w, https:\/\/peaksofthebalkans.at\/wp-content\/uploads\/2026\/03\/Wanderung-Cerem-Doberdol-13-300x225.jpg 300w, https:\/\/peaksofthebalkans.at\/wp-content\/uploads\/2026\/03\/Wanderung-Cerem-Doberdol-13-1024x768.jpg 1024w, https:\/\/peaksofthebalkans.at\/wp-content\/uploads\/2026\/03\/Wanderung-Cerem-Doberdol-13-768x576.jpg 768w, https:\/\/peaksofthebalkans.at\/wp-content\/uploads\/2026\/03\/Wanderung-Cerem-Doberdol-13-16x12.jpg 16w\" sizes=\"(max-width: 1200px) 100vw, 1200px\" \/><\/p><p>Dob\u00ebrdol \u00e8 una buona opzione per trascorrervi una giornata e fare una rilassante escursione ai laghi glaciali a pochi chilometri a sud-est. \u00c8 possibile pernottare nelle capanne dei pastori (WP 13b), gestite da due famiglie locali.<\/p>\t\t\t\t\t\t\t\t<\/div>\n\t\t\t\t\t<\/div>\n\t\t<\/div>\n\t\t\t\t\t<\/div>\n\t\t<\/section>\n\t\t\t\t\t<\/div>\n\t\t<\/div>\n\t\t\t\t\t<\/div>\n\t\t<\/section>\n\t\t\t\t<section class=\"elementor-section elementor-top-section elementor-element elementor-element-1b38000 elementor-section-boxed elementor-section-height-default elementor-section-height-default\" data-id=\"1b38000\" data-element_type=\"section\" data-e-type=\"section\">\n\t\t\t\t\t\t<div class=\"elementor-container elementor-column-gap-default\">\n\t\t\t\t\t<div class=\"elementor-column elementor-col-100 elementor-top-column elementor-element elementor-element-989c3aa\" data-id=\"989c3aa\" data-element_type=\"column\" data-e-type=\"column\">\n\t\t\t<div class=\"elementor-widget-wrap elementor-element-populated\">\n\t\t\t\t\t\t<div class=\"elementor-element elementor-element-6fa9afd elementor-align-center elementor-widget elementor-widget-button\" data-id=\"6fa9afd\" data-element_type=\"widget\" data-e-type=\"widget\" data-widget_type=\"button.default\">\n\t\t\t\t\t\t\t\t\t\t<a class=\"elementor-button elementor-button-link elementor-size-sm elementor-animation-float\" href=\"https:\/\/www.abenteueralbanien.de\/peaks-of-the-balkans-5-10-days\/\" target=\"_blank\" rel=\"noopener\">\n\t\t\t\t\t\t<span class=\"elementor-button-content-wrapper\">\n\t\t\t\t\t\t\t\t\t<span class=\"elementor-button-text\">Prenotazione del sentiero delle cime dei Balcani<\/span>\n\t\t\t\t\t<\/span>\n\t\t\t\t\t<\/a>\n\t\t\t\t\t\t\t\t<\/div>\n\t\t\t\t\t<\/div>\n\t\t<\/div>\n\t\t\t\t\t<\/div>\n\t\t<\/section>\n\t\t\t\t<section class=\"elementor-section elementor-top-section elementor-element elementor-element-f2cdec7 elementor-section-boxed elementor-section-height-default elementor-section-height-default\" data-id=\"f2cdec7\" data-element_type=\"section\" data-e-type=\"section\">\n\t\t\t\t\t\t<div class=\"elementor-container elementor-column-gap-default\">\n\t\t\t\t\t<div class=\"elementor-column elementor-col-100 elementor-top-column elementor-element elementor-element-f1215c4\" data-id=\"f1215c4\" data-element_type=\"column\" data-e-type=\"column\">\n\t\t\t<div class=\"elementor-widget-wrap\">\n\t\t\t\t\t\t\t<\/div>\n\t\t<\/div>\n\t\t\t\t\t<\/div>\n\t\t<\/section>\n\t\t\t\t<section class=\"elementor-section elementor-top-section elementor-element elementor-element-8331061 elementor-section-boxed elementor-section-height-default elementor-section-height-default\" data-id=\"8331061\" data-element_type=\"section\" data-e-type=\"section\">\n\t\t\t\t\t\t<div class=\"elementor-container elementor-column-gap-default\">\n\t\t\t\t\t<div class=\"elementor-column elementor-col-100 elementor-top-column elementor-element elementor-element-93a6c21\" data-id=\"93a6c21\" data-element_type=\"column\" data-e-type=\"column\">\n\t\t\t<div class=\"elementor-widget-wrap elementor-element-populated\">\n\t\t\t\t\t\t<div class=\"elementor-element elementor-element-6e9a185 elementor-widget elementor-widget-text-editor\" data-id=\"6e9a185\" data-element_type=\"widget\" data-e-type=\"widget\" data-widget_type=\"text-editor.default\">\n\t\t\t\t\t\t\t\t\t<div class=\"text--medium border-bottom space--trail\"><p>Il sentiero delle cime dei Balcani offre\u00a0<strong>Diverse opzioni di inserimento<\/strong>, che variano a seconda dell'itinerario preferito e delle opzioni di viaggio.<\/p><\/div><div class=\"border-bottom\"><div class=\"trail--column-two-goldenratio\"><h3 class=\"text--medium bold left--side-center\" title=\"Viaggio sulle cime dei Balcani\">Viaggio<\/h3><div class=\"toggle\" data-asi-toggle=\"{&quot;target&quot;:&quot;bc53b6a0-6ccf-4228-a550-656a2425b2c0&quot;}\"><div class=\"text--regular\"><p>I punti di partenza pi\u00f9 popolari\u00a0<strong>in Albania\u00a0<\/strong>sono\u00a0<strong>Il terzo\u00a0<\/strong>e\u00a0<strong>Valbona.<\/strong>\u00a0Il pi\u00f9 vicino\u00a0<strong>aeroporto internazionale\u00a0<\/strong>si trova in\u00a0<strong>Tirana<\/strong>, da cui \u00e8 possibile utilizzare\u00a0<strong>trasporto pubblico<\/strong>\u00a0ai punti di partenza. A Theth, l'escursione inizia direttamente nel parco nazionale, cos\u00ec come a Valbona, dove si entra nel Parco Nazionale della Valbona.<\/p><\/div><\/div><\/div><\/div><div class=\"trail--column-two-goldenratio\"><h3 class=\"text--medium bold left--side-center\" title=\"Cime dei Balcani Partenza\">Partenza<\/h3><div class=\"text--regular\"><p>A seconda del luogo in cui si conclude l'escursione, si partir\u00e0 in taxi o con i mezzi pubblici per l'aeroporto pi\u00f9 vicino.<\/p><h3 class=\"text--xlarge space--down-xl\" title=\"Cime dei Balcani Informazioni importanti\">Importante - Autorizzazioni<\/h3><div class=\"text--medium space--down-xl\"><p>Si parte per una delle<strong>\u00a0i pi\u00f9 suggestivi sentieri escursionistici a lunga distanza dei Balcani<\/strong>. Il sentiero delle cime dei Balcani vi porta attraverso le montagne selvagge e incontaminate di Albania, Kosovo e Montenegro.<\/p><p>Per il <strong>Attraversare i confini\u00a0<\/strong>sono qui <strong>Autorizzazioni (permessi di frontiera) <\/strong>necessario, che si\u00a0<strong>almeno due settimane\u00a0<\/strong>prima dell'escursione. In totale sono necessari tre permessi, mentre in Montenegro, oltre al permesso elettronico, \u00e8 necessario registrarsi presso la polizia in loco.<\/p><p><strong>Consigli e informazioni per le escursioni<\/strong><\/p><ul class=\"list\"><li>Il pagamento in euro \u00e8 possibile senza problemi. \u00c8 consigliabile avere sempre con s\u00e9 denaro contante.<\/li><li>Non dimenticate di portare con voi il passaporto valido.<\/li><li>I cambiamenti climatici non sono rari in montagna, quindi \u00e8 necessario essere preparati sia al sole che al freddo, alla pioggia e alla neve. Il principio della cipolla si applica all'abbigliamento.<\/li><\/ul><\/div><\/div><\/div>\t\t\t\t\t\t\t\t<\/div>\n\t\t\t\t\t<\/div>\n\t\t<\/div>\n\t\t\t\t\t<\/div>\n\t\t<\/section>\n\t\t\t\t<\/div>","protected":false},"excerpt":{"rendered":"<p>Peaks of the Balkans Etappe 3: Von \u00c7erem nach Dob\u00ebrdol Die dritte Etappe des Peaks of the Balkans Trail f\u00fchrt Wanderer von \u00c7erem (Albanien) zum abgelegenen Hirtendorf Dob\u00ebrdol und ist ungef\u00e4hr 16 km lang. Diese mittelschwere bis schwierige, 6-st\u00fcndige Wanderung beinhaltet einen steilen Aufstieg von etwa 1000 m durch das Gashi-Tal, vorbei an der montenegrinische [&hellip;]<\/p>\n","protected":false},"author":6,"featured_media":961,"parent":0,"menu_order":0,"comment_status":"closed","ping_status":"closed","template":"elementor_header_footer","meta":{"footnotes":""},"class_list":["post-11812","page","type-page","status-publish","has-post-thumbnail","hentry"],"_links":{"self":[{"href":"https:\/\/peaksofthebalkans.at\/it\/wp-json\/wp\/v2\/pages\/11812","targetHints":{"allow":["GET"]}}],"collection":[{"href":"https:\/\/peaksofthebalkans.at\/it\/wp-json\/wp\/v2\/pages"}],"about":[{"href":"https:\/\/peaksofthebalkans.at\/it\/wp-json\/wp\/v2\/types\/page"}],"author":[{"embeddable":true,"href":"https:\/\/peaksofthebalkans.at\/it\/wp-json\/wp\/v2\/users\/6"}],"replies":[{"embeddable":true,"href":"https:\/\/peaksofthebalkans.at\/it\/wp-json\/wp\/v2\/comments?post=11812"}],"version-history":[{"count":104,"href":"https:\/\/peaksofthebalkans.at\/it\/wp-json\/wp\/v2\/pages\/11812\/revisions"}],"predecessor-version":[{"id":15930,"href":"https:\/\/peaksofthebalkans.at\/it\/wp-json\/wp\/v2\/pages\/11812\/revisions\/15930"}],"wp:featuredmedia":[{"embeddable":true,"href":"https:\/\/peaksofthebalkans.at\/it\/wp-json\/wp\/v2\/media\/961"}],"wp:attachment":[{"href":"https:\/\/peaksofthebalkans.at\/it\/wp-json\/wp\/v2\/media?parent=11812"}],"curies":[{"name":"wp","href":"https:\/\/api.w.org\/{rel}","templated":true}]}}