{"id":11809,"date":"2024-02-04T22:29:56","date_gmt":"2024-02-04T21:29:56","guid":{"rendered":"https:\/\/project.howdymeta.com\/?page_id=11809"},"modified":"2026-04-01T11:04:14","modified_gmt":"2026-04-01T09:04:14","slug":"tappa-1-theth-valbona","status":"publish","type":"page","link":"https:\/\/peaksofthebalkans.at\/it\/etappe-1-theth-valbona\/","title":{"rendered":"Cime dei Balcani tappa 1: escursione da Theth a Valbona"},"content":{"rendered":"<div data-elementor-type=\"wp-page\" data-elementor-id=\"11809\" class=\"elementor elementor-11809\" data-elementor-post-type=\"page\">\n\t\t\t\t\t\t<section class=\"elementor-section elementor-top-section elementor-element elementor-element-2f2c3fe elementor-section-height-min-height elementor-section-boxed elementor-section-height-default elementor-section-items-middle\" data-id=\"2f2c3fe\" data-element_type=\"section\" data-e-type=\"section\" data-settings=\"{&quot;background_background&quot;:&quot;classic&quot;}\">\n\t\t\t\t\t\t<div class=\"elementor-container elementor-column-gap-no\">\n\t\t\t\t\t<div class=\"elementor-column elementor-col-100 elementor-top-column elementor-element elementor-element-3d4518d\" data-id=\"3d4518d\" data-element_type=\"column\" data-e-type=\"column\">\n\t\t\t<div class=\"elementor-widget-wrap elementor-element-populated\">\n\t\t\t\t\t\t<div class=\"elementor-element elementor-element-35ae5a4 elementor-widget elementor-widget-heading\" data-id=\"35ae5a4\" data-element_type=\"widget\" data-e-type=\"widget\" data-widget_type=\"heading.default\">\n\t\t\t\t\t<h1 class=\"elementor-heading-title elementor-size-default\">Cime dei Balcani tappa 1: Theth - Valbona <\/h1>\t\t\t\t<\/div>\n\t\t\t\t\t<\/div>\n\t\t<\/div>\n\t\t\t\t\t<\/div>\n\t\t<\/section>\n\t\t\t\t<section class=\"elementor-section elementor-top-section elementor-element elementor-element-b0ccd3c elementor-section-boxed elementor-section-height-default elementor-section-height-default\" data-id=\"b0ccd3c\" data-element_type=\"section\" data-e-type=\"section\">\n\t\t\t\t\t\t<div class=\"elementor-container elementor-column-gap-default\">\n\t\t\t\t\t<div class=\"elementor-column elementor-col-100 elementor-top-column elementor-element elementor-element-ef39168\" data-id=\"ef39168\" data-element_type=\"column\" data-e-type=\"column\">\n\t\t\t<div class=\"elementor-widget-wrap elementor-element-populated\">\n\t\t\t\t\t\t<div class=\"elementor-element elementor-element-71191b1 elementor-widget elementor-widget-heading\" data-id=\"71191b1\" data-element_type=\"widget\" data-e-type=\"widget\" data-widget_type=\"heading.default\">\n\t\t\t\t\t<h2 class=\"elementor-heading-title elementor-size-default\">Tappa 1: Escursione da Theth a Valbona<\/h2>\t\t\t\t<\/div>\n\t\t\t\t\t<\/div>\n\t\t<\/div>\n\t\t\t\t\t<\/div>\n\t\t<\/section>\n\t\t\t\t<section class=\"elementor-section elementor-top-section elementor-element elementor-element-2f2b885 elementor-section-boxed elementor-section-height-default elementor-section-height-default\" data-id=\"2f2b885\" data-element_type=\"section\" data-e-type=\"section\">\n\t\t\t\t\t\t<div class=\"elementor-container elementor-column-gap-default\">\n\t\t\t\t\t<div class=\"elementor-column elementor-col-100 elementor-top-column elementor-element elementor-element-f283271\" data-id=\"f283271\" data-element_type=\"column\" data-e-type=\"column\">\n\t\t\t<div class=\"elementor-widget-wrap elementor-element-populated\">\n\t\t\t\t\t\t<div class=\"elementor-element elementor-element-de333f2 elementor-widget elementor-widget-text-editor\" data-id=\"de333f2\" data-element_type=\"widget\" data-e-type=\"widget\" data-widget_type=\"text-editor.default\">\n\t\t\t\t\t\t\t\t\t<p>La tappa 1 del sentiero escursionistico a lunga percorrenza \u201eCime dei Balcani\u201c \u00e8 un inizio piacevole, con diverse soste e splendide viste sull'ampia valle di Valbona.<\/p><p>La partenza da Theth, dove seguiamo una pista di ghiaia lungo il corso di un fiume, non offre grandi attrattive paesaggistiche; condividiamo il percorso con jeep e minibus. Poi, per\u00f2, il sentiero escursionistico ci porta fino al passo \u201eQafa e Valbon\u00ebs\u201c (1.797 metri). Da l\u00ec si gode di una meravigliosa vista sulla lunga valle di Valbona.<\/p><p>Il villaggio \u00e8 particolarmente suggestivo al mattino e alla sera, grazie alle particolari condizioni di illuminazione. Dispone di piccoli alberghi e pensioni, ristoranti, campeggi e negozi, e quindi di tutto ci\u00f2 di cui abbiamo bisogno dopo una lunga giornata di escursioni.<\/p>\t\t\t\t\t\t\t\t<\/div>\n\t\t\t\t\t<\/div>\n\t\t<\/div>\n\t\t\t\t\t<\/div>\n\t\t<\/section>\n\t\t\t\t<section class=\"elementor-section elementor-top-section elementor-element elementor-element-ec3da24 elementor-section-boxed elementor-section-height-default elementor-section-height-default\" data-id=\"ec3da24\" data-element_type=\"section\" data-e-type=\"section\">\n\t\t\t\t\t\t<div class=\"elementor-container elementor-column-gap-default\">\n\t\t\t\t\t<div class=\"elementor-column elementor-col-66 elementor-top-column elementor-element elementor-element-4264eec\" data-id=\"4264eec\" data-element_type=\"column\" data-e-type=\"column\">\n\t\t\t<div class=\"elementor-widget-wrap elementor-element-populated\">\n\t\t\t\t\t\t<div class=\"elementor-element elementor-element-6e23120 elementor-pagination-position-inside elementor-arrows-position-inside elementor-widget elementor-widget-image-carousel\" data-id=\"6e23120\" data-element_type=\"widget\" data-e-type=\"widget\" data-settings=\"{&quot;slides_to_show&quot;:&quot;1&quot;,&quot;navigation&quot;:&quot;both&quot;,&quot;autoplay&quot;:&quot;yes&quot;,&quot;pause_on_hover&quot;:&quot;yes&quot;,&quot;pause_on_interaction&quot;:&quot;yes&quot;,&quot;autoplay_speed&quot;:5000,&quot;infinite&quot;:&quot;yes&quot;,&quot;effect&quot;:&quot;slide&quot;,&quot;speed&quot;:500}\" data-widget_type=\"image-carousel.default\">\n\t\t\t\t\t\t\t<div class=\"elementor-image-carousel-wrapper swiper\" role=\"region\" aria-roledescription=\"carousel\" aria-label=\"Carosello di immagini\" dir=\"ltr\">\n\t\t\t<div class=\"elementor-image-carousel swiper-wrapper\" aria-live=\"off\">\n\t\t\t\t\t\t\t\t<div class=\"swiper-slide\" role=\"group\" aria-roledescription=\"slide\" aria-label=\"1 di 7\" data-no-translation-aria-label=\"\"><figure class=\"swiper-slide-inner\"><img decoding=\"async\" class=\"swiper-slide-image\" src=\"https:\/\/peaksofthebalkans.at\/wp-content\/uploads\/2026\/01\/Theth-Village-Peaks-of-the-Balkans-Trail.jpg\" alt=\"Villaggio di Theth Sentiero delle cime dei Balcani tappa 1 - Cime dei Balcani, impressionante paesaggio montano\" \/><\/figure><\/div><div class=\"swiper-slide\" role=\"group\" aria-roledescription=\"slide\" aria-label=\"2 di 7\" data-no-translation-aria-label=\"\"><figure class=\"swiper-slide-inner\"><img decoding=\"async\" class=\"swiper-slide-image\" src=\"https:\/\/peaksofthebalkans.at\/wp-content\/uploads\/2026\/03\/Peaks-of-the-Balkans-Trail-Etappe-1-Start-im-Alpendorf-Theth-1024x768.jpg\" alt=\"Tappa 1 del Sentiero delle cime dei Balcani Partenza dal villaggio alpino di Theth\" \/><\/figure><\/div><div class=\"swiper-slide\" role=\"group\" aria-roledescription=\"slide\" aria-label=\"3 di 7\" data-no-translation-aria-label=\"\"><figure class=\"swiper-slide-inner\"><img decoding=\"async\" class=\"swiper-slide-image\" src=\"https:\/\/peaksofthebalkans.at\/wp-content\/uploads\/2026\/03\/Peaks-of-the-Balkans-Trail-Etappe-1-Aufstieg-Wanderer-1024x768.jpg\" alt=\"Cime dei Balcani Sentiero tappa 1 escursionista in salita\" \/><\/figure><\/div><div class=\"swiper-slide\" role=\"group\" aria-roledescription=\"slide\" aria-label=\"4 di 7\" data-no-translation-aria-label=\"\"><figure class=\"swiper-slide-inner\"><img decoding=\"async\" class=\"swiper-slide-image\" src=\"https:\/\/peaksofthebalkans.at\/wp-content\/uploads\/2026\/03\/Peaks-of-the-Balkans-Trail-Etappe-1-Ausblick-1024x768.jpg\" alt=\"Sentiero delle cime dei Balcani Tappa 1 Vista\" \/><\/figure><\/div><div class=\"swiper-slide\" role=\"group\" aria-roledescription=\"slide\" aria-label=\"5 di 7\" data-no-translation-aria-label=\"\"><figure class=\"swiper-slide-inner\"><img decoding=\"async\" class=\"swiper-slide-image\" src=\"https:\/\/peaksofthebalkans.at\/wp-content\/uploads\/2026\/03\/Peaks-of-the-Balkans-Trail-Etappe-1-Pass-1024x768.jpg\" alt=\"Sentiero delle cime dei Balcani tappa 1 Passo di Valbona\" \/><\/figure><\/div><div class=\"swiper-slide\" role=\"group\" aria-roledescription=\"slide\" aria-label=\"6 di 7\" data-no-translation-aria-label=\"\"><figure class=\"swiper-slide-inner\"><img decoding=\"async\" class=\"swiper-slide-image\" src=\"https:\/\/peaksofthebalkans.at\/wp-content\/uploads\/2026\/03\/Peaks-of-the-Balkans-Trail-Etappe-1-Valbona-Pass-1024x768.jpg\" alt=\"Sentiero delle cime dei Balcani tappa 1 Passo di Valbona\" \/><\/figure><\/div><div class=\"swiper-slide\" role=\"group\" aria-roledescription=\"slide\" aria-label=\"7 di 7\" data-no-translation-aria-label=\"\"><figure class=\"swiper-slide-inner\"><img decoding=\"async\" class=\"swiper-slide-image\" src=\"https:\/\/peaksofthebalkans.at\/wp-content\/uploads\/2026\/03\/Peaks-of-the-Balkans-Trail-Etappe-1-Blick-ins-Valbona-Tal-1024x768.jpg\" alt=\"Sentiero delle cime dei Balcani tappa 1 Vista sulla Valbona\" \/><\/figure><\/div>\t\t\t<\/div>\n\t\t\t\t\t\t\t\t\t\t\t\t<div class=\"elementor-swiper-button elementor-swiper-button-prev\" role=\"button\" tabindex=\"0\">\n\t\t\t\t\t\t<svg aria-hidden=\"true\" class=\"e-font-icon-svg e-eicon-chevron-left\" viewbox=\"0 0 1000 1000\" xmlns=\"http:\/\/www.w3.org\/2000\/svg\"><path d=\"M646 125C629 125 613 133 604 142L308 442C296 454 292 471 292 487 292 504 296 521 308 533L604 854C617 867 629 875 646 875 663 875 679 871 692 858 704 846 713 829 713 812 713 796 708 779 692 767L438 487 692 225C700 217 708 204 708 187 708 171 704 154 692 142 675 129 663 125 646 125Z\"><\/path><\/svg>\t\t\t\t\t<\/div>\n\t\t\t\t\t<div class=\"elementor-swiper-button elementor-swiper-button-next\" role=\"button\" tabindex=\"0\">\n\t\t\t\t\t\t<svg aria-hidden=\"true\" class=\"e-font-icon-svg e-eicon-chevron-right\" viewbox=\"0 0 1000 1000\" xmlns=\"http:\/\/www.w3.org\/2000\/svg\"><path d=\"M696 533C708 521 713 504 713 487 713 471 708 454 696 446L400 146C388 133 375 125 354 125 338 125 325 129 313 142 300 154 292 171 292 187 292 204 296 221 308 233L563 492 304 771C292 783 288 800 288 817 288 833 296 850 308 863 321 871 338 875 354 875 371 875 388 867 400 854L696 533Z\"><\/path><\/svg>\t\t\t\t\t<\/div>\n\t\t\t\t\n\t\t\t\t\t\t\t\t\t<div class=\"swiper-pagination\"><\/div>\n\t\t\t\t\t\t\t\t\t<\/div>\n\t\t\t\t\t\t<\/div>\n\t\t\t\t\t<\/div>\n\t\t<\/div>\n\t\t\t\t<div class=\"elementor-column elementor-col-33 elementor-top-column elementor-element elementor-element-21e226c\" data-id=\"21e226c\" data-element_type=\"column\" data-e-type=\"column\">\n\t\t\t<div class=\"elementor-widget-wrap elementor-element-populated\">\n\t\t\t\t\t\t<div class=\"elementor-element elementor-element-1652c40 elementor-widget elementor-widget-price-list\" data-id=\"1652c40\" data-element_type=\"widget\" data-e-type=\"widget\" data-widget_type=\"price-list.default\">\n\t\t\t\t\t\n\t\t<ul class=\"elementor-price-list\">\n\n\t\t\t\t\t\t\t\t\t<li><a class=\"elementor-price-list-item\" href=\"#\">\t\t\t\t\n\t\t\t\t<div class=\"elementor-price-list-text\">\n\t\t\t\t\t\t\t\t\t<div class=\"elementor-price-list-header\">\n\t\t\t\t\t\t\t\t\t\t\t<span class=\"elementor-price-list-title\">\n\t\t\t\t\t\t\tDifficolt\u00e0\t\t\t\t\t\t<\/span>\n\t\t\t\t\t\t\t\t\t\t\t\t\t\t\t\t\t\t<span class=\"elementor-price-list-separator\"><\/span>\n\t\t\t\t\t\t\t\t\t\t\t\t\t\t\t\t\t\t\t<span class=\"elementor-price-list-price\">Difficolt\u00e0 media<\/span>\n\t\t\t\t\t\t\t\t\t\t<\/div>\n\t\t\t\t\t\t\t\t\t\t\t\t<\/div>\n\t\t\t\t<\/a><\/li>\t\t\t\t\t\t\t\t\t\t\t\t<li><a class=\"elementor-price-list-item\" href=\"#\">\t\t\t\t\n\t\t\t\t<div class=\"elementor-price-list-text\">\n\t\t\t\t\t\t\t\t\t<div class=\"elementor-price-list-header\">\n\t\t\t\t\t\t\t\t\t\t\t<span class=\"elementor-price-list-title\">\n\t\t\t\t\t\t\tPercorso\t\t\t\t\t\t<\/span>\n\t\t\t\t\t\t\t\t\t\t\t\t\t\t\t\t\t\t<span class=\"elementor-price-list-separator\"><\/span>\n\t\t\t\t\t\t\t\t\t\t\t\t\t\t\t\t\t\t\t<span class=\"elementor-price-list-price\">12 km<\/span>\n\t\t\t\t\t\t\t\t\t\t<\/div>\n\t\t\t\t\t\t\t\t\t\t\t\t<\/div>\n\t\t\t\t<\/a><\/li>\t\t\t\t\t\t\t\t\t\t\t\t<li><a class=\"elementor-price-list-item\" href=\"#\">\t\t\t\t\n\t\t\t\t<div class=\"elementor-price-list-text\">\n\t\t\t\t\t\t\t\t\t<div class=\"elementor-price-list-header\">\n\t\t\t\t\t\t\t\t\t\t\t<span class=\"elementor-price-list-title\">\n\t\t\t\t\t\t\tDurata\t\t\t\t\t\t<\/span>\n\t\t\t\t\t\t\t\t\t\t\t\t\t\t\t\t\t\t<span class=\"elementor-price-list-separator\"><\/span>\n\t\t\t\t\t\t\t\t\t\t\t\t\t\t\t\t\t\t\t<span class=\"elementor-price-list-price\">6:30 h<\/span>\n\t\t\t\t\t\t\t\t\t\t<\/div>\n\t\t\t\t\t\t\t\t\t\t\t\t<\/div>\n\t\t\t\t<\/a><\/li>\t\t\t\t\t\t\t\t\t\t\t\t<li><a class=\"elementor-price-list-item\" href=\"#\">\t\t\t\t\n\t\t\t\t<div class=\"elementor-price-list-text\">\n\t\t\t\t\t\t\t\t\t<div class=\"elementor-price-list-header\">\n\t\t\t\t\t\t\t\t\t\t\t<span class=\"elementor-price-list-title\">\n\t\t\t\t\t\t\tSalita\t\t\t\t\t\t<\/span>\n\t\t\t\t\t\t\t\t\t\t\t\t\t\t\t\t\t\t<span class=\"elementor-price-list-separator\"><\/span>\n\t\t\t\t\t\t\t\t\t\t\t\t\t\t\t\t\t\t\t<span class=\"elementor-price-list-price\">1125 m<\/span>\n\t\t\t\t\t\t\t\t\t\t<\/div>\n\t\t\t\t\t\t\t\t\t\t\t\t<\/div>\n\t\t\t\t<\/a><\/li>\t\t\t\t\t\t\t\t\t\t\t\t<li><a class=\"elementor-price-list-item\" href=\"#\">\t\t\t\t\n\t\t\t\t<div class=\"elementor-price-list-text\">\n\t\t\t\t\t\t\t\t\t<div class=\"elementor-price-list-header\">\n\t\t\t\t\t\t\t\t\t\t\t<span class=\"elementor-price-list-title\">\n\t\t\t\t\t\t\tDiscesa\t\t\t\t\t\t<\/span>\n\t\t\t\t\t\t\t\t\t\t\t\t\t\t\t\t\t\t<span class=\"elementor-price-list-separator\"><\/span>\n\t\t\t\t\t\t\t\t\t\t\t\t\t\t\t\t\t\t\t<span class=\"elementor-price-list-price\">750 m<\/span>\n\t\t\t\t\t\t\t\t\t\t<\/div>\n\t\t\t\t\t\t\t\t\t\t\t\t<\/div>\n\t\t\t\t<\/a><\/li>\t\t\t\t\t\t\t\t\t\t\t\t<li><a class=\"elementor-price-list-item\" href=\"#\">\t\t\t\t\n\t\t\t\t<div class=\"elementor-price-list-text\">\n\t\t\t\t\t\t\t\t\t<div class=\"elementor-price-list-header\">\n\t\t\t\t\t\t\t\t\t\t\t<span class=\"elementor-price-list-title\">\n\t\t\t\t\t\t\tPunto pi\u00f9 alto\t\t\t\t\t\t<\/span>\n\t\t\t\t\t\t\t\t\t\t\t\t\t\t\t\t\t\t<span class=\"elementor-price-list-separator\"><\/span>\n\t\t\t\t\t\t\t\t\t\t\t\t\t\t\t\t\t\t\t<span class=\"elementor-price-list-price\">1807 hm<\/span>\n\t\t\t\t\t\t\t\t\t\t<\/div>\n\t\t\t\t\t\t\t\t\t\t\t\t<\/div>\n\t\t\t\t<\/a><\/li>\t\t\t\t\t\t\t\t\t\t\t\t<li><a class=\"elementor-price-list-item\" href=\"#\">\t\t\t\t\n\t\t\t\t<div class=\"elementor-price-list-text\">\n\t\t\t\t\t\t\t\t\t<div class=\"elementor-price-list-header\">\n\t\t\t\t\t\t\t\t\t\t\t<span class=\"elementor-price-list-title\">\n\t\t\t\t\t\t\tPunto pi\u00f9 basso\t\t\t\t\t\t<\/span>\n\t\t\t\t\t\t\t\t\t\t\t\t\t\t\t\t\t\t<span class=\"elementor-price-list-separator\"><\/span>\n\t\t\t\t\t\t\t\t\t\t\t\t\t\t\t\t\t\t\t<span class=\"elementor-price-list-price\">744 hm<\/span>\n\t\t\t\t\t\t\t\t\t\t<\/div>\n\t\t\t\t\t\t\t\t\t\t\t\t<\/div>\n\t\t\t\t<\/a><\/li>\t\t\t\t\t\t\t\t\t\t\t\t<li><a class=\"elementor-price-list-item\" href=\"#\">\t\t\t\t\n\t\t\t\t<div class=\"elementor-price-list-text\">\n\t\t\t\t\t\t\t\t\t<div class=\"elementor-price-list-header\">\n\t\t\t\t\t\t\t\t\t\t\t<span class=\"elementor-price-list-title\">\n\t\t\t\t\t\t\tMarcature\t\t\t\t\t\t<\/span>\n\t\t\t\t\t\t\t\t\t\t\t\t\t\t\t\t\t\t<span class=\"elementor-price-list-separator\"><\/span>\n\t\t\t\t\t\t\t\t\t\t\t\t\t\t\t\t\t\t\t<span class=\"elementor-price-list-price\">bianco\/rosso\/bianco<\/span>\n\t\t\t\t\t\t\t\t\t\t<\/div>\n\t\t\t\t\t\t\t\t\t\t\t\t<\/div>\n\t\t\t\t<\/a><\/li>\t\t\t\t\t\n\t\t<\/ul>\n\n\t\t\t\t\t\t<\/div>\n\t\t\t\t\t<\/div>\n\t\t<\/div>\n\t\t\t\t\t<\/div>\n\t\t<\/section>\n\t\t\t\t<section class=\"elementor-section elementor-top-section elementor-element elementor-element-53892ec elementor-section-boxed elementor-section-height-default elementor-section-height-default\" data-id=\"53892ec\" data-element_type=\"section\" data-e-type=\"section\">\n\t\t\t\t\t\t<div class=\"elementor-container elementor-column-gap-default\">\n\t\t\t\t\t<div class=\"elementor-column elementor-col-100 elementor-top-column elementor-element elementor-element-aa9915f\" data-id=\"aa9915f\" data-element_type=\"column\" data-e-type=\"column\">\n\t\t\t<div class=\"elementor-widget-wrap elementor-element-populated\">\n\t\t\t\t\t\t<div class=\"elementor-element elementor-element-caf6ce5 elementor-align-justify elementor-widget__width-inherit elementor-widget elementor-widget-button\" data-id=\"caf6ce5\" data-element_type=\"widget\" data-e-type=\"widget\" data-widget_type=\"button.default\">\n\t\t\t\t\t\t\t\t\t\t<a class=\"elementor-button elementor-button-link elementor-size-sm elementor-animation-float\" href=\"https:\/\/www.abenteueralbanien.de\/peaks-of-the-balkans-5-10-days\/\" target=\"_blank\" rel=\"noopener\">\n\t\t\t\t\t\t<span class=\"elementor-button-content-wrapper\">\n\t\t\t\t\t\t\t\t\t<span class=\"elementor-button-text\">Prenotazione del sentiero delle cime dei Balcani<\/span>\n\t\t\t\t\t<\/span>\n\t\t\t\t\t<\/a>\n\t\t\t\t\t\t\t\t<\/div>\n\t\t\t\t<section class=\"elementor-section elementor-inner-section elementor-element elementor-element-a8a93ea elementor-section-boxed elementor-section-height-default elementor-section-height-default\" data-id=\"a8a93ea\" data-element_type=\"section\" data-e-type=\"section\">\n\t\t\t\t\t\t<div class=\"elementor-container elementor-column-gap-default\">\n\t\t\t\t\t<div class=\"elementor-column elementor-col-100 elementor-inner-column elementor-element elementor-element-5424fca\" data-id=\"5424fca\" data-element_type=\"column\" data-e-type=\"column\">\n\t\t\t<div class=\"elementor-widget-wrap elementor-element-populated\">\n\t\t\t\t\t\t<div class=\"elementor-element elementor-element-7d512ab elementor-widget elementor-widget-text-editor\" data-id=\"7d512ab\" data-element_type=\"widget\" data-e-type=\"widget\" data-widget_type=\"text-editor.default\">\n\t\t\t\t\t\t\t\t\t<div class=\"oax_clearfix\" style=\"text-align: left;\">\u00a0<\/div><h3 style=\"text-align: center;\">\u00a0Mappa e profilo altimetrico<\/h3><h3 style=\"text-align: left;\"><img fetchpriority=\"high\" decoding=\"async\" class=\"alignnone wp-image-15670 size-full alignleft\" src=\"https:\/\/peaksofthebalkans.at\/wp-content\/uploads\/2026\/03\/Theth-Valbona-Hoehenprofil-scaled.png\" alt=\"Cime dei Balcani tappa 1 - Theth Valbona - Profilo altimetrico\" width=\"2560\" height=\"1308\" srcset=\"https:\/\/peaksofthebalkans.at\/wp-content\/uploads\/2026\/03\/Theth-Valbona-Hoehenprofil-scaled.png 2560w, https:\/\/peaksofthebalkans.at\/wp-content\/uploads\/2026\/03\/Theth-Valbona-Hoehenprofil-300x153.png 300w, https:\/\/peaksofthebalkans.at\/wp-content\/uploads\/2026\/03\/Theth-Valbona-Hoehenprofil-1024x523.png 1024w, https:\/\/peaksofthebalkans.at\/wp-content\/uploads\/2026\/03\/Theth-Valbona-Hoehenprofil-768x393.png 768w, https:\/\/peaksofthebalkans.at\/wp-content\/uploads\/2026\/03\/Theth-Valbona-Hoehenprofil-1536x785.png 1536w, https:\/\/peaksofthebalkans.at\/wp-content\/uploads\/2026\/03\/Theth-Valbona-Hoehenprofil-2048x1047.png 2048w, https:\/\/peaksofthebalkans.at\/wp-content\/uploads\/2026\/03\/Theth-Valbona-Hoehenprofil-18x9.png 18w\" sizes=\"(max-width: 2560px) 100vw, 2560px\" \/><\/h3>\t\t\t\t\t\t\t\t<\/div>\n\t\t\t\t<div class=\"elementor-element elementor-element-a5040d6 elementor-widget elementor-widget-heading\" data-id=\"a5040d6\" data-element_type=\"widget\" data-e-type=\"widget\" data-widget_type=\"heading.default\">\n\t\t\t\t\t<h3 class=\"elementor-heading-title elementor-size-default\">Cime dei Balcani - Escursione da Theth a Valbona<\/h3>\t\t\t\t<\/div>\n\t\t\t\t<div class=\"elementor-element elementor-element-ee27fae elementor-widget elementor-widget-text-editor\" data-id=\"ee27fae\" data-element_type=\"widget\" data-e-type=\"widget\" data-widget_type=\"text-editor.default\">\n\t\t\t\t\t\t\t\t\t<p style=\"text-align: left;\">Questa prima tappa delle Cime dei Balcani inizia con l'escursione da Theth (745 m) attraverso lo spettacolare Passo di Valbona (1759 m) fino a Valbon\u00eb (995 m). L'escursione segue il percorso di un'antica mulattiera che ha sempre collegato le regioni tribali di Shala e Nikaj.<\/p><p style=\"text-align: left;\">Il percorso pu\u00f2 essere diviso in due parti pernottando in una delle pensioni di Rragam. 6 km prima di raggiungere il centro di Valbon\u0451. Un altro modo per dividere l'escursione \u00e8 campeggiare nei prati prima di raggiungere il Passo di Valbona. Nei pressi del Passo di Valbona non ci sono insediamenti o rifugi (n\u00e9 pastori in estate), ma recentemente \u00e8 stato costruito un bar dove \u00e8 possibile ristorarsi in estate.<\/p><p style=\"text-align: left;\">L'escursione inizia nel centro di Theth, punto di passaggio (waypoint) 1, e prosegue verso nord-ovest su una strada sterrata con il fiume Theth sulla sinistra. Il ponte principale di Theth e la pensione Prek Harusha possono fungere da punti di riferimento. Dopo qualche centinaio di metri, attraversate un torrente sassoso su una passerella e al bivio successivo prendete subito il sentiero a destra.\u00a0<\/p><p style=\"text-align: left;\">Il sentiero gira a destra alla SS 2 e prosegue verso nord-ovest. Dopo pochi metri si incontrano le indicazioni per Gusinje, Montenegro, e Valbon\u00eb, Albania. L'escursione prosegue in leggera salita lungo una strada sterrata fino a quando, a SS 3, si vede la prima casa del villaggio di Gjelaj e la mulattiera sulla sinistra. Si imbocca la mulattiera e la salita diventa sempre pi\u00f9 ripida.<\/p><p style=\"text-align: left;\">Dopo circa 200 metri, la mulattiera raggiunge un bosco colorato e lo attraversa per 1 chilometro fino a raggiungere un pittoresco prato (SS 4). Si tratta di un luogo invitante per la sosta, che offre una fantastica vista sulla valle di Theth e sulle montagne circostanti.<\/p><p><img decoding=\"async\" class=\"size-full wp-image-15778 alignleft\" src=\"https:\/\/peaksofthebalkans.at\/wp-content\/uploads\/2026\/03\/Peaks-of-the-Balkans-Etappe-1-Hochwiese.jpg\" alt=\"Cime dei Balcani tappa 1 Hochwiese\" width=\"1024\" height=\"769\" srcset=\"https:\/\/peaksofthebalkans.at\/wp-content\/uploads\/2026\/03\/Peaks-of-the-Balkans-Etappe-1-Hochwiese.jpg 1024w, https:\/\/peaksofthebalkans.at\/wp-content\/uploads\/2026\/03\/Peaks-of-the-Balkans-Etappe-1-Hochwiese-300x225.jpg 300w, https:\/\/peaksofthebalkans.at\/wp-content\/uploads\/2026\/03\/Peaks-of-the-Balkans-Etappe-1-Hochwiese-768x577.jpg 768w, https:\/\/peaksofthebalkans.at\/wp-content\/uploads\/2026\/03\/Peaks-of-the-Balkans-Etappe-1-Hochwiese-16x12.jpg 16w\" sizes=\"(max-width: 1024px) 100vw, 1024px\" \/><\/p><p style=\"text-align: left;\">\u00a0<\/p>\t\t\t\t\t\t\t\t<\/div>\n\t\t\t\t<div class=\"elementor-element elementor-element-2d96c90 elementor-widget elementor-widget-text-editor\" data-id=\"2d96c90\" data-element_type=\"widget\" data-e-type=\"widget\" data-widget_type=\"text-editor.default\">\n\t\t\t\t\t\t\t\t\t<p style=\"text-align: left;\">La prima tappa dell'escursione prosegue in ripida salita verso nord-est e ci conduce nuovamente nel bosco dopo 30 minuti. Dopo circa 500 metri, raggiungiamo una fonte d'acqua (WP 5). Pochi metri pi\u00f9 avanti, passiamo davanti a una nuova capanna di legno, che di solito \u00e8 aperta agli escursionisti in estate. Seguiamo il sentiero verso sud-est attraverso il bosco per altri 700 metri, poi usciamo dal bosco e proseguiamo verso est in direzione del Passo di Valbona (WP 6).<\/p><p style=\"text-align: left;\">Il sentiero prosegue a destra sopra il bar e ci conduce in altri 45 minuti circa, ben segnalato, alla cima del passo \u201eQafa e Valbon\u00ebs\u201c. Questo si trova a un'altitudine di 1.797 metri. Questo punto offre una vista mozzafiato su due valli (Valbon\u00eb a est, Theth a ovest). Godetevi il panorama e rilassatevi prima di ridiscendere a valle.<\/p><p style=\"text-align: left;\">La successiva discesa verso Valbon\u00eb inizia a nord-ovest e conduce attraverso una serie di zig-zag verso nord-est (SS 7). Alla fine dello zigzag si attraversa un ruscello (prosciugato) (SS 8). Si prosegue quindi verso sud-ovest, seguendo un chiaro sentiero in un'area aperta e boscosa. Dopo circa 600 metri raggiungiamo un ruscello con acqua potabile (SS 9), un buon punto di sosta prima di iniziare la discesa finale verso il villaggio di Rragam (SS 10). A questo punto, all'incrocio, giriamo a sinistra.\u00a0<\/p><p style=\"text-align: left;\"><img decoding=\"async\" class=\"size-full wp-image-14433 alignleft\" src=\"https:\/\/peaksofthebalkans.at\/wp-content\/uploads\/2025\/03\/Valbona-Tal-Albanien.jpg\" alt=\"Valle di Valbona Albania\" width=\"1024\" height=\"574\" srcset=\"https:\/\/peaksofthebalkans.at\/wp-content\/uploads\/2025\/03\/Valbona-Tal-Albanien.jpg 1024w, https:\/\/peaksofthebalkans.at\/wp-content\/uploads\/2025\/03\/Valbona-Tal-Albanien-300x168.jpg 300w, https:\/\/peaksofthebalkans.at\/wp-content\/uploads\/2025\/03\/Valbona-Tal-Albanien-768x431.jpg 768w, https:\/\/peaksofthebalkans.at\/wp-content\/uploads\/2025\/03\/Valbona-Tal-Albanien-18x10.jpg 18w\" sizes=\"(max-width: 1024px) 100vw, 1024px\" \/><\/p><div class=\"oax_marg_bottom_33\" style=\"text-align: left;\">\u00a0<\/div>\t\t\t\t\t\t\t\t<\/div>\n\t\t\t\t<div class=\"elementor-element elementor-element-3f68b73 elementor-widget elementor-widget-text-editor\" data-id=\"3f68b73\" data-element_type=\"widget\" data-e-type=\"widget\" data-widget_type=\"text-editor.default\">\n\t\t\t\t\t\t\t\t\t<p style=\"text-align: left;\">A Rragam, la nostra escursione \u00e8 costeggiata da recinzioni e la valle di Valbon\u00eb \u00e8 visibile alla nostra destra. Dopo aver percorso qualche centinaio di metri attraverso il villaggio, all'incrocio giriamo a destra (SS 11) e il percorso prosegue lungo una strada sterrata costeggiata da pini. \u00c8 la strada principale che collega Valbon\u00eb a Rragam. Percorriamo questa strada per circa 3 chilometri e terminiamo la nostra escursione all'hotel Fusha e Gjes (WP 12). Il centro di Valbon\u00eb si trova a 3,5 chilometri a nord-est e pu\u00f2 essere raggiunto attraverso questo percorso.<\/p><div class=\"oax_marg_bottom_33\" style=\"text-align: left;\"><h3 class=\"oax_h oax_custom_font oax_h3 oax_marg_bottom_11\">Indicazioni - Trasporto pubblico<\/h3><p>Da Scutari (Shoker) c'\u00e8 un autobus giornaliero per Theth durante i mesi estivi.<\/p><\/div><h3 class=\"oax_h oax_custom_font oax_h3 oax_marg_bottom_11\" style=\"text-align: left;\">Parcheggio<\/h3><p style=\"text-align: left;\">Parcheggio dopo il ponte sulla sinistra, di fronte al piccolo supermercato.<\/p>\t\t\t\t\t\t\t\t<\/div>\n\t\t\t\t\t<\/div>\n\t\t<\/div>\n\t\t\t\t\t<\/div>\n\t\t<\/section>\n\t\t\t\t\t<\/div>\n\t\t<\/div>\n\t\t\t\t\t<\/div>\n\t\t<\/section>\n\t\t\t\t<section class=\"elementor-section elementor-top-section elementor-element elementor-element-d779315 elementor-section-boxed elementor-section-height-default elementor-section-height-default\" data-id=\"d779315\" data-element_type=\"section\" data-e-type=\"section\">\n\t\t\t\t\t\t<div class=\"elementor-container elementor-column-gap-default\">\n\t\t\t\t\t<div class=\"elementor-column elementor-col-100 elementor-top-column elementor-element elementor-element-6dd9a7a\" data-id=\"6dd9a7a\" data-element_type=\"column\" data-e-type=\"column\">\n\t\t\t<div class=\"elementor-widget-wrap elementor-element-populated\">\n\t\t\t\t\t\t<div class=\"elementor-element elementor-element-665599b elementor-align-justify elementor-widget elementor-widget-button\" data-id=\"665599b\" data-element_type=\"widget\" data-e-type=\"widget\" data-widget_type=\"button.default\">\n\t\t\t\t\t\t\t\t\t\t<a class=\"elementor-button elementor-button-link elementor-size-sm elementor-animation-float\" href=\"https:\/\/www.abenteueralbanien.de\/peaks-of-the-balkans-5-10-days\/\" target=\"_blank\" rel=\"noopener\">\n\t\t\t\t\t\t<span class=\"elementor-button-content-wrapper\">\n\t\t\t\t\t\t\t\t\t<span class=\"elementor-button-text\">Prenotazione del sentiero delle cime dei Balcani<\/span>\n\t\t\t\t\t<\/span>\n\t\t\t\t\t<\/a>\n\t\t\t\t\t\t\t\t<\/div>\n\t\t\t\t\t<\/div>\n\t\t<\/div>\n\t\t\t\t\t<\/div>\n\t\t<\/section>\n\t\t\t\t<section class=\"elementor-section elementor-top-section elementor-element elementor-element-cee64e6 elementor-section-boxed elementor-section-height-default elementor-section-height-default\" data-id=\"cee64e6\" data-element_type=\"section\" data-e-type=\"section\">\n\t\t\t\t\t\t<div class=\"elementor-container elementor-column-gap-default\">\n\t\t\t\t\t<div class=\"elementor-column elementor-col-100 elementor-top-column elementor-element elementor-element-5abf9db\" data-id=\"5abf9db\" data-element_type=\"column\" data-e-type=\"column\">\n\t\t\t<div class=\"elementor-widget-wrap\">\n\t\t\t\t\t\t\t<\/div>\n\t\t<\/div>\n\t\t\t\t\t<\/div>\n\t\t<\/section>\n\t\t\t\t<section class=\"elementor-section elementor-top-section elementor-element elementor-element-c3a034c elementor-section-boxed elementor-section-height-default elementor-section-height-default\" data-id=\"c3a034c\" data-element_type=\"section\" data-e-type=\"section\">\n\t\t\t\t\t\t<div class=\"elementor-container elementor-column-gap-default\">\n\t\t\t\t\t<div class=\"elementor-column elementor-col-100 elementor-top-column elementor-element elementor-element-561f66c\" data-id=\"561f66c\" data-element_type=\"column\" data-e-type=\"column\">\n\t\t\t<div class=\"elementor-widget-wrap elementor-element-populated\">\n\t\t\t\t\t\t<div class=\"elementor-element elementor-element-2e944bd elementor-widget elementor-widget-image\" data-id=\"2e944bd\" data-element_type=\"widget\" data-e-type=\"widget\" data-widget_type=\"image.default\">\n\t\t\t\t\t\t\t\t\t\t\t\t\t\t\t<img loading=\"lazy\" decoding=\"async\" width=\"800\" height=\"588\" src=\"https:\/\/peaksofthebalkans.at\/wp-content\/uploads\/2026\/03\/Peaks-of-the-Baoekans-Etappe-1-Theth-Valbona-Route-1024x752.png\" class=\"attachment-large size-large wp-image-15768\" alt=\"Cime dei Balcani Tappa 1 Percorso Theth Valbona\" srcset=\"https:\/\/peaksofthebalkans.at\/wp-content\/uploads\/2026\/03\/Peaks-of-the-Baoekans-Etappe-1-Theth-Valbona-Route-1024x752.png 1024w, https:\/\/peaksofthebalkans.at\/wp-content\/uploads\/2026\/03\/Peaks-of-the-Baoekans-Etappe-1-Theth-Valbona-Route-300x220.png 300w, https:\/\/peaksofthebalkans.at\/wp-content\/uploads\/2026\/03\/Peaks-of-the-Baoekans-Etappe-1-Theth-Valbona-Route-768x564.png 768w, https:\/\/peaksofthebalkans.at\/wp-content\/uploads\/2026\/03\/Peaks-of-the-Baoekans-Etappe-1-Theth-Valbona-Route-16x12.png 16w, https:\/\/peaksofthebalkans.at\/wp-content\/uploads\/2026\/03\/Peaks-of-the-Baoekans-Etappe-1-Theth-Valbona-Route.png 1214w\" sizes=\"(max-width: 800px) 100vw, 800px\" \/>\t\t\t\t\t\t\t\t\t\t\t\t\t\t\t<\/div>\n\t\t\t\t\t<\/div>\n\t\t<\/div>\n\t\t\t\t\t<\/div>\n\t\t<\/section>\n\t\t\t\t<\/div>","protected":false},"excerpt":{"rendered":"<p>Peaks of the Balkans Etappe 1: Wanderung Theth nach Valbona. Strecke: 14 Kilometer, H\u00f6he max.: 1.759 Meter,  Schwierigkeit: mittel, Dauer: ca. 7 Stunden<\/p>","protected":false},"author":6,"featured_media":14800,"parent":0,"menu_order":0,"comment_status":"closed","ping_status":"closed","template":"elementor_header_footer","meta":{"footnotes":""},"class_list":["post-11809","page","type-page","status-publish","has-post-thumbnail","hentry"],"_links":{"self":[{"href":"https:\/\/peaksofthebalkans.at\/it\/wp-json\/wp\/v2\/pages\/11809","targetHints":{"allow":["GET"]}}],"collection":[{"href":"https:\/\/peaksofthebalkans.at\/it\/wp-json\/wp\/v2\/pages"}],"about":[{"href":"https:\/\/peaksofthebalkans.at\/it\/wp-json\/wp\/v2\/types\/page"}],"author":[{"embeddable":true,"href":"https:\/\/peaksofthebalkans.at\/it\/wp-json\/wp\/v2\/users\/6"}],"replies":[{"embeddable":true,"href":"https:\/\/peaksofthebalkans.at\/it\/wp-json\/wp\/v2\/comments?post=11809"}],"version-history":[{"count":234,"href":"https:\/\/peaksofthebalkans.at\/it\/wp-json\/wp\/v2\/pages\/11809\/revisions"}],"predecessor-version":[{"id":16098,"href":"https:\/\/peaksofthebalkans.at\/it\/wp-json\/wp\/v2\/pages\/11809\/revisions\/16098"}],"wp:featuredmedia":[{"embeddable":true,"href":"https:\/\/peaksofthebalkans.at\/it\/wp-json\/wp\/v2\/media\/14800"}],"wp:attachment":[{"href":"https:\/\/peaksofthebalkans.at\/it\/wp-json\/wp\/v2\/media?parent=11809"}],"curies":[{"name":"wp","href":"https:\/\/api.w.org\/{rel}","templated":true}]}}