{"id":11779,"date":"2024-02-04T22:10:33","date_gmt":"2024-02-04T21:10:33","guid":{"rendered":"https:\/\/project.howdymeta.com\/?page_id=11779"},"modified":"2026-03-07T20:08:21","modified_gmt":"2026-03-07T19:08:21","slug":"doberdol-gjeravica-picco-doberdol","status":"publish","type":"page","link":"https:\/\/peaksofthebalkans.at\/it\/doberdol-gjeravica-peak-doberdol\/","title":{"rendered":"Doberdol - Picco di Gjeravica - Doberdol"},"content":{"rendered":"<div data-elementor-type=\"wp-page\" data-elementor-id=\"11779\" class=\"elementor elementor-11779\" data-elementor-post-type=\"page\">\n\t\t\t\t\t\t<section class=\"elementor-section elementor-top-section elementor-element elementor-element-dc03750 elementor-section-height-min-height elementor-section-boxed elementor-section-height-default elementor-section-items-middle\" data-id=\"dc03750\" data-element_type=\"section\" data-e-type=\"section\" data-settings=\"{&quot;background_background&quot;:&quot;classic&quot;}\">\n\t\t\t\t\t\t\t<div class=\"elementor-background-overlay\"><\/div>\n\t\t\t\t\t\t\t<div class=\"elementor-container elementor-column-gap-no\">\n\t\t\t\t\t<div class=\"elementor-column elementor-col-100 elementor-top-column elementor-element elementor-element-5b632f4\" data-id=\"5b632f4\" data-element_type=\"column\" data-e-type=\"column\">\n\t\t\t<div class=\"elementor-widget-wrap elementor-element-populated\">\n\t\t\t\t\t\t<div class=\"elementor-element elementor-element-ba9e587 elementor-widget elementor-widget-heading\" data-id=\"ba9e587\" data-element_type=\"widget\" data-e-type=\"widget\" data-widget_type=\"heading.default\">\n\t\t\t\t\t<h1 class=\"elementor-heading-title elementor-size-default\">DOBERDOL - CIMA GJERAVICA - DOBERDOL<\/h1>\t\t\t\t<\/div>\n\t\t\t\t\t<\/div>\n\t\t<\/div>\n\t\t\t\t\t<\/div>\n\t\t<\/section>\n\t\t\t\t<section class=\"elementor-section elementor-top-section elementor-element elementor-element-9e2dc9b elementor-section-boxed elementor-section-height-default elementor-section-height-default\" data-id=\"9e2dc9b\" data-element_type=\"section\" data-e-type=\"section\">\n\t\t\t\t\t\t<div class=\"elementor-container elementor-column-gap-default\">\n\t\t\t\t\t<div class=\"elementor-column elementor-col-100 elementor-top-column elementor-element elementor-element-ef6589e\" data-id=\"ef6589e\" data-element_type=\"column\" data-e-type=\"column\">\n\t\t\t<div class=\"elementor-widget-wrap elementor-element-populated\">\n\t\t\t\t\t\t<section class=\"elementor-section elementor-inner-section elementor-element elementor-element-ea2ddc3 elementor-section-boxed elementor-section-height-default elementor-section-height-default\" data-id=\"ea2ddc3\" data-element_type=\"section\" data-e-type=\"section\">\n\t\t\t\t\t\t<div class=\"elementor-container elementor-column-gap-default\">\n\t\t\t\t\t<div class=\"elementor-column elementor-col-100 elementor-inner-column elementor-element elementor-element-6ee95c9\" data-id=\"6ee95c9\" data-element_type=\"column\" data-e-type=\"column\">\n\t\t\t<div class=\"elementor-widget-wrap elementor-element-populated\">\n\t\t\t\t\t\t<div class=\"elementor-element elementor-element-bcd8191 elementor-widget elementor-widget-heading\" data-id=\"bcd8191\" data-element_type=\"widget\" data-e-type=\"widget\" data-widget_type=\"heading.default\">\n\t\t\t\t\t<h2 class=\"elementor-heading-title elementor-size-default\">Doberdol - Picco di Gjeravica - Doberdol<\/h2>\t\t\t\t<\/div>\n\t\t\t\t<div class=\"elementor-element elementor-element-3b7d158 elementor-widget elementor-widget-text-editor\" data-id=\"3b7d158\" data-element_type=\"widget\" data-e-type=\"widget\" data-widget_type=\"text-editor.default\">\n\t\t\t\t\t\t\t\t\t<p>Percorso a piedi: 18 chilometri<br \/>Altitudine minima: 1534 metri, massima: 2650 metri<br \/>Metri totali di dislivello: in salita: 915 metri, in discesa: 915 metri.<br \/>Livello di difficolt\u00e0: moderato<\/p>\t\t\t\t\t\t\t\t<\/div>\n\t\t\t\t<div class=\"elementor-element elementor-element-9aa45b5 elementor-widget elementor-widget-image\" data-id=\"9aa45b5\" data-element_type=\"widget\" data-e-type=\"widget\" data-widget_type=\"image.default\">\n\t\t\t\t\t\t\t\t\t\t\t\t\t\t\t<img fetchpriority=\"high\" decoding=\"async\" width=\"1156\" height=\"598\" src=\"https:\/\/peaksofthebalkans.at\/wp-content\/uploads\/2019\/01\/8fin_orig.png\" class=\"attachment-full size-full wp-image-282\" alt=\"Cime dei Balcani tappa 8: mappa e profilo altimetrico\" srcset=\"https:\/\/peaksofthebalkans.at\/wp-content\/uploads\/2019\/01\/8fin_orig.png 1156w, https:\/\/peaksofthebalkans.at\/wp-content\/uploads\/2019\/01\/8fin_orig-300x155.png 300w, https:\/\/peaksofthebalkans.at\/wp-content\/uploads\/2019\/01\/8fin_orig-768x397.png 768w, https:\/\/peaksofthebalkans.at\/wp-content\/uploads\/2019\/01\/8fin_orig-1024x530.png 1024w, https:\/\/peaksofthebalkans.at\/wp-content\/uploads\/2019\/01\/8fin_orig-1080x559.png 1080w\" sizes=\"(max-width: 1156px) 100vw, 1156px\" \/>\t\t\t\t\t\t\t\t\t\t\t\t\t\t\t<\/div>\n\t\t\t\t<div class=\"elementor-element elementor-element-2380096 elementor-widget elementor-widget-text-editor\" data-id=\"2380096\" data-element_type=\"widget\" data-e-type=\"widget\" data-widget_type=\"text-editor.default\">\n\t\t\t\t\t\t\t\t\t<p>Questo sentiero escursionistico permette di scalare la montagna pi\u00f9 alta del Kosovo e la seconda pi\u00f9 alta delle Montagne Maledette dopo la cima Jezerca.<\/p><p>Il sentiero che porta alla cima del Doberdol \u00e8 un'escursione facile.<\/p><p>Si tratta di un percorso circolare che porta in Kosovo, un confine quasi del tutto privo di protezione. Tuttavia, durante i regimi comunisti in questa parte del mondo, questo era il confine tra Albania e Jugoslavia e uno dei confini meglio protetti al mondo.<\/p>\t\t\t\t\t\t\t\t<\/div>\n\t\t\t\t\t<\/div>\n\t\t<\/div>\n\t\t\t\t\t<\/div>\n\t\t<\/section>\n\t\t\t\t\t<\/div>\n\t\t<\/div>\n\t\t\t\t\t<\/div>\n\t\t<\/section>\n\t\t\t\t<section class=\"elementor-section elementor-top-section elementor-element elementor-element-0698947 elementor-section-boxed elementor-section-height-default elementor-section-height-default\" data-id=\"0698947\" data-element_type=\"section\" data-e-type=\"section\">\n\t\t\t\t\t\t<div class=\"elementor-container elementor-column-gap-default\">\n\t\t\t\t\t<div class=\"elementor-column elementor-col-100 elementor-top-column elementor-element elementor-element-86b6cf3\" data-id=\"86b6cf3\" data-element_type=\"column\" data-e-type=\"column\">\n\t\t\t<div class=\"elementor-widget-wrap elementor-element-populated\">\n\t\t\t\t\t\t<div class=\"elementor-element elementor-element-3d39c97 elementor-align-center elementor-widget elementor-widget-button\" data-id=\"3d39c97\" data-element_type=\"widget\" data-e-type=\"widget\" data-widget_type=\"button.default\">\n\t\t\t\t\t\t\t\t\t\t<a class=\"elementor-button elementor-button-link elementor-size-sm elementor-animation-float\" href=\"https:\/\/www.abenteueralbanien.de\/peaks-of-the-balkans-5-10-days\/\" target=\"_blank\" rel=\"noopener\">\n\t\t\t\t\t\t<span class=\"elementor-button-content-wrapper\">\n\t\t\t\t\t\t\t\t\t<span class=\"elementor-button-text\">Prenotazione del sentiero delle cime dei Balcani<\/span>\n\t\t\t\t\t<\/span>\n\t\t\t\t\t<\/a>\n\t\t\t\t\t\t\t\t<\/div>\n\t\t\t\t\t<\/div>\n\t\t<\/div>\n\t\t\t\t\t<\/div>\n\t\t<\/section>\n\t\t\t\t<\/div>","protected":false},"excerpt":{"rendered":"<p>DOBERDOL &#8211; GJERAVICA PEAK &#8211; DOBERDOL Doberdol \u2013 Gjeravica Peak \u2013 Doberdol Wanderstrecke: 18 KilometerH\u00f6he min: 1534 Meter, max: 2650 MeterH\u00f6henmeter insgesamt: bergauf: 915 Meter, bergab: 915 MeterSchwierigkeitsgrad: M\u00e4\u00dfig Auf diesem Wanderpfad besteigst du den h\u00f6chsten Berg des Kosovo und den zweith\u00f6chsten der Verfluchten Berge nach dem Jezerca-Gipfel. Der Weg zum Gipfel von Doberdol ist [&hellip;]<\/p>\n","protected":false},"author":6,"featured_media":0,"parent":0,"menu_order":0,"comment_status":"closed","ping_status":"closed","template":"elementor_header_footer","meta":{"footnotes":""},"class_list":["post-11779","page","type-page","status-publish","hentry"],"_links":{"self":[{"href":"https:\/\/peaksofthebalkans.at\/it\/wp-json\/wp\/v2\/pages\/11779","targetHints":{"allow":["GET"]}}],"collection":[{"href":"https:\/\/peaksofthebalkans.at\/it\/wp-json\/wp\/v2\/pages"}],"about":[{"href":"https:\/\/peaksofthebalkans.at\/it\/wp-json\/wp\/v2\/types\/page"}],"author":[{"embeddable":true,"href":"https:\/\/peaksofthebalkans.at\/it\/wp-json\/wp\/v2\/users\/6"}],"replies":[{"embeddable":true,"href":"https:\/\/peaksofthebalkans.at\/it\/wp-json\/wp\/v2\/comments?post=11779"}],"version-history":[{"count":19,"href":"https:\/\/peaksofthebalkans.at\/it\/wp-json\/wp\/v2\/pages\/11779\/revisions"}],"predecessor-version":[{"id":15765,"href":"https:\/\/peaksofthebalkans.at\/it\/wp-json\/wp\/v2\/pages\/11779\/revisions\/15765"}],"wp:attachment":[{"href":"https:\/\/peaksofthebalkans.at\/it\/wp-json\/wp\/v2\/media?parent=11779"}],"curies":[{"name":"wp","href":"https:\/\/api.w.org\/{rel}","templated":true}]}}