{"id":11812,"date":"2024-02-04T22:33:01","date_gmt":"2024-02-04T21:33:01","guid":{"rendered":"https:\/\/project.howdymeta.com\/?page_id=11812"},"modified":"2026-03-10T14:14:28","modified_gmt":"2026-03-10T13:14:28","slug":"etape-3","status":"publish","type":"page","link":"https:\/\/peaksofthebalkans.at\/fr\/etappe-3\/","title":{"rendered":"Tron\u00e7on 3 : Randonn\u00e9e \u00c7erem - Dob\u00ebrdol"},"content":{"rendered":"<div data-elementor-type=\"wp-page\" data-elementor-id=\"11812\" class=\"elementor elementor-11812\" data-elementor-post-type=\"page\">\n\t\t\t\t\t\t<section class=\"elementor-section elementor-top-section elementor-element elementor-element-3aca42a elementor-section-height-min-height elementor-section-boxed elementor-section-height-default elementor-section-items-middle\" data-id=\"3aca42a\" data-element_type=\"section\" data-e-type=\"section\" data-settings=\"{&quot;background_background&quot;:&quot;classic&quot;}\">\n\t\t\t\t\t\t<div class=\"elementor-container elementor-column-gap-no\">\n\t\t\t\t\t<div class=\"elementor-column elementor-col-100 elementor-top-column elementor-element elementor-element-fac9d27\" data-id=\"fac9d27\" data-element_type=\"column\" data-e-type=\"column\">\n\t\t\t<div class=\"elementor-widget-wrap elementor-element-populated\">\n\t\t\t\t\t\t<div class=\"elementor-element elementor-element-91f8c8a elementor-widget elementor-widget-heading\" data-id=\"91f8c8a\" data-element_type=\"widget\" data-e-type=\"widget\" data-widget_type=\"heading.default\">\n\t\t\t\t\t<h1 class=\"elementor-heading-title elementor-size-default\">Peaks of the Balkans Tron\u00e7on 3 : De \u00c7erem \u00e0 Dob\u00ebrdol <\/h1>\t\t\t\t<\/div>\n\t\t\t\t\t<\/div>\n\t\t<\/div>\n\t\t\t\t\t<\/div>\n\t\t<\/section>\n\t\t\t\t<section class=\"elementor-section elementor-top-section elementor-element elementor-element-0fef356 elementor-section-boxed elementor-section-height-default elementor-section-height-default\" data-id=\"0fef356\" data-element_type=\"section\" data-e-type=\"section\">\n\t\t\t\t\t\t<div class=\"elementor-container elementor-column-gap-default\">\n\t\t\t\t\t<div class=\"elementor-column elementor-col-100 elementor-top-column elementor-element elementor-element-b63f569\" data-id=\"b63f569\" data-element_type=\"column\" data-e-type=\"column\">\n\t\t\t<div class=\"elementor-widget-wrap elementor-element-populated\">\n\t\t\t\t\t\t<div class=\"elementor-element elementor-element-06fbe44 elementor-widget elementor-widget-text-editor\" data-id=\"06fbe44\" data-element_type=\"widget\" data-e-type=\"widget\" data-widget_type=\"text-editor.default\">\n\t\t\t\t\t\t\t\t\t<div>La troisi\u00e8me \u00e9tape du Peaks of the Balkans Trail m\u00e8ne les randonneurs de \u00c7erem (Albanie) au village de bergers isol\u00e9 de Dob\u00ebrdol et fait environ 16 km de long. Cette randonn\u00e9e de difficult\u00e9 moyenne \u00e0 \u00e9lev\u00e9e, d'une dur\u00e9e de 6 heures, comprend une mont\u00e9e raide d'environ 1000 m \u00e0 travers la vall\u00e9e de Gashi, en passant par la fronti\u00e8re mont\u00e9n\u00e9grine (un \u201epassage frontalier vert\u201d), pour atteindre les hauts alpages de Dob\u00ebrdol.\u00a0<\/div><div>\u00a0<\/div><div>L'itin\u00e9raire de randonn\u00e9e de \u00c7erem \u00e0 Dob\u00ebrdol nous fait traverser un paysage magnifique avec des vall\u00e9es impressionnantes, des for\u00eats et des vues magnifiques. La haute vall\u00e9e de Dob\u00ebrdol est une r\u00e9gion rude et honn\u00eate situ\u00e9e \u00e0 pr\u00e8s de 1 800 m\u00e8tres d'altitude.<\/div>\t\t\t\t\t\t\t\t<\/div>\n\t\t\t\t\t<\/div>\n\t\t<\/div>\n\t\t\t\t\t<\/div>\n\t\t<\/section>\n\t\t\t\t<section class=\"elementor-section elementor-top-section elementor-element elementor-element-ecd522b elementor-section-boxed elementor-section-height-default elementor-section-height-default\" data-id=\"ecd522b\" data-element_type=\"section\" data-e-type=\"section\">\n\t\t\t\t\t\t<div class=\"elementor-container elementor-column-gap-default\">\n\t\t\t\t\t<div class=\"elementor-column elementor-col-66 elementor-top-column elementor-element elementor-element-d2bb43c\" data-id=\"d2bb43c\" data-element_type=\"column\" data-e-type=\"column\">\n\t\t\t<div class=\"elementor-widget-wrap elementor-element-populated\">\n\t\t\t\t\t\t<div class=\"elementor-element elementor-element-829bf2c elementor-pagination-position-inside elementor-arrows-position-inside elementor-widget elementor-widget-image-carousel\" data-id=\"829bf2c\" data-element_type=\"widget\" data-e-type=\"widget\" data-settings=\"{&quot;slides_to_show&quot;:&quot;1&quot;,&quot;navigation&quot;:&quot;both&quot;,&quot;autoplay&quot;:&quot;yes&quot;,&quot;pause_on_hover&quot;:&quot;yes&quot;,&quot;pause_on_interaction&quot;:&quot;yes&quot;,&quot;autoplay_speed&quot;:5000,&quot;infinite&quot;:&quot;yes&quot;,&quot;effect&quot;:&quot;slide&quot;,&quot;speed&quot;:500}\" data-widget_type=\"image-carousel.default\">\n\t\t\t\t\t\t\t<div class=\"elementor-image-carousel-wrapper swiper\" role=\"region\" aria-roledescription=\"carousel\" aria-label=\"Image Carrousel\" dir=\"ltr\">\n\t\t\t<div class=\"elementor-image-carousel swiper-wrapper\" aria-live=\"off\">\n\t\t\t\t\t\t\t\t<div class=\"swiper-slide\" role=\"group\" aria-roledescription=\"slide\" aria-label=\"1 of 10\" data-no-translation-aria-label=\"\"><figure class=\"swiper-slide-inner\"><img decoding=\"async\" class=\"swiper-slide-image\" src=\"https:\/\/peaksofthebalkans.be\/wp-content\/uploads\/2026\/03\/Wanderung-Cerem-Doberdol-2-1024x768.jpg\" alt=\"Peaks of the Balkans\" \/><\/figure><\/div><div class=\"swiper-slide\" role=\"group\" aria-roledescription=\"slide\" aria-label=\"2 of 10\" data-no-translation-aria-label=\"\"><figure class=\"swiper-slide-inner\"><img decoding=\"async\" class=\"swiper-slide-image\" src=\"https:\/\/peaksofthebalkans.be\/wp-content\/uploads\/2026\/03\/Wanderung-Cerem-Doberdol-3-1024x768.jpg\" alt=\"Randonn\u00e9e du Cerem Doberdol\" \/><\/figure><\/div><div class=\"swiper-slide\" role=\"group\" aria-roledescription=\"slide\" aria-label=\"3 of 10\" data-no-translation-aria-label=\"\"><figure class=\"swiper-slide-inner\"><img decoding=\"async\" class=\"swiper-slide-image\" src=\"https:\/\/peaksofthebalkans.be\/wp-content\/uploads\/2026\/03\/Wanderung-Cerem-Doberdol-4-1024x768.jpg\" alt=\"Randonn\u00e9e du Cerem Doberdol\" \/><\/figure><\/div><div class=\"swiper-slide\" role=\"group\" aria-roledescription=\"slide\" aria-label=\"4 of 10\" data-no-translation-aria-label=\"\"><figure class=\"swiper-slide-inner\"><img decoding=\"async\" class=\"swiper-slide-image\" src=\"https:\/\/peaksofthebalkans.be\/wp-content\/uploads\/2026\/03\/Wanderung-Cerem-Doberdol-7-1024x591.jpg\" alt=\"Randonn\u00e9e du Cerem Doberdol\" \/><\/figure><\/div><div class=\"swiper-slide\" role=\"group\" aria-roledescription=\"slide\" aria-label=\"5 of 10\" data-no-translation-aria-label=\"\"><figure class=\"swiper-slide-inner\"><img decoding=\"async\" class=\"swiper-slide-image\" src=\"https:\/\/peaksofthebalkans.be\/wp-content\/uploads\/2026\/03\/Wanderung-Cerem-Doberdol-8-1024x576.jpg\" alt=\"Peaks of the Balkans Tron\u00e7on 3 Cerem Doberdol\" \/><\/figure><\/div><div class=\"swiper-slide\" role=\"group\" aria-roledescription=\"slide\" aria-label=\"6 of 10\" data-no-translation-aria-label=\"\"><figure class=\"swiper-slide-inner\"><img decoding=\"async\" class=\"swiper-slide-image\" src=\"https:\/\/peaksofthebalkans.be\/wp-content\/uploads\/2026\/03\/Wanderung-Cerem-Doberdol-2-1-1024x768.jpg\" alt=\"Randonn\u00e9e du Cerem Doberdol\" \/><\/figure><\/div><div class=\"swiper-slide\" role=\"group\" aria-roledescription=\"slide\" aria-label=\"7 of 10\" data-no-translation-aria-label=\"\"><figure class=\"swiper-slide-inner\"><img decoding=\"async\" class=\"swiper-slide-image\" src=\"https:\/\/peaksofthebalkans.be\/wp-content\/uploads\/2026\/03\/Wanderung-Cerem-Doberdol-9-1024x576.jpg\" alt=\"Peaks of the Balkans Tron\u00e7on 3\" \/><\/figure><\/div><div class=\"swiper-slide\" role=\"group\" aria-roledescription=\"slide\" aria-label=\"8 of 10\" data-no-translation-aria-label=\"\"><figure class=\"swiper-slide-inner\"><img decoding=\"async\" class=\"swiper-slide-image\" src=\"https:\/\/peaksofthebalkans.be\/wp-content\/uploads\/2026\/03\/Wanderung-Cerem-Doberdol-10-1024x768.jpg\" alt=\"Peaks of the Balkans Tron\u00e7on 3\" \/><\/figure><\/div><div class=\"swiper-slide\" role=\"group\" aria-roledescription=\"slide\" aria-label=\"9 of 10\" data-no-translation-aria-label=\"\"><figure class=\"swiper-slide-inner\"><img decoding=\"async\" class=\"swiper-slide-image\" src=\"https:\/\/peaksofthebalkans.be\/wp-content\/uploads\/2026\/03\/Wanderung-Cerem-Doberdol-5-1024x768.jpg\" alt=\"Randonn\u00e9e du Cerem Doberdol\" \/><\/figure><\/div><div class=\"swiper-slide\" role=\"group\" aria-roledescription=\"slide\" aria-label=\"10 of 10\" data-no-translation-aria-label=\"\"><figure class=\"swiper-slide-inner\"><img decoding=\"async\" class=\"swiper-slide-image\" src=\"https:\/\/peaksofthebalkans.be\/wp-content\/uploads\/2026\/03\/Wanderung-Cerem-Doberdol-11-1024x576.jpg\" alt=\"Peaks of the Balkans Tron\u00e7on 3\" \/><\/figure><\/div>\t\t\t<\/div>\n\t\t\t\t\t\t\t\t\t\t\t\t<div class=\"elementor-swiper-button elementor-swiper-button-prev\" role=\"button\" tabindex=\"0\">\n\t\t\t\t\t\t<svg aria-hidden=\"true\" class=\"e-font-icon-svg e-eicon-chevron-left\" viewbox=\"0 0 1000 1000\" xmlns=\"http:\/\/www.w3.org\/2000\/svg\"><path d=\"M646 125C629 125 613 133 604 142L308 442C296 454 292 471 292 487 292 504 296 521 308 533L604 854C617 867 629 875 646 875 663 875 679 871 692 858 704 846 713 829 713 812 713 796 708 779 692 767L438 487 692 225C700 217 708 204 708 187 708 171 704 154 692 142 675 129 663 125 646 125Z\"><\/path><\/svg>\t\t\t\t\t<\/div>\n\t\t\t\t\t<div class=\"elementor-swiper-button elementor-swiper-button-next\" role=\"button\" tabindex=\"0\">\n\t\t\t\t\t\t<svg aria-hidden=\"true\" class=\"e-font-icon-svg e-eicon-chevron-right\" viewbox=\"0 0 1000 1000\" xmlns=\"http:\/\/www.w3.org\/2000\/svg\"><path d=\"M696 533C708 521 713 504 713 487 713 471 708 454 696 446L400 146C388 133 375 125 354 125 338 125 325 129 313 142 300 154 292 171 292 187 292 204 296 221 308 233L563 492 304 771C292 783 288 800 288 817 288 833 296 850 308 863 321 871 338 875 354 875 371 875 388 867 400 854L696 533Z\"><\/path><\/svg>\t\t\t\t\t<\/div>\n\t\t\t\t\n\t\t\t\t\t\t\t\t\t<div class=\"swiper-pagination\"><\/div>\n\t\t\t\t\t\t\t\t\t<\/div>\n\t\t\t\t\t\t<\/div>\n\t\t\t\t\t<\/div>\n\t\t<\/div>\n\t\t\t\t<div class=\"elementor-column elementor-col-33 elementor-top-column elementor-element elementor-element-6193aea\" data-id=\"6193aea\" data-element_type=\"column\" data-e-type=\"column\">\n\t\t\t<div class=\"elementor-widget-wrap elementor-element-populated\">\n\t\t\t\t\t\t<div class=\"elementor-element elementor-element-89ad733 elementor-widget elementor-widget-price-list\" data-id=\"89ad733\" data-element_type=\"widget\" data-e-type=\"widget\" data-widget_type=\"price-list.default\">\n\t\t\t\t\t\n\t\t<ul class=\"elementor-price-list\">\n\n\t\t\t\t\t\t\t\t\t<li><a class=\"elementor-price-list-item\" href=\"#\">\t\t\t\t\n\t\t\t\t<div class=\"elementor-price-list-text\">\n\t\t\t\t\t\t\t\t\t<div class=\"elementor-price-list-header\">\n\t\t\t\t\t\t\t\t\t\t\t<span class=\"elementor-price-list-title\">\n\t\t\t\t\t\t\tDifficult\u00e9\t\t\t\t\t\t<\/span>\n\t\t\t\t\t\t\t\t\t\t\t\t\t\t\t\t\t\t<span class=\"elementor-price-list-separator\"><\/span>\n\t\t\t\t\t\t\t\t\t\t\t\t\t\t\t\t\t\t\t<span class=\"elementor-price-list-price\">Moyennement difficile<\/span>\n\t\t\t\t\t\t\t\t\t\t<\/div>\n\t\t\t\t\t\t\t\t\t\t\t\t<\/div>\n\t\t\t\t<\/a><\/li>\t\t\t\t\t\t\t\t\t\t\t\t<li><a class=\"elementor-price-list-item\" href=\"#\">\t\t\t\t\n\t\t\t\t<div class=\"elementor-price-list-text\">\n\t\t\t\t\t\t\t\t\t<div class=\"elementor-price-list-header\">\n\t\t\t\t\t\t\t\t\t\t\t<span class=\"elementor-price-list-title\">\n\t\t\t\t\t\t\tParcours\t\t\t\t\t\t<\/span>\n\t\t\t\t\t\t\t\t\t\t\t\t\t\t\t\t\t\t<span class=\"elementor-price-list-separator\"><\/span>\n\t\t\t\t\t\t\t\t\t\t\t\t\t\t\t\t\t\t\t<span class=\"elementor-price-list-price\">16 km<\/span>\n\t\t\t\t\t\t\t\t\t\t<\/div>\n\t\t\t\t\t\t\t\t\t\t\t\t<\/div>\n\t\t\t\t<\/a><\/li>\t\t\t\t\t\t\t\t\t\t\t\t<li><a class=\"elementor-price-list-item\" href=\"#\">\t\t\t\t\n\t\t\t\t<div class=\"elementor-price-list-text\">\n\t\t\t\t\t\t\t\t\t<div class=\"elementor-price-list-header\">\n\t\t\t\t\t\t\t\t\t\t\t<span class=\"elementor-price-list-title\">\n\t\t\t\t\t\t\tDur\u00e9e\t\t\t\t\t\t<\/span>\n\t\t\t\t\t\t\t\t\t\t\t\t\t\t\t\t\t\t<span class=\"elementor-price-list-separator\"><\/span>\n\t\t\t\t\t\t\t\t\t\t\t\t\t\t\t\t\t\t\t<span class=\"elementor-price-list-price\">6:00 h<\/span>\n\t\t\t\t\t\t\t\t\t\t<\/div>\n\t\t\t\t\t\t\t\t\t\t\t\t<\/div>\n\t\t\t\t<\/a><\/li>\t\t\t\t\t\t\t\t\t\t\t\t<li><a class=\"elementor-price-list-item\" href=\"#\">\t\t\t\t\n\t\t\t\t<div class=\"elementor-price-list-text\">\n\t\t\t\t\t\t\t\t\t<div class=\"elementor-price-list-header\">\n\t\t\t\t\t\t\t\t\t\t\t<span class=\"elementor-price-list-title\">\n\t\t\t\t\t\t\tMont\u00e9e\t\t\t\t\t\t<\/span>\n\t\t\t\t\t\t\t\t\t\t\t\t\t\t\t\t\t\t<span class=\"elementor-price-list-separator\"><\/span>\n\t\t\t\t\t\t\t\t\t\t\t\t\t\t\t\t\t\t\t<span class=\"elementor-price-list-price\">1100 m<\/span>\n\t\t\t\t\t\t\t\t\t\t<\/div>\n\t\t\t\t\t\t\t\t\t\t\t\t<\/div>\n\t\t\t\t<\/a><\/li>\t\t\t\t\t\t\t\t\t\t\t\t<li><a class=\"elementor-price-list-item\" href=\"#\">\t\t\t\t\n\t\t\t\t<div class=\"elementor-price-list-text\">\n\t\t\t\t\t\t\t\t\t<div class=\"elementor-price-list-header\">\n\t\t\t\t\t\t\t\t\t\t\t<span class=\"elementor-price-list-title\">\n\t\t\t\t\t\t\tDescente\t\t\t\t\t\t<\/span>\n\t\t\t\t\t\t\t\t\t\t\t\t\t\t\t\t\t\t<span class=\"elementor-price-list-separator\"><\/span>\n\t\t\t\t\t\t\t\t\t\t\t\t\t\t\t\t\t\t\t<span class=\"elementor-price-list-price\">450 m<\/span>\n\t\t\t\t\t\t\t\t\t\t<\/div>\n\t\t\t\t\t\t\t\t\t\t\t\t<\/div>\n\t\t\t\t<\/a><\/li>\t\t\t\t\t\t\t\t\t\t\t\t<li><a class=\"elementor-price-list-item\" href=\"#\">\t\t\t\t\n\t\t\t\t<div class=\"elementor-price-list-text\">\n\t\t\t\t\t\t\t\t\t<div class=\"elementor-price-list-header\">\n\t\t\t\t\t\t\t\t\t\t\t<span class=\"elementor-price-list-title\">\n\t\t\t\t\t\t\tPoint le plus haut\t\t\t\t\t\t<\/span>\n\t\t\t\t\t\t\t\t\t\t\t\t\t\t\t\t\t\t<span class=\"elementor-price-list-separator\"><\/span>\n\t\t\t\t\t\t\t\t\t\t\t\t\t\t\t\t\t\t\t<span class=\"elementor-price-list-price\">1807 hm<\/span>\n\t\t\t\t\t\t\t\t\t\t<\/div>\n\t\t\t\t\t\t\t\t\t\t\t\t<\/div>\n\t\t\t\t<\/a><\/li>\t\t\t\t\t\t\t\t\t\t\t\t<li><a class=\"elementor-price-list-item\" href=\"#\">\t\t\t\t\n\t\t\t\t<div class=\"elementor-price-list-text\">\n\t\t\t\t\t\t\t\t\t<div class=\"elementor-price-list-header\">\n\t\t\t\t\t\t\t\t\t\t\t<span class=\"elementor-price-list-title\">\n\t\t\t\t\t\t\tPoint le plus bas\t\t\t\t\t\t<\/span>\n\t\t\t\t\t\t\t\t\t\t\t\t\t\t\t\t\t\t<span class=\"elementor-price-list-separator\"><\/span>\n\t\t\t\t\t\t\t\t\t\t\t\t\t\t\t\t\t\t\t<span class=\"elementor-price-list-price\">744 hm<\/span>\n\t\t\t\t\t\t\t\t\t\t<\/div>\n\t\t\t\t\t\t\t\t\t\t\t\t<\/div>\n\t\t\t\t<\/a><\/li>\t\t\t\t\t\t\t\t\t\t\t\t<li><a class=\"elementor-price-list-item\" href=\"#\">\t\t\t\t\n\t\t\t\t<div class=\"elementor-price-list-text\">\n\t\t\t\t\t\t\t\t\t<div class=\"elementor-price-list-header\">\n\t\t\t\t\t\t\t\t\t\t\t<span class=\"elementor-price-list-title\">\n\t\t\t\t\t\t\tMarques\t\t\t\t\t\t<\/span>\n\t\t\t\t\t\t\t\t\t\t\t\t\t\t\t\t\t\t<span class=\"elementor-price-list-separator\"><\/span>\n\t\t\t\t\t\t\t\t\t\t\t\t\t\t\t\t\t\t\t<span class=\"elementor-price-list-price\">blanc\/rouge\/blanc<\/span>\n\t\t\t\t\t\t\t\t\t\t<\/div>\n\t\t\t\t\t\t\t\t\t\t\t\t<\/div>\n\t\t\t\t<\/a><\/li>\t\t\t\t\t\n\t\t<\/ul>\n\n\t\t\t\t\t\t<\/div>\n\t\t\t\t\t<\/div>\n\t\t<\/div>\n\t\t\t\t\t<\/div>\n\t\t<\/section>\n\t\t\t\t<section class=\"elementor-section elementor-top-section elementor-element elementor-element-6fb9f9f elementor-section-boxed elementor-section-height-default elementor-section-height-default\" data-id=\"6fb9f9f\" data-element_type=\"section\" data-e-type=\"section\">\n\t\t\t\t\t\t<div class=\"elementor-container elementor-column-gap-default\">\n\t\t\t\t\t<div class=\"elementor-column elementor-col-100 elementor-top-column elementor-element elementor-element-63f6261\" data-id=\"63f6261\" data-element_type=\"column\" data-e-type=\"column\">\n\t\t\t<div class=\"elementor-widget-wrap elementor-element-populated\">\n\t\t\t\t\t\t<section class=\"elementor-section elementor-inner-section elementor-element elementor-element-243b3a5 elementor-section-boxed elementor-section-height-default elementor-section-height-default\" data-id=\"243b3a5\" data-element_type=\"section\" data-e-type=\"section\">\n\t\t\t\t\t\t<div class=\"elementor-container elementor-column-gap-default\">\n\t\t\t\t\t<div class=\"elementor-column elementor-col-100 elementor-inner-column elementor-element elementor-element-72983c6\" data-id=\"72983c6\" data-element_type=\"column\" data-e-type=\"column\">\n\t\t\t<div class=\"elementor-widget-wrap elementor-element-populated\">\n\t\t\t\t\t\t<div class=\"elementor-element elementor-element-e369576 elementor-widget elementor-widget-heading\" data-id=\"e369576\" data-element_type=\"widget\" data-e-type=\"widget\" data-widget_type=\"heading.default\">\n\t\t\t\t\t<h2 class=\"elementor-heading-title elementor-size-default\">Tron\u00e7on 3 : Randonn\u00e9e de \u00c7erem \u00e0 Dob\u00ebrdol - carte &amp; profil d'altitude<\/h2>\t\t\t\t<\/div>\n\t\t\t\t<div class=\"elementor-element elementor-element-c19ed9c elementor-widget elementor-widget-image\" data-id=\"c19ed9c\" data-element_type=\"widget\" data-e-type=\"widget\" data-widget_type=\"image.default\">\n\t\t\t\t\t\t\t\t\t\t\t\t\t\t\t<img fetchpriority=\"high\" decoding=\"async\" width=\"1080\" height=\"585\" src=\"https:\/\/peaksofthebalkans.be\/wp-content\/uploads\/2026\/03\/Cerem-Doberdol-Hoehenprofil-Chart.png\" class=\"attachment-full size-full wp-image-15686\" alt=\"Peaks of the Balkans Cerem - Doberdol, profil d&#039;altitude\" srcset=\"https:\/\/peaksofthebalkans.be\/wp-content\/uploads\/2026\/03\/Cerem-Doberdol-Hoehenprofil-Chart.png 1080w, https:\/\/peaksofthebalkans.be\/wp-content\/uploads\/2026\/03\/Cerem-Doberdol-Hoehenprofil-Chart-300x163.png 300w, https:\/\/peaksofthebalkans.be\/wp-content\/uploads\/2026\/03\/Cerem-Doberdol-Hoehenprofil-Chart-1024x555.png 1024w, https:\/\/peaksofthebalkans.be\/wp-content\/uploads\/2026\/03\/Cerem-Doberdol-Hoehenprofil-Chart-768x416.png 768w, https:\/\/peaksofthebalkans.be\/wp-content\/uploads\/2026\/03\/Cerem-Doberdol-Hoehenprofil-Chart-18x10.png 18w\" sizes=\"(max-width: 1080px) 100vw, 1080px\" \/>\t\t\t\t\t\t\t\t\t\t\t\t\t\t\t<\/div>\n\t\t\t\t<div class=\"elementor-element elementor-element-9e6eb9e elementor-align-center elementor-widget elementor-widget-button\" data-id=\"9e6eb9e\" data-element_type=\"widget\" data-e-type=\"widget\" data-widget_type=\"button.default\">\n\t\t\t\t\t\t\t\t\t\t<a class=\"elementor-button elementor-button-link elementor-size-sm elementor-animation-float\" href=\"https:\/\/www.abenteueralbanien.de\/peaks-of-the-balkans-5-10-days\/\" target=\"_blank\" rel=\"noopener\">\n\t\t\t\t\t\t<span class=\"elementor-button-content-wrapper\">\n\t\t\t\t\t\t\t\t\t<span class=\"elementor-button-text\">R\u00e9servation du Peaks of the Balkans Trail<\/span>\n\t\t\t\t\t<\/span>\n\t\t\t\t\t<\/a>\n\t\t\t\t\t\t\t\t<\/div>\n\t\t\t\t<div class=\"elementor-element elementor-element-c876559 elementor-widget elementor-widget-text-editor\" data-id=\"c876559\" data-element_type=\"widget\" data-e-type=\"widget\" data-widget_type=\"text-editor.default\">\n\t\t\t\t\t\t\t\t\t<h3>Peaks of the Balkans - Randonn\u00e9e \u00c7erem - Dob\u00ebrdol<\/h3><p>Cette journ\u00e9e de randonn\u00e9e de la 3e \u00e9tape nous m\u00e8ne de \u00c7erem \u00e0 Dob\u00ebrdol, un village de bergers isol\u00e9, accessible uniquement par des sentiers muletiers et habit\u00e9 par des bergers uniquement en \u00e9t\u00e9. De \u00c7erem, le sentier monte jusqu'\u00e0 la fronti\u00e8re mont\u00e9n\u00e9grine, passe devant un autre village de bergers d'\u00e9t\u00e9, Balqin, et continue \u00e0 travers la vall\u00e9e de Gashi (r\u00e9serve naturelle). Les principales attractions de Dob\u00ebrdol sont les lacs glaciaires et le plateau de Dob\u00ebrdol-Sulbic\u00ebs.\u00a0<\/p><p>Ce tron\u00e7on peut aussi parfaitement \u00eatre divis\u00e9 en deux randonn\u00e9es d'une journ\u00e9e si tu souhaites passer une nuit dans le pittoresque village de bergers de Balqin (WP 8b), situ\u00e9 presque au milieu du chemin. La premi\u00e8re journ\u00e9e de randonn\u00e9e est alors longue de 9,1 kilom\u00e8tres et la deuxi\u00e8me de 6,5 kilom\u00e8tres. Tu peux soit y camper, soit demander un abri aux bergers. Le long du chemin, il y a une s\u00e9rie de sources et de ruisseaux, avec de l'eau de qualit\u00e9 potable.<\/p><p><img decoding=\"async\" class=\"alignnone size-full wp-image-15910\" src=\"https:\/\/peaksofthebalkans.at\/wp-content\/uploads\/2026\/03\/Wanderung-Cerem-Doberdol-14.jpg\" alt=\"Peaks of the Balkans Cerem vers Doberdol\" width=\"1200\" height=\"900\" srcset=\"https:\/\/peaksofthebalkans.at\/wp-content\/uploads\/2026\/03\/Wanderung-Cerem-Doberdol-14.jpg 1200w, https:\/\/peaksofthebalkans.at\/wp-content\/uploads\/2026\/03\/Wanderung-Cerem-Doberdol-14-300x225.jpg 300w, https:\/\/peaksofthebalkans.at\/wp-content\/uploads\/2026\/03\/Wanderung-Cerem-Doberdol-14-1024x768.jpg 1024w, https:\/\/peaksofthebalkans.at\/wp-content\/uploads\/2026\/03\/Wanderung-Cerem-Doberdol-14-768x576.jpg 768w, https:\/\/peaksofthebalkans.at\/wp-content\/uploads\/2026\/03\/Wanderung-Cerem-Doberdol-14-16x12.jpg 16w\" sizes=\"(max-width: 1200px) 100vw, 1200px\" \/><\/p><p>La randonn\u00e9e de \u00c7erem \u00e0 Dob\u00ebrdol commence au centre de \u00c7erem (WP 7a) et se dirige vers le nord-est sur une route de terre le long du ruisseau Markafsha. Au WP 1b, nous traversons le ruisseau et suivons le sentier muletier qui s'enfonce dans la for\u00eat et monte en zigzag.<\/p><p>Ensuite, le sentier quitte la for\u00eat au WP 2b et se dirige vers le nord-est \u00e0 travers une belle prairie avec des vues \u00e9poustouflantes sur \u00c7erem qui se trouve derri\u00e8re nous. Le sentier est facilement reconnaissable \u00e0 un l\u00e9ger creux lorsque l'herbe est longue, et il est tr\u00e8s facile \u00e0 suivre car la prairie est bord\u00e9e par la for\u00eat.<\/p><p>La mont\u00e9e devient maintenant plus douce, car nous suivons la route en terre \u00e0 travers la for\u00eat sur environ 2,5 kilom\u00e8tres. Au croisement (WP 4b), notre itin\u00e9raire tourne \u00e0 gauche et nous quittons la route en terre \u00e0 la pyramide frontali\u00e8re (WP 5b).<\/p><p>Depuis la pyramide frontali\u00e8re, notre chemin continue sur environ 2,5 kilom\u00e8tres en territoire mont\u00e9n\u00e9grin, le long d'un sentier muletier facilement reconnaissable, en pente douce, en direction du nord-est \u00e0 travers la for\u00eat.<\/p><p>Par beau temps, nous voyons notre destination d'\u00e9tape de loin ; mais il nous reste encore trois \u00e0 quatre heures pour y arriver. \u00c0 la fin, nous devons encore monter l\u00e9g\u00e8rement, mais nous sommes r\u00e9compens\u00e9s par une ambiance rustique et une v\u00e9ritable hospitalit\u00e9.<\/p><p>Au WP 6b, nous atteignons une belle prairie et pouvons voir sur la gauche un petit b\u00e2timent <a href=\"https:\/\/peaksofthebalkans.at\/fr\/border-permits\/\">Police des fronti\u00e8res<\/a> servait de point d'arpentage. Au carrefour, nous tournons \u00e0 droite alors que notre chemin entre dans la for\u00eat. Nous restons \u00e0 droite \u00e0 la bifurcation du WP 7b et rejoignons un chemin de terre apr\u00e8s une centaine de m\u00e8tres.<\/p><p>Quelques m\u00e8tres plus loin, sur notre droite, se trouve une autre pyramide frontali\u00e8re. Nous traversons la route de terre et suivons le sentier muletier en direction du nord-est, qui nous m\u00e8ne \u00e0 travers la for\u00eat jusqu'\u00e0 Balqin (WP 8b), un beau village de bergers qui n'est \u00e9galement utilis\u00e9 que pendant la p\u00e9riode estivale. Balqin invite \u00e0 se reposer et \u00e0 en apprendre plus sur la culture locale.<\/p><p>Le chemin vers Dob\u00ebrdol se dirige ensuite vers le nord-est avec une l\u00e9g\u00e8re mont\u00e9e \u00e0 travers la for\u00eat. Au croisement (WP 9b), tu peux tourner soit \u00e0 droite, soit \u00e0 gauche. Les deux chemins sont balis\u00e9s et te conduisent finalement sur le m\u00eame sentier. Nous recommandons de tourner \u00e0 gauche, car ce chemin est plus court. De l\u00e0, nous descendons l\u00e9g\u00e8rement, puis nous traversons un ruisseau (WP 10b) et suivons le chemin vers l'est le long du ruisseau. Apr\u00e8s environ 800 m\u00e8tres, nous atteignons une source d'eau (WP 11b). Quelques m\u00e8tres plus loin sur la droite, on aper\u00e7oit les ruines de la police des fronti\u00e8res.<\/p><p><img decoding=\"async\" class=\"alignnone size-full wp-image-15911\" src=\"https:\/\/peaksofthebalkans.at\/wp-content\/uploads\/2026\/03\/Police.jpg\" alt=\"Border Police Peaks des Balkans\" width=\"720\" height=\"526\" srcset=\"https:\/\/peaksofthebalkans.at\/wp-content\/uploads\/2026\/03\/Police.jpg 720w, https:\/\/peaksofthebalkans.at\/wp-content\/uploads\/2026\/03\/Police-300x219.jpg 300w, https:\/\/peaksofthebalkans.at\/wp-content\/uploads\/2026\/03\/Police-16x12.jpg 16w\" sizes=\"(max-width: 720px) 100vw, 720px\" \/><\/p><p>De l\u00e0, un sentier descend vers la vall\u00e9e de Gashi, tandis qu'un autre monte vers la fronti\u00e8re. Nous suivons le sentier descendant vers le nord jusqu'\u00e0 la vall\u00e9e et quelques m\u00e8tres plus loin, nous tournons \u00e0 gauche \u00e0 un croisement. Au WP 12b, le sentier commence \u00e0 monter (de 1660 \u00e0 1760), puis la randonn\u00e9e se poursuit \u00e0 plat le long de la rivi\u00e8re \u00e0 travers les belles prairies de Dob\u00ebrdol.<\/p><p><img loading=\"lazy\" decoding=\"async\" class=\"alignnone size-full wp-image-15909\" src=\"https:\/\/peaksofthebalkans.at\/wp-content\/uploads\/2026\/03\/Wanderung-Cerem-Doberdol-13.jpg\" alt=\"Village de bergers Doberdol\" width=\"1200\" height=\"900\" srcset=\"https:\/\/peaksofthebalkans.at\/wp-content\/uploads\/2026\/03\/Wanderung-Cerem-Doberdol-13.jpg 1200w, https:\/\/peaksofthebalkans.at\/wp-content\/uploads\/2026\/03\/Wanderung-Cerem-Doberdol-13-300x225.jpg 300w, https:\/\/peaksofthebalkans.at\/wp-content\/uploads\/2026\/03\/Wanderung-Cerem-Doberdol-13-1024x768.jpg 1024w, https:\/\/peaksofthebalkans.at\/wp-content\/uploads\/2026\/03\/Wanderung-Cerem-Doberdol-13-768x576.jpg 768w, https:\/\/peaksofthebalkans.at\/wp-content\/uploads\/2026\/03\/Wanderung-Cerem-Doberdol-13-16x12.jpg 16w\" sizes=\"(max-width: 1200px) 100vw, 1200px\" \/><\/p><p>Dob\u00ebrdol est une bonne option pour y passer une journ\u00e9e et faire une randonn\u00e9e relaxante vers les lacs glaciaires qui se trouvent \u00e0 quelques kilom\u00e8tres au sud-est. Tu peux y passer la nuit dans des cabanes de bergers (WP 13b), qui sont g\u00e9r\u00e9es par deux familles locales.<\/p>\t\t\t\t\t\t\t\t<\/div>\n\t\t\t\t\t<\/div>\n\t\t<\/div>\n\t\t\t\t\t<\/div>\n\t\t<\/section>\n\t\t\t\t\t<\/div>\n\t\t<\/div>\n\t\t\t\t\t<\/div>\n\t\t<\/section>\n\t\t\t\t<section class=\"elementor-section elementor-top-section elementor-element elementor-element-1b38000 elementor-section-boxed elementor-section-height-default elementor-section-height-default\" data-id=\"1b38000\" data-element_type=\"section\" data-e-type=\"section\">\n\t\t\t\t\t\t<div class=\"elementor-container elementor-column-gap-default\">\n\t\t\t\t\t<div class=\"elementor-column elementor-col-100 elementor-top-column elementor-element elementor-element-989c3aa\" data-id=\"989c3aa\" data-element_type=\"column\" data-e-type=\"column\">\n\t\t\t<div class=\"elementor-widget-wrap elementor-element-populated\">\n\t\t\t\t\t\t<div class=\"elementor-element elementor-element-6fa9afd elementor-align-center elementor-widget elementor-widget-button\" data-id=\"6fa9afd\" data-element_type=\"widget\" data-e-type=\"widget\" data-widget_type=\"button.default\">\n\t\t\t\t\t\t\t\t\t\t<a class=\"elementor-button elementor-button-link elementor-size-sm elementor-animation-float\" href=\"https:\/\/www.abenteueralbanien.de\/peaks-of-the-balkans-5-10-days\/\" target=\"_blank\" rel=\"noopener\">\n\t\t\t\t\t\t<span class=\"elementor-button-content-wrapper\">\n\t\t\t\t\t\t\t\t\t<span class=\"elementor-button-text\">R\u00e9servation du Peaks of the Balkans Trail<\/span>\n\t\t\t\t\t<\/span>\n\t\t\t\t\t<\/a>\n\t\t\t\t\t\t\t\t<\/div>\n\t\t\t\t\t<\/div>\n\t\t<\/div>\n\t\t\t\t\t<\/div>\n\t\t<\/section>\n\t\t\t\t<section class=\"elementor-section elementor-top-section elementor-element elementor-element-f2cdec7 elementor-section-boxed elementor-section-height-default elementor-section-height-default\" data-id=\"f2cdec7\" data-element_type=\"section\" data-e-type=\"section\">\n\t\t\t\t\t\t<div class=\"elementor-container elementor-column-gap-default\">\n\t\t\t\t\t<div class=\"elementor-column elementor-col-100 elementor-top-column elementor-element elementor-element-f1215c4\" data-id=\"f1215c4\" data-element_type=\"column\" data-e-type=\"column\">\n\t\t\t<div class=\"elementor-widget-wrap\">\n\t\t\t\t\t\t\t<\/div>\n\t\t<\/div>\n\t\t\t\t\t<\/div>\n\t\t<\/section>\n\t\t\t\t<section class=\"elementor-section elementor-top-section elementor-element elementor-element-8331061 elementor-section-boxed elementor-section-height-default elementor-section-height-default\" data-id=\"8331061\" data-element_type=\"section\" data-e-type=\"section\">\n\t\t\t\t\t\t<div class=\"elementor-container elementor-column-gap-default\">\n\t\t\t\t\t<div class=\"elementor-column elementor-col-100 elementor-top-column elementor-element elementor-element-93a6c21\" data-id=\"93a6c21\" data-element_type=\"column\" data-e-type=\"column\">\n\t\t\t<div class=\"elementor-widget-wrap elementor-element-populated\">\n\t\t\t\t\t\t<div class=\"elementor-element elementor-element-6e9a185 elementor-widget elementor-widget-text-editor\" data-id=\"6e9a185\" data-element_type=\"widget\" data-e-type=\"widget\" data-widget_type=\"text-editor.default\">\n\t\t\t\t\t\t\t\t\t<div class=\"text--medium border-bottom space--trail\"><p>Le Peaks of the Balkans Trail offre\u00a0<strong>plusieurs possibilit\u00e9s d'entr\u00e9e<\/strong>, Les prix varient en fonction de l'itin\u00e9raire et du mode de transport choisis.<\/p><\/div><div class=\"border-bottom\"><div class=\"trail--column-two-goldenratio\"><h3 class=\"text--medium bold left--side-center\" title=\"Peaks of the Balkans Arriv\u00e9e\">Arriv\u00e9e<\/h3><div class=\"toggle\" data-asi-toggle=\"{&quot;target&quot;:&quot;bc53b6a0-6ccf-4228-a550-656a2425b2c0&quot;}\"><div class=\"text--regular\"><p>Les points de d\u00e9part les plus populaires\u00a0<strong>en Albanie\u00a0<\/strong>sont\u00a0<strong>Theth\u00a0<\/strong>et\u00a0<strong>Valbona.<\/strong>\u00a0Le plus proche\u00a0<strong>a\u00e9roport international\u00a0<\/strong>se trouve dans\u00a0<strong>Tirana<\/strong>, d'o\u00f9 tu peux te connecter \u00e0\u00a0<strong>les transports publics<\/strong>\u00a0tu arriveras aux points de d\u00e9part. \u00c0 Theth, la randonn\u00e9e commence directement dans le parc national, tout comme \u00e0 Valbona, o\u00f9 tu entres dans le parc national de la vall\u00e9e de Valbona.<\/p><\/div><\/div><\/div><\/div><div class=\"trail--column-two-goldenratio\"><h3 class=\"text--medium bold left--side-center\" title=\"Peaks of the Balkans D\u00e9part\">D\u00e9part<\/h3><div class=\"text--regular\"><p>Selon l'endroit o\u00f9 tu termines ta randonn\u00e9e, le d\u00e9part se fait en taxi ou en transports en commun vers l'a\u00e9roport le plus proche.<\/p><h3 class=\"text--xlarge space--down-xl\" title=\"Peaks of the Balkans Informations importantes\">Important - Autorisations<\/h3><div class=\"text--medium space--down-xl\"><p>Tu te rends sur l'un des<strong>\u00a0les plus impressionnants sentiers de grande randonn\u00e9e des Balkans<\/strong>. Le Peaks of the Balkans Trail te fait traverser les montagnes sauvages et authentiques d'Albanie, du Kosovo et du Mont\u00e9n\u00e9gro.<\/p><p>Pour les <strong>Franchir les fronti\u00e8res\u00a0<\/strong>sont ici <strong>Permis (Border Permits) <\/strong>n\u00e9cessaire que tu\u00a0<strong>au moins deux semaines\u00a0<\/strong>avant de partir en randonn\u00e9e. Au total, tu as besoin de trois autorisations, et au Mont\u00e9n\u00e9gro, en plus de l'autorisation \u00e9lectronique, tu dois t'enregistrer aupr\u00e8s de la police sur place.<\/p><p><strong>Conseils &amp; infos sur la randonn\u00e9e<\/strong><\/p><ul class=\"list\"><li>Le paiement en euros ne pose aucun probl\u00e8me. Il est conseill\u00e9 d'avoir toujours de l'argent liquide sur soi.<\/li><li>N'oublie pas d'emporter ton passeport en cours de validit\u00e9.<\/li><li>En montagne, les changements de temps ne sont pas rares, tu dois donc t'\u00e9quiper contre le soleil, mais aussi contre le froid, la pluie et la neige. Le principe de l'oignon s'applique aux v\u00eatements.<\/li><\/ul><\/div><\/div><\/div>\t\t\t\t\t\t\t\t<\/div>\n\t\t\t\t\t<\/div>\n\t\t<\/div>\n\t\t\t\t\t<\/div>\n\t\t<\/section>\n\t\t\t\t<\/div>","protected":false},"excerpt":{"rendered":"<p>Peaks of the Balkans Etappe 3: Von \u00c7erem nach Dob\u00ebrdol Die dritte Etappe des Peaks of the Balkans Trail f\u00fchrt Wanderer von \u00c7erem (Albanien) zum abgelegenen Hirtendorf Dob\u00ebrdol und ist ungef\u00e4hr 16 km lang. Diese mittelschwere bis schwierige, 6-st\u00fcndige Wanderung beinhaltet einen steilen Aufstieg von etwa 1000 m durch das Gashi-Tal, vorbei an der montenegrinische [&hellip;]<\/p>\n","protected":false},"author":6,"featured_media":961,"parent":0,"menu_order":0,"comment_status":"closed","ping_status":"closed","template":"elementor_header_footer","meta":{"footnotes":""},"class_list":["post-11812","page","type-page","status-publish","has-post-thumbnail","hentry"],"_links":{"self":[{"href":"https:\/\/peaksofthebalkans.at\/fr\/wp-json\/wp\/v2\/pages\/11812","targetHints":{"allow":["GET"]}}],"collection":[{"href":"https:\/\/peaksofthebalkans.at\/fr\/wp-json\/wp\/v2\/pages"}],"about":[{"href":"https:\/\/peaksofthebalkans.at\/fr\/wp-json\/wp\/v2\/types\/page"}],"author":[{"embeddable":true,"href":"https:\/\/peaksofthebalkans.at\/fr\/wp-json\/wp\/v2\/users\/6"}],"replies":[{"embeddable":true,"href":"https:\/\/peaksofthebalkans.at\/fr\/wp-json\/wp\/v2\/comments?post=11812"}],"version-history":[{"count":104,"href":"https:\/\/peaksofthebalkans.at\/fr\/wp-json\/wp\/v2\/pages\/11812\/revisions"}],"predecessor-version":[{"id":15930,"href":"https:\/\/peaksofthebalkans.at\/fr\/wp-json\/wp\/v2\/pages\/11812\/revisions\/15930"}],"wp:featuredmedia":[{"embeddable":true,"href":"https:\/\/peaksofthebalkans.at\/fr\/wp-json\/wp\/v2\/media\/961"}],"wp:attachment":[{"href":"https:\/\/peaksofthebalkans.at\/fr\/wp-json\/wp\/v2\/media?parent=11812"}],"curies":[{"name":"wp","href":"https:\/\/api.w.org\/{rel}","templated":true}]}}