{"id":11565,"date":"2024-01-30T12:35:35","date_gmt":"2024-01-30T11:35:35","guid":{"rendered":"https:\/\/project.howdymeta.com\/?page_id=11565"},"modified":"2026-04-11T08:25:06","modified_gmt":"2026-04-11T06:25:06","slug":"carte","status":"publish","type":"page","link":"https:\/\/peaksofthebalkans.at\/fr\/karte\/","title":{"rendered":"Carte"},"content":{"rendered":"<div data-elementor-type=\"wp-page\" data-elementor-id=\"11565\" class=\"elementor elementor-11565\" data-elementor-post-type=\"page\">\n\t\t\t\t\t\t<section class=\"elementor-section elementor-top-section elementor-element elementor-element-4f64976 elementor-section-height-min-height elementor-hidden-mobile elementor-section-boxed elementor-section-height-default elementor-section-items-middle\" data-id=\"4f64976\" data-element_type=\"section\" data-e-type=\"section\" data-settings=\"{&quot;background_background&quot;:&quot;classic&quot;}\">\n\t\t\t\t\t\t<div class=\"elementor-container elementor-column-gap-no\">\n\t\t\t\t\t<div class=\"elementor-column elementor-col-100 elementor-top-column elementor-element elementor-element-35da802\" data-id=\"35da802\" data-element_type=\"column\" data-e-type=\"column\">\n\t\t\t<div class=\"elementor-widget-wrap elementor-element-populated\">\n\t\t\t\t\t\t<div class=\"elementor-element elementor-element-708eea1 elementor-widget elementor-widget-heading\" data-id=\"708eea1\" data-element_type=\"widget\" data-e-type=\"widget\" data-widget_type=\"heading.default\">\n\t\t\t\t\t<h1 class=\"elementor-heading-title elementor-size-default\">Carte Peaks of the Balkans<\/h1>\t\t\t\t<\/div>\n\t\t\t\t\t<\/div>\n\t\t<\/div>\n\t\t\t\t\t<\/div>\n\t\t<\/section>\n\t\t\t\t<section class=\"elementor-section elementor-top-section elementor-element elementor-element-2acf1e6 elementor-section-height-min-height elementor-hidden-desktop elementor-hidden-laptop elementor-hidden-tablet elementor-section-boxed elementor-section-height-default elementor-section-items-middle\" data-id=\"2acf1e6\" data-element_type=\"section\" data-e-type=\"section\" data-settings=\"{&quot;background_background&quot;:&quot;classic&quot;}\">\n\t\t\t\t\t\t<div class=\"elementor-container elementor-column-gap-default\">\n\t\t\t\t\t<div class=\"elementor-column elementor-col-100 elementor-top-column elementor-element elementor-element-e827700\" data-id=\"e827700\" data-element_type=\"column\" data-e-type=\"column\">\n\t\t\t<div class=\"elementor-widget-wrap elementor-element-populated\">\n\t\t\t\t\t\t<div class=\"elementor-element elementor-element-3b8b13f elementor-widget elementor-widget-heading\" data-id=\"3b8b13f\" data-element_type=\"widget\" data-e-type=\"widget\" data-widget_type=\"heading.default\">\n\t\t\t\t\t<h1 class=\"elementor-heading-title elementor-size-default\">Carte Peaks of the Balkans<\/h1>\t\t\t\t<\/div>\n\t\t\t\t\t<\/div>\n\t\t<\/div>\n\t\t\t\t\t<\/div>\n\t\t<\/section>\n\t\t\t\t<section class=\"elementor-section elementor-top-section elementor-element elementor-element-0113925 elementor-section-boxed elementor-section-height-default elementor-section-height-default\" data-id=\"0113925\" data-element_type=\"section\" data-e-type=\"section\">\n\t\t\t\t\t\t<div class=\"elementor-container elementor-column-gap-default\">\n\t\t\t\t\t<div class=\"elementor-column elementor-col-100 elementor-top-column elementor-element elementor-element-c45cb6b\" data-id=\"c45cb6b\" data-element_type=\"column\" data-e-type=\"column\">\n\t\t\t<div class=\"elementor-widget-wrap elementor-element-populated\">\n\t\t\t\t\t\t<div class=\"elementor-element elementor-element-c139ab6 elementor-widget elementor-widget-heading\" data-id=\"c139ab6\" data-element_type=\"widget\" data-e-type=\"widget\" data-widget_type=\"heading.default\">\n\t\t\t\t\t<h2 class=\"elementor-heading-title elementor-size-default\">Carte de randonn\u00e9e pour s'orienter<\/h2>\t\t\t\t<\/div>\n\t\t\t\t\t<\/div>\n\t\t<\/div>\n\t\t\t\t\t<\/div>\n\t\t<\/section>\n\t\t\t\t<section class=\"elementor-section elementor-top-section elementor-element elementor-element-1fc2890 elementor-section-boxed elementor-section-height-default elementor-section-height-default\" data-id=\"1fc2890\" data-element_type=\"section\" data-e-type=\"section\">\n\t\t\t\t\t\t<div class=\"elementor-container elementor-column-gap-default\">\n\t\t\t\t\t<div class=\"elementor-column elementor-col-50 elementor-top-column elementor-element elementor-element-ccb0ea9\" data-id=\"ccb0ea9\" data-element_type=\"column\" data-e-type=\"column\">\n\t\t\t<div class=\"elementor-widget-wrap elementor-element-populated\">\n\t\t\t\t\t\t<div class=\"elementor-element elementor-element-bdc235c elementor-widget elementor-widget-heading\" data-id=\"bdc235c\" data-element_type=\"widget\" data-e-type=\"widget\" data-widget_type=\"heading.default\">\n\t\t\t\t\t<h2 class=\"elementor-heading-title elementor-size-default\">Faits sur le trail :<\/h2>\t\t\t\t<\/div>\n\t\t\t\t<div class=\"elementor-element elementor-element-0fe6938 elementor-widget elementor-widget-text-editor\" data-id=\"0fe6938\" data-element_type=\"widget\" data-e-type=\"widget\" data-widget_type=\"text-editor.default\">\n\t\t\t\t\t\t\t\t\t<ul><li>Longueur du trail : 192 kilom\u00e8tres (119,3 miles)<\/li><li>Altitude min. : 670 m\u00e8tres (2198 ft) | Altitude max. Altitude : 2.290 m\u00e8tres (7513.12 ft)<\/li><li>Mont\u00e9e totale : 9 800 m\u00e8tres (32152.23 ft) | Descente totale : 9 900 m\u00e8tres (32480.31 ft)<\/li><li>Temps de marche : 10-12 jours<\/li><\/ul><p>\u00a0<\/p><p>Pour que tu puisses partir chaque jour sans probl\u00e8me, m\u00eame si le chemin de randonn\u00e9e traverse des r\u00e9gions montagneuses inhabit\u00e9es, nous mettons \u00e0 ta disposition une carte topographique d\u00e9taill\u00e9e de Peaks of the Balkans et les traces GPS que tu peux utiliser via une application pour smartphone ou sur ton propre appareil GPS.<\/p><p>La carte ci-dessous montre les Peaks of the Balkans dans leur itin\u00e9raire classique, qui comprend 10 jours de randonn\u00e9e et des itin\u00e9raires vers les plus beaux villages et refuges des trois pays, ainsi que des passages de fronti\u00e8re en dehors des points de passage officiels.<\/p><p>En fonction de tes id\u00e9es et de tes projets, nous te ferons volontiers d'autres propositions. Si tu as besoin d'informations suppl\u00e9mentaires, n'h\u00e9site pas \u00e0 nous contacter et nous te fournirons des propositions d'itin\u00e9raires \u00e9labor\u00e9es en collaboration avec nos guides.<\/p>\t\t\t\t\t\t\t\t<\/div>\n\t\t\t\t\t<\/div>\n\t\t<\/div>\n\t\t\t\t<div class=\"elementor-column elementor-col-50 elementor-top-column elementor-element elementor-element-535b2fd\" data-id=\"535b2fd\" data-element_type=\"column\" data-e-type=\"column\">\n\t\t\t<div class=\"elementor-widget-wrap elementor-element-populated\">\n\t\t\t\t\t\t<div class=\"elementor-element elementor-element-a291515 elementor-widget elementor-widget-html\" data-id=\"a291515\" data-element_type=\"widget\" data-e-type=\"widget\" data-widget_type=\"html.default\">\n\t\t\t\t\t<iframe src=\"https:\/\/www.google.com\/maps\/d\/embed?mid=1IkCKt0Fy7BBRZnHHH38IicqA3yyKmsg&ehbc=2E312F\" width=\"640\" height=\"480\"><\/iframe>\t\t\t\t<\/div>\n\t\t\t\t\t<\/div>\n\t\t<\/div>\n\t\t\t\t\t<\/div>\n\t\t<\/section>\n\t\t\t\t<section class=\"elementor-section elementor-top-section elementor-element elementor-element-a78f8f8 elementor-section-boxed elementor-section-height-default elementor-section-height-default\" data-id=\"a78f8f8\" data-element_type=\"section\" data-e-type=\"section\" data-settings=\"{&quot;background_background&quot;:&quot;classic&quot;}\">\n\t\t\t\t\t\t<div class=\"elementor-container elementor-column-gap-default\">\n\t\t\t\t\t<div class=\"elementor-column elementor-col-100 elementor-top-column elementor-element elementor-element-6abaf27\" data-id=\"6abaf27\" data-element_type=\"column\" data-e-type=\"column\">\n\t\t\t<div class=\"elementor-widget-wrap elementor-element-populated\">\n\t\t\t\t\t\t<section class=\"elementor-section elementor-inner-section elementor-element elementor-element-163267b elementor-section-boxed elementor-section-height-default elementor-section-height-default\" data-id=\"163267b\" data-element_type=\"section\" data-e-type=\"section\">\n\t\t\t\t\t\t<div class=\"elementor-container elementor-column-gap-default\">\n\t\t\t\t\t<div class=\"elementor-column elementor-col-100 elementor-inner-column elementor-element elementor-element-90e7f5d\" data-id=\"90e7f5d\" data-element_type=\"column\" data-e-type=\"column\">\n\t\t\t<div class=\"elementor-widget-wrap elementor-element-populated\">\n\t\t\t\t\t\t<div class=\"elementor-element elementor-element-0527c50 elementor-align-center elementor-widget elementor-widget-button\" data-id=\"0527c50\" data-element_type=\"widget\" data-e-type=\"widget\" data-widget_type=\"button.default\">\n\t\t\t\t\t\t\t\t\t\t<a class=\"elementor-button elementor-button-link elementor-size-sm elementor-animation-float\" href=\"https:\/\/peaksofthebalkans.at\/fr\/auto-guide\/\">\n\t\t\t\t\t\t<span class=\"elementor-button-content-wrapper\">\n\t\t\t\t\t\t\t\t\t<span class=\"elementor-button-text\">R\u00e9servation du Peaks of the Balkans Trail<\/span>\n\t\t\t\t\t<\/span>\n\t\t\t\t\t<\/a>\n\t\t\t\t\t\t\t\t<\/div>\n\t\t\t\t\t<\/div>\n\t\t<\/div>\n\t\t\t\t\t<\/div>\n\t\t<\/section>\n\t\t\t\t\t<\/div>\n\t\t<\/div>\n\t\t\t\t\t<\/div>\n\t\t<\/section>\n\t\t\t\t<section class=\"elementor-section elementor-top-section elementor-element elementor-element-632162a elementor-section-boxed elementor-section-height-default elementor-section-height-default\" data-id=\"632162a\" data-element_type=\"section\" data-e-type=\"section\">\n\t\t\t\t\t\t<div class=\"elementor-container elementor-column-gap-default\">\n\t\t\t\t\t<div class=\"elementor-column elementor-col-100 elementor-top-column elementor-element elementor-element-fc31b11\" data-id=\"fc31b11\" data-element_type=\"column\" data-e-type=\"column\">\n\t\t\t<div class=\"elementor-widget-wrap elementor-element-populated\">\n\t\t\t\t\t\t<div class=\"elementor-element elementor-element-6ed5935 elementor-widget elementor-widget-text-editor\" data-id=\"6ed5935\" data-element_type=\"widget\" data-e-type=\"widget\" data-widget_type=\"text-editor.default\">\n\t\t\t\t\t\t\t\t\t<p>L'ensemble de l'itin\u00e9raire des Peaks of the Balkans est balis\u00e9 par des marques qui sont en g\u00e9n\u00e9ral (mais pas toujours) bien visibles. Il n'est toutefois pas conseill\u00e9 de s'engager dans l'itin\u00e9raire sans un bon guide de la r\u00e9gion (voir section ci-dessous) et la carte de randonn\u00e9e Peaks of the Balkans, qui te donne une bonne orientation sur l'ensemble du parcours et une description d\u00e9taill\u00e9e des diff\u00e9rentes \u00e9tapes de l'itin\u00e9raire, y compris les profils d'altitude.<\/p>\t\t\t\t\t\t\t\t<\/div>\n\t\t\t\t\t<\/div>\n\t\t<\/div>\n\t\t\t\t\t<\/div>\n\t\t<\/section>\n\t\t\t\t<section class=\"elementor-section elementor-top-section elementor-element elementor-element-bc0635c elementor-section-boxed elementor-section-height-default elementor-section-height-default\" data-id=\"bc0635c\" data-element_type=\"section\" data-e-type=\"section\">\n\t\t\t\t\t\t<div class=\"elementor-container elementor-column-gap-default\">\n\t\t\t\t\t<div class=\"elementor-column elementor-col-33 elementor-top-column elementor-element elementor-element-2440d14\" data-id=\"2440d14\" data-element_type=\"column\" data-e-type=\"column\">\n\t\t\t<div class=\"elementor-widget-wrap elementor-element-populated\">\n\t\t\t\t\t\t<div class=\"elementor-element elementor-element-0e7e4c9 elementor-widget elementor-widget-image\" data-id=\"0e7e4c9\" data-element_type=\"widget\" data-e-type=\"widget\" data-widget_type=\"image.default\">\n\t\t\t\t\t\t\t\t\t\t\t\t\t\t\t<img fetchpriority=\"high\" decoding=\"async\" width=\"690\" height=\"1024\" src=\"https:\/\/peaksofthebalkans.at\/wp-content\/uploads\/2024\/06\/Cicerone-Guide-Peaks-of-the-Balkans-690x1024.jpg\" class=\"attachment-large size-large wp-image-13358\" alt=\"Cicerone Guide Book Peaks of the Balkans (en anglais)\" srcset=\"https:\/\/peaksofthebalkans.at\/wp-content\/uploads\/2024\/06\/Cicerone-Guide-Peaks-of-the-Balkans-690x1024.jpg 690w, https:\/\/peaksofthebalkans.at\/wp-content\/uploads\/2024\/06\/Cicerone-Guide-Peaks-of-the-Balkans-202x300.jpg 202w, https:\/\/peaksofthebalkans.at\/wp-content\/uploads\/2024\/06\/Cicerone-Guide-Peaks-of-the-Balkans-768x1139.jpg 768w, https:\/\/peaksofthebalkans.at\/wp-content\/uploads\/2024\/06\/Cicerone-Guide-Peaks-of-the-Balkans-8x12.jpg 8w, https:\/\/peaksofthebalkans.at\/wp-content\/uploads\/2024\/06\/Cicerone-Guide-Peaks-of-the-Balkans.jpg 1011w\" sizes=\"(max-width: 690px) 100vw, 690px\" \/>\t\t\t\t\t\t\t\t\t\t\t\t\t\t\t<\/div>\n\t\t\t\t\t<\/div>\n\t\t<\/div>\n\t\t\t\t<div class=\"elementor-column elementor-col-66 elementor-top-column elementor-element elementor-element-b4210cd\" data-id=\"b4210cd\" data-element_type=\"column\" data-e-type=\"column\">\n\t\t\t<div class=\"elementor-widget-wrap elementor-element-populated\">\n\t\t\t\t\t\t<div class=\"elementor-element elementor-element-eb05465 elementor-widget elementor-widget-text-editor\" data-id=\"eb05465\" data-element_type=\"widget\" data-e-type=\"widget\" data-widget_type=\"text-editor.default\">\n\t\t\t\t\t\t\t\t\t<div id=\"titleblock_feature_div\" class=\"celwidget\" data-feature-name=\"titleblock\" data-csa-c-type=\"widget\" data-csa-c-content-id=\"titleblock\" data-csa-c-slot-id=\"titleblock_feature_div\" data-csa-c-asin=\"1852847700\" data-csa-c-is-in-initial-active-row=\"false\" data-csa-c-id=\"j1ii0v-73if0m-23ckad-uionix\" data-cel-widget=\"titleblock_feature_div\"><div class=\"a-section a-spacing-none\"><h3 id=\"title\" class=\"a-spacing-none a-text-normal\"><span id=\"productTitle\" class=\"a-size-extra-large celwidget\" data-csa-c-id=\"bowzup-r2v2vi-4ntl12-rcfemv\" data-cel-widget=\"productTitle\">Les pics de la piste des Balkans : Mont\u00e9n\u00e9gro, Albanie et Kosovo (Cicerone guidebooks)\u00a0<\/span><span id=\"productSubtitle\" class=\"a-size-large a-color-secondary celwidget\" data-csa-c-id=\"u8k0n3-dib2wy-kdtyon-wycnhf\" data-cel-widget=\"productSubtitle\">Livre de poche - 2017<\/span><\/h3><\/div><\/div><div id=\"bylineInfo_feature_div\" class=\"celwidget\" data-feature-name=\"bylineInfo\" data-csa-c-type=\"widget\" data-csa-c-content-id=\"bylineInfo\" data-csa-c-slot-id=\"bylineInfo_feature_div\" data-csa-c-asin=\"1852847700\" data-csa-c-is-in-initial-active-row=\"false\" data-csa-c-id=\"xj2efi-3ch4ot-p8z2jj-q2o3jd\" data-cel-widget=\"bylineInfo_feature_div\"><ul><li id=\"bylineInfo\" class=\"a-section a-spacing-micro bylineHidden feature\" data-cel-widget=\"bylineInfo\">\u00c9dition anglaise\u00a0<i class=\"a-icon a-icon-text-separator\"><\/i>\u00a0de\u00a0<span class=\"author notFaded\" data-width=\"\">Rudolf Abraham\u00a0<span class=\"contribution\"><span class=\"a-color-secondary\">(auteur)<\/span><\/span><\/span><\/li><li class=\"a-section a-spacing-micro bylineHidden feature\" data-cel-widget=\"bylineInfo\">Sur <strong><a href=\"https:\/\/amzn.to\/4caFBkR\" target=\"_blank\" rel=\"noopener\">Amazon<\/a><\/strong> voir<\/li><\/ul><\/div><div id=\"centerAttributesColumns\" class=\"celwidget\" data-feature-name=\"centerAttributesColumns\" data-csa-c-type=\"widget\" data-csa-c-content-id=\"centerAttributesColumns\" data-csa-c-slot-id=\"centerAttributesColumns\" data-csa-c-asin=\"1852847700\" data-csa-c-is-in-initial-active-row=\"false\" data-csa-c-id=\"4m0w1a-g986c1-85pv1s-q6h1pw\" data-cel-widget=\"centerAttributesColumns\"><div id=\"centerAttributesLeftColumn\"><div id=\"climatePledgeFriendlyATF_feature_div\" class=\"celwidget\" data-feature-name=\"climatePledgeFriendlyATF\" data-csa-c-type=\"widget\" data-csa-c-content-id=\"climatePledgeFriendlyATF\" data-csa-c-slot-id=\"climatePledgeFriendlyATF_feature_div\" data-csa-c-asin=\"1852847700\" data-csa-c-is-in-initial-active-row=\"false\" data-csa-c-id=\"t2babh-86nyc9-509czj-kf34wd\" data-cel-widget=\"climatePledgeFriendlyATF_feature_div\">\u00a0<\/div><\/div><\/div><div id=\"productOverview_feature_div\" class=\"celwidget\" data-feature-name=\"productOverview\" data-csa-c-type=\"widget\" data-csa-c-content-id=\"productOverview\" data-csa-c-slot-id=\"productOverview_feature_div\" data-csa-c-asin=\"1852847700\" data-csa-c-is-in-initial-active-row=\"false\" data-csa-c-id=\"8m8q8h-6iefvk-p59qvv-gt580y\" data-cel-widget=\"productOverview_feature_div\">Guidebook to the Peaks of the Balkans Trail, un trek de 192 km \u00e0 travers le Mont\u00e9n\u00e9gro, l'Albanie et le Kosovo. L'itin\u00e9raire, qui peut \u00eatre confortablement achev\u00e9 en moins d'une nuit, est balis\u00e9 et couvre des terrains entre 670m et 2300m d'altitude, des vall\u00e9es recul\u00e9es, des cols de montagne dramatiques, des paysages magnifiques et des villages non touch\u00e9s par le temps.<\/div>\t\t\t\t\t\t\t\t<\/div>\n\t\t\t\t\t<\/div>\n\t\t<\/div>\n\t\t\t\t\t<\/div>\n\t\t<\/section>\n\t\t\t\t<section class=\"elementor-section elementor-top-section elementor-element elementor-element-5a77e98 elementor-section-boxed elementor-section-height-default elementor-section-height-default\" data-id=\"5a77e98\" data-element_type=\"section\" data-e-type=\"section\">\n\t\t\t\t\t\t<div class=\"elementor-container elementor-column-gap-default\">\n\t\t\t\t\t<div class=\"elementor-column elementor-col-33 elementor-top-column elementor-element elementor-element-3f3a65c\" data-id=\"3f3a65c\" data-element_type=\"column\" data-e-type=\"column\">\n\t\t\t<div class=\"elementor-widget-wrap elementor-element-populated\">\n\t\t\t\t\t\t<div class=\"elementor-element elementor-element-d597a76 elementor-widget elementor-widget-image\" data-id=\"d597a76\" data-element_type=\"widget\" data-e-type=\"widget\" data-widget_type=\"image.default\">\n\t\t\t\t\t\t\t\t\t\t\t\t\t\t\t<img decoding=\"async\" width=\"702\" height=\"1000\" src=\"https:\/\/peaksofthebalkans.at\/wp-content\/uploads\/2024\/06\/Rother-Wanderfuehrer-Peaks-of-the-Balkans.jpg\" class=\"attachment-large size-large wp-image-13359\" alt=\"Guide de randonn\u00e9e Rother-Peaks-of-the-Balkans\" srcset=\"https:\/\/peaksofthebalkans.at\/wp-content\/uploads\/2024\/06\/Rother-Wanderfuehrer-Peaks-of-the-Balkans.jpg 702w, https:\/\/peaksofthebalkans.at\/wp-content\/uploads\/2024\/06\/Rother-Wanderfuehrer-Peaks-of-the-Balkans-211x300.jpg 211w, https:\/\/peaksofthebalkans.at\/wp-content\/uploads\/2024\/06\/Rother-Wanderfuehrer-Peaks-of-the-Balkans-8x12.jpg 8w\" sizes=\"(max-width: 702px) 100vw, 702px\" \/>\t\t\t\t\t\t\t\t\t\t\t\t\t\t\t<\/div>\n\t\t\t\t\t<\/div>\n\t\t<\/div>\n\t\t\t\t<div class=\"elementor-column elementor-col-66 elementor-top-column elementor-element elementor-element-bf01dca\" data-id=\"bf01dca\" data-element_type=\"column\" data-e-type=\"column\">\n\t\t\t<div class=\"elementor-widget-wrap elementor-element-populated\">\n\t\t\t\t\t\t<div class=\"elementor-element elementor-element-40deac5 elementor-widget elementor-widget-text-editor\" data-id=\"40deac5\" data-element_type=\"widget\" data-e-type=\"widget\" data-widget_type=\"text-editor.default\">\n\t\t\t\t\t\t\t\t\t<div id=\"titleblock_feature_div\" class=\"celwidget\" data-feature-name=\"titleblock\" data-csa-c-type=\"widget\" data-csa-c-content-id=\"titleblock\" data-csa-c-slot-id=\"titleblock_feature_div\" data-csa-c-asin=\"1852847700\" data-csa-c-is-in-initial-active-row=\"false\" data-csa-c-id=\"j1ii0v-73if0m-23ckad-uionix\" data-cel-widget=\"titleblock_feature_div\"><div class=\"a-section a-spacing-none\"><h3 id=\"title\" class=\"a-spacing-none a-text-normal\"><span id=\"productTitle\" class=\"a-size-extra-large celwidget\" data-csa-c-id=\"undyo6-b2pxlg-uhi7nu-27sfok\" data-cel-widget=\"productTitle\">Peaks of the Balkans : Albanie, Kosovo et Mont\u00e9n\u00e9gro. Toutes les \u00e9tapes avec GPS-Tracks (Rother Wanderf\u00fchrer)\u00a0<\/span><span id=\"productSubtitle\" class=\"a-size-large a-color-secondary celwidget\" data-csa-c-id=\"sj221z-hu1bcu-pmirqv-epzyvn\" data-cel-widget=\"productSubtitle\">Livre de poche - 2020<\/span><\/h3><\/div><\/div><div id=\"bylineInfo_feature_div\" class=\"celwidget\" data-feature-name=\"bylineInfo\" data-csa-c-type=\"widget\" data-csa-c-content-id=\"bylineInfo\" data-csa-c-slot-id=\"bylineInfo_feature_div\" data-csa-c-asin=\"1852847700\" data-csa-c-is-in-initial-active-row=\"false\" data-csa-c-id=\"xj2efi-3ch4ot-p8z2jj-q2o3jd\" data-cel-widget=\"bylineInfo_feature_div\"><ul><li id=\"bylineInfo\" class=\"a-section a-spacing-micro bylineHidden feature\" data-cel-widget=\"bylineInfo\">de\u00a0<span class=\"author notFaded\" data-width=\"\">Max Bosse\u00a0<span class=\"contribution\"><span class=\"a-color-secondary\">(auteur)<\/span><\/span><\/span><\/li><li class=\"a-section a-spacing-micro bylineHidden feature\" data-cel-widget=\"bylineInfo\">Sur <strong><a href=\"https:\/\/amzn.to\/45y02pn\" target=\"_blank\" rel=\"noopener\">Amazon<\/a><\/strong> voir<\/li><\/ul><\/div><div id=\"centerAttributesColumns\" class=\"celwidget\" data-feature-name=\"centerAttributesColumns\" data-csa-c-type=\"widget\" data-csa-c-content-id=\"centerAttributesColumns\" data-csa-c-slot-id=\"centerAttributesColumns\" data-csa-c-asin=\"1852847700\" data-csa-c-is-in-initial-active-row=\"false\" data-csa-c-id=\"4m0w1a-g986c1-85pv1s-q6h1pw\" data-cel-widget=\"centerAttributesColumns\"><div id=\"centerAttributesLeftColumn\"><div id=\"climatePledgeFriendlyATF_feature_div\" class=\"celwidget\" data-feature-name=\"climatePledgeFriendlyATF\" data-csa-c-type=\"widget\" data-csa-c-content-id=\"climatePledgeFriendlyATF\" data-csa-c-slot-id=\"climatePledgeFriendlyATF_feature_div\" data-csa-c-asin=\"1852847700\" data-csa-c-is-in-initial-active-row=\"false\" data-csa-c-id=\"t2babh-86nyc9-509czj-kf34wd\" data-cel-widget=\"climatePledgeFriendlyATF_feature_div\">\u00a0<\/div><\/div><\/div><div id=\"productOverview_feature_div\" class=\"celwidget\" data-feature-name=\"productOverview\" data-csa-c-type=\"widget\" data-csa-c-content-id=\"productOverview\" data-csa-c-slot-id=\"productOverview_feature_div\" data-csa-c-asin=\"1852847700\" data-csa-c-is-in-initial-active-row=\"false\" data-csa-c-id=\"8m8q8h-6iefvk-p59qvv-gt580y\" data-cel-widget=\"productOverview_feature_div\">L'aventure dans les Balkans ! Des paysages montagneux \u00e0 couper le souffle et une vraie nature sauvage, l'authenticit\u00e9 et l'hospitalit\u00e9 chaleureuse sont \u00e0 d\u00e9couvrir sur l'itin\u00e9raire de trekking \u00bbPeaks of the Balkans\u00ab. Le guide de randonn\u00e9e Rother du m\u00eame nom d\u00e9crit ce circuit passionnant de dix jours \u00e0 travers l'Albanie, le Kosovo et le Mont\u00e9n\u00e9gro. Il pr\u00e9sente en outre de nombreux autres circuits d'une journ\u00e9e. Le circuit des trois pays \u00bbPeaks of the Balkans\u00ab est l'un des derniers itin\u00e9raires d'aventure \u00e0 travers l'Europe.\u00a0<\/div><div data-feature-name=\"productOverview\" data-csa-c-type=\"widget\" data-csa-c-content-id=\"productOverview\" data-csa-c-slot-id=\"productOverview_feature_div\" data-csa-c-asin=\"1852847700\" data-csa-c-is-in-initial-active-row=\"false\" data-csa-c-id=\"8m8q8h-6iefvk-p59qvv-gt580y\" data-cel-widget=\"productOverview_feature_div\">\u00a0<\/div><div class=\"celwidget\" data-feature-name=\"productOverview\" data-csa-c-type=\"widget\" data-csa-c-content-id=\"productOverview\" data-csa-c-slot-id=\"productOverview_feature_div\" data-csa-c-asin=\"1852847700\" data-csa-c-is-in-initial-active-row=\"false\" data-csa-c-id=\"8m8q8h-6iefvk-p59qvv-gt580y\" data-cel-widget=\"productOverview_feature_div\">Les chemins m\u00e8nent sur d'anciens sentiers de bergers et de commer\u00e7ants \u00e0 travers le monde intact des montagnes de Prokletije, le long de cascades bruyantes et de lacs de montagne cristallins, peut-\u00eatre m\u00eame \u00e0 la recherche de traces de loups ou d'ours. Dans les vieux villages, le temps semble s'\u00eatre arr\u00eat\u00e9 et si le confort du tourisme de montagne d'Europe centrale vous manque de temps en temps, vous serez plus que compens\u00e9 par l'hospitalit\u00e9 chaleureuse des autochtones.<\/div>\t\t\t\t\t\t\t\t<\/div>\n\t\t\t\t\t<\/div>\n\t\t<\/div>\n\t\t\t\t\t<\/div>\n\t\t<\/section>\n\t\t\t\t<section class=\"elementor-section elementor-top-section elementor-element elementor-element-43da1b2 elementor-section-boxed elementor-section-height-default elementor-section-height-default\" data-id=\"43da1b2\" data-element_type=\"section\" data-e-type=\"section\">\n\t\t\t\t\t\t<div class=\"elementor-container elementor-column-gap-default\">\n\t\t\t\t\t<div class=\"elementor-column elementor-col-100 elementor-top-column elementor-element elementor-element-311c8b6\" data-id=\"311c8b6\" data-element_type=\"column\" data-e-type=\"column\">\n\t\t\t<div class=\"elementor-widget-wrap elementor-element-populated\">\n\t\t\t\t\t\t<div class=\"elementor-element elementor-element-8de81c8 elementor-align-center elementor-widget elementor-widget-button\" data-id=\"8de81c8\" data-element_type=\"widget\" data-e-type=\"widget\" data-widget_type=\"button.default\">\n\t\t\t\t\t\t\t\t\t\t<a class=\"elementor-button elementor-button-link elementor-size-sm elementor-animation-float\" href=\"https:\/\/www.abenteueralbanien.de\/peaks-of-the-balkans-5-10-days\/\" target=\"_blank\" rel=\"noopener\">\n\t\t\t\t\t\t<span class=\"elementor-button-content-wrapper\">\n\t\t\t\t\t\t\t\t\t<span class=\"elementor-button-text\">R\u00e9servation du Peaks of the Balkans Trail<\/span>\n\t\t\t\t\t<\/span>\n\t\t\t\t\t<\/a>\n\t\t\t\t\t\t\t\t<\/div>\n\t\t\t\t\t<\/div>\n\t\t<\/div>\n\t\t\t\t\t<\/div>\n\t\t<\/section>\n\t\t\t\t<\/div>","protected":false},"excerpt":{"rendered":"<p>Die Wanderkarte &#8222;Peaks of the Balkans&#8220; zeigt den Weg durch die Berge in der Grenzregion von Albanien, Kosovo, Montenegro.<\/p>","protected":false},"author":6,"featured_media":327,"parent":0,"menu_order":0,"comment_status":"closed","ping_status":"closed","template":"elementor_header_footer","meta":{"footnotes":""},"class_list":["post-11565","page","type-page","status-publish","has-post-thumbnail","hentry"],"_links":{"self":[{"href":"https:\/\/peaksofthebalkans.at\/fr\/wp-json\/wp\/v2\/pages\/11565","targetHints":{"allow":["GET"]}}],"collection":[{"href":"https:\/\/peaksofthebalkans.at\/fr\/wp-json\/wp\/v2\/pages"}],"about":[{"href":"https:\/\/peaksofthebalkans.at\/fr\/wp-json\/wp\/v2\/types\/page"}],"author":[{"embeddable":true,"href":"https:\/\/peaksofthebalkans.at\/fr\/wp-json\/wp\/v2\/users\/6"}],"replies":[{"embeddable":true,"href":"https:\/\/peaksofthebalkans.at\/fr\/wp-json\/wp\/v2\/comments?post=11565"}],"version-history":[{"count":67,"href":"https:\/\/peaksofthebalkans.at\/fr\/wp-json\/wp\/v2\/pages\/11565\/revisions"}],"predecessor-version":[{"id":16139,"href":"https:\/\/peaksofthebalkans.at\/fr\/wp-json\/wp\/v2\/pages\/11565\/revisions\/16139"}],"wp:featuredmedia":[{"embeddable":true,"href":"https:\/\/peaksofthebalkans.at\/fr\/wp-json\/wp\/v2\/media\/327"}],"wp:attachment":[{"href":"https:\/\/peaksofthebalkans.at\/fr\/wp-json\/wp\/v2\/media?parent=11565"}],"curies":[{"name":"wp","href":"https:\/\/api.w.org\/{rel}","templated":true}]}}